{"id":10509,"date":"2021-09-28T15:55:08","date_gmt":"2021-09-28T15:55:08","guid":{"rendered":"https:\/\/eunewsroom.com\/strona-glowna\/"},"modified":"2024-07-18T07:37:10","modified_gmt":"2024-07-18T07:37:10","slug":"strona-glowna","status":"publish","type":"page","link":"https:\/\/eunewsroom.com\/pl\/","title":{"rendered":"Strona g\u0142\u00f3wna"},"content":{"rendered":"\t\t<div data-elementor-type=\"wp-page\" data-elementor-id=\"10509\" class=\"elementor elementor-10509 elementor-2936\">\n\t\t\t\t\t\t<section class=\"elementor-section elementor-top-section elementor-element elementor-element-247d83b elementor-section-content-middle elementor-section-boxed elementor-section-height-default elementor-section-height-default\" data-id=\"247d83b\" data-element_type=\"section\" data-settings=\"{&quot;background_background&quot;:&quot;classic&quot;}\">\n\t\t\t\t\t\t<div class=\"elementor-container elementor-column-gap-no\">\n\t\t\t\t\t<div class=\"elementor-column elementor-col-100 elementor-top-column elementor-element elementor-element-6245293\" data-id=\"6245293\" data-element_type=\"column\">\n\t\t\t<div class=\"elementor-widget-wrap elementor-element-populated\">\n\t\t\t\t\t\t<div class=\"elementor-element elementor-element-686411f nd-red elementor-widget elementor-widget-foxiz-breaking-news\" data-id=\"686411f\" data-element_type=\"widget\" data-widget_type=\"foxiz-breaking-news.default\">\n\t\t\t\t<div class=\"elementor-widget-container\">\n\t\t\t<div id=\"uid_686411f\" class=\"block-wrap block-breaking-news meta-s-default\">\t\t\t\t\t\t\t<span class=\"breaking-news-heading\"><i class=\"rbi rbi-fire\"><\/i><span>Z ostatniej chwili<\/span><\/span>\r\n\t\t\t\t\t\t<div class=\"breaking-news-slider swiper-container pre-load\"  data-play=\"\" data-speed=\"6000\">\r\n\t\t\t\t<div class=\"swiper-wrapper\">\r\n\t\t\t\t\t<div class=\"swiper-slide\"><h6 class=\"entry-title breaking-news-title\">\t\t<a class=\"p-url\" href=\"https:\/\/eunewsroom.com\/pl\/wiadomosc-europejskie-stolice-moga-byc-wolne-od-pojazdow-z-silnikami-benzynowymi-i-wysokopreznymi-etransport\/\" rel=\"bookmark\">WIADOMO\u015a\u0106 &#8211; Europejskie stolice mog\u0105 by\u0107 wolne od pojazd\u00f3w z silnikami benzynowymi i wysokopr\u0119\u017cnymi &#8211; Etransport<\/a><\/h6><\/div><div class=\"swiper-slide\"><h6 class=\"entry-title breaking-news-title\">\t\t<a class=\"p-url\" href=\"https:\/\/eunewsroom.com\/pl\/martin-wolf-zwiekszenie-pomocy-dla-ukrainy-to-niewielki-koszt-za-bezpieczenstwo-europy-newsweek-polska\/\" rel=\"bookmark\">Martin Wolf: zwi\u0119kszenie pomocy dla Ukrainy to niewielki koszt za bezpiecze\u0144stwo Europy &#8211; Newsweek Polska<\/a><\/h6><\/div><div class=\"swiper-slide\"><h6 class=\"entry-title breaking-news-title\">\t\t<a class=\"p-url\" href=\"https:\/\/eunewsroom.com\/pl\/europa-odnotowala-najmniejszy-wzrost-energii-slonecznej-od-lat-co-jest-przyczyna-swiat-oze\/\" rel=\"bookmark\">Europa odnotowa\u0142a najmniejszy wzrost energii s\u0142onecznej od lat! Co jest przyczyn\u0105? &#8211; \u015aWIAT OZE<\/a><\/h6><\/div><div class=\"swiper-slide\"><h6 class=\"entry-title breaking-news-title\">\t\t<a class=\"p-url\" href=\"https:\/\/eunewsroom.com\/pl\/european-union-first-jerzy-buzek-mowi-o-rewizji-zielonego-ladu-wnp-pl\/\" rel=\"bookmark\">&quot;European Union first&quot;. Jerzy Buzek m\u00f3wi o rewizji Zielonego \u0141adu &#8211; Wnp.pl<\/a><\/h6><\/div><div class=\"swiper-slide\"><h6 class=\"entry-title breaking-news-title\">\t\t<a class=\"p-url\" href=\"https:\/\/eunewsroom.com\/pl\/czy-miliardy-z-unii-europejskiej-pomoga-zadbac-o-przyszlosc-polskiej-ochrony-zdrowia-abczdrowie-pl\/\" rel=\"bookmark\">Czy miliardy z Unii Europejskiej pomog\u0105 zadba\u0107 o przysz\u0142o\u015b\u0107 polskiej ochrony zdrowia? &#8211; abczdrowie.pl<\/a><\/h6><\/div>\t\t\t\t<\/div>\r\n\t\t\t\t<div class=\"breaking-news-nav\">\r\n\t\t\t\t\t<div class=\"breaking-news-prev rbi rbi-prev\"><\/div>\r\n\t\t\t\t\t<div class=\"breaking-news-next rbi rbi-next\"><\/div>\r\n\t\t\t\t<\/div>\r\n\t\t\t<\/div>\r\n\t\t<\/div>\t\t<\/div>\n\t\t\t\t<\/div>\n\t\t\t\t\t<\/div>\n\t\t<\/div>\n\t\t\t\t\t<\/div>\n\t\t<\/section>\n\t\t\t\t<section class=\"elementor-section elementor-top-section elementor-element elementor-element-7bb4594 elementor-section-boxed elementor-section-height-default elementor-section-height-default\" data-id=\"7bb4594\" data-element_type=\"section\">\n\t\t\t\t\t\t<div class=\"elementor-container elementor-column-gap-custom\">\n\t\t\t\t\t<div class=\"elementor-column elementor-col-16 elementor-top-column elementor-element elementor-element-40c4dcc elementor-hidden-tablet elementor-hidden-mobile\" data-id=\"40c4dcc\" data-element_type=\"column\">\n\t\t\t<div class=\"elementor-widget-wrap elementor-element-populated\">\n\t\t\t\t\t\t<div class=\"elementor-element elementor-element-0b74a9a elementor-widget elementor-widget-foxiz-heading\" data-id=\"0b74a9a\" data-element_type=\"widget\" data-widget_type=\"foxiz-heading.default\">\n\t\t\t\t<div class=\"elementor-widget-container\">\n\t\t\t<div id=\"uid_0b74a9a\" class=\"block-h heading-layout-10\"><div class=\"heading-inner\"><h5 class=\"heading-title\"><span>Gor\u0105ce historie<\/span><\/h5><\/div><\/div>\t\t<\/div>\n\t\t\t\t<\/div>\n\t\t\t\t<div class=\"elementor-element elementor-element-78546c6 elementor-widget-divider--view-line elementor-widget elementor-widget-divider\" data-id=\"78546c6\" data-element_type=\"widget\" data-widget_type=\"divider.default\">\n\t\t\t\t<div class=\"elementor-widget-container\">\n\t\t\t<style>\/*! elementor - v3.23.0 - 23-07-2024 *\/\n.elementor-widget-divider{--divider-border-style:none;--divider-border-width:1px;--divider-color:#0c0d0e;--divider-icon-size:20px;--divider-element-spacing:10px;--divider-pattern-height:24px;--divider-pattern-size:20px;--divider-pattern-url:none;--divider-pattern-repeat:repeat-x}.elementor-widget-divider .elementor-divider{display:flex}.elementor-widget-divider .elementor-divider__text{font-size:15px;line-height:1;max-width:95%}.elementor-widget-divider .elementor-divider__element{margin:0 var(--divider-element-spacing);flex-shrink:0}.elementor-widget-divider .elementor-icon{font-size:var(--divider-icon-size)}.elementor-widget-divider .elementor-divider-separator{display:flex;margin:0;direction:ltr}.elementor-widget-divider--view-line_icon .elementor-divider-separator,.elementor-widget-divider--view-line_text .elementor-divider-separator{align-items:center}.elementor-widget-divider--view-line_icon .elementor-divider-separator:after,.elementor-widget-divider--view-line_icon .elementor-divider-separator:before,.elementor-widget-divider--view-line_text .elementor-divider-separator:after,.elementor-widget-divider--view-line_text .elementor-divider-separator:before{display:block;content:\"\";border-block-end:0;flex-grow:1;border-block-start:var(--divider-border-width) var(--divider-border-style) var(--divider-color)}.elementor-widget-divider--element-align-left .elementor-divider .elementor-divider-separator>.elementor-divider__svg:first-of-type{flex-grow:0;flex-shrink:100}.elementor-widget-divider--element-align-left .elementor-divider-separator:before{content:none}.elementor-widget-divider--element-align-left .elementor-divider__element{margin-left:0}.elementor-widget-divider--element-align-right .elementor-divider .elementor-divider-separator>.elementor-divider__svg:last-of-type{flex-grow:0;flex-shrink:100}.elementor-widget-divider--element-align-right .elementor-divider-separator:after{content:none}.elementor-widget-divider--element-align-right .elementor-divider__element{margin-right:0}.elementor-widget-divider--element-align-start .elementor-divider .elementor-divider-separator>.elementor-divider__svg:first-of-type{flex-grow:0;flex-shrink:100}.elementor-widget-divider--element-align-start .elementor-divider-separator:before{content:none}.elementor-widget-divider--element-align-start .elementor-divider__element{margin-inline-start:0}.elementor-widget-divider--element-align-end .elementor-divider .elementor-divider-separator>.elementor-divider__svg:last-of-type{flex-grow:0;flex-shrink:100}.elementor-widget-divider--element-align-end .elementor-divider-separator:after{content:none}.elementor-widget-divider--element-align-end .elementor-divider__element{margin-inline-end:0}.elementor-widget-divider:not(.elementor-widget-divider--view-line_text):not(.elementor-widget-divider--view-line_icon) .elementor-divider-separator{border-block-start:var(--divider-border-width) var(--divider-border-style) var(--divider-color)}.elementor-widget-divider--separator-type-pattern{--divider-border-style:none}.elementor-widget-divider--separator-type-pattern.elementor-widget-divider--view-line .elementor-divider-separator,.elementor-widget-divider--separator-type-pattern:not(.elementor-widget-divider--view-line) .elementor-divider-separator:after,.elementor-widget-divider--separator-type-pattern:not(.elementor-widget-divider--view-line) .elementor-divider-separator:before,.elementor-widget-divider--separator-type-pattern:not([class*=elementor-widget-divider--view]) .elementor-divider-separator{width:100%;min-height:var(--divider-pattern-height);-webkit-mask-size:var(--divider-pattern-size) 100%;mask-size:var(--divider-pattern-size) 100%;-webkit-mask-repeat:var(--divider-pattern-repeat);mask-repeat:var(--divider-pattern-repeat);background-color:var(--divider-color);-webkit-mask-image:var(--divider-pattern-url);mask-image:var(--divider-pattern-url)}.elementor-widget-divider--no-spacing{--divider-pattern-size:auto}.elementor-widget-divider--bg-round{--divider-pattern-repeat:round}.rtl .elementor-widget-divider .elementor-divider__text{direction:rtl}.e-con-inner>.elementor-widget-divider,.e-con>.elementor-widget-divider{width:var(--container-widget-width,100%);--flex-grow:var(--container-widget-flex-grow)}<\/style>\t\t<div class=\"elementor-divider\">\n\t\t\t<span class=\"elementor-divider-separator\">\n\t\t\t\t\t\t<\/span>\n\t\t<\/div>\n\t\t\t\t<\/div>\n\t\t\t\t<\/div>\n\t\t\t\t<div class=\"elementor-element elementor-element-fd380bd elementor-widget elementor-widget-foxiz-list-small-1\" data-id=\"fd380bd\" data-element_type=\"widget\" data-widget_type=\"foxiz-list-small-1.default\">\n\t\t\t\t<div class=\"elementor-widget-container\">\n\t\t\t<div id=\"uid_fd380bd\" class=\"block-wrap block-small block-list block-list-small-1 bottom-border is-b-border-gray no-last-bb ecat-l-dot meta-s-default\"><\/div>\t\t<\/div>\n\t\t\t\t<\/div>\n\t\t\t\t\t<\/div>\n\t\t<\/div>\n\t\t\t\t<div class=\"elementor-column elementor-col-66 elementor-top-column elementor-element elementor-element-cb730c3\" data-id=\"cb730c3\" data-element_type=\"column\">\n\t\t\t<div class=\"elementor-widget-wrap elementor-element-populated\">\n\t\t\t\t\t\t<div class=\"elementor-element elementor-element-77c2a99 elementor-widget elementor-widget-foxiz-overlay-1\" data-id=\"77c2a99\" data-element_type=\"widget\" data-widget_type=\"foxiz-overlay-1.default\">\n\t\t\t\t<div class=\"elementor-widget-container\">\n\t\t\t<div id=\"uid_77c2a99\" class=\"block-wrap block-overlay overlay-1 light-overlay-scheme p-gradient ecat-l-dot meta-s-default\"><div class=\"block-inner\">\t\t\t<div class=\"post-slider swiper-container pre-load\"  data-play=\"1\" data-speed=\"3000\">\r\n\t\t\t\t<div class=\"swiper-wrapper\">\r\n\t\t\t\t\t\t\t<div class=\"p-wrap p-highlight p-overlay-1 swiper-slide\" data-pid=\"10416\">\r\n\t\t\t<div class=\"overlay-holder\">\r\n\t\t\t\t\t<div class=\"p-featured\">\r\n\t\t\t\t\t<a class=\"p-flink\" href=\"https:\/\/eunewsroom.com\/pl\/strategiczne-znaczenie-dystrybucji-informacji-prasowych-na-rynku-beneluksu\/\" title=\"Strategiczne znaczenie dystrybucji informacji prasowych na rynku Beneluksu\">\r\n\t\t\t<img loading=\"lazy\" decoding=\"async\" width=\"840\" height=\"443\" src=\"https:\/\/eunewsroom.com\/wp-content\/uploads\/2024\/07\/Blank-img.png\" class=\"featured-img wp-post-image\" alt=\"\" loading=\"lazy\" \/>\t\t<\/a>\r\n\t\t\t\t<\/div>\r\n\t\t\t\t<div class=\"overlay-wrap\">\r\n\t\t\t\t<div class=\"overlay-inner p-content overlay-text\">\r\n\t\t\t\t\t<div class=\"p-categories p-top\"><a class=\"p-category category-id-1195\" href=\"https:\/\/eunewsroom.com\/pl\/category\/europe-pl\/\" rel=\"category\">Europa<\/a><\/div><h2 class=\"entry-title\">\t\t<a class=\"p-url\" href=\"https:\/\/eunewsroom.com\/pl\/strategiczne-znaczenie-dystrybucji-informacji-prasowych-na-rynku-beneluksu\/\" rel=\"bookmark\">Strategiczne znaczenie dystrybucji informacji prasowych na rynku Beneluksu<\/a><\/h2>\t\t\t<div class=\"p-meta has-bookmark\">\r\n\t\t\t\t<div class=\"meta-inner is-meta\">\r\n\t\t\t\t\t\t\t<a class=\"meta-el meta-avatar\" href=\"https:\/\/eunewsroom.com\/pl\/author\/kader1\/\"><img loading=\"lazy\" loading=\"lazy\" decoding=\"async\" src=\"https:\/\/eunewsroom.com\/wp-content\/uploads\/2024\/07\/image9.png\" width=\"44\" height=\"32\" srcset=\"https:\/\/eunewsroom.com\/wp-content\/uploads\/2024\/07\/image9.png 2x\" alt=\"EU Newsroom\" class=\"avatar avatar-44 wp-user-avatar wp-user-avatar-44 alignnone photo\" \/><\/a>\r\n\t\t<span class=\"meta-el meta-author\">\r\n\t\t\t\t\t<span class=\"meta-label\">By<\/span>\r\n\t\t\t\t<a href=\"https:\/\/eunewsroom.com\/pl\/author\/kader1\/\">EU Newsroom<\/a>\r\n\t\t\t\t<\/span>\r\n\t\t<span class=\"meta-el meta-date\">\r\n\t\t<i class=\"rbi rbi-clock\" aria-hidden=\"true\"><\/i>\t\t<time class=\"date published\" datetime=\"2024-07-15T10:40:10+00:00\">2 lata ago<\/time>\r\n\t\t<\/span>\t\t\t\t<\/div>\r\n\t\t\t\t<span class=\"rb-bookmark bookmark-trigger\" data-pid=\"10416\"><\/span>\t\t\t<\/div>\r\n\t\t\t\t\t\t<\/div>\r\n\t\t\t<\/div>\r\n\t\t<\/div>\r\n\t\t\t\t<\/div>\r\n\t\t\t<div class=\"p-wrap p-highlight p-overlay-1 swiper-slide\" data-pid=\"10357\">\r\n\t\t\t<div class=\"overlay-holder\">\r\n\t\t\t\t\t<div class=\"p-featured\">\r\n\t\t\t\t\t<a class=\"p-flink\" href=\"https:\/\/eunewsroom.com\/pl\/znaczenie-komunikatow-prasowych-w-marketingu-na-rynku-unii-europejskiej\/\" title=\"Znaczenie komunikat\u00f3w prasowych w marketingu na rynku Unii Europejskiej\">\r\n\t\t\t<img loading=\"lazy\" decoding=\"async\" width=\"860\" height=\"573\" src=\"https:\/\/eunewsroom.com\/wp-content\/uploads\/2024\/07\/european-union-flag-860x573.jpg\" class=\"featured-img wp-post-image\" alt=\"\" loading=\"lazy\" \/>\t\t<\/a>\r\n\t\t\t\t<\/div>\r\n\t\t\t\t<div class=\"overlay-wrap\">\r\n\t\t\t\t<div class=\"overlay-inner p-content overlay-text\">\r\n\t\t\t\t\t<div class=\"p-categories p-top\"><a class=\"p-category category-id-1195\" href=\"https:\/\/eunewsroom.com\/pl\/category\/europe-pl\/\" rel=\"category\">Europa<\/a><\/div><h2 class=\"entry-title\">\t\t<a class=\"p-url\" href=\"https:\/\/eunewsroom.com\/pl\/znaczenie-komunikatow-prasowych-w-marketingu-na-rynku-unii-europejskiej\/\" rel=\"bookmark\">Znaczenie komunikat\u00f3w prasowych w marketingu na rynku Unii Europejskiej<\/a><\/h2>\t\t\t<div class=\"p-meta has-bookmark\">\r\n\t\t\t\t<div class=\"meta-inner is-meta\">\r\n\t\t\t\t\t\t\t<a class=\"meta-el meta-avatar\" href=\"https:\/\/eunewsroom.com\/pl\/author\/kader1\/\"><img loading=\"lazy\" loading=\"lazy\" decoding=\"async\" src=\"https:\/\/eunewsroom.com\/wp-content\/uploads\/2024\/07\/image9.png\" width=\"44\" height=\"32\" srcset=\"https:\/\/eunewsroom.com\/wp-content\/uploads\/2024\/07\/image9.png 2x\" alt=\"EU Newsroom\" class=\"avatar avatar-44 wp-user-avatar wp-user-avatar-44 alignnone photo\" \/><\/a>\r\n\t\t<span class=\"meta-el meta-author\">\r\n\t\t\t\t\t<span class=\"meta-label\">By<\/span>\r\n\t\t\t\t<a href=\"https:\/\/eunewsroom.com\/pl\/author\/kader1\/\">EU Newsroom<\/a>\r\n\t\t\t\t<\/span>\r\n\t\t<span class=\"meta-el meta-date\">\r\n\t\t<i class=\"rbi rbi-clock\" aria-hidden=\"true\"><\/i>\t\t<time class=\"date published\" datetime=\"2024-07-15T09:50:55+00:00\">2 lata ago<\/time>\r\n\t\t<\/span>\t\t\t\t<\/div>\r\n\t\t\t\t<span class=\"rb-bookmark bookmark-trigger\" data-pid=\"10357\"><\/span>\t\t\t<\/div>\r\n\t\t\t\t\t\t<\/div>\r\n\t\t\t<\/div>\r\n\t\t<\/div>\r\n\t\t\t\t<\/div>\r\n\t\t\t<div class=\"p-wrap p-highlight p-overlay-1 swiper-slide\" data-pid=\"10694\">\r\n\t\t\t<div class=\"overlay-holder\">\r\n\t\t\t\t\t<div class=\"p-featured\">\r\n\t\t\t\t\t<a class=\"p-flink\" href=\"https:\/\/eunewsroom.com\/pl\/anatomia-newsroomu-ue-bicie-serca-dziennikarstwa-w-europie\/\" title=\"Anatomia Newsroomu UE: Bicie serca dziennikarstwa w Europie\">\r\n\t\t\t<img loading=\"lazy\" decoding=\"async\" width=\"840\" height=\"443\" src=\"https:\/\/eunewsroom.com\/wp-content\/uploads\/2024\/07\/Blank-img.png\" class=\"featured-img wp-post-image\" alt=\"\" loading=\"lazy\" \/>\t\t<\/a>\r\n\t\t\t\t<\/div>\r\n\t\t\t\t<div class=\"overlay-wrap\">\r\n\t\t\t\t<div class=\"overlay-inner p-content overlay-text\">\r\n\t\t\t\t\t<div class=\"p-categories p-top\"><a class=\"p-category category-id-1195\" href=\"https:\/\/eunewsroom.com\/pl\/category\/europe-pl\/\" rel=\"category\">Europa<\/a><a class=\"p-category category-id-1196\" href=\"https:\/\/eunewsroom.com\/pl\/category\/press-releases-pl\/\" rel=\"category\">Komunikaty prasowe<\/a><\/div><h2 class=\"entry-title\">\t\t<a class=\"p-url\" href=\"https:\/\/eunewsroom.com\/pl\/anatomia-newsroomu-ue-bicie-serca-dziennikarstwa-w-europie\/\" rel=\"bookmark\">Anatomia Newsroomu UE: Bicie serca dziennikarstwa w Europie<\/a><\/h2>\t\t\t<div class=\"p-meta has-bookmark\">\r\n\t\t\t\t<div class=\"meta-inner is-meta\">\r\n\t\t\t\t\t\t\t<a class=\"meta-el meta-avatar\" href=\"https:\/\/eunewsroom.com\/pl\/author\/kader1\/\"><img loading=\"lazy\" loading=\"lazy\" decoding=\"async\" src=\"https:\/\/eunewsroom.com\/wp-content\/uploads\/2024\/07\/image9.png\" width=\"44\" height=\"32\" srcset=\"https:\/\/eunewsroom.com\/wp-content\/uploads\/2024\/07\/image9.png 2x\" alt=\"EU Newsroom\" class=\"avatar avatar-44 wp-user-avatar wp-user-avatar-44 alignnone photo\" \/><\/a>\r\n\t\t<span class=\"meta-el meta-author\">\r\n\t\t\t\t\t<span class=\"meta-label\">By<\/span>\r\n\t\t\t\t<a href=\"https:\/\/eunewsroom.com\/pl\/author\/kader1\/\">EU Newsroom<\/a>\r\n\t\t\t\t<\/span>\r\n\t\t<span class=\"meta-el meta-date\">\r\n\t\t<i class=\"rbi rbi-clock\" aria-hidden=\"true\"><\/i>\t\t<time class=\"date published\" datetime=\"2024-07-14T17:11:06+00:00\">2 lata ago<\/time>\r\n\t\t<\/span>\t\t\t\t<\/div>\r\n\t\t\t\t<span class=\"rb-bookmark bookmark-trigger\" data-pid=\"10694\"><\/span>\t\t\t<\/div>\r\n\t\t\t\t\t\t<\/div>\r\n\t\t\t<\/div>\r\n\t\t<\/div>\r\n\t\t\t\t<\/div>\r\n\t\t\t\t\t<\/div>\r\n\t\t\t\t\t\t\t\t\t<div class=\"slider-pagination slider-pagination-top\"><\/div>\r\n\t\t\t\t\t\t\t<\/div>\r\n\t\t<\/div><\/div>\t\t<\/div>\n\t\t\t\t<\/div>\n\t\t\t\t<div class=\"elementor-element elementor-element-983f52b elementor-widget elementor-widget-foxiz-list-small-2\" data-id=\"983f52b\" data-element_type=\"widget\" data-widget_type=\"foxiz-list-small-2.default\">\n\t\t\t\t<div class=\"elementor-widget-container\">\n\t\t\t<div id=\"uid_983f52b\" class=\"block-wrap block-small block-list block-list-small-2 rb-columns rb-col-2 rb-tcol-2 rb-mcol-1 is-gap-20 ecat-l-dot is-feat-left meta-s-default\"><div class=\"block-inner\">\t\t<div class=\"p-wrap p-small p-list-small-2\" data-pid=\"10699\">\r\n\t\t\t\t<div class=\"feat-holder\">\t\t<div class=\"p-featured ratio-v1\">\r\n\t\t\t\t\t<a class=\"p-flink\" href=\"https:\/\/eunewsroom.com\/pl\/obecny-i-przyszly-stan-newsroomow-w-unii-europejskiej\/\" title=\"Obecny i przysz\u0142y stan newsroom\u00f3w w Unii Europejskiej\">\r\n\t\t\t<img loading=\"lazy\" decoding=\"async\" width=\"840\" height=\"443\" src=\"https:\/\/eunewsroom.com\/wp-content\/uploads\/2024\/07\/Blank-img.png\" class=\"featured-img wp-post-image\" alt=\"\" loading=\"lazy\" \/>\t\t<\/a>\r\n\t\t\t\t<\/div>\r\n\t<\/div>\r\n\t\t\t\t<div class=\"p-content\">\r\n\t\t\t<div class=\"p-categories p-top\"><a class=\"p-category category-id-1195\" href=\"https:\/\/eunewsroom.com\/pl\/category\/europe-pl\/\" rel=\"category\">Europa<\/a><a class=\"p-category category-id-1196\" href=\"https:\/\/eunewsroom.com\/pl\/category\/press-releases-pl\/\" rel=\"category\">Komunikaty prasowe<\/a><\/div><h4 class=\"entry-title\">\t\t<a class=\"p-url\" href=\"https:\/\/eunewsroom.com\/pl\/obecny-i-przyszly-stan-newsroomow-w-unii-europejskiej\/\" rel=\"bookmark\">Obecny i przysz\u0142y stan newsroom\u00f3w w Unii Europejskiej<\/a><\/h4>\t\t<\/div>\r\n\t\t\t\t<\/div>\r\n\t\t\t<div class=\"p-wrap p-small p-list-small-2\" data-pid=\"10701\">\r\n\t\t\t\t<div class=\"feat-holder\">\t\t<div class=\"p-featured ratio-v1\">\r\n\t\t\t\t\t<a class=\"p-flink\" href=\"https:\/\/eunewsroom.com\/pl\/unia-europejska-unia-dobrobytu-i-stabilnosci\/\" title=\"Unia Europejska: Unia dobrobytu i stabilno\u015bci\">\r\n\t\t\t<img loading=\"lazy\" decoding=\"async\" width=\"813\" height=\"36\" src=\"https:\/\/eunewsroom.com\/wp-content\/uploads\/2024\/07\/Arab-Newswire-Press-Release-Distribution-to-Media-Arab-World-and-MENA-regions-1.png\" class=\"featured-img wp-post-image\" alt=\"\" loading=\"lazy\" \/>\t\t<\/a>\r\n\t\t\t\t<\/div>\r\n\t<\/div>\r\n\t\t\t\t<div class=\"p-content\">\r\n\t\t\t<div class=\"p-categories p-top\"><a class=\"p-category category-id-1195\" href=\"https:\/\/eunewsroom.com\/pl\/category\/europe-pl\/\" rel=\"category\">Europa<\/a><a class=\"p-category category-id-1196\" href=\"https:\/\/eunewsroom.com\/pl\/category\/press-releases-pl\/\" rel=\"category\">Komunikaty prasowe<\/a><\/div><h4 class=\"entry-title\">\t\t<a class=\"p-url\" href=\"https:\/\/eunewsroom.com\/pl\/unia-europejska-unia-dobrobytu-i-stabilnosci\/\" rel=\"bookmark\">Unia Europejska: Unia dobrobytu i stabilno\u015bci<\/a><\/h4>\t\t<\/div>\r\n\t\t\t\t<\/div>\r\n\t<\/div><\/div>\t\t<\/div>\n\t\t\t\t<\/div>\n\t\t\t\t\t<\/div>\n\t\t<\/div>\n\t\t\t\t<div class=\"elementor-column elementor-col-16 elementor-top-column elementor-element elementor-element-561ddf0\" data-id=\"561ddf0\" data-element_type=\"column\">\n\t\t\t<div class=\"elementor-widget-wrap elementor-element-populated\">\n\t\t\t\t\t\t<div class=\"elementor-element elementor-element-66255f0 elementor-widget elementor-widget-foxiz-grid-2\" data-id=\"66255f0\" data-element_type=\"widget\" data-widget_type=\"foxiz-grid-2.default\">\n\t\t\t\t<div class=\"elementor-widget-container\">\n\t\t\t<div id=\"uid_66255f0\" class=\"block-wrap block-grid block-grid-2 rb-columns rb-col-1 rb-tcol-2 rb-mcol-1 is-gap-20 ecat-l-dot meta-s-default\"><div class=\"block-inner\">\t\t<div class=\"p-wrap p-grid p-grid-2\" data-pid=\"10703\">\r\n\t\t\t\t<div class=\"feat-holder\">\t\t<div class=\"p-featured\">\r\n\t\t\t\t\t<a class=\"p-flink\" href=\"https:\/\/eunewsroom.com\/pl\/strategiczna-wartosc-dystrybucji-komunikatow-prasowych-na-europejskich-rynkach-finansowych\/\" title=\"Strategiczna warto\u015b\u0107 dystrybucji komunikat\u00f3w prasowych na europejskich rynkach finansowych\">\r\n\t\t\t<img loading=\"lazy\" decoding=\"async\" width=\"420\" height=\"36\" src=\"https:\/\/eunewsroom.com\/wp-content\/uploads\/2024\/07\/Arab-Newswire-Press-Release-Distribution-to-Media-Arab-World-and-MENA-regions-1-420x36.png\" class=\"featured-img wp-post-image\" alt=\"\" loading=\"lazy\" \/>\t\t<\/a>\r\n\t\t\t\t<\/div>\r\n\t<\/div>\r\n\t\t<div class=\"p-categories p-top\"><a class=\"p-category category-id-1195\" href=\"https:\/\/eunewsroom.com\/pl\/category\/europe-pl\/\" rel=\"category\">Europa<\/a><a class=\"p-category category-id-1196\" href=\"https:\/\/eunewsroom.com\/pl\/category\/press-releases-pl\/\" rel=\"category\">Komunikaty prasowe<\/a><\/div><h4 class=\"entry-title\">\t\t<a class=\"p-url\" href=\"https:\/\/eunewsroom.com\/pl\/strategiczna-wartosc-dystrybucji-komunikatow-prasowych-na-europejskich-rynkach-finansowych\/\" rel=\"bookmark\">Strategiczna warto\u015b\u0107 dystrybucji komunikat\u00f3w prasowych na europejskich rynkach finansowych<\/a><\/h4>\t\t\t<div class=\"p-meta has-bookmark\">\r\n\t\t\t\t<div class=\"meta-inner is-meta\">\r\n\t\t\t\t\t<span class=\"meta-el meta-date\">\r\n\t\t<i class=\"rbi rbi-clock\" aria-hidden=\"true\"><\/i>\t\t<time class=\"date published\" datetime=\"2024-05-28T09:54:17+00:00\">2 lata ago<\/time>\r\n\t\t<\/span>\t\t\t\t<\/div>\r\n\t\t\t\t<span class=\"rb-bookmark bookmark-trigger\" data-pid=\"10703\"><\/span>\t\t\t<\/div>\r\n\t\t\t\t<\/div>\r\n\t\t\t<div class=\"p-wrap p-grid p-grid-2\" data-pid=\"10705\">\r\n\t\t\t\t<div class=\"feat-holder\">\t\t<div class=\"p-featured\">\r\n\t\t\t\t\t<a class=\"p-flink\" href=\"https:\/\/eunewsroom.com\/pl\/sila-euro-na-swiatowym-rynku-finansowym\/\" title=\"Si\u0142a euro na \u015bwiatowym rynku finansowym\">\r\n\t\t\t<img loading=\"lazy\" decoding=\"async\" width=\"420\" height=\"36\" src=\"https:\/\/eunewsroom.com\/wp-content\/uploads\/2024\/07\/Arab-Newswire-Press-Release-Distribution-to-Media-Arab-World-and-MENA-regions-1-420x36.png\" class=\"featured-img wp-post-image\" alt=\"\" loading=\"lazy\" \/>\t\t<\/a>\r\n\t\t\t\t<\/div>\r\n\t<\/div>\r\n\t\t<div class=\"p-categories p-top\"><a class=\"p-category category-id-1195\" href=\"https:\/\/eunewsroom.com\/pl\/category\/europe-pl\/\" rel=\"category\">Europa<\/a><a class=\"p-category category-id-1196\" href=\"https:\/\/eunewsroom.com\/pl\/category\/press-releases-pl\/\" rel=\"category\">Komunikaty prasowe<\/a><\/div><h4 class=\"entry-title\">\t\t<a class=\"p-url\" href=\"https:\/\/eunewsroom.com\/pl\/sila-euro-na-swiatowym-rynku-finansowym\/\" rel=\"bookmark\">Si\u0142a euro na \u015bwiatowym rynku finansowym<\/a><\/h4>\t\t\t<div class=\"p-meta has-bookmark\">\r\n\t\t\t\t<div class=\"meta-inner is-meta\">\r\n\t\t\t\t\t<span class=\"meta-el meta-date\">\r\n\t\t<i class=\"rbi rbi-clock\" aria-hidden=\"true\"><\/i>\t\t<time class=\"date published\" datetime=\"2024-05-28T09:52:08+00:00\">2 lata ago<\/time>\r\n\t\t<\/span>\t\t\t\t<\/div>\r\n\t\t\t\t<span class=\"rb-bookmark bookmark-trigger\" data-pid=\"10705\"><\/span>\t\t\t<\/div>\r\n\t\t\t\t<\/div>\r\n\t<\/div><\/div>\t\t<\/div>\n\t\t\t\t<\/div>\n\t\t\t\t\t<\/div>\n\t\t<\/div>\n\t\t\t\t\t<\/div>\n\t\t<\/section>\n\t\t<div class=\"elementor-element elementor-element-925ecc6 e-flex e-con-boxed e-con e-parent\" data-id=\"925ecc6\" data-element_type=\"container\">\n\t\t\t\t\t<div class=\"e-con-inner\">\n\t\t\t\t<div class=\"elementor-element elementor-element-1cff8fc elementor-widget elementor-widget-html\" data-id=\"1cff8fc\" data-element_type=\"widget\" data-widget_type=\"html.default\">\n\t\t\t\t<div class=\"elementor-widget-container\">\n\t\t\t<style>.banner {\n    display: flex;\n    justify-content: space-between;\n    align-items: center;\n    background: url(https:\/\/eunewsroom.com\/wp-content\/uploads\/2024\/07\/728-ads-design.png) center center;\n    padding: 20px;\n    border: 1px solid #eaeaea;\n    width: 728px;\n    height: 90px;\n    max-width: 100%;\n    box-sizing: border-box;\n    background-repeat: no-repeat;\n    background-size: cover;\n}\n\n.banner-content {\n    display: flex;\n    flex-direction: column;\n}\n\n.title {\n    font-size: 24px;\n    font-weight: bold;\n    color: #2c2c2c;\n}\n\n.subtitle {\n    font-size: 14px;\n    color: #111;\n    margin-top: 5px;\n}\n\n.button-container {\n    display: flex;\n    align-items: center;\n}\n\n.buy-now  {\n    background-color: #2c2c2c;\n    color: white;\n    border: none;\n    padding: 10px 20px;\n    font-size: 14px;\n    cursor: pointer;\n}\n.buy-now a {\n    color: #fff;\n}\n.buy-now:hover {\n    background-color: #4a4a4a;\n}\n\n\/* Responsive styles *\/\n@media (max-width: 768px) {\n    .banner {\n        flex-direction: column;\n        text-align: center;\n        width: 500px;\n        height: auto;\n    }\n\n    .button-container {\n        margin-top: 20px;\n    }\n}\n\n@media (max-width: 480px) {\n    .title {\n        font-size: 20px;\n    }\n\n    .subtitle {\n        font-size: 12px;\n    }\n\n    .buy-now {\n        padding: 8px 16px;\n        font-size: 12px;\n    }\n}\n     <\/style><div class=\"banner\"><div class=\"banner-content\"><span class=\"title\">EUROPENEWSWIRE.NET<\/span><span class=\"subtitle\">#1 Press release distribution to media in Europe.<\/span><\/div><div class=\"button-container\"><button class=\"buy-now\"><a href=\"https:\/\/europenewswire.net\/submit-press-release\/\">Submit News<\/a><\/button><\/div><\/div>\t\t<\/div>\n\t\t\t\t<\/div>\n\t\t\t\t\t<\/div>\n\t\t\t\t<\/div>\n\t\t\t\t<section class=\"elementor-section elementor-top-section elementor-element elementor-element-9e2c833 elementor-section-boxed elementor-section-height-default elementor-section-height-default\" data-id=\"9e2c833\" data-element_type=\"section\" data-settings=\"{&quot;animation&quot;:&quot;none&quot;}\">\n\t\t\t\t\t\t<div class=\"elementor-container elementor-column-gap-no\">\n\t\t\t\t\t<div class=\"elementor-column elementor-col-100 elementor-top-column elementor-element elementor-element-882fa63\" data-id=\"882fa63\" data-element_type=\"column\">\n\t\t\t<div class=\"elementor-widget-wrap elementor-element-populated\">\n\t\t\t\t\t\t<section class=\"elementor-section elementor-inner-section elementor-element elementor-element-16c2475 elementor-section-full_width elementor-section-height-default elementor-section-height-default\" data-id=\"16c2475\" data-element_type=\"section\">\n\t\t\t\t\t\t<div class=\"elementor-container elementor-column-gap-no\">\n\t\t\t\t\t<div class=\"elementor-column elementor-col-100 elementor-inner-column elementor-element elementor-element-fb466b5\" data-id=\"fb466b5\" data-element_type=\"column\">\n\t\t\t<div class=\"elementor-widget-wrap elementor-element-populated\">\n\t\t\t\t\t\t<div class=\"elementor-element elementor-element-82a2fae elementor-widget elementor-widget-foxiz-heading\" data-id=\"82a2fae\" data-element_type=\"widget\" data-widget_type=\"foxiz-heading.default\">\n\t\t\t\t<div class=\"elementor-widget-container\">\n\t\t\t<div id=\"uid_82a2fae\" class=\"block-h heading-layout-10\"><div class=\"heading-inner\"><h3 class=\"heading-title\"><a href=\"https:\/\/eunewsroom.com\/pl\/category\/news-pl\/eu-pl\/\">Najnowsze historie<\/a><\/h3><div class=\"heading-tagline h6\"><a class=\"heading-tagline-label\" href=\"https:\/\/eunewsroom.com\/pl\/category\/news-pl\/eu-pl\/\">Poka\u017c wszystkie\n<\/a><i class=\"rbi rbi-cright heading-tagline-icon\" aria-hidden=\"true\"><\/i><\/div><\/div><\/div>\t\t<\/div>\n\t\t\t\t<\/div>\n\t\t\t\t<div class=\"elementor-element elementor-element-a90f95d elementor-widget-divider--view-line elementor-widget elementor-widget-divider\" data-id=\"a90f95d\" data-element_type=\"widget\" data-widget_type=\"divider.default\">\n\t\t\t\t<div class=\"elementor-widget-container\">\n\t\t\t\t\t<div class=\"elementor-divider\">\n\t\t\t<span class=\"elementor-divider-separator\">\n\t\t\t\t\t\t<\/span>\n\t\t<\/div>\n\t\t\t\t<\/div>\n\t\t\t\t<\/div>\n\t\t\t\t\t<\/div>\n\t\t<\/div>\n\t\t\t\t\t<\/div>\n\t\t<\/section>\n\t\t\t\t<section class=\"elementor-section elementor-inner-section elementor-element elementor-element-aac5077 elementor-section-full_width elementor-section-height-default elementor-section-height-default\" data-id=\"aac5077\" data-element_type=\"section\">\n\t\t\t\t\t\t<div class=\"elementor-container elementor-column-gap-custom\">\n\t\t\t\t\t<div class=\"elementor-column elementor-col-50 elementor-inner-column elementor-element elementor-element-0ffbae3\" data-id=\"0ffbae3\" data-element_type=\"column\">\n\t\t\t<div class=\"elementor-widget-wrap elementor-element-populated\">\n\t\t\t\t\t\t<div class=\"elementor-element elementor-element-c00170a elementor-widget elementor-widget-foxiz-grid-box-2\" data-id=\"c00170a\" data-element_type=\"widget\" data-widget_type=\"foxiz-grid-box-2.default\">\n\t\t\t\t<div class=\"elementor-widget-container\">\n\t\t\t<div id=\"uid_c00170a\" class=\"block-wrap block-grid block-grid-box-2 rb-columns rb-col-1 rb-tcol-1 rb-mcol-1 is-gap-20 light-scheme ecat-l-dot meta-s-default\"><div class=\"block-inner\">\t\t<div class=\"p-wrap p-grid p-box p-grid-box-2 box-bg\" data-pid=\"16205\">\r\n\t\t\t<div class=\"grid-box\">\r\n\t\t\t<div class=\"p-categories p-top\"><a class=\"p-category category-id-1140\" href=\"https:\/\/eunewsroom.com\/category\/news-fr\/eu-fr\/automotive-fr\/\" rel=\"category\">Automobile<\/a><a class=\"p-category category-id-1185\" href=\"https:\/\/eunewsroom.com\/pl\/category\/news-pl\/eu-pl\/automotive-pl\/\" rel=\"category\">Automobilowy<\/a><\/div><h3 class=\"entry-title\">\t\t<a class=\"p-url\" href=\"https:\/\/eunewsroom.com\/pl\/wiadomosc-europejskie-stolice-moga-byc-wolne-od-pojazdow-z-silnikami-benzynowymi-i-wysokopreznymi-etransport\/\" rel=\"bookmark\">WIADOMO\u015a\u0106 &#8211; Europejskie stolice mog\u0105 by\u0107 wolne od pojazd\u00f3w z silnikami benzynowymi i wysokopr\u0119\u017cnymi &#8211; Etransport<\/a><\/h3>\t\t\t<div class=\"p-meta has-bookmark\">\r\n\t\t\t\t<div class=\"meta-inner is-meta\">\r\n\t\t\t\t\t<span class=\"meta-el meta-date\">\r\n\t\t<i class=\"rbi rbi-clock\" aria-hidden=\"true\"><\/i>\t\t<time class=\"date published\" datetime=\"2024-12-30T17:30:09+00:00\">1 rok ago<\/time>\r\n\t\t<\/span>\t\t\t\t<\/div>\r\n\t\t\t\t<span class=\"rb-bookmark bookmark-trigger\" data-pid=\"16205\"><\/span>\t\t\t<\/div>\r\n\t\t\t\t<\/div>\r\n\t\t\t\t<\/div>\r\n\t<\/div><\/div>\t\t<\/div>\n\t\t\t\t<\/div>\n\t\t\t\t\t<\/div>\n\t\t<\/div>\n\t\t\t\t<div class=\"elementor-column elementor-col-50 elementor-inner-column elementor-element elementor-element-f9ac2ab\" data-id=\"f9ac2ab\" data-element_type=\"column\">\n\t\t\t<div class=\"elementor-widget-wrap elementor-element-populated\">\n\t\t\t\t\t\t<div class=\"elementor-element elementor-element-d95fe49 elementor-widget elementor-widget-foxiz-grid-2\" data-id=\"d95fe49\" data-element_type=\"widget\" data-widget_type=\"foxiz-grid-2.default\">\n\t\t\t\t<div class=\"elementor-widget-container\">\n\t\t\t<div id=\"uid_d95fe49\" class=\"block-wrap block-grid block-grid-2 rb-columns rb-col-3 rb-tcol-3 rb-mcol-1 is-gap-custom ecat-l-dot meta-s-default\"><div class=\"block-inner\">\t\t<div class=\"p-wrap p-grid p-grid-2\" data-pid=\"16204\">\r\n\t<div class=\"p-categories p-top\"><a class=\"p-category category-id-1193\" href=\"https:\/\/eunewsroom.com\/pl\/category\/news-pl\/eu-pl\/business-pl\/\" rel=\"category\">Biznes<\/a><a class=\"p-category category-id-1147\" href=\"https:\/\/eunewsroom.com\/category\/news-fr\/eu-fr\/business-fr\/\" rel=\"category\">Entreprise<\/a><\/div><h3 class=\"entry-title\">\t\t<a class=\"p-url\" href=\"https:\/\/eunewsroom.com\/pl\/martin-wolf-zwiekszenie-pomocy-dla-ukrainy-to-niewielki-koszt-za-bezpieczenstwo-europy-newsweek-polska\/\" rel=\"bookmark\">Martin Wolf: zwi\u0119kszenie pomocy dla Ukrainy to niewielki koszt za bezpiecze\u0144stwo Europy &#8211; Newsweek Polska<\/a><\/h3>\t\t\t<div class=\"p-meta has-bookmark\">\r\n\t\t\t\t<div class=\"meta-inner is-meta\">\r\n\t\t\t\t\t<span class=\"meta-el meta-date\">\r\n\t\t<i class=\"rbi rbi-clock\" aria-hidden=\"true\"><\/i>\t\t<time class=\"date published\" datetime=\"2024-12-30T17:10:05+00:00\">1 rok ago<\/time>\r\n\t\t<\/span>\t\t\t\t<\/div>\r\n\t\t\t\t<span class=\"rb-bookmark bookmark-trigger\" data-pid=\"16204\"><\/span>\t\t\t<\/div>\r\n\t\t\t\t<\/div>\r\n\t\t\t<div class=\"p-wrap p-grid p-grid-2\" data-pid=\"16203\">\r\n\t<div class=\"p-categories p-top\"><a class=\"p-category category-id-1192\" href=\"https:\/\/eunewsroom.com\/pl\/category\/news-pl\/eu-pl\/energy-pl\/\" rel=\"category\">Energia<\/a><a class=\"p-category category-id-1146\" href=\"https:\/\/eunewsroom.com\/category\/news-fr\/eu-fr\/energy-fr\/\" rel=\"category\">\u00c9nergie<\/a><\/div><h3 class=\"entry-title\">\t\t<a class=\"p-url\" href=\"https:\/\/eunewsroom.com\/pl\/europa-odnotowala-najmniejszy-wzrost-energii-slonecznej-od-lat-co-jest-przyczyna-swiat-oze\/\" rel=\"bookmark\">Europa odnotowa\u0142a najmniejszy wzrost energii s\u0142onecznej od lat! Co jest przyczyn\u0105? &#8211; \u015aWIAT OZE<\/a><\/h3>\t\t\t<div class=\"p-meta has-bookmark\">\r\n\t\t\t\t<div class=\"meta-inner is-meta\">\r\n\t\t\t\t\t<span class=\"meta-el meta-date\">\r\n\t\t<i class=\"rbi rbi-clock\" aria-hidden=\"true\"><\/i>\t\t<time class=\"date published\" datetime=\"2024-12-30T17:00:11+00:00\">1 rok ago<\/time>\r\n\t\t<\/span>\t\t\t\t<\/div>\r\n\t\t\t\t<span class=\"rb-bookmark bookmark-trigger\" data-pid=\"16203\"><\/span>\t\t\t<\/div>\r\n\t\t\t\t<\/div>\r\n\t\t\t<div class=\"p-wrap p-grid p-grid-2\" data-pid=\"16202\">\r\n\t<div class=\"p-categories p-top\"><a class=\"p-category category-id-1143\" href=\"https:\/\/eunewsroom.com\/category\/news-fr\/eu-fr\/finance-fr\/\" rel=\"category\">Finance<\/a><a class=\"p-category category-id-1188\" href=\"https:\/\/eunewsroom.com\/pl\/category\/news-pl\/eu-pl\/finance-pl\/\" rel=\"category\">Finanse<\/a><\/div><h3 class=\"entry-title\">\t\t<a class=\"p-url\" href=\"https:\/\/eunewsroom.com\/pl\/european-union-first-jerzy-buzek-mowi-o-rewizji-zielonego-ladu-wnp-pl\/\" rel=\"bookmark\">&quot;European Union first&quot;. Jerzy Buzek m\u00f3wi o rewizji Zielonego \u0141adu &#8211; Wnp.pl<\/a><\/h3>\t\t\t<div class=\"p-meta has-bookmark\">\r\n\t\t\t\t<div class=\"meta-inner is-meta\">\r\n\t\t\t\t\t<span class=\"meta-el meta-date\">\r\n\t\t<i class=\"rbi rbi-clock\" aria-hidden=\"true\"><\/i>\t\t<time class=\"date published\" datetime=\"2024-12-30T16:50:06+00:00\">1 rok ago<\/time>\r\n\t\t<\/span>\t\t\t\t<\/div>\r\n\t\t\t\t<span class=\"rb-bookmark bookmark-trigger\" data-pid=\"16202\"><\/span>\t\t\t<\/div>\r\n\t\t\t\t<\/div>\r\n\t<\/div><\/div>\t\t<\/div>\n\t\t\t\t<\/div>\n\t\t\t\t\t<\/div>\n\t\t<\/div>\n\t\t\t\t\t<\/div>\n\t\t<\/section>\n\t\t\t\t\t<\/div>\n\t\t<\/div>\n\t\t\t\t\t<\/div>\n\t\t<\/section>\n\t\t\t\t<section class=\"elementor-section elementor-top-section elementor-element elementor-element-57cc47c elementor-section-boxed elementor-section-height-default elementor-section-height-default\" data-id=\"57cc47c\" data-element_type=\"section\" data-settings=\"{&quot;background_background&quot;:&quot;classic&quot;,&quot;animation&quot;:&quot;none&quot;}\">\n\t\t\t\t\t\t<div class=\"elementor-container elementor-column-gap-no\">\n\t\t\t\t\t<div class=\"elementor-column elementor-col-100 elementor-top-column elementor-element elementor-element-606900d\" data-id=\"606900d\" data-element_type=\"column\">\n\t\t\t<div class=\"elementor-widget-wrap elementor-element-populated\">\n\t\t\t\t\t\t<section class=\"elementor-section elementor-inner-section elementor-element elementor-element-bcfb997 elementor-section-full_width elementor-section-height-default elementor-section-height-default\" data-id=\"bcfb997\" data-element_type=\"section\">\n\t\t\t\t\t\t<div class=\"elementor-container elementor-column-gap-no\">\n\t\t\t\t\t<div class=\"elementor-column elementor-col-100 elementor-inner-column elementor-element elementor-element-aa11325\" data-id=\"aa11325\" data-element_type=\"column\">\n\t\t\t<div class=\"elementor-widget-wrap elementor-element-populated\">\n\t\t\t\t\t\t<div class=\"elementor-element elementor-element-c2ecc34 elementor-widget elementor-widget-foxiz-heading\" data-id=\"c2ecc34\" data-element_type=\"widget\" data-widget_type=\"foxiz-heading.default\">\n\t\t\t\t<div class=\"elementor-widget-container\">\n\t\t\t<div id=\"uid_c2ecc34\" class=\"block-h heading-layout-10 light-scheme\"><div class=\"heading-inner\"><h3 class=\"heading-title\"><a href=\"https:\/\/eunewsroom.com\/pl\/category\/press-releases-pl\/\">Komunikaty prasowe<\/a><\/h3><div class=\"heading-tagline h6\"><a class=\"heading-tagline-label\" href=\"https:\/\/eunewsroom.com\/pl\/category\/press-releases-pl\/\">Poka\u017c wszystkie\n<\/a><i class=\"rbi rbi-cright heading-tagline-icon\" aria-hidden=\"true\"><\/i><\/div><\/div><\/div>\t\t<\/div>\n\t\t\t\t<\/div>\n\t\t\t\t<div class=\"elementor-element elementor-element-326d93f elementor-widget-divider--view-line elementor-widget elementor-widget-divider\" data-id=\"326d93f\" data-element_type=\"widget\" data-widget_type=\"divider.default\">\n\t\t\t\t<div class=\"elementor-widget-container\">\n\t\t\t\t\t<div class=\"elementor-divider\">\n\t\t\t<span class=\"elementor-divider-separator\">\n\t\t\t\t\t\t<\/span>\n\t\t<\/div>\n\t\t\t\t<\/div>\n\t\t\t\t<\/div>\n\t\t\t\t\t<\/div>\n\t\t<\/div>\n\t\t\t\t\t<\/div>\n\t\t<\/section>\n\t\t\t\t<section class=\"elementor-section elementor-inner-section elementor-element elementor-element-1c5be10 elementor-section-boxed elementor-section-height-default elementor-section-height-default elementor-invisible\" data-id=\"1c5be10\" data-element_type=\"section\" data-settings=\"{&quot;animation&quot;:&quot;fadeIn&quot;}\">\n\t\t\t\t\t\t<div class=\"elementor-container elementor-column-gap-custom\">\n\t\t\t\t\t<div class=\"elementor-column elementor-col-100 elementor-inner-column elementor-element elementor-element-64fb4e2\" data-id=\"64fb4e2\" data-element_type=\"column\">\n\t\t\t<div class=\"elementor-widget-wrap elementor-element-populated\">\n\t\t\t\t\t\t<div class=\"elementor-element elementor-element-47a2c85 elementor-widget elementor-widget-foxiz-list-2\" data-id=\"47a2c85\" data-element_type=\"widget\" data-widget_type=\"foxiz-list-2.default\">\n\t\t\t\t<div class=\"elementor-widget-container\">\n\t\t\t<div id=\"uid_47a2c85\" class=\"block-wrap block-big block-list block-list-2 is-gap-15 light-scheme ecat-l-dot is-feat-left meta-s-default\"><div class=\"block-inner\">\t\t<div class=\"p-wrap p-list p-list-2\" data-pid=\"10694\">\r\n\t\t\t<div class=\"list-holder\">\r\n\t\t\t<div class=\"list-feat-holder\">\r\n\t\t\t\t\t\t\t<div class=\"feat-holder\">\t\t<div class=\"p-featured\">\r\n\t\t\t\t\t<a class=\"p-flink\" href=\"https:\/\/eunewsroom.com\/pl\/anatomia-newsroomu-ue-bicie-serca-dziennikarstwa-w-europie\/\" title=\"Anatomia Newsroomu UE: Bicie serca dziennikarstwa w Europie\">\r\n\t\t\t<img loading=\"lazy\" decoding=\"async\" width=\"840\" height=\"443\" src=\"https:\/\/eunewsroom.com\/wp-content\/uploads\/2024\/07\/Blank-img.png\" class=\"featured-img wp-post-image\" alt=\"\" loading=\"lazy\" \/>\t\t<\/a>\r\n\t\t\t\t<\/div>\r\n\t<\/div>\r\n\t\t\t\t\t<\/div>\r\n\t\t\t<div class=\"p-content\">\r\n\t\t\t\t<div class=\"p-categories p-top\"><a class=\"p-category category-id-1195\" href=\"https:\/\/eunewsroom.com\/pl\/category\/europe-pl\/\" rel=\"category\">Europa<\/a><a class=\"p-category category-id-1196\" href=\"https:\/\/eunewsroom.com\/pl\/category\/press-releases-pl\/\" rel=\"category\">Komunikaty prasowe<\/a><\/div><h2 class=\"entry-title\">\t\t<a class=\"p-url\" href=\"https:\/\/eunewsroom.com\/pl\/anatomia-newsroomu-ue-bicie-serca-dziennikarstwa-w-europie\/\" rel=\"bookmark\">Anatomia Newsroomu UE: Bicie serca dziennikarstwa w Europie<\/a><\/h2><p class=\"entry-summary mobile-hide\">W dobie informacji newsroom jest centralnym uk\u0142adem nerwowym dziennikarstwa, pulsuj\u0105cym rytmem naj\u015bwie\u017cszych wiadomo\u015bci i pog\u0142\u0119bionych historii. Jest to dynamiczne \u015brodowisko,&hellip;<\/p>\r\n\t\t\t\t\t\t<div class=\"p-meta has-bookmark\">\r\n\t\t\t\t<div class=\"meta-inner is-meta\">\r\n\t\t\t\t\t<span class=\"meta-el meta-author\">\r\n\t\t\t\t\t<span class=\"meta-label\">By<\/span>\r\n\t\t\t\t<a href=\"https:\/\/eunewsroom.com\/pl\/author\/kader1\/\">EU Newsroom<\/a>\r\n\t\t\t\t<\/span>\r\n\t\t<span class=\"meta-el meta-date\">\r\n\t\t<i class=\"rbi rbi-clock\" aria-hidden=\"true\"><\/i>\t\t<time class=\"date published\" datetime=\"2024-07-14T17:11:06+00:00\">2 lata ago<\/time>\r\n\t\t<\/span>\t\t\t\t<\/div>\r\n\t\t\t\t<span class=\"rb-bookmark bookmark-trigger\" data-pid=\"10694\"><\/span>\t\t\t<\/div>\r\n\t\t\t\t\t<\/div>\r\n\t\t<\/div>\r\n\t\t\t\t<\/div>\r\n\t<\/div><\/div>\t\t<\/div>\n\t\t\t\t<\/div>\n\t\t\t\t\t<\/div>\n\t\t<\/div>\n\t\t\t\t\t<\/div>\n\t\t<\/section>\n\t\t\t\t<section class=\"elementor-section elementor-inner-section elementor-element elementor-element-906100f elementor-section-boxed elementor-section-height-default elementor-section-height-default elementor-invisible\" data-id=\"906100f\" data-element_type=\"section\" data-settings=\"{&quot;animation&quot;:&quot;fadeIn&quot;}\">\n\t\t\t\t\t\t<div class=\"elementor-container elementor-column-gap-custom\">\n\t\t\t\t\t<div class=\"elementor-column elementor-col-100 elementor-inner-column elementor-element elementor-element-d092d04\" data-id=\"d092d04\" data-element_type=\"column\">\n\t\t\t<div class=\"elementor-widget-wrap elementor-element-populated\">\n\t\t\t\t\t\t<div class=\"elementor-element elementor-element-46b485a elementor-widget elementor-widget-foxiz-list-small-2\" data-id=\"46b485a\" data-element_type=\"widget\" data-widget_type=\"foxiz-list-small-2.default\">\n\t\t\t\t<div class=\"elementor-widget-container\">\n\t\t\t<div id=\"uid_46b485a\" class=\"block-wrap block-small block-list block-list-small-2 light-scheme ecat-l-dot is-feat-left meta-s-default\"><div class=\"block-inner\">\t\t\t<div class=\"post-carousel swiper-container pre-load\"  data-wcol=\"3.5\" data-col=\"3.5\" data-tcol=\"1\" data-mcol=\"1\" data-gap=\"30\" data-tgap=\"15\" data-mgap=\"10\" data-play=\"\" data-speed=\"5000\" data-fmode=\"\" data-centered=\"0\" >\r\n\t\t\t\t<div class=\"swiper-wrapper\">\r\n\t\t\t\t\t\t\t<div class=\"p-wrap p-small p-list-small-2 swiper-slide\" data-pid=\"10699\">\r\n\t\t\t\t<div class=\"feat-holder\">\t\t<div class=\"p-featured ratio-v1\">\r\n\t\t\t\t\t<a class=\"p-flink\" href=\"https:\/\/eunewsroom.com\/pl\/obecny-i-przyszly-stan-newsroomow-w-unii-europejskiej\/\" title=\"Obecny i przysz\u0142y stan newsroom\u00f3w w Unii Europejskiej\">\r\n\t\t\t<img loading=\"lazy\" decoding=\"async\" width=\"840\" height=\"443\" src=\"https:\/\/eunewsroom.com\/wp-content\/uploads\/2024\/07\/Blank-img.png\" class=\"featured-img wp-post-image\" alt=\"\" loading=\"lazy\" \/>\t\t<\/a>\r\n\t\t\t\t<\/div>\r\n\t<\/div>\r\n\t\t\t\t<div class=\"p-content\">\r\n\t\t\t<div class=\"p-categories p-top\"><a class=\"p-category category-id-1195\" href=\"https:\/\/eunewsroom.com\/pl\/category\/europe-pl\/\" rel=\"category\">Europa<\/a><a class=\"p-category category-id-1196\" href=\"https:\/\/eunewsroom.com\/pl\/category\/press-releases-pl\/\" rel=\"category\">Komunikaty prasowe<\/a><\/div><h4 class=\"entry-title\">\t\t<a class=\"p-url\" href=\"https:\/\/eunewsroom.com\/pl\/obecny-i-przyszly-stan-newsroomow-w-unii-europejskiej\/\" rel=\"bookmark\">Obecny i przysz\u0142y stan newsroom\u00f3w w Unii Europejskiej<\/a><\/h4>\t\t<\/div>\r\n\t\t\t\t<\/div>\r\n\t\t\t<div class=\"p-wrap p-small p-list-small-2 swiper-slide\" data-pid=\"10701\">\r\n\t\t\t\t<div class=\"feat-holder\">\t\t<div class=\"p-featured ratio-v1\">\r\n\t\t\t\t\t<a class=\"p-flink\" href=\"https:\/\/eunewsroom.com\/pl\/unia-europejska-unia-dobrobytu-i-stabilnosci\/\" title=\"Unia Europejska: Unia dobrobytu i stabilno\u015bci\">\r\n\t\t\t<img loading=\"lazy\" decoding=\"async\" width=\"813\" height=\"36\" src=\"https:\/\/eunewsroom.com\/wp-content\/uploads\/2024\/07\/Arab-Newswire-Press-Release-Distribution-to-Media-Arab-World-and-MENA-regions-1.png\" class=\"featured-img wp-post-image\" alt=\"\" loading=\"lazy\" \/>\t\t<\/a>\r\n\t\t\t\t<\/div>\r\n\t<\/div>\r\n\t\t\t\t<div class=\"p-content\">\r\n\t\t\t<div class=\"p-categories p-top\"><a class=\"p-category category-id-1195\" href=\"https:\/\/eunewsroom.com\/pl\/category\/europe-pl\/\" rel=\"category\">Europa<\/a><a class=\"p-category category-id-1196\" href=\"https:\/\/eunewsroom.com\/pl\/category\/press-releases-pl\/\" rel=\"category\">Komunikaty prasowe<\/a><\/div><h4 class=\"entry-title\">\t\t<a class=\"p-url\" href=\"https:\/\/eunewsroom.com\/pl\/unia-europejska-unia-dobrobytu-i-stabilnosci\/\" rel=\"bookmark\">Unia Europejska: Unia dobrobytu i stabilno\u015bci<\/a><\/h4>\t\t<\/div>\r\n\t\t\t\t<\/div>\r\n\t\t\t<div class=\"p-wrap p-small p-list-small-2 swiper-slide\" data-pid=\"10703\">\r\n\t\t\t\t<div class=\"feat-holder\">\t\t<div class=\"p-featured ratio-v1\">\r\n\t\t\t\t\t<a class=\"p-flink\" href=\"https:\/\/eunewsroom.com\/pl\/strategiczna-wartosc-dystrybucji-komunikatow-prasowych-na-europejskich-rynkach-finansowych\/\" title=\"Strategiczna warto\u015b\u0107 dystrybucji komunikat\u00f3w prasowych na europejskich rynkach finansowych\">\r\n\t\t\t<img loading=\"lazy\" decoding=\"async\" width=\"813\" height=\"36\" src=\"https:\/\/eunewsroom.com\/wp-content\/uploads\/2024\/07\/Arab-Newswire-Press-Release-Distribution-to-Media-Arab-World-and-MENA-regions-1.png\" class=\"featured-img wp-post-image\" alt=\"\" loading=\"lazy\" \/>\t\t<\/a>\r\n\t\t\t\t<\/div>\r\n\t<\/div>\r\n\t\t\t\t<div class=\"p-content\">\r\n\t\t\t<div class=\"p-categories p-top\"><a class=\"p-category category-id-1195\" href=\"https:\/\/eunewsroom.com\/pl\/category\/europe-pl\/\" rel=\"category\">Europa<\/a><a class=\"p-category category-id-1196\" href=\"https:\/\/eunewsroom.com\/pl\/category\/press-releases-pl\/\" rel=\"category\">Komunikaty prasowe<\/a><\/div><h4 class=\"entry-title\">\t\t<a class=\"p-url\" href=\"https:\/\/eunewsroom.com\/pl\/strategiczna-wartosc-dystrybucji-komunikatow-prasowych-na-europejskich-rynkach-finansowych\/\" rel=\"bookmark\">Strategiczna warto\u015b\u0107 dystrybucji komunikat\u00f3w prasowych na europejskich rynkach finansowych<\/a><\/h4>\t\t<\/div>\r\n\t\t\t\t<\/div>\r\n\t\t\t<div class=\"p-wrap p-small p-list-small-2 swiper-slide\" data-pid=\"10705\">\r\n\t\t\t\t<div class=\"feat-holder\">\t\t<div class=\"p-featured ratio-v1\">\r\n\t\t\t\t\t<a class=\"p-flink\" href=\"https:\/\/eunewsroom.com\/pl\/sila-euro-na-swiatowym-rynku-finansowym\/\" title=\"Si\u0142a euro na \u015bwiatowym rynku finansowym\">\r\n\t\t\t<img loading=\"lazy\" decoding=\"async\" width=\"813\" height=\"36\" src=\"https:\/\/eunewsroom.com\/wp-content\/uploads\/2024\/07\/Arab-Newswire-Press-Release-Distribution-to-Media-Arab-World-and-MENA-regions-1.png\" class=\"featured-img wp-post-image\" alt=\"\" loading=\"lazy\" \/>\t\t<\/a>\r\n\t\t\t\t<\/div>\r\n\t<\/div>\r\n\t\t\t\t<div class=\"p-content\">\r\n\t\t\t<div class=\"p-categories p-top\"><a class=\"p-category category-id-1195\" href=\"https:\/\/eunewsroom.com\/pl\/category\/europe-pl\/\" rel=\"category\">Europa<\/a><a class=\"p-category category-id-1196\" href=\"https:\/\/eunewsroom.com\/pl\/category\/press-releases-pl\/\" rel=\"category\">Komunikaty prasowe<\/a><\/div><h4 class=\"entry-title\">\t\t<a class=\"p-url\" href=\"https:\/\/eunewsroom.com\/pl\/sila-euro-na-swiatowym-rynku-finansowym\/\" rel=\"bookmark\">Si\u0142a euro na \u015bwiatowym rynku finansowym<\/a><\/h4>\t\t<\/div>\r\n\t\t\t\t<\/div>\r\n\t\t\t<div class=\"p-wrap p-small p-list-small-2 swiper-slide\" data-pid=\"10707\">\r\n\t\t\t\t<div class=\"feat-holder\">\t\t<div class=\"p-featured ratio-v1\">\r\n\t\t\t\t\t<a class=\"p-flink\" href=\"https:\/\/eunewsroom.com\/pl\/glowni-gracze-na-europejskich-gieldach-i-ich-perspektywy-gospodarcze\/\" title=\"G\u0142\u00f3wni gracze na europejskich gie\u0142dach i ich perspektywy gospodarcze\">\r\n\t\t\t<img loading=\"lazy\" decoding=\"async\" width=\"813\" height=\"36\" src=\"https:\/\/eunewsroom.com\/wp-content\/uploads\/2024\/07\/Arab-Newswire-Press-Release-Distribution-to-Media-Arab-World-and-MENA-regions-1.png\" class=\"featured-img wp-post-image\" alt=\"\" loading=\"lazy\" \/>\t\t<\/a>\r\n\t\t\t\t<\/div>\r\n\t<\/div>\r\n\t\t\t\t<div class=\"p-content\">\r\n\t\t\t<div class=\"p-categories p-top\"><a class=\"p-category category-id-1195\" href=\"https:\/\/eunewsroom.com\/pl\/category\/europe-pl\/\" rel=\"category\">Europa<\/a><a class=\"p-category category-id-1196\" href=\"https:\/\/eunewsroom.com\/pl\/category\/press-releases-pl\/\" rel=\"category\">Komunikaty prasowe<\/a><\/div><h4 class=\"entry-title\">\t\t<a class=\"p-url\" href=\"https:\/\/eunewsroom.com\/pl\/glowni-gracze-na-europejskich-gieldach-i-ich-perspektywy-gospodarcze\/\" rel=\"bookmark\">G\u0142\u00f3wni gracze na europejskich gie\u0142dach i ich perspektywy gospodarcze<\/a><\/h4>\t\t<\/div>\r\n\t\t\t\t<\/div>\r\n\t\t\t\t\t<\/div>\r\n\t\t\t\t\t\t\t<div class=\"slider-footer light-scheme\">\r\n\t\t\t\t\t\t\t\t\t<div class=\"slider-prev rbi rbi-cleft\"><\/div>\r\n\t\t\t\t\t\t\t\t\t<div class=\"slider-pagination\"><\/div>\r\n\t\t\t\t\t\t\t\t\t<div class=\"slider-next rbi rbi-cright\"><\/div>\r\n\t\t\t\t\t\t\t<\/div>\r\n\t\t\t\t\t<\/div>\r\n\t\t<\/div><\/div>\t\t<\/div>\n\t\t\t\t<\/div>\n\t\t\t\t\t<\/div>\n\t\t<\/div>\n\t\t\t\t\t<\/div>\n\t\t<\/section>\n\t\t\t\t\t<\/div>\n\t\t<\/div>\n\t\t\t\t\t<\/div>\n\t\t<\/section>\n\t\t<div class=\"elementor-element elementor-element-69e63da e-flex e-con-boxed e-con e-parent\" data-id=\"69e63da\" data-element_type=\"container\" data-settings=\"{&quot;background_background&quot;:&quot;classic&quot;}\">\n\t\t\t\t\t<div class=\"e-con-inner\">\n\t\t\t\t<div class=\"elementor-element elementor-element-971ef53 elementor-widget__width-inherit elementor-widget elementor-widget-foxiz-heading\" data-id=\"971ef53\" data-element_type=\"widget\" data-widget_type=\"foxiz-heading.default\">\n\t\t\t\t<div class=\"elementor-widget-container\">\n\t\t\t<div id=\"uid_971ef53\" class=\"block-h heading-layout-10\"><div class=\"heading-inner\"><h3 class=\"heading-title\"><a href=\"https:\/\/eunewsroom.com\/pl\/category\/news-pl\/eu-pl\/automotive-pl\/\">Automobilowy<\/a><\/h3><div class=\"heading-tagline h6\"><a class=\"heading-tagline-label\" href=\"https:\/\/eunewsroom.com\/pl\/category\/news-pl\/eu-pl\/automotive-pl\/\">Poka\u017c wszystkie<\/a><i class=\"rbi rbi-cright heading-tagline-icon\" aria-hidden=\"true\"><\/i><\/div><\/div><\/div>\t\t<\/div>\n\t\t\t\t<\/div>\n\t\t\t\t<div class=\"elementor-element elementor-element-fe4a82a elementor-widget-divider--view-line elementor-widget elementor-widget-divider\" data-id=\"fe4a82a\" data-element_type=\"widget\" data-widget_type=\"divider.default\">\n\t\t\t\t<div class=\"elementor-widget-container\">\n\t\t\t\t\t<div class=\"elementor-divider\">\n\t\t\t<span class=\"elementor-divider-separator\">\n\t\t\t\t\t\t<\/span>\n\t\t<\/div>\n\t\t\t\t<\/div>\n\t\t\t\t<\/div>\n\t\t\t\t\t<\/div>\n\t\t\t\t<\/div>\n\t\t<div class=\"elementor-element elementor-element-fc62f0d e-flex e-con-boxed e-con e-parent\" data-id=\"fc62f0d\" data-element_type=\"container\" data-settings=\"{&quot;background_background&quot;:&quot;classic&quot;}\">\n\t\t\t\t\t<div class=\"e-con-inner\">\n\t\t<div class=\"elementor-element elementor-element-11d8855 e-con-full e-flex e-con e-child\" data-id=\"11d8855\" data-element_type=\"container\">\n\t\t\t\t<div class=\"elementor-element elementor-element-d5e60e9 elementor-widget elementor-widget-foxiz-list-small-1\" data-id=\"d5e60e9\" data-element_type=\"widget\" data-widget_type=\"foxiz-list-small-1.default\">\n\t\t\t\t<div class=\"elementor-widget-container\">\n\t\t\t<div id=\"uid_d5e60e9\" class=\"block-wrap block-small block-list block-list-small-1 bottom-border is-b-border-gray no-last-bb ecat-l-dot meta-s-default\"><div class=\"block-inner\">\t\t<div class=\"p-wrap p-small p-list-small-1\" data-pid=\"16205\">\r\n\t\t\t<div class=\"p-content\">\r\n\t\t\t<div class=\"p-categories p-top\"><a class=\"p-category category-id-1140\" href=\"https:\/\/eunewsroom.com\/category\/news-fr\/eu-fr\/automotive-fr\/\" rel=\"category\">Automobile<\/a><a class=\"p-category category-id-1185\" href=\"https:\/\/eunewsroom.com\/pl\/category\/news-pl\/eu-pl\/automotive-pl\/\" rel=\"category\">Automobilowy<\/a><\/div><h3 class=\"entry-title\">\t\t<a class=\"p-url\" href=\"https:\/\/eunewsroom.com\/pl\/wiadomosc-europejskie-stolice-moga-byc-wolne-od-pojazdow-z-silnikami-benzynowymi-i-wysokopreznymi-etransport\/\" rel=\"bookmark\">WIADOMO\u015a\u0106 &#8211; Europejskie stolice mog\u0105 by\u0107 wolne od pojazd\u00f3w z silnikami benzynowymi i wysokopr\u0119\u017cnymi &#8211; Etransport<\/a><\/h3><p class=\"entry-summary\">WIADOMO\u015a\u0106 - Europejskie stolice mog\u0105 by\u0107 wolne&hellip;<\/p>\r\n\t\t\t\t\t<\/div>\r\n\t\t\t\t<\/div>\r\n\t\t\t<div class=\"p-wrap p-small p-list-small-1\" data-pid=\"16072\">\r\n\t\t\t<div class=\"p-content\">\r\n\t\t\t<div class=\"p-categories p-top\"><a class=\"p-category category-id-1140\" href=\"https:\/\/eunewsroom.com\/category\/news-fr\/eu-fr\/automotive-fr\/\" rel=\"category\">Automobile<\/a><a class=\"p-category category-id-1185\" href=\"https:\/\/eunewsroom.com\/pl\/category\/news-pl\/eu-pl\/automotive-pl\/\" rel=\"category\">Automobilowy<\/a><\/div><h3 class=\"entry-title\">\t\t<a class=\"p-url\" href=\"https:\/\/eunewsroom.com\/pl\/rynek-samochodow-elektrycznych-czy-polska-pozostanie-w-ogonie-europy-motofakty\/\" rel=\"bookmark\">Rynek samochod\u00f3w elektrycznych. Czy Polska pozostanie w ogonie Europy? &#8211; Motofakty<\/a><\/h3><p class=\"entry-summary\">Rynek samochod\u00f3w elektrycznych. Czy Polska pozostanie w&hellip;<\/p>\r\n\t\t\t\t\t<\/div>\r\n\t\t\t\t<\/div>\r\n\t\t\t<div class=\"p-wrap p-small p-list-small-1\" data-pid=\"15871\">\r\n\t\t\t<div class=\"p-content\">\r\n\t\t\t<div class=\"p-categories p-top\"><a class=\"p-category category-id-1140\" href=\"https:\/\/eunewsroom.com\/category\/news-fr\/eu-fr\/automotive-fr\/\" rel=\"category\">Automobile<\/a><a class=\"p-category category-id-1185\" href=\"https:\/\/eunewsroom.com\/pl\/category\/news-pl\/eu-pl\/automotive-pl\/\" rel=\"category\">Automobilowy<\/a><\/div><h3 class=\"entry-title\">\t\t<a class=\"p-url\" href=\"https:\/\/eunewsroom.com\/pl\/ue-i-chiny-w-sporze-o-taryfy-na-pojazdy-elektryczne-brandy-wieprzowina-i-produkty-mleczne-dostaly-rykoszetem-strefa-inwestorow\/\" rel=\"bookmark\">UE i Chiny w sporze o taryfy na pojazdy elektryczne. \u201eBrandy, wieprzowina i produkty mleczne dosta\u0142y rykoszetem\u201d &#8211; Strefa Inwestor\u00f3w<\/a><\/h3><p class=\"entry-summary\">UE i Chiny w sporze o taryfy&hellip;<\/p>\r\n\t\t\t\t\t<\/div>\r\n\t\t\t\t<\/div>\r\n\t<\/div><\/div>\t\t<\/div>\n\t\t\t\t<\/div>\n\t\t\t\t<\/div>\n\t\t<div class=\"elementor-element elementor-element-89689bb e-con-full e-flex e-con e-child\" data-id=\"89689bb\" data-element_type=\"container\">\n\t\t\t\t<div class=\"elementor-element elementor-element-3c3b066 elementor-widget elementor-widget-foxiz-list-small-1\" data-id=\"3c3b066\" data-element_type=\"widget\" data-widget_type=\"foxiz-list-small-1.default\">\n\t\t\t\t<div class=\"elementor-widget-container\">\n\t\t\t<div id=\"uid_3c3b066\" class=\"block-wrap block-small block-list block-list-small-1 bottom-border is-b-border-gray no-last-bb ecat-l-dot meta-s-default\"><div class=\"block-inner\">\t\t<div class=\"p-wrap p-small p-list-small-1\" data-pid=\"15575\">\r\n\t\t\t<div class=\"p-content\">\r\n\t\t\t<div class=\"p-categories p-top\"><a class=\"p-category category-id-1140\" href=\"https:\/\/eunewsroom.com\/category\/news-fr\/eu-fr\/automotive-fr\/\" rel=\"category\">Automobile<\/a><a class=\"p-category category-id-1185\" href=\"https:\/\/eunewsroom.com\/pl\/category\/news-pl\/eu-pl\/automotive-pl\/\" rel=\"category\">Automobilowy<\/a><\/div><h3 class=\"entry-title\">\t\t<a class=\"p-url\" href=\"https:\/\/eunewsroom.com\/pl\/chiny-znalazly-sposob-na-unijne-cla-zalewaja-europe-hybrydami-forsal-pl\/\" rel=\"bookmark\">Chiny znalaz\u0142y spos\u00f3b na unijne c\u0142a. Zalewaj\u0105 Europ\u0119 hybrydami &#8211; Forsal.pl<\/a><\/h3><p class=\"entry-summary\">Chiny znalaz\u0142y spos\u00f3b na unijne c\u0142a. Zalewaj\u0105&hellip;<\/p>\r\n\t\t\t\t\t<\/div>\r\n\t\t\t\t<\/div>\r\n\t\t\t<div class=\"p-wrap p-small p-list-small-1\" data-pid=\"15229\">\r\n\t\t\t<div class=\"p-content\">\r\n\t\t\t<div class=\"p-categories p-top\"><a class=\"p-category category-id-1140\" href=\"https:\/\/eunewsroom.com\/category\/news-fr\/eu-fr\/automotive-fr\/\" rel=\"category\">Automobile<\/a><a class=\"p-category category-id-1185\" href=\"https:\/\/eunewsroom.com\/pl\/category\/news-pl\/eu-pl\/automotive-pl\/\" rel=\"category\">Automobilowy<\/a><\/div><h3 class=\"entry-title\">\t\t<a class=\"p-url\" href=\"https:\/\/eunewsroom.com\/pl\/leapmotor-planuje-przeniesc-produkcje-swoich-pojazdow-na-rynek-europejski-do-niemiec-highmotor\/\" rel=\"bookmark\">Leapmotor planuje przenie\u015b\u0107 produkcj\u0119 swoich pojazd\u00f3w na rynek europejski do Niemiec &#8211; Highmotor<\/a><\/h3><p class=\"entry-summary\">Leapmotor planuje przenie\u015b\u0107 produkcj\u0119 swoich pojazd\u00f3w na&hellip;<\/p>\r\n\t\t\t\t\t<\/div>\r\n\t\t\t\t<\/div>\r\n\t\t\t<div class=\"p-wrap p-small p-list-small-1\" data-pid=\"15020\">\r\n\t\t\t<div class=\"p-content\">\r\n\t\t\t<div class=\"p-categories p-top\"><a class=\"p-category category-id-1140\" href=\"https:\/\/eunewsroom.com\/category\/news-fr\/eu-fr\/automotive-fr\/\" rel=\"category\">Automobile<\/a><a class=\"p-category category-id-1185\" href=\"https:\/\/eunewsroom.com\/pl\/category\/news-pl\/eu-pl\/automotive-pl\/\" rel=\"category\">Automobilowy<\/a><\/div><h3 class=\"entry-title\">\t\t<a class=\"p-url\" href=\"https:\/\/eunewsroom.com\/pl\/volkswagen-zamyka-zaklady-w-europie-firma-zainwestuje-800-mln-dol-w-usa-forsal-pl\/\" rel=\"bookmark\">Volkswagen zamyka zak\u0142ady w Europie. Firma zainwestuje 800 mln dol. w USA &#8211; Forsal.pl<\/a><\/h3><p class=\"entry-summary\">Volkswagen zamyka zak\u0142ady w Europie. Firma zainwestuje&hellip;<\/p>\r\n\t\t\t\t\t<\/div>\r\n\t\t\t\t<\/div>\r\n\t<\/div><\/div>\t\t<\/div>\n\t\t\t\t<\/div>\n\t\t\t\t<\/div>\n\t\t<div class=\"elementor-element elementor-element-cc96e2d e-con-full e-flex e-con e-child\" data-id=\"cc96e2d\" data-element_type=\"container\">\n\t\t\t\t<div class=\"elementor-element elementor-element-f61c081 elementor-widget elementor-widget-foxiz-list-small-1\" data-id=\"f61c081\" data-element_type=\"widget\" data-widget_type=\"foxiz-list-small-1.default\">\n\t\t\t\t<div class=\"elementor-widget-container\">\n\t\t\t<div id=\"uid_f61c081\" class=\"block-wrap block-small block-list block-list-small-1 bottom-border is-b-border-gray no-last-bb ecat-l-dot meta-s-default\"><div class=\"block-inner\">\t\t<div class=\"p-wrap p-small p-list-small-1\" data-pid=\"14874\">\r\n\t\t\t<div class=\"p-content\">\r\n\t\t\t<div class=\"p-categories p-top\"><a class=\"p-category category-id-1140\" href=\"https:\/\/eunewsroom.com\/category\/news-fr\/eu-fr\/automotive-fr\/\" rel=\"category\">Automobile<\/a><a class=\"p-category category-id-1185\" href=\"https:\/\/eunewsroom.com\/pl\/category\/news-pl\/eu-pl\/automotive-pl\/\" rel=\"category\">Automobilowy<\/a><\/div><h3 class=\"entry-title\">\t\t<a class=\"p-url\" href=\"https:\/\/eunewsroom.com\/pl\/hyundai-rozpoczyna-produkcje-h350-swojego-pierwszego-lekkiego-pojazdu-uzytkowego-na-rynek-europejski-highmotor\/\" rel=\"bookmark\">Hyundai rozpoczyna produkcj\u0119 H350, swojego pierwszego lekkiego pojazdu u\u017cytkowego na rynek europejski &#8211; Highmotor<\/a><\/h3><p class=\"entry-summary\">Hyundai rozpoczyna produkcj\u0119 H350, swojego pierwszego lekkiego&hellip;<\/p>\r\n\t\t\t\t\t<\/div>\r\n\t\t\t\t<\/div>\r\n\t\t\t<div class=\"p-wrap p-small p-list-small-1\" data-pid=\"14648\">\r\n\t\t\t<div class=\"p-content\">\r\n\t\t\t<div class=\"p-categories p-top\"><a class=\"p-category category-id-1140\" href=\"https:\/\/eunewsroom.com\/category\/news-fr\/eu-fr\/automotive-fr\/\" rel=\"category\">Automobile<\/a><a class=\"p-category category-id-1185\" href=\"https:\/\/eunewsroom.com\/pl\/category\/news-pl\/eu-pl\/automotive-pl\/\" rel=\"category\">Automobilowy<\/a><\/div><h3 class=\"entry-title\">\t\t<a class=\"p-url\" href=\"https:\/\/eunewsroom.com\/pl\/chiny-wstrzymuja-inwestycje-w-europie-odwet-za-nowe-cla-na-pojazdy-elektryczne-strefa-biznesu\/\" rel=\"bookmark\">Chiny wstrzymuj\u0105 inwestycje w Europie: Odwet za nowe c\u0142a na pojazdy elektryczne &#8211; Strefa Biznesu<\/a><\/h3><p class=\"entry-summary\">Chiny wstrzymuj\u0105 inwestycje w Europie: Odwet za&hellip;<\/p>\r\n\t\t\t\t\t<\/div>\r\n\t\t\t\t<\/div>\r\n\t\t\t<div class=\"p-wrap p-small p-list-small-1\" data-pid=\"14332\">\r\n\t\t\t<div class=\"p-content\">\r\n\t\t\t<div class=\"p-categories p-top\"><a class=\"p-category category-id-1140\" href=\"https:\/\/eunewsroom.com\/category\/news-fr\/eu-fr\/automotive-fr\/\" rel=\"category\">Automobile<\/a><a class=\"p-category category-id-1185\" href=\"https:\/\/eunewsroom.com\/pl\/category\/news-pl\/eu-pl\/automotive-pl\/\" rel=\"category\">Automobilowy<\/a><\/div><h3 class=\"entry-title\">\t\t<a class=\"p-url\" href=\"https:\/\/eunewsroom.com\/pl\/chinczycy-chca-nim-podbic-rynek-w-europie-samochod-powstaje-w-polsce-money-pl\/\" rel=\"bookmark\">Chi\u0144czycy chc\u0105 nim podbi\u0107 rynek w Europie. Samoch\u00f3d powstaje w Polsce &#8211; Money.pl<\/a><\/h3><p class=\"entry-summary\">Chi\u0144czycy chc\u0105 nim podbi\u0107 rynek w Europie.&hellip;<\/p>\r\n\t\t\t\t\t<\/div>\r\n\t\t\t\t<\/div>\r\n\t<\/div><\/div>\t\t<\/div>\n\t\t\t\t<\/div>\n\t\t\t\t<\/div>\n\t\t<div class=\"elementor-element elementor-element-de8e909 e-con-full e-flex e-con e-child\" data-id=\"de8e909\" data-element_type=\"container\">\n\t\t\t\t<div class=\"elementor-element elementor-element-ae41051 elementor-widget elementor-widget-foxiz-list-small-1\" data-id=\"ae41051\" data-element_type=\"widget\" data-widget_type=\"foxiz-list-small-1.default\">\n\t\t\t\t<div class=\"elementor-widget-container\">\n\t\t\t<div id=\"uid_ae41051\" class=\"block-wrap block-small block-list block-list-small-1 bottom-border is-b-border-gray no-last-bb ecat-l-dot meta-s-default\"><div class=\"block-inner\">\t\t<div class=\"p-wrap p-small p-list-small-1\" data-pid=\"14126\">\r\n\t\t\t<div class=\"p-content\">\r\n\t\t\t<div class=\"p-categories p-top\"><a class=\"p-category category-id-1140\" href=\"https:\/\/eunewsroom.com\/category\/news-fr\/eu-fr\/automotive-fr\/\" rel=\"category\">Automobile<\/a><a class=\"p-category category-id-1185\" href=\"https:\/\/eunewsroom.com\/pl\/category\/news-pl\/eu-pl\/automotive-pl\/\" rel=\"category\">Automobilowy<\/a><\/div><h3 class=\"entry-title\">\t\t<a class=\"p-url\" href=\"https:\/\/eunewsroom.com\/pl\/samochod-elektryczny-to-jeden-z-najslabszych-wynikow-w-unii-europejskie-motofakty\/\" rel=\"bookmark\">Samoch\u00f3d elektryczny. To jeden z najs\u0142abszych wynik\u00f3w w Unii Europejskie &#8211; Motofakty<\/a><\/h3><p class=\"entry-summary\">Samoch\u00f3d elektryczny. To jeden z najs\u0142abszych wynik\u00f3w&hellip;<\/p>\r\n\t\t\t\t\t<\/div>\r\n\t\t\t\t<\/div>\r\n\t\t\t<div class=\"p-wrap p-small p-list-small-1\" data-pid=\"13963\">\r\n\t\t\t<div class=\"p-content\">\r\n\t\t\t<div class=\"p-categories p-top\"><a class=\"p-category category-id-1140\" href=\"https:\/\/eunewsroom.com\/category\/news-fr\/eu-fr\/automotive-fr\/\" rel=\"category\">Automobile<\/a><a class=\"p-category category-id-1185\" href=\"https:\/\/eunewsroom.com\/pl\/category\/news-pl\/eu-pl\/automotive-pl\/\" rel=\"category\">Automobilowy<\/a><\/div><h3 class=\"entry-title\">\t\t<a class=\"p-url\" href=\"https:\/\/eunewsroom.com\/pl\/ue-powiedziala-tak-w-sprawie-taryf-na-chinskie-pojazdy-elektryczne-co-teraz-zrobia-chiny-forsal-pl\/\" rel=\"bookmark\">UE powiedzia\u0142a \u201etak\u201d w sprawie taryf na chi\u0144skie pojazdy elektryczne. Co teraz zrobi\u0105 Chiny? &#8211; Forsal.pl<\/a><\/h3><p class=\"entry-summary\">UE powiedzia\u0142a \u201etak\u201d w sprawie taryf na&hellip;<\/p>\r\n\t\t\t\t\t<\/div>\r\n\t\t\t\t<\/div>\r\n\t\t\t<div class=\"p-wrap p-small p-list-small-1\" data-pid=\"13837\">\r\n\t\t\t<div class=\"p-content\">\r\n\t\t\t<div class=\"p-categories p-top\"><a class=\"p-category category-id-1140\" href=\"https:\/\/eunewsroom.com\/category\/news-fr\/eu-fr\/automotive-fr\/\" rel=\"category\">Automobile<\/a><a class=\"p-category category-id-1185\" href=\"https:\/\/eunewsroom.com\/pl\/category\/news-pl\/eu-pl\/automotive-pl\/\" rel=\"category\">Automobilowy<\/a><\/div><h3 class=\"entry-title\">\t\t<a class=\"p-url\" href=\"https:\/\/eunewsroom.com\/pl\/dlaczego-cla-ue-raczej-nie-wplyna-na-ekspansje-chinskich-producentow-pojazdow-elektrycznych-w-europie-forsal-pl\/\" rel=\"bookmark\">Dlaczego c\u0142a UE raczej nie wp\u0142yn\u0105 na ekspansj\u0119 chi\u0144skich producent\u00f3w pojazd\u00f3w elektrycznych w Europie &#8211; Forsal.pl<\/a><\/h3><p class=\"entry-summary\">Dlaczego c\u0142a UE raczej nie wp\u0142yn\u0105 na&hellip;<\/p>\r\n\t\t\t\t\t<\/div>\r\n\t\t\t\t<\/div>\r\n\t<\/div><\/div>\t\t<\/div>\n\t\t\t\t<\/div>\n\t\t\t\t<\/div>\n\t\t\t\t\t<\/div>\n\t\t\t\t<\/div>\n\t\t<div class=\"elementor-element elementor-element-72d3280 e-flex e-con-boxed e-con e-parent\" data-id=\"72d3280\" data-element_type=\"container\" data-settings=\"{&quot;background_background&quot;:&quot;classic&quot;}\">\n\t\t\t\t\t<div class=\"e-con-inner\">\n\t\t\t\t<div class=\"elementor-element elementor-element-2999e00 elementor-widget__width-inherit elementor-widget elementor-widget-foxiz-heading\" data-id=\"2999e00\" data-element_type=\"widget\" data-widget_type=\"foxiz-heading.default\">\n\t\t\t\t<div class=\"elementor-widget-container\">\n\t\t\t<div id=\"uid_2999e00\" class=\"block-h heading-layout-10\"><div class=\"heading-inner\"><h3 class=\"heading-title\"><a href=\"https:\/\/eunewsroom.com\/pl\/category\/news-pl\/eu-pl\/business-pl\/\">Biznes<\/a><\/h3><div class=\"heading-tagline h6\"><a class=\"heading-tagline-label\" href=\"https:\/\/eunewsroom.com\/pl\/category\/news-pl\/eu-pl\/business-pl\/\">Poka\u017c wszystkie<\/a><i class=\"rbi rbi-cright heading-tagline-icon\" aria-hidden=\"true\"><\/i><\/div><\/div><\/div>\t\t<\/div>\n\t\t\t\t<\/div>\n\t\t\t\t<div class=\"elementor-element elementor-element-474be1b elementor-widget-divider--view-line elementor-widget elementor-widget-divider\" data-id=\"474be1b\" data-element_type=\"widget\" data-widget_type=\"divider.default\">\n\t\t\t\t<div class=\"elementor-widget-container\">\n\t\t\t\t\t<div class=\"elementor-divider\">\n\t\t\t<span class=\"elementor-divider-separator\">\n\t\t\t\t\t\t<\/span>\n\t\t<\/div>\n\t\t\t\t<\/div>\n\t\t\t\t<\/div>\n\t\t\t\t\t<\/div>\n\t\t\t\t<\/div>\n\t\t<div class=\"elementor-element elementor-element-959db35 e-flex e-con-boxed e-con e-parent\" data-id=\"959db35\" data-element_type=\"container\" data-settings=\"{&quot;background_background&quot;:&quot;classic&quot;}\">\n\t\t\t\t\t<div class=\"e-con-inner\">\n\t\t<div class=\"elementor-element elementor-element-c12192e e-con-full e-flex e-con e-child\" data-id=\"c12192e\" data-element_type=\"container\">\n\t\t\t\t<div class=\"elementor-element elementor-element-82541fd elementor-widget elementor-widget-foxiz-list-small-1\" data-id=\"82541fd\" data-element_type=\"widget\" data-widget_type=\"foxiz-list-small-1.default\">\n\t\t\t\t<div class=\"elementor-widget-container\">\n\t\t\t<div id=\"uid_82541fd\" class=\"block-wrap block-small block-list block-list-small-1 bottom-border is-b-border-gray no-last-bb ecat-l-dot meta-s-default\"><div class=\"block-inner\">\t\t<div class=\"p-wrap p-small p-list-small-1\" data-pid=\"16204\">\r\n\t\t\t<div class=\"p-content\">\r\n\t\t\t<div class=\"p-categories p-top\"><a class=\"p-category category-id-1193\" href=\"https:\/\/eunewsroom.com\/pl\/category\/news-pl\/eu-pl\/business-pl\/\" rel=\"category\">Biznes<\/a><a class=\"p-category category-id-1147\" href=\"https:\/\/eunewsroom.com\/category\/news-fr\/eu-fr\/business-fr\/\" rel=\"category\">Entreprise<\/a><\/div><h3 class=\"entry-title\">\t\t<a class=\"p-url\" href=\"https:\/\/eunewsroom.com\/pl\/martin-wolf-zwiekszenie-pomocy-dla-ukrainy-to-niewielki-koszt-za-bezpieczenstwo-europy-newsweek-polska\/\" rel=\"bookmark\">Martin Wolf: zwi\u0119kszenie pomocy dla Ukrainy to niewielki koszt za bezpiecze\u0144stwo Europy &#8211; Newsweek Polska<\/a><\/h3><p class=\"entry-summary\">Martin Wolf: zwi\u0119kszenie pomocy dla Ukrainy to&hellip;<\/p>\r\n\t\t\t\t\t<\/div>\r\n\t\t\t\t<\/div>\r\n\t\t\t<div class=\"p-wrap p-small p-list-small-1\" data-pid=\"16071\">\r\n\t\t\t<div class=\"p-content\">\r\n\t\t\t<div class=\"p-categories p-top\"><a class=\"p-category category-id-1193\" href=\"https:\/\/eunewsroom.com\/pl\/category\/news-pl\/eu-pl\/business-pl\/\" rel=\"category\">Biznes<\/a><a class=\"p-category category-id-1147\" href=\"https:\/\/eunewsroom.com\/category\/news-fr\/eu-fr\/business-fr\/\" rel=\"category\">Entreprise<\/a><\/div><h3 class=\"entry-title\">\t\t<a class=\"p-url\" href=\"https:\/\/eunewsroom.com\/pl\/katar-ostrzega-ue-grozi-wstrzymaniem-dostaw-gazu-biznes-wprost\/\" rel=\"bookmark\">Katar ostrzega UE. Grozi wstrzymaniem dostaw gazu &#8211; Biznes Wprost<\/a><\/h3><p class=\"entry-summary\">Katar ostrzega UE. Grozi wstrzymaniem dostaw gazu&nbsp;&nbsp;Biznes&hellip;<\/p>\r\n\t\t\t\t\t<\/div>\r\n\t\t\t\t<\/div>\r\n\t\t\t<div class=\"p-wrap p-small p-list-small-1\" data-pid=\"15870\">\r\n\t\t\t<div class=\"p-content\">\r\n\t\t\t<div class=\"p-categories p-top\"><a class=\"p-category category-id-1193\" href=\"https:\/\/eunewsroom.com\/pl\/category\/news-pl\/eu-pl\/business-pl\/\" rel=\"category\">Biznes<\/a><a class=\"p-category category-id-1147\" href=\"https:\/\/eunewsroom.com\/category\/news-fr\/eu-fr\/business-fr\/\" rel=\"category\">Entreprise<\/a><\/div><h3 class=\"entry-title\">\t\t<a class=\"p-url\" href=\"https:\/\/eunewsroom.com\/pl\/debata-pap-biznes-wzrost-pkb-w-25-na-przyzwoitym-poziomie-europa-moze-zaskoczyc-in-plus-strefa-inwestorow\/\" rel=\"bookmark\">DEBATA PAP BIZNES: Wzrost PKB w &#039;25 na przyzwoitym poziomie, Europa mo\u017ce zaskoczy\u0107 in plus &#8211; Strefa Inwestor\u00f3w<\/a><\/h3><p class=\"entry-summary\">DEBATA PAP BIZNES: Wzrost PKB w '25&hellip;<\/p>\r\n\t\t\t\t\t<\/div>\r\n\t\t\t\t<\/div>\r\n\t<\/div><\/div>\t\t<\/div>\n\t\t\t\t<\/div>\n\t\t\t\t<\/div>\n\t\t<div class=\"elementor-element elementor-element-3bfc7cf e-con-full e-flex e-con e-child\" data-id=\"3bfc7cf\" data-element_type=\"container\">\n\t\t\t\t<div class=\"elementor-element elementor-element-5146cf3 elementor-widget elementor-widget-foxiz-list-small-1\" data-id=\"5146cf3\" data-element_type=\"widget\" data-widget_type=\"foxiz-list-small-1.default\">\n\t\t\t\t<div class=\"elementor-widget-container\">\n\t\t\t<div id=\"uid_5146cf3\" class=\"block-wrap block-small block-list block-list-small-1 bottom-border is-b-border-gray no-last-bb ecat-l-dot meta-s-default\"><div class=\"block-inner\">\t\t<div class=\"p-wrap p-small p-list-small-1\" data-pid=\"15574\">\r\n\t\t\t<div class=\"p-content\">\r\n\t\t\t<div class=\"p-categories p-top\"><a class=\"p-category category-id-1193\" href=\"https:\/\/eunewsroom.com\/pl\/category\/news-pl\/eu-pl\/business-pl\/\" rel=\"category\">Biznes<\/a><a class=\"p-category category-id-1147\" href=\"https:\/\/eunewsroom.com\/category\/news-fr\/eu-fr\/business-fr\/\" rel=\"category\">Entreprise<\/a><\/div><h3 class=\"entry-title\">\t\t<a class=\"p-url\" href=\"https:\/\/eunewsroom.com\/pl\/unia-europejska-importuje-setki-tysiecy-ton-przypraw-oto-najpopularniejsze-bankier-pl\/\" rel=\"bookmark\">Unia Europejska importuje setki tysi\u0119cy ton przypraw. Oto najpopularniejsze &#8211; Bankier.pl<\/a><\/h3><p class=\"entry-summary\">Unia Europejska importuje setki tysi\u0119cy ton przypraw.&hellip;<\/p>\r\n\t\t\t\t\t<\/div>\r\n\t\t\t\t<\/div>\r\n\t\t\t<div class=\"p-wrap p-small p-list-small-1\" data-pid=\"15228\">\r\n\t\t\t<div class=\"p-content\">\r\n\t\t\t<div class=\"p-categories p-top\"><a class=\"p-category category-id-1193\" href=\"https:\/\/eunewsroom.com\/pl\/category\/news-pl\/eu-pl\/business-pl\/\" rel=\"category\">Biznes<\/a><a class=\"p-category category-id-1147\" href=\"https:\/\/eunewsroom.com\/category\/news-fr\/eu-fr\/business-fr\/\" rel=\"category\">Entreprise<\/a><\/div><h3 class=\"entry-title\">\t\t<a class=\"p-url\" href=\"https:\/\/eunewsroom.com\/pl\/kryzys-w-northvolt-nikt-nie-ma-krysztalowej-kuli-business-insider-polska\/\" rel=\"bookmark\">Kryzys w Northvolt. &quot;Nikt nie ma kryszta\u0142owej kuli&quot; &#8211; Business Insider Polska<\/a><\/h3><p class=\"entry-summary\">Kryzys w Northvolt. \"Nikt nie ma kryszta\u0142owej&hellip;<\/p>\r\n\t\t\t\t\t<\/div>\r\n\t\t\t\t<\/div>\r\n\t\t\t<div class=\"p-wrap p-small p-list-small-1\" data-pid=\"15019\">\r\n\t\t\t<div class=\"p-content\">\r\n\t\t\t<div class=\"p-categories p-top\"><a class=\"p-category category-id-1193\" href=\"https:\/\/eunewsroom.com\/pl\/category\/news-pl\/eu-pl\/business-pl\/\" rel=\"category\">Biznes<\/a><a class=\"p-category category-id-1147\" href=\"https:\/\/eunewsroom.com\/category\/news-fr\/eu-fr\/business-fr\/\" rel=\"category\">Entreprise<\/a><\/div><h3 class=\"entry-title\">\t\t<a class=\"p-url\" href=\"https:\/\/eunewsroom.com\/pl\/umowa-ue-z-mercosur-zatopi-europejskie-rolnictwo-francuzi-wychodza-na-ulice-a-paryz-szuka-wsparcia-polski-forsal-pl\/\" rel=\"bookmark\">Umowa UE z Mercosur zatopi europejskie rolnictwo? Francuzi wychodz\u0105 na ulice, a Pary\u017c szuka wsparcia Polski &#8211; Forsal.pl<\/a><\/h3><p class=\"entry-summary\">Umowa UE z Mercosur zatopi europejskie rolnictwo?&hellip;<\/p>\r\n\t\t\t\t\t<\/div>\r\n\t\t\t\t<\/div>\r\n\t<\/div><\/div>\t\t<\/div>\n\t\t\t\t<\/div>\n\t\t\t\t<\/div>\n\t\t<div class=\"elementor-element elementor-element-9260fe1 e-con-full e-flex e-con e-child\" data-id=\"9260fe1\" data-element_type=\"container\">\n\t\t\t\t<div class=\"elementor-element elementor-element-a416f83 elementor-widget elementor-widget-foxiz-list-small-1\" data-id=\"a416f83\" data-element_type=\"widget\" data-widget_type=\"foxiz-list-small-1.default\">\n\t\t\t\t<div class=\"elementor-widget-container\">\n\t\t\t<div id=\"uid_a416f83\" class=\"block-wrap block-small block-list block-list-small-1 bottom-border is-b-border-gray no-last-bb ecat-l-dot meta-s-default\"><div class=\"block-inner\">\t\t<div class=\"p-wrap p-small p-list-small-1\" data-pid=\"14873\">\r\n\t\t\t<div class=\"p-content\">\r\n\t\t\t<div class=\"p-categories p-top\"><a class=\"p-category category-id-1193\" href=\"https:\/\/eunewsroom.com\/pl\/category\/news-pl\/eu-pl\/business-pl\/\" rel=\"category\">Biznes<\/a><a class=\"p-category category-id-1147\" href=\"https:\/\/eunewsroom.com\/category\/news-fr\/eu-fr\/business-fr\/\" rel=\"category\">Entreprise<\/a><\/div><h3 class=\"entry-title\">\t\t<a class=\"p-url\" href=\"https:\/\/eunewsroom.com\/pl\/europa-na-zakrecie-juz-wiemy-w-jakim-kierunku-to-idzie-tvn24\/\" rel=\"bookmark\">Europa na zakr\u0119cie. &quot;Ju\u017c wiemy, w jakim kierunku to idzie&quot; &#8211; TVN24<\/a><\/h3><p class=\"entry-summary\">Europa na zakr\u0119cie. \"Ju\u017c wiemy, w jakim&hellip;<\/p>\r\n\t\t\t\t\t<\/div>\r\n\t\t\t\t<\/div>\r\n\t\t\t<div class=\"p-wrap p-small p-list-small-1\" data-pid=\"14647\">\r\n\t\t\t<div class=\"p-content\">\r\n\t\t\t<div class=\"p-categories p-top\"><a class=\"p-category category-id-1193\" href=\"https:\/\/eunewsroom.com\/pl\/category\/news-pl\/eu-pl\/business-pl\/\" rel=\"category\">Biznes<\/a><a class=\"p-category category-id-1147\" href=\"https:\/\/eunewsroom.com\/category\/news-fr\/eu-fr\/business-fr\/\" rel=\"category\">Entreprise<\/a><\/div><h3 class=\"entry-title\">\t\t<a class=\"p-url\" href=\"https:\/\/eunewsroom.com\/pl\/unia-europejska-chce-wiekszego-limitu-platnosci-gotowka-polacy-sa-przeciwni-super-biznes\/\" rel=\"bookmark\">Unia Europejska chce wi\u0119kszego limitu p\u0142atno\u015bci got\u00f3wk\u0105. Polacy s\u0105 przeciwni &#8211; Super Biznes<\/a><\/h3><p class=\"entry-summary\">Unia Europejska chce wi\u0119kszego limitu p\u0142atno\u015bci got\u00f3wk\u0105.&hellip;<\/p>\r\n\t\t\t\t\t<\/div>\r\n\t\t\t\t<\/div>\r\n\t\t\t<div class=\"p-wrap p-small p-list-small-1\" data-pid=\"14494\">\r\n\t\t\t<div class=\"p-content\">\r\n\t\t\t<div class=\"p-categories p-top\"><a class=\"p-category category-id-1193\" href=\"https:\/\/eunewsroom.com\/pl\/category\/news-pl\/eu-pl\/business-pl\/\" rel=\"category\">Biznes<\/a><a class=\"p-category category-id-1147\" href=\"https:\/\/eunewsroom.com\/category\/news-fr\/eu-fr\/business-fr\/\" rel=\"category\">Entreprise<\/a><\/div><h3 class=\"entry-title\">\t\t<a class=\"p-url\" href=\"https:\/\/eunewsroom.com\/pl\/jakie-sa-kluczowe-inicjatywy-dla-energetycznej-przyszlosci-europy-wiadomosci-radio-zet\/\" rel=\"bookmark\">Jakie s\u0105 kluczowe inicjatywy dla energetycznej przysz\u0142o\u015bci Europy? &#8211; Wiadomo\u015bci Radio ZET<\/a><\/h3><p class=\"entry-summary\">Jakie s\u0105 kluczowe inicjatywy dla energetycznej przysz\u0142o\u015bci&hellip;<\/p>\r\n\t\t\t\t\t<\/div>\r\n\t\t\t\t<\/div>\r\n\t<\/div><\/div>\t\t<\/div>\n\t\t\t\t<\/div>\n\t\t\t\t<\/div>\n\t\t<div class=\"elementor-element elementor-element-0ebbafb e-con-full e-flex e-con e-child\" data-id=\"0ebbafb\" data-element_type=\"container\">\n\t\t\t\t<div class=\"elementor-element elementor-element-86bd15f elementor-widget elementor-widget-foxiz-list-small-1\" data-id=\"86bd15f\" data-element_type=\"widget\" data-widget_type=\"foxiz-list-small-1.default\">\n\t\t\t\t<div class=\"elementor-widget-container\">\n\t\t\t<div id=\"uid_86bd15f\" class=\"block-wrap block-small block-list block-list-small-1 bottom-border is-b-border-gray no-last-bb ecat-l-dot meta-s-default\"><div class=\"block-inner\">\t\t<div class=\"p-wrap p-small p-list-small-1\" data-pid=\"14331\">\r\n\t\t\t<div class=\"p-content\">\r\n\t\t\t<div class=\"p-categories p-top\"><a class=\"p-category category-id-1193\" href=\"https:\/\/eunewsroom.com\/pl\/category\/news-pl\/eu-pl\/business-pl\/\" rel=\"category\">Biznes<\/a><a class=\"p-category category-id-1147\" href=\"https:\/\/eunewsroom.com\/category\/news-fr\/eu-fr\/business-fr\/\" rel=\"category\">Entreprise<\/a><\/div><h3 class=\"entry-title\">\t\t<a class=\"p-url\" href=\"https:\/\/eunewsroom.com\/pl\/polska-ksiegowym-europy-srodkowej-i-to-zrownowazonych-finansow-bankier-pl\/\" rel=\"bookmark\">Polska ksi\u0119gowym Europy \u015arodkowej. I to zr\u00f3wnowa\u017conych finans\u00f3w &#8211; Bankier.pl<\/a><\/h3><p class=\"entry-summary\">Polska ksi\u0119gowym Europy \u015arodkowej. I to zr\u00f3wnowa\u017conych&hellip;<\/p>\r\n\t\t\t\t\t<\/div>\r\n\t\t\t\t<\/div>\r\n\t\t\t<div class=\"p-wrap p-small p-list-small-1\" data-pid=\"14125\">\r\n\t\t\t<div class=\"p-content\">\r\n\t\t\t<div class=\"p-categories p-top\"><a class=\"p-category category-id-1193\" href=\"https:\/\/eunewsroom.com\/pl\/category\/news-pl\/eu-pl\/business-pl\/\" rel=\"category\">Biznes<\/a><a class=\"p-category category-id-1147\" href=\"https:\/\/eunewsroom.com\/category\/news-fr\/eu-fr\/business-fr\/\" rel=\"category\">Entreprise<\/a><\/div><h3 class=\"entry-title\">\t\t<a class=\"p-url\" href=\"https:\/\/eunewsroom.com\/pl\/zmiany-maja-objac-28-milionow-osob-jest-decyzja-tvn24\/\" rel=\"bookmark\">Zmiany maj\u0105 obj\u0105\u0107 28 milion\u00f3w os\u00f3b. Jest decyzja &#8211; TVN24<\/a><\/h3><p class=\"entry-summary\">Zmiany maj\u0105 obj\u0105\u0107 28 milion\u00f3w os\u00f3b. Jest&hellip;<\/p>\r\n\t\t\t\t\t<\/div>\r\n\t\t\t\t<\/div>\r\n\t\t\t<div class=\"p-wrap p-small p-list-small-1\" data-pid=\"13962\">\r\n\t\t\t<div class=\"p-content\">\r\n\t\t\t<div class=\"p-categories p-top\"><a class=\"p-category category-id-1193\" href=\"https:\/\/eunewsroom.com\/pl\/category\/news-pl\/eu-pl\/business-pl\/\" rel=\"category\">Biznes<\/a><a class=\"p-category category-id-1147\" href=\"https:\/\/eunewsroom.com\/category\/news-fr\/eu-fr\/business-fr\/\" rel=\"category\">Entreprise<\/a><\/div><h3 class=\"entry-title\">\t\t<a class=\"p-url\" href=\"https:\/\/eunewsroom.com\/pl\/produkcja-aut-elektrycznych-unia-europejska-przegrywa-z-chinami-tvn24\/\" rel=\"bookmark\">Produkcja aut elektrycznych. Unia Europejska przegrywa z Chinami &#8211; TVN24<\/a><\/h3><p class=\"entry-summary\">Produkcja aut elektrycznych. Unia Europejska przegrywa z&hellip;<\/p>\r\n\t\t\t\t\t<\/div>\r\n\t\t\t\t<\/div>\r\n\t<\/div><\/div>\t\t<\/div>\n\t\t\t\t<\/div>\n\t\t\t\t<\/div>\n\t\t\t\t\t<\/div>\n\t\t\t\t<\/div>\n\t\t<div class=\"elementor-element elementor-element-1ce4c76 e-flex e-con-boxed e-con e-parent\" data-id=\"1ce4c76\" data-element_type=\"container\" data-settings=\"{&quot;background_background&quot;:&quot;classic&quot;}\">\n\t\t\t\t\t<div class=\"e-con-inner\">\n\t\t\t\t<div class=\"elementor-element elementor-element-3e3c03a elementor-widget__width-inherit elementor-widget elementor-widget-foxiz-heading\" data-id=\"3e3c03a\" data-element_type=\"widget\" data-widget_type=\"foxiz-heading.default\">\n\t\t\t\t<div class=\"elementor-widget-container\">\n\t\t\t<div id=\"uid_3e3c03a\" class=\"block-h heading-layout-10\"><div class=\"heading-inner\"><h3 class=\"heading-title\"><a href=\"https:\/\/eunewsroom.com\/pl\/category\/news-pl\/eu-pl\/energy-pl\/\">Energia<\/a><\/h3><div class=\"heading-tagline h6\"><a class=\"heading-tagline-label\" href=\"https:\/\/eunewsroom.com\/pl\/category\/news-pl\/eu-pl\/energy-pl\/\">Poka\u017c wszystkie<\/a><i class=\"rbi rbi-cright heading-tagline-icon\" aria-hidden=\"true\"><\/i><\/div><\/div><\/div>\t\t<\/div>\n\t\t\t\t<\/div>\n\t\t\t\t<div class=\"elementor-element elementor-element-353a088 elementor-widget-divider--view-line elementor-widget elementor-widget-divider\" data-id=\"353a088\" data-element_type=\"widget\" data-widget_type=\"divider.default\">\n\t\t\t\t<div class=\"elementor-widget-container\">\n\t\t\t\t\t<div class=\"elementor-divider\">\n\t\t\t<span class=\"elementor-divider-separator\">\n\t\t\t\t\t\t<\/span>\n\t\t<\/div>\n\t\t\t\t<\/div>\n\t\t\t\t<\/div>\n\t\t\t\t\t<\/div>\n\t\t\t\t<\/div>\n\t\t<div class=\"elementor-element elementor-element-c3b8ab3 e-flex e-con-boxed e-con e-parent\" data-id=\"c3b8ab3\" data-element_type=\"container\" data-settings=\"{&quot;background_background&quot;:&quot;classic&quot;}\">\n\t\t\t\t\t<div class=\"e-con-inner\">\n\t\t<div class=\"elementor-element elementor-element-2c4cc02 e-con-full e-flex e-con e-child\" data-id=\"2c4cc02\" data-element_type=\"container\">\n\t\t\t\t<div class=\"elementor-element elementor-element-7e430d4 elementor-widget elementor-widget-foxiz-list-small-1\" data-id=\"7e430d4\" data-element_type=\"widget\" data-widget_type=\"foxiz-list-small-1.default\">\n\t\t\t\t<div class=\"elementor-widget-container\">\n\t\t\t<div id=\"uid_7e430d4\" class=\"block-wrap block-small block-list block-list-small-1 bottom-border is-b-border-gray no-last-bb ecat-l-dot meta-s-default\"><div class=\"block-inner\">\t\t<div class=\"p-wrap p-small p-list-small-1\" data-pid=\"16203\">\r\n\t\t\t<div class=\"p-content\">\r\n\t\t\t<div class=\"p-categories p-top\"><a class=\"p-category category-id-1192\" href=\"https:\/\/eunewsroom.com\/pl\/category\/news-pl\/eu-pl\/energy-pl\/\" rel=\"category\">Energia<\/a><a class=\"p-category category-id-1146\" href=\"https:\/\/eunewsroom.com\/category\/news-fr\/eu-fr\/energy-fr\/\" rel=\"category\">\u00c9nergie<\/a><\/div><h3 class=\"entry-title\">\t\t<a class=\"p-url\" href=\"https:\/\/eunewsroom.com\/pl\/europa-odnotowala-najmniejszy-wzrost-energii-slonecznej-od-lat-co-jest-przyczyna-swiat-oze\/\" rel=\"bookmark\">Europa odnotowa\u0142a najmniejszy wzrost energii s\u0142onecznej od lat! Co jest przyczyn\u0105? &#8211; \u015aWIAT OZE<\/a><\/h3><p class=\"entry-summary\">Europa odnotowa\u0142a najmniejszy wzrost energii s\u0142onecznej od&hellip;<\/p>\r\n\t\t\t\t\t<\/div>\r\n\t\t\t\t<\/div>\r\n\t\t\t<div class=\"p-wrap p-small p-list-small-1\" data-pid=\"16070\">\r\n\t\t\t<div class=\"p-content\">\r\n\t\t\t<div class=\"p-categories p-top\"><a class=\"p-category category-id-1192\" href=\"https:\/\/eunewsroom.com\/pl\/category\/news-pl\/eu-pl\/energy-pl\/\" rel=\"category\">Energia<\/a><a class=\"p-category category-id-1146\" href=\"https:\/\/eunewsroom.com\/category\/news-fr\/eu-fr\/energy-fr\/\" rel=\"category\">\u00c9nergie<\/a><\/div><h3 class=\"entry-title\">\t\t<a class=\"p-url\" href=\"https:\/\/eunewsroom.com\/pl\/unia-europejska-zarabia-na-przeladunku-lng-z-rosji-import-rekordowy-rzeczpospolita-energia\/\" rel=\"bookmark\">Unia Europejska zarabia na prze\u0142adunku LNG z Rosji. Import rekordowy &#8211; Rzeczpospolita &#8211; Energia<\/a><\/h3><p class=\"entry-summary\">Unia Europejska zarabia na prze\u0142adunku LNG z&hellip;<\/p>\r\n\t\t\t\t\t<\/div>\r\n\t\t\t\t<\/div>\r\n\t\t\t<div class=\"p-wrap p-small p-list-small-1\" data-pid=\"15869\">\r\n\t\t\t<div class=\"p-content\">\r\n\t\t\t<div class=\"p-categories p-top\"><a class=\"p-category category-id-1192\" href=\"https:\/\/eunewsroom.com\/pl\/category\/news-pl\/eu-pl\/energy-pl\/\" rel=\"category\">Energia<\/a><a class=\"p-category category-id-1146\" href=\"https:\/\/eunewsroom.com\/category\/news-fr\/eu-fr\/energy-fr\/\" rel=\"category\">\u00c9nergie<\/a><\/div><h3 class=\"entry-title\">\t\t<a class=\"p-url\" href=\"https:\/\/eunewsroom.com\/pl\/pol-miliarda-euro-na-wsparcie-przemyslu-wiatrowego-w-europie-gramwzielone-pl\/\" rel=\"bookmark\">P\u00f3\u0142 miliarda euro na wsparcie przemys\u0142u wiatrowego w Europie &#8211; gramwzielone.pl<\/a><\/h3><p class=\"entry-summary\">P\u00f3\u0142 miliarda euro na wsparcie przemys\u0142u wiatrowego&hellip;<\/p>\r\n\t\t\t\t\t<\/div>\r\n\t\t\t\t<\/div>\r\n\t<\/div><\/div>\t\t<\/div>\n\t\t\t\t<\/div>\n\t\t\t\t<\/div>\n\t\t<div class=\"elementor-element elementor-element-396b9c2 e-con-full e-flex e-con e-child\" data-id=\"396b9c2\" data-element_type=\"container\">\n\t\t\t\t<div class=\"elementor-element elementor-element-9fef513 elementor-widget elementor-widget-foxiz-list-small-1\" data-id=\"9fef513\" data-element_type=\"widget\" data-widget_type=\"foxiz-list-small-1.default\">\n\t\t\t\t<div class=\"elementor-widget-container\">\n\t\t\t<div id=\"uid_9fef513\" class=\"block-wrap block-small block-list block-list-small-1 bottom-border is-b-border-gray no-last-bb ecat-l-dot meta-s-default\"><div class=\"block-inner\">\t\t<div class=\"p-wrap p-small p-list-small-1\" data-pid=\"15573\">\r\n\t\t\t<div class=\"p-content\">\r\n\t\t\t<div class=\"p-categories p-top\"><a class=\"p-category category-id-1192\" href=\"https:\/\/eunewsroom.com\/pl\/category\/news-pl\/eu-pl\/energy-pl\/\" rel=\"category\">Energia<\/a><a class=\"p-category category-id-1146\" href=\"https:\/\/eunewsroom.com\/category\/news-fr\/eu-fr\/energy-fr\/\" rel=\"category\">\u00c9nergie<\/a><\/div><h3 class=\"entry-title\">\t\t<a class=\"p-url\" href=\"https:\/\/eunewsroom.com\/pl\/regionalne-forum-ekonomiczne-nowa-energia-2024-kielce-przyszlosc-energetyczna-wobec-nowych-regulacji-unii-europejskiej-glos-pomorza\/\" rel=\"bookmark\">Regionalne Forum Ekonomiczne Nowa Energia 2024 Kielce. Przysz\u0142o\u015b\u0107 energetyczna wobec nowych regulacji Unii Europejskiej &#8211; G\u0142os Pomorza<\/a><\/h3><p class=\"entry-summary\">Regionalne Forum Ekonomiczne Nowa Energia 2024 Kielce.&hellip;<\/p>\r\n\t\t\t\t\t<\/div>\r\n\t\t\t\t<\/div>\r\n\t\t\t<div class=\"p-wrap p-small p-list-small-1\" data-pid=\"15227\">\r\n\t\t\t<div class=\"p-content\">\r\n\t\t\t<div class=\"p-categories p-top\"><a class=\"p-category category-id-1192\" href=\"https:\/\/eunewsroom.com\/pl\/category\/news-pl\/eu-pl\/energy-pl\/\" rel=\"category\">Energia<\/a><a class=\"p-category category-id-1146\" href=\"https:\/\/eunewsroom.com\/category\/news-fr\/eu-fr\/energy-fr\/\" rel=\"category\">\u00c9nergie<\/a><\/div><h3 class=\"entry-title\">\t\t<a class=\"p-url\" href=\"https:\/\/eunewsroom.com\/pl\/gawkowski-stworzmy-europejski-fundusz-cyberbezpieczenstwa-czolg-wirtualny-tez-moze-pozbawic-nas-energii-lovekrakow-pl\/\" rel=\"bookmark\">Gawkowski: Stw\u00f3rzmy Europejski Fundusz Cyberbezpiecze\u0144stwa. &quot;Czo\u0142g wirtualny te\u017c mo\u017ce pozbawi\u0107 nas energii&quot; &#8211; LoveKrak\u00f3w.pl<\/a><\/h3><p class=\"entry-summary\">Gawkowski: Stw\u00f3rzmy Europejski Fundusz Cyberbezpiecze\u0144stwa. \"Czo\u0142g wirtualny&hellip;<\/p>\r\n\t\t\t\t\t<\/div>\r\n\t\t\t\t<\/div>\r\n\t\t\t<div class=\"p-wrap p-small p-list-small-1\" data-pid=\"15018\">\r\n\t\t\t<div class=\"p-content\">\r\n\t\t\t<div class=\"p-categories p-top\"><a class=\"p-category category-id-1192\" href=\"https:\/\/eunewsroom.com\/pl\/category\/news-pl\/eu-pl\/energy-pl\/\" rel=\"category\">Energia<\/a><a class=\"p-category category-id-1146\" href=\"https:\/\/eunewsroom.com\/category\/news-fr\/eu-fr\/energy-fr\/\" rel=\"category\">\u00c9nergie<\/a><\/div><h3 class=\"entry-title\">\t\t<a class=\"p-url\" href=\"https:\/\/eunewsroom.com\/pl\/ceny-energii-w-polsce-jak-wypadamy-na-tle-innych-panstw-ue-gramwzielone-pl\/\" rel=\"bookmark\">Ceny energii w Polsce. Jak wypadamy na tle innych pa\u0144stw UE? &#8211; gramwzielone.pl<\/a><\/h3><p class=\"entry-summary\">Ceny energii w Polsce. Jak wypadamy na&hellip;<\/p>\r\n\t\t\t\t\t<\/div>\r\n\t\t\t\t<\/div>\r\n\t<\/div><\/div>\t\t<\/div>\n\t\t\t\t<\/div>\n\t\t\t\t<\/div>\n\t\t<div class=\"elementor-element elementor-element-0ec2049 e-con-full e-flex e-con e-child\" data-id=\"0ec2049\" data-element_type=\"container\">\n\t\t\t\t<div class=\"elementor-element elementor-element-c930296 elementor-widget elementor-widget-foxiz-list-small-1\" data-id=\"c930296\" data-element_type=\"widget\" data-widget_type=\"foxiz-list-small-1.default\">\n\t\t\t\t<div class=\"elementor-widget-container\">\n\t\t\t<div id=\"uid_c930296\" class=\"block-wrap block-small block-list block-list-small-1 bottom-border is-b-border-gray no-last-bb ecat-l-dot meta-s-default\"><div class=\"block-inner\">\t\t<div class=\"p-wrap p-small p-list-small-1\" data-pid=\"14872\">\r\n\t\t\t<div class=\"p-content\">\r\n\t\t\t<div class=\"p-categories p-top\"><a class=\"p-category category-id-1192\" href=\"https:\/\/eunewsroom.com\/pl\/category\/news-pl\/eu-pl\/energy-pl\/\" rel=\"category\">Energia<\/a><a class=\"p-category category-id-1146\" href=\"https:\/\/eunewsroom.com\/category\/news-fr\/eu-fr\/energy-fr\/\" rel=\"category\">\u00c9nergie<\/a><\/div><h3 class=\"entry-title\">\t\t<a class=\"p-url\" href=\"https:\/\/eunewsroom.com\/pl\/tusk-zalozenia-emisji-co2-rozbrajaja-europejska-gospodarke-w-europie-ceny-energii-sa-najwyzsze-super-biznes\/\" rel=\"bookmark\">Tusk: za\u0142o\u017cenia emisji CO2 rozbrajaj\u0105 europejsk\u0105 gospodark\u0119. W Europie ceny energii s\u0105 najwy\u017csze &#8211; Super Biznes<\/a><\/h3><p class=\"entry-summary\">Tusk: za\u0142o\u017cenia emisji CO2 rozbrajaj\u0105 europejsk\u0105 gospodark\u0119.&hellip;<\/p>\r\n\t\t\t\t\t<\/div>\r\n\t\t\t\t<\/div>\r\n\t\t\t<div class=\"p-wrap p-small p-list-small-1\" data-pid=\"14646\">\r\n\t\t\t<div class=\"p-content\">\r\n\t\t\t<div class=\"p-categories p-top\"><a class=\"p-category category-id-1192\" href=\"https:\/\/eunewsroom.com\/pl\/category\/news-pl\/eu-pl\/energy-pl\/\" rel=\"category\">Energia<\/a><a class=\"p-category category-id-1146\" href=\"https:\/\/eunewsroom.com\/category\/news-fr\/eu-fr\/energy-fr\/\" rel=\"category\">\u00c9nergie<\/a><\/div><h3 class=\"entry-title\">\t\t<a class=\"p-url\" href=\"https:\/\/eunewsroom.com\/pl\/jak-transferowac-tania-energie-wielkie-wyzwanie-dla-unii-europejskiej-wnp-pl\/\" rel=\"bookmark\">Jak transferowa\u0107 tani\u0105 energi\u0119? &quot;Wielkie wyzwanie dla Unii Europejskiej&quot; &#8211; Wnp.pl<\/a><\/h3><p class=\"entry-summary\">Jak transferowa\u0107 tani\u0105 energi\u0119? \"Wielkie wyzwanie dla&hellip;<\/p>\r\n\t\t\t\t\t<\/div>\r\n\t\t\t\t<\/div>\r\n\t\t\t<div class=\"p-wrap p-small p-list-small-1\" data-pid=\"14493\">\r\n\t\t\t<div class=\"p-content\">\r\n\t\t\t<div class=\"p-categories p-top\"><a class=\"p-category category-id-1192\" href=\"https:\/\/eunewsroom.com\/pl\/category\/news-pl\/eu-pl\/energy-pl\/\" rel=\"category\">Energia<\/a><a class=\"p-category category-id-1146\" href=\"https:\/\/eunewsroom.com\/category\/news-fr\/eu-fr\/energy-fr\/\" rel=\"category\">\u00c9nergie<\/a><\/div><h3 class=\"entry-title\">\t\t<a class=\"p-url\" href=\"https:\/\/eunewsroom.com\/pl\/polska-tuz-za-chinami-w-produkcji-baterii-ale-europy-to-nie-uratuje-money-pl\/\" rel=\"bookmark\">Polska tu\u017c za Chinami w produkcji baterii. Ale Europy to nie uratuje &#8211; Money.pl<\/a><\/h3><p class=\"entry-summary\">Polska tu\u017c za Chinami w produkcji baterii.&hellip;<\/p>\r\n\t\t\t\t\t<\/div>\r\n\t\t\t\t<\/div>\r\n\t<\/div><\/div>\t\t<\/div>\n\t\t\t\t<\/div>\n\t\t\t\t<\/div>\n\t\t<div class=\"elementor-element elementor-element-f066435 e-con-full e-flex e-con e-child\" data-id=\"f066435\" data-element_type=\"container\">\n\t\t\t\t<div class=\"elementor-element elementor-element-6fc823d elementor-widget elementor-widget-foxiz-list-small-1\" data-id=\"6fc823d\" data-element_type=\"widget\" data-widget_type=\"foxiz-list-small-1.default\">\n\t\t\t\t<div class=\"elementor-widget-container\">\n\t\t\t<div id=\"uid_6fc823d\" class=\"block-wrap block-small block-list block-list-small-1 bottom-border is-b-border-gray no-last-bb ecat-l-dot meta-s-default\"><div class=\"block-inner\">\t\t<div class=\"p-wrap p-small p-list-small-1\" data-pid=\"14330\">\r\n\t\t\t<div class=\"p-content\">\r\n\t\t\t<div class=\"p-categories p-top\"><a class=\"p-category category-id-1192\" href=\"https:\/\/eunewsroom.com\/pl\/category\/news-pl\/eu-pl\/energy-pl\/\" rel=\"category\">Energia<\/a><a class=\"p-category category-id-1146\" href=\"https:\/\/eunewsroom.com\/category\/news-fr\/eu-fr\/energy-fr\/\" rel=\"category\">\u00c9nergie<\/a><\/div><h3 class=\"entry-title\">\t\t<a class=\"p-url\" href=\"https:\/\/eunewsroom.com\/pl\/francuska-firma-energetyczna-oskarza-czechy-przed-komisja-europejska-kresy-pl\/\" rel=\"bookmark\">Francuska firma energetyczna oskar\u017ca Czechy przed Komisj\u0105 Europejsk\u0105 &#8211; Kresy.pl<\/a><\/h3><p class=\"entry-summary\">Francuska firma energetyczna oskar\u017ca Czechy przed Komisj\u0105&hellip;<\/p>\r\n\t\t\t\t\t<\/div>\r\n\t\t\t\t<\/div>\r\n\t\t\t<div class=\"p-wrap p-small p-list-small-1\" data-pid=\"14124\">\r\n\t\t\t<div class=\"p-content\">\r\n\t\t\t<div class=\"p-categories p-top\"><a class=\"p-category category-id-1192\" href=\"https:\/\/eunewsroom.com\/pl\/category\/news-pl\/eu-pl\/energy-pl\/\" rel=\"category\">Energia<\/a><a class=\"p-category category-id-1146\" href=\"https:\/\/eunewsroom.com\/category\/news-fr\/eu-fr\/energy-fr\/\" rel=\"category\">\u00c9nergie<\/a><\/div><h3 class=\"entry-title\">\t\t<a class=\"p-url\" href=\"https:\/\/eunewsroom.com\/pl\/cla-na-chinskie-elektryki-jest-poparcie-panstw-ue-gramwzielone-pl\/\" rel=\"bookmark\">C\u0142a na chi\u0144skie elektryki \u2013 jest poparcie pa\u0144stw UE &#8211; gramwzielone.pl<\/a><\/h3><p class=\"entry-summary\">C\u0142a na chi\u0144skie elektryki \u2013 jest poparcie&hellip;<\/p>\r\n\t\t\t\t\t<\/div>\r\n\t\t\t\t<\/div>\r\n\t\t\t<div class=\"p-wrap p-small p-list-small-1\" data-pid=\"13961\">\r\n\t\t\t<div class=\"p-content\">\r\n\t\t\t<div class=\"p-categories p-top\"><a class=\"p-category category-id-1192\" href=\"https:\/\/eunewsroom.com\/pl\/category\/news-pl\/eu-pl\/energy-pl\/\" rel=\"category\">Energia<\/a><a class=\"p-category category-id-1146\" href=\"https:\/\/eunewsroom.com\/category\/news-fr\/eu-fr\/energy-fr\/\" rel=\"category\">\u00c9nergie<\/a><\/div><h3 class=\"entry-title\">\t\t<a class=\"p-url\" href=\"https:\/\/eunewsroom.com\/pl\/komisja-europejska-zatwierdzila-miliardowe-wsparcie-dla-polskich-inwestycji-w-magazyny-energii-e-magazyny-pl\/\" rel=\"bookmark\">Komisja Europejska zatwierdzi\u0142a miliardowe wsparcie dla polskich inwestycji w magazyny energii! &#8211; e-magazyny.pl<\/a><\/h3><p class=\"entry-summary\">Komisja Europejska zatwierdzi\u0142a miliardowe wsparcie dla polskich&hellip;<\/p>\r\n\t\t\t\t\t<\/div>\r\n\t\t\t\t<\/div>\r\n\t<\/div><\/div>\t\t<\/div>\n\t\t\t\t<\/div>\n\t\t\t\t<\/div>\n\t\t\t\t\t<\/div>\n\t\t\t\t<\/div>\n\t\t<div class=\"elementor-element elementor-element-e9a43d6 e-flex e-con-boxed e-con e-parent\" data-id=\"e9a43d6\" data-element_type=\"container\" data-settings=\"{&quot;background_background&quot;:&quot;classic&quot;}\">\n\t\t\t\t\t<div class=\"e-con-inner\">\n\t\t\t\t<div class=\"elementor-element elementor-element-d3fb6a0 elementor-widget__width-inherit elementor-widget elementor-widget-foxiz-heading\" data-id=\"d3fb6a0\" data-element_type=\"widget\" data-widget_type=\"foxiz-heading.default\">\n\t\t\t\t<div class=\"elementor-widget-container\">\n\t\t\t<div id=\"uid_d3fb6a0\" class=\"block-h heading-layout-10\"><div class=\"heading-inner\"><h3 class=\"heading-title\"><a href=\"https:\/\/eunewsroom.com\/pl\/category\/news-pl\/eu-pl\/finance-pl\/\">Finanse<\/a><\/h3><div class=\"heading-tagline h6\"><a class=\"heading-tagline-label\" href=\"https:\/\/eunewsroom.com\/pl\/category\/news-pl\/eu-pl\/finance-pl\/\">Poka\u017c wszystkie<\/a><i class=\"rbi rbi-cright heading-tagline-icon\" aria-hidden=\"true\"><\/i><\/div><\/div><\/div>\t\t<\/div>\n\t\t\t\t<\/div>\n\t\t\t\t<div class=\"elementor-element elementor-element-95e1384 elementor-widget-divider--view-line elementor-widget elementor-widget-divider\" data-id=\"95e1384\" data-element_type=\"widget\" data-widget_type=\"divider.default\">\n\t\t\t\t<div class=\"elementor-widget-container\">\n\t\t\t\t\t<div class=\"elementor-divider\">\n\t\t\t<span class=\"elementor-divider-separator\">\n\t\t\t\t\t\t<\/span>\n\t\t<\/div>\n\t\t\t\t<\/div>\n\t\t\t\t<\/div>\n\t\t\t\t\t<\/div>\n\t\t\t\t<\/div>\n\t\t<div class=\"elementor-element elementor-element-4e6bdfb e-flex e-con-boxed e-con e-parent\" data-id=\"4e6bdfb\" data-element_type=\"container\" data-settings=\"{&quot;background_background&quot;:&quot;classic&quot;}\">\n\t\t\t\t\t<div class=\"e-con-inner\">\n\t\t<div class=\"elementor-element elementor-element-1a6e506 e-con-full e-flex e-con e-child\" data-id=\"1a6e506\" data-element_type=\"container\">\n\t\t\t\t<div class=\"elementor-element elementor-element-265f443 elementor-widget elementor-widget-foxiz-list-small-1\" data-id=\"265f443\" data-element_type=\"widget\" data-widget_type=\"foxiz-list-small-1.default\">\n\t\t\t\t<div class=\"elementor-widget-container\">\n\t\t\t<div id=\"uid_265f443\" class=\"block-wrap block-small block-list block-list-small-1 bottom-border is-b-border-gray no-last-bb ecat-l-dot meta-s-default\"><div class=\"block-inner\">\t\t<div class=\"p-wrap p-small p-list-small-1\" data-pid=\"16202\">\r\n\t\t\t<div class=\"p-content\">\r\n\t\t\t<div class=\"p-categories p-top\"><a class=\"p-category category-id-1143\" href=\"https:\/\/eunewsroom.com\/category\/news-fr\/eu-fr\/finance-fr\/\" rel=\"category\">Finance<\/a><a class=\"p-category category-id-1188\" href=\"https:\/\/eunewsroom.com\/pl\/category\/news-pl\/eu-pl\/finance-pl\/\" rel=\"category\">Finanse<\/a><\/div><h3 class=\"entry-title\">\t\t<a class=\"p-url\" href=\"https:\/\/eunewsroom.com\/pl\/european-union-first-jerzy-buzek-mowi-o-rewizji-zielonego-ladu-wnp-pl\/\" rel=\"bookmark\">&quot;European Union first&quot;. Jerzy Buzek m\u00f3wi o rewizji Zielonego \u0141adu &#8211; Wnp.pl<\/a><\/h3><p class=\"entry-summary\">\"European Union first\". Jerzy Buzek m\u00f3wi o&hellip;<\/p>\r\n\t\t\t\t\t<\/div>\r\n\t\t\t\t<\/div>\r\n\t\t\t<div class=\"p-wrap p-small p-list-small-1\" data-pid=\"16069\">\r\n\t\t\t<div class=\"p-content\">\r\n\t\t\t<div class=\"p-categories p-top\"><a class=\"p-category category-id-1143\" href=\"https:\/\/eunewsroom.com\/category\/news-fr\/eu-fr\/finance-fr\/\" rel=\"category\">Finance<\/a><a class=\"p-category category-id-1188\" href=\"https:\/\/eunewsroom.com\/pl\/category\/news-pl\/eu-pl\/finance-pl\/\" rel=\"category\">Finanse<\/a><\/div><h3 class=\"entry-title\">\t\t<a class=\"p-url\" href=\"https:\/\/eunewsroom.com\/pl\/tam-jest-najgorzej-regiony-ue-najbardziej-narazone-na-ubostwo-mapa-forsal-pl\/\" rel=\"bookmark\">Tam jest najgorzej. Regiony UE najbardziej nara\u017cone na ub\u00f3stwo [MAPA] &#8211; Forsal.pl<\/a><\/h3><p class=\"entry-summary\">Tam jest najgorzej. Regiony UE najbardziej nara\u017cone&hellip;<\/p>\r\n\t\t\t\t\t<\/div>\r\n\t\t\t\t<\/div>\r\n\t\t\t<div class=\"p-wrap p-small p-list-small-1\" data-pid=\"15868\">\r\n\t\t\t<div class=\"p-content\">\r\n\t\t\t<div class=\"p-categories p-top\"><a class=\"p-category category-id-1143\" href=\"https:\/\/eunewsroom.com\/category\/news-fr\/eu-fr\/finance-fr\/\" rel=\"category\">Finance<\/a><a class=\"p-category category-id-1188\" href=\"https:\/\/eunewsroom.com\/pl\/category\/news-pl\/eu-pl\/finance-pl\/\" rel=\"category\">Finanse<\/a><\/div><h3 class=\"entry-title\">\t\t<a class=\"p-url\" href=\"https:\/\/eunewsroom.com\/pl\/cee-innovation-day-przez-przeregulowane-prawo-i-niskie-inwestycje-europa-stanie-sie-technologicznym-skansenem-pap-mediaroom\/\" rel=\"bookmark\">CEE Innovation Day: przez przeregulowane prawo i niskie inwestycje Europa stanie si\u0119 technologicznym skansenem &#8211; PAP MediaRoom<\/a><\/h3><p class=\"entry-summary\">CEE Innovation Day: przez przeregulowane prawo i&hellip;<\/p>\r\n\t\t\t\t\t<\/div>\r\n\t\t\t\t<\/div>\r\n\t<\/div><\/div>\t\t<\/div>\n\t\t\t\t<\/div>\n\t\t\t\t<\/div>\n\t\t<div class=\"elementor-element elementor-element-27aa9f8 e-con-full e-flex e-con e-child\" data-id=\"27aa9f8\" data-element_type=\"container\">\n\t\t\t\t<div class=\"elementor-element elementor-element-24233db elementor-widget elementor-widget-foxiz-list-small-1\" data-id=\"24233db\" data-element_type=\"widget\" data-widget_type=\"foxiz-list-small-1.default\">\n\t\t\t\t<div class=\"elementor-widget-container\">\n\t\t\t<div id=\"uid_24233db\" class=\"block-wrap block-small block-list block-list-small-1 bottom-border is-b-border-gray no-last-bb ecat-l-dot meta-s-default\"><div class=\"block-inner\">\t\t<div class=\"p-wrap p-small p-list-small-1\" data-pid=\"15572\">\r\n\t\t\t<div class=\"p-content\">\r\n\t\t\t<div class=\"p-categories p-top\"><a class=\"p-category category-id-1143\" href=\"https:\/\/eunewsroom.com\/category\/news-fr\/eu-fr\/finance-fr\/\" rel=\"category\">Finance<\/a><a class=\"p-category category-id-1188\" href=\"https:\/\/eunewsroom.com\/pl\/category\/news-pl\/eu-pl\/finance-pl\/\" rel=\"category\">Finanse<\/a><\/div><h3 class=\"entry-title\">\t\t<a class=\"p-url\" href=\"https:\/\/eunewsroom.com\/pl\/pko-absolutnej-stopy-zwrotu-europa-wschod-zachod-fiz-wyniki-finansowe-bankier-pl\/\" rel=\"bookmark\">PKO ABSOLUTNEJ STOPY ZWROTU EUROPA WSCH\u00d3D &#8211; ZACH\u00d3D FIZ: wyniki finansowe &#8211; Bankier.pl<\/a><\/h3><p class=\"entry-summary\">PKO ABSOLUTNEJ STOPY ZWROTU EUROPA WSCH\u00d3D -&hellip;<\/p>\r\n\t\t\t\t\t<\/div>\r\n\t\t\t\t<\/div>\r\n\t\t\t<div class=\"p-wrap p-small p-list-small-1\" data-pid=\"15226\">\r\n\t\t\t<div class=\"p-content\">\r\n\t\t\t<div class=\"p-categories p-top\"><a class=\"p-category category-id-1143\" href=\"https:\/\/eunewsroom.com\/category\/news-fr\/eu-fr\/finance-fr\/\" rel=\"category\">Finance<\/a><a class=\"p-category category-id-1188\" href=\"https:\/\/eunewsroom.com\/pl\/category\/news-pl\/eu-pl\/finance-pl\/\" rel=\"category\">Finanse<\/a><\/div><h3 class=\"entry-title\">\t\t<a class=\"p-url\" href=\"https:\/\/eunewsroom.com\/pl\/rzad-australii-wprowadza-prawna-ochrone-platnosci-gotowkowych-europa-powinna-pojsc-tym-samym-torem-bezprawnik\/\" rel=\"bookmark\">Rz\u0105d Australii wprowadza prawn\u0105 ochron\u0119 p\u0142atno\u015bci got\u00f3wkowych. Europa powinna p\u00f3j\u015b\u0107 tym samym torem &#8211; Bezprawnik<\/a><\/h3><p class=\"entry-summary\">Rz\u0105d Australii wprowadza prawn\u0105 ochron\u0119 p\u0142atno\u015bci got\u00f3wkowych.&hellip;<\/p>\r\n\t\t\t\t\t<\/div>\r\n\t\t\t\t<\/div>\r\n\t\t\t<div class=\"p-wrap p-small p-list-small-1\" data-pid=\"15017\">\r\n\t\t\t<div class=\"p-content\">\r\n\t\t\t<div class=\"p-categories p-top\"><a class=\"p-category category-id-1143\" href=\"https:\/\/eunewsroom.com\/category\/news-fr\/eu-fr\/finance-fr\/\" rel=\"category\">Finance<\/a><a class=\"p-category category-id-1188\" href=\"https:\/\/eunewsroom.com\/pl\/category\/news-pl\/eu-pl\/finance-pl\/\" rel=\"category\">Finanse<\/a><\/div><h3 class=\"entry-title\">\t\t<a class=\"p-url\" href=\"https:\/\/eunewsroom.com\/pl\/potrzebne-sa-zmiany-aby-banki-skutecznie-wspieraly-rozwoj-gospodarki-forsal-pl\/\" rel=\"bookmark\">Potrzebne s\u0105 zmiany, aby banki skutecznie wspiera\u0142y rozw\u00f3j gospodarki &#8211; Forsal.pl<\/a><\/h3><p class=\"entry-summary\">Potrzebne s\u0105 zmiany, aby banki skutecznie wspiera\u0142y&hellip;<\/p>\r\n\t\t\t\t\t<\/div>\r\n\t\t\t\t<\/div>\r\n\t<\/div><\/div>\t\t<\/div>\n\t\t\t\t<\/div>\n\t\t\t\t<\/div>\n\t\t<div class=\"elementor-element elementor-element-6eb660f e-con-full e-flex e-con e-child\" data-id=\"6eb660f\" data-element_type=\"container\">\n\t\t\t\t<div class=\"elementor-element elementor-element-330d788 elementor-widget elementor-widget-foxiz-list-small-1\" data-id=\"330d788\" data-element_type=\"widget\" data-widget_type=\"foxiz-list-small-1.default\">\n\t\t\t\t<div class=\"elementor-widget-container\">\n\t\t\t<div id=\"uid_330d788\" class=\"block-wrap block-small block-list block-list-small-1 bottom-border is-b-border-gray no-last-bb ecat-l-dot meta-s-default\"><div class=\"block-inner\">\t\t<div class=\"p-wrap p-small p-list-small-1\" data-pid=\"14871\">\r\n\t\t\t<div class=\"p-content\">\r\n\t\t\t<div class=\"p-categories p-top\"><a class=\"p-category category-id-1143\" href=\"https:\/\/eunewsroom.com\/category\/news-fr\/eu-fr\/finance-fr\/\" rel=\"category\">Finance<\/a><a class=\"p-category category-id-1188\" href=\"https:\/\/eunewsroom.com\/pl\/category\/news-pl\/eu-pl\/finance-pl\/\" rel=\"category\">Finanse<\/a><\/div><h3 class=\"entry-title\">\t\t<a class=\"p-url\" href=\"https:\/\/eunewsroom.com\/pl\/rewolucja-w-unijnych-finansach-jakie-zmiany-czekaja-polske-strefa-biznesu\/\" rel=\"bookmark\">Rewolucja w unijnych finansach. Jakie zmiany czekaj\u0105 Polsk\u0119? &#8211; Strefa Biznesu<\/a><\/h3><p class=\"entry-summary\">Rewolucja w unijnych finansach. Jakie zmiany czekaj\u0105&hellip;<\/p>\r\n\t\t\t\t\t<\/div>\r\n\t\t\t\t<\/div>\r\n\t\t\t<div class=\"p-wrap p-small p-list-small-1\" data-pid=\"14645\">\r\n\t\t\t<div class=\"p-content\">\r\n\t\t\t<div class=\"p-categories p-top\"><a class=\"p-category category-id-1143\" href=\"https:\/\/eunewsroom.com\/category\/news-fr\/eu-fr\/finance-fr\/\" rel=\"category\">Finance<\/a><a class=\"p-category category-id-1188\" href=\"https:\/\/eunewsroom.com\/pl\/category\/news-pl\/eu-pl\/finance-pl\/\" rel=\"category\">Finanse<\/a><\/div><h3 class=\"entry-title\">\t\t<a class=\"p-url\" href=\"https:\/\/eunewsroom.com\/pl\/chiny-moga-wyhamowac-inwestycje-w-europie-wzrosly-cla-w-unii-europejskiej-innpoland\/\" rel=\"bookmark\">Chiny mog\u0105 wyhamowa\u0107 inwestycje w Europie. Wzros\u0142y c\u0142a w Unii Europejskiej &#8211; INNPoland<\/a><\/h3><p class=\"entry-summary\">Chiny mog\u0105 wyhamowa\u0107 inwestycje w Europie. Wzros\u0142y&hellip;<\/p>\r\n\t\t\t\t\t<\/div>\r\n\t\t\t\t<\/div>\r\n\t\t\t<div class=\"p-wrap p-small p-list-small-1\" data-pid=\"14492\">\r\n\t\t\t<div class=\"p-content\">\r\n\t\t\t<div class=\"p-categories p-top\"><a class=\"p-category category-id-1143\" href=\"https:\/\/eunewsroom.com\/category\/news-fr\/eu-fr\/finance-fr\/\" rel=\"category\">Finance<\/a><a class=\"p-category category-id-1188\" href=\"https:\/\/eunewsroom.com\/pl\/category\/news-pl\/eu-pl\/finance-pl\/\" rel=\"category\">Finanse<\/a><\/div><h3 class=\"entry-title\">\t\t<a class=\"p-url\" href=\"https:\/\/eunewsroom.com\/pl\/polska-nie-siega-po-miliardy-z-unii-zaniechania-rzadzacych-wnp-pl\/\" rel=\"bookmark\">Polska nie si\u0119ga po miliardy z Unii. Zaniechania rz\u0105dz\u0105cych? &#8211; Wnp.pl<\/a><\/h3><p class=\"entry-summary\">Polska nie si\u0119ga po miliardy z Unii.&hellip;<\/p>\r\n\t\t\t\t\t<\/div>\r\n\t\t\t\t<\/div>\r\n\t<\/div><\/div>\t\t<\/div>\n\t\t\t\t<\/div>\n\t\t\t\t<\/div>\n\t\t<div class=\"elementor-element elementor-element-4601144 e-con-full e-flex e-con e-child\" data-id=\"4601144\" data-element_type=\"container\">\n\t\t\t\t<div class=\"elementor-element elementor-element-5645562 elementor-widget elementor-widget-foxiz-list-small-1\" data-id=\"5645562\" data-element_type=\"widget\" data-widget_type=\"foxiz-list-small-1.default\">\n\t\t\t\t<div class=\"elementor-widget-container\">\n\t\t\t<div id=\"uid_5645562\" class=\"block-wrap block-small block-list block-list-small-1 bottom-border is-b-border-gray no-last-bb ecat-l-dot meta-s-default\"><div class=\"block-inner\">\t\t<div class=\"p-wrap p-small p-list-small-1\" data-pid=\"14329\">\r\n\t\t\t<div class=\"p-content\">\r\n\t\t\t<div class=\"p-categories p-top\"><a class=\"p-category category-id-1143\" href=\"https:\/\/eunewsroom.com\/category\/news-fr\/eu-fr\/finance-fr\/\" rel=\"category\">Finance<\/a><a class=\"p-category category-id-1188\" href=\"https:\/\/eunewsroom.com\/pl\/category\/news-pl\/eu-pl\/finance-pl\/\" rel=\"category\">Finanse<\/a><\/div><h3 class=\"entry-title\">\t\t<a class=\"p-url\" href=\"https:\/\/eunewsroom.com\/pl\/finanse-w-horyzoncie-2020-i-horyzoncie-europa-gov-pl\/\" rel=\"bookmark\">FINANSE W HORYZONCIE 2020 I HORYZONCIE EUROPA &#8211; Gov.pl<\/a><\/h3><p class=\"entry-summary\">FINANSE W HORYZONCIE 2020 I HORYZONCIE EUROPA&nbsp;&nbsp;Gov.pl&hellip;<\/p>\r\n\t\t\t\t\t<\/div>\r\n\t\t\t\t<\/div>\r\n\t\t\t<div class=\"p-wrap p-small p-list-small-1\" data-pid=\"14123\">\r\n\t\t\t<div class=\"p-content\">\r\n\t\t\t<div class=\"p-categories p-top\"><a class=\"p-category category-id-1143\" href=\"https:\/\/eunewsroom.com\/category\/news-fr\/eu-fr\/finance-fr\/\" rel=\"category\">Finance<\/a><a class=\"p-category category-id-1188\" href=\"https:\/\/eunewsroom.com\/pl\/category\/news-pl\/eu-pl\/finance-pl\/\" rel=\"category\">Finanse<\/a><\/div><h3 class=\"entry-title\">\t\t<a class=\"p-url\" href=\"https:\/\/eunewsroom.com\/pl\/polacy-oszczedzaja-ale-z-marnym-skutkiem-jestesmy-w-ogonie-europy-bankier-pl\/\" rel=\"bookmark\">Polacy oszcz\u0119dzaj\u0105, ale z marnym skutkiem? Jeste\u015bmy w ogonie Europy &#8211; Bankier.pl<\/a><\/h3><p class=\"entry-summary\">Polacy oszcz\u0119dzaj\u0105, ale z marnym skutkiem? Jeste\u015bmy&hellip;<\/p>\r\n\t\t\t\t\t<\/div>\r\n\t\t\t\t<\/div>\r\n\t\t\t<div class=\"p-wrap p-small p-list-small-1\" data-pid=\"13960\">\r\n\t\t\t<div class=\"p-content\">\r\n\t\t\t<div class=\"p-categories p-top\"><a class=\"p-category category-id-1143\" href=\"https:\/\/eunewsroom.com\/category\/news-fr\/eu-fr\/finance-fr\/\" rel=\"category\">Finance<\/a><a class=\"p-category category-id-1188\" href=\"https:\/\/eunewsroom.com\/pl\/category\/news-pl\/eu-pl\/finance-pl\/\" rel=\"category\">Finanse<\/a><\/div><h3 class=\"entry-title\">\t\t<a class=\"p-url\" href=\"https:\/\/eunewsroom.com\/pl\/szkolenie-finanse-w-horyzoncie-europa-rozliczanie-raportowanie-kontrola-w-praktyce-politechnika-gdanska\/\" rel=\"bookmark\">Szkolenie \u201eFinanse w Horyzoncie Europa \u2013 rozliczanie, raportowanie, kontrola w praktyce\u201d &#8211; Politechnika Gda\u0144ska<\/a><\/h3><p class=\"entry-summary\">Szkolenie \u201eFinanse w Horyzoncie Europa \u2013 rozliczanie,&hellip;<\/p>\r\n\t\t\t\t\t<\/div>\r\n\t\t\t\t<\/div>\r\n\t<\/div><\/div>\t\t<\/div>\n\t\t\t\t<\/div>\n\t\t\t\t<\/div>\n\t\t\t\t\t<\/div>\n\t\t\t\t<\/div>\n\t\t<div class=\"elementor-element elementor-element-db62778 e-flex e-con-boxed e-con e-parent\" data-id=\"db62778\" data-element_type=\"container\" data-settings=\"{&quot;background_background&quot;:&quot;classic&quot;}\">\n\t\t\t\t\t<div class=\"e-con-inner\">\n\t\t\t\t<div class=\"elementor-element elementor-element-4312eed elementor-widget__width-inherit elementor-widget elementor-widget-foxiz-heading\" data-id=\"4312eed\" data-element_type=\"widget\" data-widget_type=\"foxiz-heading.default\">\n\t\t\t\t<div class=\"elementor-widget-container\">\n\t\t\t<div id=\"uid_4312eed\" class=\"block-h heading-layout-10\"><div class=\"heading-inner\"><h3 class=\"heading-title\"><a href=\"https:\/\/eunewsroom.com\/pl\/category\/news-pl\/eu-pl\/healthcare-pl\/\">Opieka zdrowotna<\/a><\/h3><div class=\"heading-tagline h6\"><a class=\"heading-tagline-label\" href=\"https:\/\/eunewsroom.com\/pl\/category\/news-pl\/eu-pl\/healthcare-pl\/\">Poka\u017c wszystkie<\/a><i class=\"rbi rbi-cright heading-tagline-icon\" aria-hidden=\"true\"><\/i><\/div><\/div><\/div>\t\t<\/div>\n\t\t\t\t<\/div>\n\t\t\t\t<div class=\"elementor-element elementor-element-db8fa20 elementor-widget-divider--view-line elementor-widget elementor-widget-divider\" data-id=\"db8fa20\" data-element_type=\"widget\" data-widget_type=\"divider.default\">\n\t\t\t\t<div class=\"elementor-widget-container\">\n\t\t\t\t\t<div class=\"elementor-divider\">\n\t\t\t<span class=\"elementor-divider-separator\">\n\t\t\t\t\t\t<\/span>\n\t\t<\/div>\n\t\t\t\t<\/div>\n\t\t\t\t<\/div>\n\t\t\t\t\t<\/div>\n\t\t\t\t<\/div>\n\t\t<div class=\"elementor-element elementor-element-252a486 e-flex e-con-boxed e-con e-parent\" data-id=\"252a486\" data-element_type=\"container\" data-settings=\"{&quot;background_background&quot;:&quot;classic&quot;}\">\n\t\t\t\t\t<div class=\"e-con-inner\">\n\t\t<div class=\"elementor-element elementor-element-50702f2 e-con-full e-flex e-con e-child\" data-id=\"50702f2\" data-element_type=\"container\">\n\t\t\t\t<div class=\"elementor-element elementor-element-d9b8ccc elementor-widget elementor-widget-foxiz-list-small-1\" data-id=\"d9b8ccc\" data-element_type=\"widget\" data-widget_type=\"foxiz-list-small-1.default\">\n\t\t\t\t<div class=\"elementor-widget-container\">\n\t\t\t<div id=\"uid_d9b8ccc\" class=\"block-wrap block-small block-list block-list-small-1 bottom-border is-b-border-gray no-last-bb ecat-l-dot meta-s-default\"><div class=\"block-inner\">\t\t<div class=\"p-wrap p-small p-list-small-1\" data-pid=\"16201\">\r\n\t\t\t<div class=\"p-content\">\r\n\t\t\t<div class=\"p-categories p-top\"><a class=\"p-category category-id-1184\" href=\"https:\/\/eunewsroom.com\/pl\/category\/news-pl\/eu-pl\/healthcare-pl\/\" rel=\"category\">Opieka zdrowotna<\/a><a class=\"p-category category-id-1139\" href=\"https:\/\/eunewsroom.com\/category\/news-fr\/eu-fr\/healthcare-fr\/\" rel=\"category\">Soins de sant\u00e9<\/a><\/div><h3 class=\"entry-title\">\t\t<a class=\"p-url\" href=\"https:\/\/eunewsroom.com\/pl\/czy-miliardy-z-unii-europejskiej-pomoga-zadbac-o-przyszlosc-polskiej-ochrony-zdrowia-abczdrowie-pl\/\" rel=\"bookmark\">Czy miliardy z Unii Europejskiej pomog\u0105 zadba\u0107 o przysz\u0142o\u015b\u0107 polskiej ochrony zdrowia? &#8211; abczdrowie.pl<\/a><\/h3><p class=\"entry-summary\">Czy miliardy z Unii Europejskiej pomog\u0105 zadba\u0107&hellip;<\/p>\r\n\t\t\t\t\t<\/div>\r\n\t\t\t\t<\/div>\r\n\t\t\t<div class=\"p-wrap p-small p-list-small-1\" data-pid=\"16068\">\r\n\t\t\t<div class=\"p-content\">\r\n\t\t\t<div class=\"p-categories p-top\"><a class=\"p-category category-id-1184\" href=\"https:\/\/eunewsroom.com\/pl\/category\/news-pl\/eu-pl\/healthcare-pl\/\" rel=\"category\">Opieka zdrowotna<\/a><a class=\"p-category category-id-1139\" href=\"https:\/\/eunewsroom.com\/category\/news-fr\/eu-fr\/healthcare-fr\/\" rel=\"category\">Soins de sant\u00e9<\/a><\/div><h3 class=\"entry-title\">\t\t<a class=\"p-url\" href=\"https:\/\/eunewsroom.com\/pl\/w-resorcie-zdrowia-o-priorytetach-zdrowotnych-polskiej-prezydencji-w-radzie-ue-prawo-pl\/\" rel=\"bookmark\">W resorcie zdrowia o priorytetach zdrowotnych polskiej prezydencji w Radzie UE &#8211; Prawo.pl<\/a><\/h3><p class=\"entry-summary\">W resorcie zdrowia o priorytetach zdrowotnych polskiej&hellip;<\/p>\r\n\t\t\t\t\t<\/div>\r\n\t\t\t\t<\/div>\r\n\t\t\t<div class=\"p-wrap p-small p-list-small-1\" data-pid=\"15867\">\r\n\t\t\t<div class=\"p-content\">\r\n\t\t\t<div class=\"p-categories p-top\"><a class=\"p-category category-id-1184\" href=\"https:\/\/eunewsroom.com\/pl\/category\/news-pl\/eu-pl\/healthcare-pl\/\" rel=\"category\">Opieka zdrowotna<\/a><a class=\"p-category category-id-1139\" href=\"https:\/\/eunewsroom.com\/category\/news-fr\/eu-fr\/healthcare-fr\/\" rel=\"category\">Soins de sant\u00e9<\/a><\/div><h3 class=\"entry-title\">\t\t<a class=\"p-url\" href=\"https:\/\/eunewsroom.com\/pl\/program-eu4health-to-najwiekszy-w-historii-program-zdrowotny-unii-europejskiej-wp-wiadomosci\/\" rel=\"bookmark\">Program EU4Health to najwi\u0119kszy w historii program zdrowotny Unii Europejskiej &#8211; WP Wiadomo\u015bci<\/a><\/h3><p class=\"entry-summary\">Program EU4Health to najwi\u0119kszy w historii program&hellip;<\/p>\r\n\t\t\t\t\t<\/div>\r\n\t\t\t\t<\/div>\r\n\t<\/div><\/div>\t\t<\/div>\n\t\t\t\t<\/div>\n\t\t\t\t<\/div>\n\t\t<div class=\"elementor-element elementor-element-9fb733a e-con-full e-flex e-con e-child\" data-id=\"9fb733a\" data-element_type=\"container\">\n\t\t\t\t<div class=\"elementor-element elementor-element-2281f96 elementor-widget elementor-widget-foxiz-list-small-1\" data-id=\"2281f96\" data-element_type=\"widget\" data-widget_type=\"foxiz-list-small-1.default\">\n\t\t\t\t<div class=\"elementor-widget-container\">\n\t\t\t<div id=\"uid_2281f96\" class=\"block-wrap block-small block-list block-list-small-1 bottom-border is-b-border-gray no-last-bb ecat-l-dot meta-s-default\"><div class=\"block-inner\">\t\t<div class=\"p-wrap p-small p-list-small-1\" data-pid=\"15571\">\r\n\t\t\t<div class=\"p-content\">\r\n\t\t\t<div class=\"p-categories p-top\"><a class=\"p-category category-id-1184\" href=\"https:\/\/eunewsroom.com\/pl\/category\/news-pl\/eu-pl\/healthcare-pl\/\" rel=\"category\">Opieka zdrowotna<\/a><a class=\"p-category category-id-1139\" href=\"https:\/\/eunewsroom.com\/category\/news-fr\/eu-fr\/healthcare-fr\/\" rel=\"category\">Soins de sant\u00e9<\/a><\/div><h3 class=\"entry-title\">\t\t<a class=\"p-url\" href=\"https:\/\/eunewsroom.com\/pl\/europa-wciaz-odpuszcza-swietny-biznes-czyli-inwestycje-w-profilaktyke-polityka-zdrowotna\/\" rel=\"bookmark\">Europa wci\u0105\u017c odpuszcza \u015bwietny biznes, czyli inwestycje w profilaktyk\u0119 &#8211; Polityka Zdrowotna<\/a><\/h3><p class=\"entry-summary\">Europa wci\u0105\u017c odpuszcza \u015bwietny biznes, czyli inwestycje&hellip;<\/p>\r\n\t\t\t\t\t<\/div>\r\n\t\t\t\t<\/div>\r\n\t\t\t<div class=\"p-wrap p-small p-list-small-1\" data-pid=\"15225\">\r\n\t\t\t<div class=\"p-content\">\r\n\t\t\t<div class=\"p-categories p-top\"><a class=\"p-category category-id-1184\" href=\"https:\/\/eunewsroom.com\/pl\/category\/news-pl\/eu-pl\/healthcare-pl\/\" rel=\"category\">Opieka zdrowotna<\/a><a class=\"p-category category-id-1139\" href=\"https:\/\/eunewsroom.com\/category\/news-fr\/eu-fr\/healthcare-fr\/\" rel=\"category\">Soins de sant\u00e9<\/a><\/div><h3 class=\"entry-title\">\t\t<a class=\"p-url\" href=\"https:\/\/eunewsroom.com\/pl\/wydatki-na-opieke-zdrowotna-polska-na-samym-koncu-w-unii-europejskiej-money-pl\/\" rel=\"bookmark\">Wydatki na opiek\u0119 zdrowotn\u0105. Polska na samym ko\u0144cu w Unii Europejskiej &#8211; Money.pl<\/a><\/h3><p class=\"entry-summary\">Wydatki na opiek\u0119 zdrowotn\u0105. Polska na samym&hellip;<\/p>\r\n\t\t\t\t\t<\/div>\r\n\t\t\t\t<\/div>\r\n\t\t\t<div class=\"p-wrap p-small p-list-small-1\" data-pid=\"15016\">\r\n\t\t\t<div class=\"p-content\">\r\n\t\t\t<div class=\"p-categories p-top\"><a class=\"p-category category-id-1184\" href=\"https:\/\/eunewsroom.com\/pl\/category\/news-pl\/eu-pl\/healthcare-pl\/\" rel=\"category\">Opieka zdrowotna<\/a><a class=\"p-category category-id-1139\" href=\"https:\/\/eunewsroom.com\/category\/news-fr\/eu-fr\/healthcare-fr\/\" rel=\"category\">Soins de sant\u00e9<\/a><\/div><h3 class=\"entry-title\">\t\t<a class=\"p-url\" href=\"https:\/\/eunewsroom.com\/pl\/zakaz-palenia-w-parkach-i-na-placach-zabaw-miliardy-euro-od-unii-europejskiej-rynekzdrowia-pl\/\" rel=\"bookmark\">Zakaz palenia w parkach i na placach zabaw. Miliardy euro od Unii Europejskiej &#8211; RynekZdrowia.pl<\/a><\/h3><p class=\"entry-summary\">Zakaz palenia w parkach i na placach&hellip;<\/p>\r\n\t\t\t\t\t<\/div>\r\n\t\t\t\t<\/div>\r\n\t<\/div><\/div>\t\t<\/div>\n\t\t\t\t<\/div>\n\t\t\t\t<\/div>\n\t\t<div class=\"elementor-element elementor-element-6eb6239 e-con-full e-flex e-con e-child\" data-id=\"6eb6239\" data-element_type=\"container\">\n\t\t\t\t<div class=\"elementor-element elementor-element-9c99a92 elementor-widget elementor-widget-foxiz-list-small-1\" data-id=\"9c99a92\" data-element_type=\"widget\" data-widget_type=\"foxiz-list-small-1.default\">\n\t\t\t\t<div class=\"elementor-widget-container\">\n\t\t\t<div id=\"uid_9c99a92\" class=\"block-wrap block-small block-list block-list-small-1 bottom-border is-b-border-gray no-last-bb ecat-l-dot meta-s-default\"><div class=\"block-inner\">\t\t<div class=\"p-wrap p-small p-list-small-1\" data-pid=\"14870\">\r\n\t\t\t<div class=\"p-content\">\r\n\t\t\t<div class=\"p-categories p-top\"><a class=\"p-category category-id-1184\" href=\"https:\/\/eunewsroom.com\/pl\/category\/news-pl\/eu-pl\/healthcare-pl\/\" rel=\"category\">Opieka zdrowotna<\/a><a class=\"p-category category-id-1139\" href=\"https:\/\/eunewsroom.com\/category\/news-fr\/eu-fr\/healthcare-fr\/\" rel=\"category\">Soins de sant\u00e9<\/a><\/div><h3 class=\"entry-title\">\t\t<a class=\"p-url\" href=\"https:\/\/eunewsroom.com\/pl\/liczba-lozek-szpitalnych-w-ue-spadek-o-7-od-2012-r-aktualnie-516-lozek-na-100-tys-osob-niemcy-z-najwieksza-liczba-642-107-lozek-polityka-zdrowotna\/\" rel=\"bookmark\">Liczba \u0142\u00f3\u017cek szpitalnych w UE: spadek o 7% od 2012 r., aktualnie 516 \u0142\u00f3\u017cek na 100 tys. os\u00f3b. Niemcy z najwi\u0119ksz\u0105 liczb\u0105 &#8211; 642 107 \u0142\u00f3\u017cek. &#8211; Polityka Zdrowotna<\/a><\/h3><p class=\"entry-summary\">Liczba \u0142\u00f3\u017cek szpitalnych w UE: spadek o&hellip;<\/p>\r\n\t\t\t\t\t<\/div>\r\n\t\t\t\t<\/div>\r\n\t\t\t<div class=\"p-wrap p-small p-list-small-1\" data-pid=\"14644\">\r\n\t\t\t<div class=\"p-content\">\r\n\t\t\t<div class=\"p-categories p-top\"><a class=\"p-category category-id-1184\" href=\"https:\/\/eunewsroom.com\/pl\/category\/news-pl\/eu-pl\/healthcare-pl\/\" rel=\"category\">Opieka zdrowotna<\/a><a class=\"p-category category-id-1139\" href=\"https:\/\/eunewsroom.com\/category\/news-fr\/eu-fr\/healthcare-fr\/\" rel=\"category\">Soins de sant\u00e9<\/a><\/div><h3 class=\"entry-title\">\t\t<a class=\"p-url\" href=\"https:\/\/eunewsroom.com\/pl\/europa-chce-byc-liderem-ai-ma-w-tym-pomoc-nowa-inicjatywa-ue-telepolis-pl\/\" rel=\"bookmark\">Europa chce by\u0107 liderem AI. Ma w tym pom\u00f3c nowa inicjatywa UE &#8211; TELEPOLIS.PL<\/a><\/h3><p class=\"entry-summary\">Europa chce by\u0107 liderem AI. Ma w&hellip;<\/p>\r\n\t\t\t\t\t<\/div>\r\n\t\t\t\t<\/div>\r\n\t\t\t<div class=\"p-wrap p-small p-list-small-1\" data-pid=\"14491\">\r\n\t\t\t<div class=\"p-content\">\r\n\t\t\t<div class=\"p-categories p-top\"><a class=\"p-category category-id-1184\" href=\"https:\/\/eunewsroom.com\/pl\/category\/news-pl\/eu-pl\/healthcare-pl\/\" rel=\"category\">Opieka zdrowotna<\/a><a class=\"p-category category-id-1139\" href=\"https:\/\/eunewsroom.com\/category\/news-fr\/eu-fr\/healthcare-fr\/\" rel=\"category\">Soins de sant\u00e9<\/a><\/div><h3 class=\"entry-title\">\t\t<a class=\"p-url\" href=\"https:\/\/eunewsroom.com\/pl\/firmy-wspieraja-bezpieczna-ai-european-union\/\" rel=\"bookmark\">Firmy wspieraj\u0105 bezpieczn\u0105 AI &#8211; European Union<\/a><\/h3><p class=\"entry-summary\">Firmy wspieraj\u0105 bezpieczn\u0105 AI&nbsp;&nbsp;European Union \u0179r\u00f3d\u0142o<\/p>\r\n\t\t\t\t\t<\/div>\r\n\t\t\t\t<\/div>\r\n\t<\/div><\/div>\t\t<\/div>\n\t\t\t\t<\/div>\n\t\t\t\t<\/div>\n\t\t<div class=\"elementor-element elementor-element-7b5d938 e-con-full e-flex e-con e-child\" data-id=\"7b5d938\" data-element_type=\"container\">\n\t\t\t\t<div class=\"elementor-element elementor-element-730a2de elementor-widget elementor-widget-foxiz-list-small-1\" data-id=\"730a2de\" data-element_type=\"widget\" data-widget_type=\"foxiz-list-small-1.default\">\n\t\t\t\t<div class=\"elementor-widget-container\">\n\t\t\t<div id=\"uid_730a2de\" class=\"block-wrap block-small block-list block-list-small-1 bottom-border is-b-border-gray no-last-bb ecat-l-dot meta-s-default\"><div class=\"block-inner\">\t\t<div class=\"p-wrap p-small p-list-small-1\" data-pid=\"14328\">\r\n\t\t\t<div class=\"p-content\">\r\n\t\t\t<div class=\"p-categories p-top\"><a class=\"p-category category-id-1184\" href=\"https:\/\/eunewsroom.com\/pl\/category\/news-pl\/eu-pl\/healthcare-pl\/\" rel=\"category\">Opieka zdrowotna<\/a><a class=\"p-category category-id-1139\" href=\"https:\/\/eunewsroom.com\/category\/news-fr\/eu-fr\/healthcare-fr\/\" rel=\"category\">Soins de sant\u00e9<\/a><\/div><h3 class=\"entry-title\">\t\t<a class=\"p-url\" href=\"https:\/\/eunewsroom.com\/pl\/oddymianie-europejczykow-european-union\/\" rel=\"bookmark\">Oddymianie Europejczyk\u00f3w &#8211; European Union<\/a><\/h3><p class=\"entry-summary\">Oddymianie Europejczyk\u00f3w&nbsp;&nbsp;European Union \u0179r\u00f3d\u0142o<\/p>\r\n\t\t\t\t\t<\/div>\r\n\t\t\t\t<\/div>\r\n\t\t\t<div class=\"p-wrap p-small p-list-small-1\" data-pid=\"14122\">\r\n\t\t\t<div class=\"p-content\">\r\n\t\t\t<div class=\"p-categories p-top\"><a class=\"p-category category-id-1184\" href=\"https:\/\/eunewsroom.com\/pl\/category\/news-pl\/eu-pl\/healthcare-pl\/\" rel=\"category\">Opieka zdrowotna<\/a><a class=\"p-category category-id-1139\" href=\"https:\/\/eunewsroom.com\/category\/news-fr\/eu-fr\/healthcare-fr\/\" rel=\"category\">Soins de sant\u00e9<\/a><\/div><h3 class=\"entry-title\">\t\t<a class=\"p-url\" href=\"https:\/\/eunewsroom.com\/pl\/zabierz-ekuz-na-wakacje-pacjent-gov-pl\/\" rel=\"bookmark\">Zabierz EKUZ na wakacje &#8211; Pacjent.gov.pl<\/a><\/h3><p class=\"entry-summary\">Zabierz EKUZ na wakacje&nbsp;&nbsp;Pacjent.gov.pl \u0179r\u00f3d\u0142o<\/p>\r\n\t\t\t\t\t<\/div>\r\n\t\t\t\t<\/div>\r\n\t\t\t<div class=\"p-wrap p-small p-list-small-1\" data-pid=\"13959\">\r\n\t\t\t<div class=\"p-content\">\r\n\t\t\t<div class=\"p-categories p-top\"><a class=\"p-category category-id-1184\" href=\"https:\/\/eunewsroom.com\/pl\/category\/news-pl\/eu-pl\/healthcare-pl\/\" rel=\"category\">Opieka zdrowotna<\/a><a class=\"p-category category-id-1139\" href=\"https:\/\/eunewsroom.com\/category\/news-fr\/eu-fr\/healthcare-fr\/\" rel=\"category\">Soins de sant\u00e9<\/a><\/div><h3 class=\"entry-title\">\t\t<a class=\"p-url\" href=\"https:\/\/eunewsroom.com\/pl\/bezpieczenstwo-pracy-w-swiece-cyfrowym-kampania-europejskiej-agencji-bezpieczenstwa-i-zdrowia-w-pracy-gov-pl\/\" rel=\"bookmark\">\u201cBezpiecze\u0144stwo pracy w \u015bwiece cyfrowym\u201d kampania Europejskiej Agencji Bezpiecze\u0144stwa i Zdrowia w Pracy &#8211; Gov.pl<\/a><\/h3><p class=\"entry-summary\">\u201cBezpiecze\u0144stwo pracy w \u015bwiece cyfrowym\u201d kampania Europejskiej&hellip;<\/p>\r\n\t\t\t\t\t<\/div>\r\n\t\t\t\t<\/div>\r\n\t<\/div><\/div>\t\t<\/div>\n\t\t\t\t<\/div>\n\t\t\t\t<\/div>\n\t\t\t\t\t<\/div>\n\t\t\t\t<\/div>\n\t\t<div class=\"elementor-element elementor-element-4114a75 e-flex e-con-boxed e-con e-parent\" data-id=\"4114a75\" data-element_type=\"container\" data-settings=\"{&quot;background_background&quot;:&quot;classic&quot;}\">\n\t\t\t\t\t<div class=\"e-con-inner\">\n\t\t\t\t<div class=\"elementor-element elementor-element-33ea099 elementor-widget__width-inherit elementor-widget elementor-widget-foxiz-heading\" data-id=\"33ea099\" data-element_type=\"widget\" data-widget_type=\"foxiz-heading.default\">\n\t\t\t\t<div class=\"elementor-widget-container\">\n\t\t\t<div id=\"uid_33ea099\" class=\"block-h heading-layout-10\"><div class=\"heading-inner\"><h3 class=\"heading-title\"><a href=\"https:\/\/eunewsroom.com\/pl\/category\/news-pl\/eu-pl\/lifestyle-pl\/\">Styl \u017cycia<\/a><\/h3><div class=\"heading-tagline h6\"><a class=\"heading-tagline-label\" href=\"https:\/\/eunewsroom.com\/pl\/category\/news-pl\/eu-pl\/lifestyle-pl\/\">Poka\u017c wszystkie<\/a><i class=\"rbi rbi-cright heading-tagline-icon\" aria-hidden=\"true\"><\/i><\/div><\/div><\/div>\t\t<\/div>\n\t\t\t\t<\/div>\n\t\t\t\t<div class=\"elementor-element elementor-element-efe6789 elementor-widget-divider--view-line elementor-widget elementor-widget-divider\" data-id=\"efe6789\" data-element_type=\"widget\" data-widget_type=\"divider.default\">\n\t\t\t\t<div class=\"elementor-widget-container\">\n\t\t\t\t\t<div class=\"elementor-divider\">\n\t\t\t<span class=\"elementor-divider-separator\">\n\t\t\t\t\t\t<\/span>\n\t\t<\/div>\n\t\t\t\t<\/div>\n\t\t\t\t<\/div>\n\t\t\t\t\t<\/div>\n\t\t\t\t<\/div>\n\t\t<div class=\"elementor-element elementor-element-f74285d e-flex e-con-boxed e-con e-parent\" data-id=\"f74285d\" data-element_type=\"container\" data-settings=\"{&quot;background_background&quot;:&quot;classic&quot;}\">\n\t\t\t\t\t<div class=\"e-con-inner\">\n\t\t<div class=\"elementor-element elementor-element-041c361 e-con-full e-flex e-con e-child\" data-id=\"041c361\" data-element_type=\"container\">\n\t\t\t\t<div class=\"elementor-element elementor-element-1932d7d elementor-widget elementor-widget-foxiz-list-small-1\" data-id=\"1932d7d\" data-element_type=\"widget\" data-widget_type=\"foxiz-list-small-1.default\">\n\t\t\t\t<div class=\"elementor-widget-container\">\n\t\t\t<div id=\"uid_1932d7d\" class=\"block-wrap block-small block-list block-list-small-1 bottom-border is-b-border-gray no-last-bb ecat-l-dot meta-s-default\"><div class=\"block-inner\">\t\t<div class=\"p-wrap p-small p-list-small-1\" data-pid=\"15570\">\r\n\t\t\t<div class=\"p-content\">\r\n\t\t\t<div class=\"p-categories p-top\"><a class=\"p-category category-id-1148\" href=\"https:\/\/eunewsroom.com\/category\/news-fr\/eu-fr\/lifestyle-fr\/\" rel=\"category\">Mode de vie<\/a><a class=\"p-category category-id-1194\" href=\"https:\/\/eunewsroom.com\/pl\/category\/news-pl\/eu-pl\/lifestyle-pl\/\" rel=\"category\">Styl \u017cycia<\/a><\/div><h3 class=\"entry-title\">\t\t<a class=\"p-url\" href=\"https:\/\/eunewsroom.com\/pl\/politycy-posluchali-mysliwych-ochrona-wilka-w-europie-oslabiona-onet\/\" rel=\"bookmark\">Politycy pos\u0142uchali my\u015bliwych. Ochrona wilka w Europie os\u0142abiona &#8211; Onet<\/a><\/h3><p class=\"entry-summary\">Politycy pos\u0142uchali my\u015bliwych. Ochrona wilka w Europie&hellip;<\/p>\r\n\t\t\t\t\t<\/div>\r\n\t\t\t\t<\/div>\r\n\t\t\t<div class=\"p-wrap p-small p-list-small-1\" data-pid=\"15416\">\r\n\t\t\t<div class=\"p-content\">\r\n\t\t\t<div class=\"p-categories p-top\"><a class=\"p-category category-id-1148\" href=\"https:\/\/eunewsroom.com\/category\/news-fr\/eu-fr\/lifestyle-fr\/\" rel=\"category\">Mode de vie<\/a><a class=\"p-category category-id-1194\" href=\"https:\/\/eunewsroom.com\/pl\/category\/news-pl\/eu-pl\/lifestyle-pl\/\" rel=\"category\">Styl \u017cycia<\/a><\/div><h3 class=\"entry-title\">\t\t<a class=\"p-url\" href=\"https:\/\/eunewsroom.com\/pl\/skandal-narkotykowy-w-madrycie-aresztowania-w-policji-onet\/\" rel=\"bookmark\">Skandal narkotykowy w Madrycie. Aresztowania w policji &#8211; Onet<\/a><\/h3><p class=\"entry-summary\">Skandal narkotykowy w Madrycie. Aresztowania w policji&nbsp;&nbsp;Onet&hellip;<\/p>\r\n\t\t\t\t\t<\/div>\r\n\t\t\t\t<\/div>\r\n\t\t\t<div class=\"p-wrap p-small p-list-small-1\" data-pid=\"15224\">\r\n\t\t\t<div class=\"p-content\">\r\n\t\t\t<div class=\"p-categories p-top\"><a class=\"p-category category-id-1148\" href=\"https:\/\/eunewsroom.com\/category\/news-fr\/eu-fr\/lifestyle-fr\/\" rel=\"category\">Mode de vie<\/a><a class=\"p-category category-id-1194\" href=\"https:\/\/eunewsroom.com\/pl\/category\/news-pl\/eu-pl\/lifestyle-pl\/\" rel=\"category\">Styl \u017cycia<\/a><\/div><h3 class=\"entry-title\">\t\t<a class=\"p-url\" href=\"https:\/\/eunewsroom.com\/pl\/autostrada-ktora-laduje-samochody-podczas-jazdy-juz-w-budowie-onet\/\" rel=\"bookmark\">Autostrada, kt\u00f3ra \u0142aduje samochody podczas jazdy ju\u017c w budowie &#8211; Onet<\/a><\/h3><p class=\"entry-summary\">Autostrada, kt\u00f3ra \u0142aduje samochody podczas jazdy ju\u017c&hellip;<\/p>\r\n\t\t\t\t\t<\/div>\r\n\t\t\t\t<\/div>\r\n\t<\/div><\/div>\t\t<\/div>\n\t\t\t\t<\/div>\n\t\t\t\t<\/div>\n\t\t<div class=\"elementor-element elementor-element-c3434f4 e-con-full e-flex e-con e-child\" data-id=\"c3434f4\" data-element_type=\"container\">\n\t\t\t\t<div class=\"elementor-element elementor-element-d1cf25f elementor-widget elementor-widget-foxiz-list-small-1\" data-id=\"d1cf25f\" data-element_type=\"widget\" data-widget_type=\"foxiz-list-small-1.default\">\n\t\t\t\t<div class=\"elementor-widget-container\">\n\t\t\t<div id=\"uid_d1cf25f\" class=\"block-wrap block-small block-list block-list-small-1 bottom-border is-b-border-gray no-last-bb ecat-l-dot meta-s-default\"><div class=\"block-inner\">\t\t<div class=\"p-wrap p-small p-list-small-1\" data-pid=\"15570\">\r\n\t\t\t<div class=\"p-content\">\r\n\t\t\t<div class=\"p-categories p-top\"><a class=\"p-category category-id-1148\" href=\"https:\/\/eunewsroom.com\/category\/news-fr\/eu-fr\/lifestyle-fr\/\" rel=\"category\">Mode de vie<\/a><a class=\"p-category category-id-1194\" href=\"https:\/\/eunewsroom.com\/pl\/category\/news-pl\/eu-pl\/lifestyle-pl\/\" rel=\"category\">Styl \u017cycia<\/a><\/div><h3 class=\"entry-title\">\t\t<a class=\"p-url\" href=\"https:\/\/eunewsroom.com\/pl\/politycy-posluchali-mysliwych-ochrona-wilka-w-europie-oslabiona-onet\/\" rel=\"bookmark\">Politycy pos\u0142uchali my\u015bliwych. Ochrona wilka w Europie os\u0142abiona &#8211; Onet<\/a><\/h3><p class=\"entry-summary\">Politycy pos\u0142uchali my\u015bliwych. Ochrona wilka w Europie&hellip;<\/p>\r\n\t\t\t\t\t<\/div>\r\n\t\t\t\t<\/div>\r\n\t\t\t<div class=\"p-wrap p-small p-list-small-1\" data-pid=\"15416\">\r\n\t\t\t<div class=\"p-content\">\r\n\t\t\t<div class=\"p-categories p-top\"><a class=\"p-category category-id-1148\" href=\"https:\/\/eunewsroom.com\/category\/news-fr\/eu-fr\/lifestyle-fr\/\" rel=\"category\">Mode de vie<\/a><a class=\"p-category category-id-1194\" href=\"https:\/\/eunewsroom.com\/pl\/category\/news-pl\/eu-pl\/lifestyle-pl\/\" rel=\"category\">Styl \u017cycia<\/a><\/div><h3 class=\"entry-title\">\t\t<a class=\"p-url\" href=\"https:\/\/eunewsroom.com\/pl\/skandal-narkotykowy-w-madrycie-aresztowania-w-policji-onet\/\" rel=\"bookmark\">Skandal narkotykowy w Madrycie. Aresztowania w policji &#8211; Onet<\/a><\/h3><p class=\"entry-summary\">Skandal narkotykowy w Madrycie. Aresztowania w policji&nbsp;&nbsp;Onet&hellip;<\/p>\r\n\t\t\t\t\t<\/div>\r\n\t\t\t\t<\/div>\r\n\t\t\t<div class=\"p-wrap p-small p-list-small-1\" data-pid=\"15224\">\r\n\t\t\t<div class=\"p-content\">\r\n\t\t\t<div class=\"p-categories p-top\"><a class=\"p-category category-id-1148\" href=\"https:\/\/eunewsroom.com\/category\/news-fr\/eu-fr\/lifestyle-fr\/\" rel=\"category\">Mode de vie<\/a><a class=\"p-category category-id-1194\" href=\"https:\/\/eunewsroom.com\/pl\/category\/news-pl\/eu-pl\/lifestyle-pl\/\" rel=\"category\">Styl \u017cycia<\/a><\/div><h3 class=\"entry-title\">\t\t<a class=\"p-url\" href=\"https:\/\/eunewsroom.com\/pl\/autostrada-ktora-laduje-samochody-podczas-jazdy-juz-w-budowie-onet\/\" rel=\"bookmark\">Autostrada, kt\u00f3ra \u0142aduje samochody podczas jazdy ju\u017c w budowie &#8211; Onet<\/a><\/h3><p class=\"entry-summary\">Autostrada, kt\u00f3ra \u0142aduje samochody podczas jazdy ju\u017c&hellip;<\/p>\r\n\t\t\t\t\t<\/div>\r\n\t\t\t\t<\/div>\r\n\t<\/div><\/div>\t\t<\/div>\n\t\t\t\t<\/div>\n\t\t\t\t<\/div>\n\t\t<div class=\"elementor-element elementor-element-ea17990 e-con-full e-flex e-con e-child\" data-id=\"ea17990\" data-element_type=\"container\">\n\t\t\t\t<div class=\"elementor-element elementor-element-0e69ef3 elementor-widget elementor-widget-foxiz-list-small-1\" data-id=\"0e69ef3\" data-element_type=\"widget\" data-widget_type=\"foxiz-list-small-1.default\">\n\t\t\t\t<div class=\"elementor-widget-container\">\n\t\t\t<div id=\"uid_0e69ef3\" class=\"block-wrap block-small block-list block-list-small-1 bottom-border is-b-border-gray no-last-bb ecat-l-dot meta-s-default\"><div class=\"block-inner\">\t\t<div class=\"p-wrap p-small p-list-small-1\" data-pid=\"15015\">\r\n\t\t\t<div class=\"p-content\">\r\n\t\t\t<div class=\"p-categories p-top\"><a class=\"p-category category-id-1148\" href=\"https:\/\/eunewsroom.com\/category\/news-fr\/eu-fr\/lifestyle-fr\/\" rel=\"category\">Mode de vie<\/a><a class=\"p-category category-id-1194\" href=\"https:\/\/eunewsroom.com\/pl\/category\/news-pl\/eu-pl\/lifestyle-pl\/\" rel=\"category\">Styl \u017cycia<\/a><\/div><h3 class=\"entry-title\">\t\t<a class=\"p-url\" href=\"https:\/\/eunewsroom.com\/pl\/koalicja-obywatelska-i-pis-glosuja-za-dewastacja-swiatowych-lasow-kronika24-pl\/\" rel=\"bookmark\">Koalicja Obywatelska i PiS g\u0142osuj\u0105 za dewastacj\u0105 \u015bwiatowych las\u00f3w! &#8211; Kronika24.pl<\/a><\/h3><p class=\"entry-summary\">Koalicja Obywatelska i PiS g\u0142osuj\u0105 za dewastacj\u0105&hellip;<\/p>\r\n\t\t\t\t\t<\/div>\r\n\t\t\t\t<\/div>\r\n\t\t\t<div class=\"p-wrap p-small p-list-small-1\" data-pid=\"14869\">\r\n\t\t\t<div class=\"p-content\">\r\n\t\t\t<div class=\"p-categories p-top\"><a class=\"p-category category-id-1148\" href=\"https:\/\/eunewsroom.com\/category\/news-fr\/eu-fr\/lifestyle-fr\/\" rel=\"category\">Mode de vie<\/a><a class=\"p-category category-id-1194\" href=\"https:\/\/eunewsroom.com\/pl\/category\/news-pl\/eu-pl\/lifestyle-pl\/\" rel=\"category\">Styl \u017cycia<\/a><\/div><h3 class=\"entry-title\">\t\t<a class=\"p-url\" href=\"https:\/\/eunewsroom.com\/pl\/wybory-w-usa-europa-nie-glosowalaby-na-trumpa-polish-express\/\" rel=\"bookmark\">Wybory w USA: Europa nie g\u0142osowa\u0142aby na Trumpa &#8211; Polish Express<\/a><\/h3><p class=\"entry-summary\">Wybory w USA: Europa nie g\u0142osowa\u0142aby na&hellip;<\/p>\r\n\t\t\t\t\t<\/div>\r\n\t\t\t\t<\/div>\r\n\t\t\t<div class=\"p-wrap p-small p-list-small-1\" data-pid=\"14643\">\r\n\t\t\t<div class=\"p-content\">\r\n\t\t\t<div class=\"p-categories p-top\"><a class=\"p-category category-id-1148\" href=\"https:\/\/eunewsroom.com\/category\/news-fr\/eu-fr\/lifestyle-fr\/\" rel=\"category\">Mode de vie<\/a><a class=\"p-category category-id-1194\" href=\"https:\/\/eunewsroom.com\/pl\/category\/news-pl\/eu-pl\/lifestyle-pl\/\" rel=\"category\">Styl \u017cycia<\/a><\/div><h3 class=\"entry-title\">\t\t<a class=\"p-url\" href=\"https:\/\/eunewsroom.com\/pl\/choc-we-francji-mieszka-najwiecej-arabow-w-europie-to-w-niemczech-maja-oni-najwiecej-praw-styl-pl\/\" rel=\"bookmark\">Cho\u0107 we Francji mieszka najwi\u0119cej Arab\u00f3w w Europie, to w Niemczech maj\u0105 oni najwi\u0119cej praw &#8211; Styl.pl<\/a><\/h3><p class=\"entry-summary\">Cho\u0107 we Francji mieszka najwi\u0119cej Arab\u00f3w w&hellip;<\/p>\r\n\t\t\t\t\t<\/div>\r\n\t\t\t\t<\/div>\r\n\t<\/div><\/div>\t\t<\/div>\n\t\t\t\t<\/div>\n\t\t\t\t<\/div>\n\t\t<div class=\"elementor-element elementor-element-a8cc4a9 e-con-full e-flex e-con e-child\" data-id=\"a8cc4a9\" data-element_type=\"container\">\n\t\t\t\t<div class=\"elementor-element elementor-element-6f80c6c elementor-widget elementor-widget-foxiz-list-small-1\" data-id=\"6f80c6c\" data-element_type=\"widget\" data-widget_type=\"foxiz-list-small-1.default\">\n\t\t\t\t<div class=\"elementor-widget-container\">\n\t\t\t<div id=\"uid_6f80c6c\" class=\"block-wrap block-small block-list block-list-small-1 bottom-border is-b-border-gray no-last-bb ecat-l-dot meta-s-default\"><div class=\"block-inner\">\t\t<div class=\"p-wrap p-small p-list-small-1\" data-pid=\"14490\">\r\n\t\t\t<div class=\"p-content\">\r\n\t\t\t<div class=\"p-categories p-top\"><a class=\"p-category category-id-1148\" href=\"https:\/\/eunewsroom.com\/category\/news-fr\/eu-fr\/lifestyle-fr\/\" rel=\"category\">Mode de vie<\/a><a class=\"p-category category-id-1194\" href=\"https:\/\/eunewsroom.com\/pl\/category\/news-pl\/eu-pl\/lifestyle-pl\/\" rel=\"category\">Styl \u017cycia<\/a><\/div><h3 class=\"entry-title\">\t\t<a class=\"p-url\" href=\"https:\/\/eunewsroom.com\/pl\/zrodlo-pap-mediaroom\/\" rel=\"bookmark\">\u0179r\u00f3d\u0142o &#8211; PAP MediaRoom<\/a><\/h3><p class=\"entry-summary\">\u0179r\u00f3d\u0142o&nbsp;&nbsp;PAP MediaRoom \u0179r\u00f3d\u0142o<\/p>\r\n\t\t\t\t\t<\/div>\r\n\t\t\t\t<\/div>\r\n\t\t\t<div class=\"p-wrap p-small p-list-small-1\" data-pid=\"14327\">\r\n\t\t\t<div class=\"p-content\">\r\n\t\t\t<div class=\"p-categories p-top\"><a class=\"p-category category-id-1148\" href=\"https:\/\/eunewsroom.com\/category\/news-fr\/eu-fr\/lifestyle-fr\/\" rel=\"category\">Mode de vie<\/a><a class=\"p-category category-id-1194\" href=\"https:\/\/eunewsroom.com\/pl\/category\/news-pl\/eu-pl\/lifestyle-pl\/\" rel=\"category\">Styl \u017cycia<\/a><\/div><h3 class=\"entry-title\">\t\t<a class=\"p-url\" href=\"https:\/\/eunewsroom.com\/pl\/niz-genuenski-znowu-da-o-sobie-znac-mknie-na-poludnie-europy-interia-kobieta\/\" rel=\"bookmark\">Ni\u017c genue\u0144ski znowu da o sobie zna\u0107? Mknie na po\u0142udnie Europy &#8211; Interia Kobieta<\/a><\/h3><p class=\"entry-summary\">Ni\u017c genue\u0144ski znowu da o sobie zna\u0107?&hellip;<\/p>\r\n\t\t\t\t\t<\/div>\r\n\t\t\t\t<\/div>\r\n\t\t\t<div class=\"p-wrap p-small p-list-small-1\" data-pid=\"14121\">\r\n\t\t\t<div class=\"p-content\">\r\n\t\t\t<div class=\"p-categories p-top\"><a class=\"p-category category-id-1148\" href=\"https:\/\/eunewsroom.com\/category\/news-fr\/eu-fr\/lifestyle-fr\/\" rel=\"category\">Mode de vie<\/a><a class=\"p-category category-id-1194\" href=\"https:\/\/eunewsroom.com\/pl\/category\/news-pl\/eu-pl\/lifestyle-pl\/\" rel=\"category\">Styl \u017cycia<\/a><\/div><h3 class=\"entry-title\">\t\t<a class=\"p-url\" href=\"https:\/\/eunewsroom.com\/pl\/wykryj-raka-piersi-zanim-go-wyczujesz-gazeta-olsztynska\/\" rel=\"bookmark\">Wykryj raka piersi, zanim go wyczujesz &#8211; Gazeta Olszty\u0144ska<\/a><\/h3><p class=\"entry-summary\">Wykryj raka piersi, zanim go wyczujesz&nbsp;&nbsp;Gazeta Olszty\u0144ska&hellip;<\/p>\r\n\t\t\t\t\t<\/div>\r\n\t\t\t\t<\/div>\r\n\t<\/div><\/div>\t\t<\/div>\n\t\t\t\t<\/div>\n\t\t\t\t<\/div>\n\t\t\t\t\t<\/div>\n\t\t\t\t<\/div>\n\t\t<div class=\"elementor-element elementor-element-620e230 e-flex e-con-boxed e-con e-parent\" data-id=\"620e230\" data-element_type=\"container\" data-settings=\"{&quot;background_background&quot;:&quot;classic&quot;}\">\n\t\t\t\t\t<div class=\"e-con-inner\">\n\t\t\t\t<div class=\"elementor-element elementor-element-27f861a elementor-widget__width-inherit elementor-widget elementor-widget-foxiz-heading\" data-id=\"27f861a\" data-element_type=\"widget\" data-widget_type=\"foxiz-heading.default\">\n\t\t\t\t<div class=\"elementor-widget-container\">\n\t\t\t<div id=\"uid_27f861a\" class=\"block-h heading-layout-10\"><div class=\"heading-inner\"><h3 class=\"heading-title\"><a href=\"https:\/\/eunewsroom.com\/pl\/category\/news-pl\/eu-pl\/politics-pl\/\">Polityka<\/a><\/h3><div class=\"heading-tagline h6\"><a class=\"heading-tagline-label\" href=\"https:\/\/eunewsroom.com\/pl\/category\/news-pl\/eu-pl\/politics-pl\/\">Poka\u017c wszystkie<\/a><i class=\"rbi rbi-cright heading-tagline-icon\" aria-hidden=\"true\"><\/i><\/div><\/div><\/div>\t\t<\/div>\n\t\t\t\t<\/div>\n\t\t\t\t<div class=\"elementor-element elementor-element-b455a3e elementor-widget-divider--view-line elementor-widget elementor-widget-divider\" data-id=\"b455a3e\" data-element_type=\"widget\" data-widget_type=\"divider.default\">\n\t\t\t\t<div class=\"elementor-widget-container\">\n\t\t\t\t\t<div class=\"elementor-divider\">\n\t\t\t<span class=\"elementor-divider-separator\">\n\t\t\t\t\t\t<\/span>\n\t\t<\/div>\n\t\t\t\t<\/div>\n\t\t\t\t<\/div>\n\t\t\t\t\t<\/div>\n\t\t\t\t<\/div>\n\t\t<div class=\"elementor-element elementor-element-4fd5a43 e-flex e-con-boxed e-con e-parent\" data-id=\"4fd5a43\" data-element_type=\"container\" data-settings=\"{&quot;background_background&quot;:&quot;classic&quot;}\">\n\t\t\t\t\t<div class=\"e-con-inner\">\n\t\t<div class=\"elementor-element elementor-element-cbe81b9 e-con-full e-flex e-con e-child\" data-id=\"cbe81b9\" data-element_type=\"container\">\n\t\t\t\t<div class=\"elementor-element elementor-element-d52ab46 elementor-widget elementor-widget-foxiz-list-small-1\" data-id=\"d52ab46\" data-element_type=\"widget\" data-widget_type=\"foxiz-list-small-1.default\">\n\t\t\t\t<div class=\"elementor-widget-container\">\n\t\t\t<div id=\"uid_d52ab46\" class=\"block-wrap block-small block-list block-list-small-1 bottom-border is-b-border-gray no-last-bb ecat-l-dot meta-s-default\"><div class=\"block-inner\">\t\t<div class=\"p-wrap p-small p-list-small-1\" data-pid=\"16199\">\r\n\t\t\t<div class=\"p-content\">\r\n\t\t\t<div class=\"p-categories p-top\"><a class=\"p-category category-id-1145\" href=\"https:\/\/eunewsroom.com\/category\/news-fr\/eu-fr\/politics-fr\/\" rel=\"category\">Politique<\/a><a class=\"p-category category-id-1191\" href=\"https:\/\/eunewsroom.com\/pl\/category\/news-pl\/eu-pl\/politics-pl\/\" rel=\"category\">Polityka<\/a><\/div><h3 class=\"entry-title\">\t\t<a class=\"p-url\" href=\"https:\/\/eunewsroom.com\/pl\/elon-musk-na-wojnie-z-unia-europejska-wydaje-sie-ze-wypowiedzial-otwarta-wojne-europejskiemu-establishmentowi-wpolityce-pl\/\" rel=\"bookmark\">Elon Musk na wojnie z Uni\u0105 Europejsk\u0105. &quot;Wydaje si\u0119, \u017ce wypowiedzia\u0142 otwart\u0105 wojn\u0119 europejskiemu establishmentowi&quot; &#8211; wPolityce.pl<\/a><\/h3><p class=\"entry-summary\">Elon Musk na wojnie z Uni\u0105 Europejsk\u0105.&hellip;<\/p>\r\n\t\t\t\t\t<\/div>\r\n\t\t\t\t<\/div>\r\n\t\t\t<div class=\"p-wrap p-small p-list-small-1\" data-pid=\"16066\">\r\n\t\t\t<div class=\"p-content\">\r\n\t\t\t<div class=\"p-categories p-top\"><a class=\"p-category category-id-1145\" href=\"https:\/\/eunewsroom.com\/category\/news-fr\/eu-fr\/politics-fr\/\" rel=\"category\">Politique<\/a><a class=\"p-category category-id-1191\" href=\"https:\/\/eunewsroom.com\/pl\/category\/news-pl\/eu-pl\/politics-pl\/\" rel=\"category\">Polityka<\/a><\/div><h3 class=\"entry-title\">\t\t<a class=\"p-url\" href=\"https:\/\/eunewsroom.com\/pl\/europejscy-liberalowie-wydalaja-bulgarska-partie-powodem-orzeczenie-sadu-euractiv-poland\/\" rel=\"bookmark\">Europejscy libera\u0142owie wydalaj\u0105 bu\u0142garsk\u0105 parti\u0119. Powodem orzeczenie s\u0105du &#8211; EURACTIV Poland<\/a><\/h3><p class=\"entry-summary\">Europejscy libera\u0142owie wydalaj\u0105 bu\u0142garsk\u0105 parti\u0119. Powodem orzeczenie&hellip;<\/p>\r\n\t\t\t\t\t<\/div>\r\n\t\t\t\t<\/div>\r\n\t\t\t<div class=\"p-wrap p-small p-list-small-1\" data-pid=\"15865\">\r\n\t\t\t<div class=\"p-content\">\r\n\t\t\t<div class=\"p-categories p-top\"><a class=\"p-category category-id-1145\" href=\"https:\/\/eunewsroom.com\/category\/news-fr\/eu-fr\/politics-fr\/\" rel=\"category\">Politique<\/a><a class=\"p-category category-id-1191\" href=\"https:\/\/eunewsroom.com\/pl\/category\/news-pl\/eu-pl\/politics-pl\/\" rel=\"category\">Polityka<\/a><\/div><h3 class=\"entry-title\">\t\t<a class=\"p-url\" href=\"https:\/\/eunewsroom.com\/pl\/siedem-panstw-ue-domaga-sie-wzmocnienia-wspolpracy-z-balkanami-zachodnimi-euractiv-poland\/\" rel=\"bookmark\">Siedem pa\u0144stw UE domaga si\u0119 wzmocnienia wsp\u00f3\u0142pracy z Ba\u0142kanami Zachodnimi &#8211; EURACTIV Poland<\/a><\/h3><p class=\"entry-summary\">Siedem pa\u0144stw UE domaga si\u0119 wzmocnienia wsp\u00f3\u0142pracy&hellip;<\/p>\r\n\t\t\t\t\t<\/div>\r\n\t\t\t\t<\/div>\r\n\t<\/div><\/div>\t\t<\/div>\n\t\t\t\t<\/div>\n\t\t\t\t<\/div>\n\t\t<div class=\"elementor-element elementor-element-d2d2382 e-con-full e-flex e-con e-child\" data-id=\"d2d2382\" data-element_type=\"container\">\n\t\t\t\t<div class=\"elementor-element elementor-element-ea8485e elementor-widget elementor-widget-foxiz-list-small-1\" data-id=\"ea8485e\" data-element_type=\"widget\" data-widget_type=\"foxiz-list-small-1.default\">\n\t\t\t\t<div class=\"elementor-widget-container\">\n\t\t\t<div id=\"uid_ea8485e\" class=\"block-wrap block-small block-list block-list-small-1 bottom-border is-b-border-gray no-last-bb ecat-l-dot meta-s-default\"><div class=\"block-inner\">\t\t<div class=\"p-wrap p-small p-list-small-1\" data-pid=\"15569\">\r\n\t\t\t<div class=\"p-content\">\r\n\t\t\t<div class=\"p-categories p-top\"><a class=\"p-category category-id-1145\" href=\"https:\/\/eunewsroom.com\/category\/news-fr\/eu-fr\/politics-fr\/\" rel=\"category\">Politique<\/a><a class=\"p-category category-id-1191\" href=\"https:\/\/eunewsroom.com\/pl\/category\/news-pl\/eu-pl\/politics-pl\/\" rel=\"category\">Polityka<\/a><\/div><h3 class=\"entry-title\">\t\t<a class=\"p-url\" href=\"https:\/\/eunewsroom.com\/pl\/ursula-von-der-leyen-to-dobry-dzien-dla-europejskiej-konkurencyjnosci-opinia-euractiv-poland\/\" rel=\"bookmark\">Ursula von der Leyen: To dobry dzie\u0144 dla europejskiej konkurencyjno\u015bci [OPINIA] &#8211; EURACTIV Poland<\/a><\/h3><p class=\"entry-summary\">Ursula von der Leyen: To dobry dzie\u0144&hellip;<\/p>\r\n\t\t\t\t\t<\/div>\r\n\t\t\t\t<\/div>\r\n\t\t\t<div class=\"p-wrap p-small p-list-small-1\" data-pid=\"15415\">\r\n\t\t\t<div class=\"p-content\">\r\n\t\t\t<div class=\"p-categories p-top\"><a class=\"p-category category-id-1145\" href=\"https:\/\/eunewsroom.com\/category\/news-fr\/eu-fr\/politics-fr\/\" rel=\"category\">Politique<\/a><a class=\"p-category category-id-1191\" href=\"https:\/\/eunewsroom.com\/pl\/category\/news-pl\/eu-pl\/politics-pl\/\" rel=\"category\">Polityka<\/a><\/div><h3 class=\"entry-title\">\t\t<a class=\"p-url\" href=\"https:\/\/eunewsroom.com\/pl\/prezydent-gruzji-salome-zurabiszwili-prosi-europe-o-pomoc-mowi-o-buncie-calego-kraju-rzeczpospolita\/\" rel=\"bookmark\">Prezydent Gruzji Salome Zurabiszwili prosi Europ\u0119 o pomoc. M\u00f3wi o &quot;buncie ca\u0142ego kraju&quot; &#8211; Rzeczpospolita<\/a><\/h3><p class=\"entry-summary\">Prezydent Gruzji Salome Zurabiszwili prosi Europ\u0119 o&hellip;<\/p>\r\n\t\t\t\t\t<\/div>\r\n\t\t\t\t<\/div>\r\n\t\t\t<div class=\"p-wrap p-small p-list-small-1\" data-pid=\"15223\">\r\n\t\t\t<div class=\"p-content\">\r\n\t\t\t<div class=\"p-categories p-top\"><a class=\"p-category category-id-1145\" href=\"https:\/\/eunewsroom.com\/category\/news-fr\/eu-fr\/politics-fr\/\" rel=\"category\">Politique<\/a><a class=\"p-category category-id-1191\" href=\"https:\/\/eunewsroom.com\/pl\/category\/news-pl\/eu-pl\/politics-pl\/\" rel=\"category\">Polityka<\/a><\/div><h3 class=\"entry-title\">\t\t<a class=\"p-url\" href=\"https:\/\/eunewsroom.com\/pl\/drugie-dno-wojny-w-europie-wschodniej-wprost-pl\/\" rel=\"bookmark\">Drugie dno wojny w Europie wschodniej &#8211; Wprost.pl<\/a><\/h3><p class=\"entry-summary\">Drugie dno wojny w Europie wschodniej&nbsp;&nbsp;Wprost.pl \u0179r\u00f3d\u0142o<\/p>\r\n\t\t\t\t\t<\/div>\r\n\t\t\t\t<\/div>\r\n\t<\/div><\/div>\t\t<\/div>\n\t\t\t\t<\/div>\n\t\t\t\t<\/div>\n\t\t<div class=\"elementor-element elementor-element-27fdbbf e-con-full e-flex e-con e-child\" data-id=\"27fdbbf\" data-element_type=\"container\">\n\t\t\t\t<div class=\"elementor-element elementor-element-2b60495 elementor-widget elementor-widget-foxiz-list-small-1\" data-id=\"2b60495\" data-element_type=\"widget\" data-widget_type=\"foxiz-list-small-1.default\">\n\t\t\t\t<div class=\"elementor-widget-container\">\n\t\t\t<div id=\"uid_2b60495\" class=\"block-wrap block-small block-list block-list-small-1 bottom-border is-b-border-gray no-last-bb ecat-l-dot meta-s-default\"><div class=\"block-inner\">\t\t<div class=\"p-wrap p-small p-list-small-1\" data-pid=\"15014\">\r\n\t\t\t<div class=\"p-content\">\r\n\t\t\t<div class=\"p-categories p-top\"><a class=\"p-category category-id-1145\" href=\"https:\/\/eunewsroom.com\/category\/news-fr\/eu-fr\/politics-fr\/\" rel=\"category\">Politique<\/a><a class=\"p-category category-id-1191\" href=\"https:\/\/eunewsroom.com\/pl\/category\/news-pl\/eu-pl\/politics-pl\/\" rel=\"category\">Polityka<\/a><\/div><h3 class=\"entry-title\">\t\t<a class=\"p-url\" href=\"https:\/\/eunewsroom.com\/pl\/dokad-zmierza-europejska-lewica-onet\/\" rel=\"bookmark\">Dok\u0105d zmierza europejska lewica? &#8211; Onet<\/a><\/h3><p class=\"entry-summary\">Dok\u0105d zmierza europejska lewica?&nbsp;&nbsp;Onet \u0179r\u00f3d\u0142o<\/p>\r\n\t\t\t\t\t<\/div>\r\n\t\t\t\t<\/div>\r\n\t\t\t<div class=\"p-wrap p-small p-list-small-1\" data-pid=\"14868\">\r\n\t\t\t<div class=\"p-content\">\r\n\t\t\t<div class=\"p-categories p-top\"><a class=\"p-category category-id-1145\" href=\"https:\/\/eunewsroom.com\/category\/news-fr\/eu-fr\/politics-fr\/\" rel=\"category\">Politique<\/a><a class=\"p-category category-id-1191\" href=\"https:\/\/eunewsroom.com\/pl\/category\/news-pl\/eu-pl\/politics-pl\/\" rel=\"category\">Polityka<\/a><\/div><h3 class=\"entry-title\">\t\t<a class=\"p-url\" href=\"https:\/\/eunewsroom.com\/pl\/polityka-zagraniczna-trumpa-prof-laidler-spodziewam-sie-kontynuacji-polskieradio24-pl\/\" rel=\"bookmark\">Polityka zagraniczna Trumpa. Prof. Laidler: spodziewam si\u0119 kontynuacji &#8211; PolskieRadio24.pl<\/a><\/h3><p class=\"entry-summary\">Polityka zagraniczna Trumpa. Prof. Laidler: spodziewam si\u0119&hellip;<\/p>\r\n\t\t\t\t\t<\/div>\r\n\t\t\t\t<\/div>\r\n\t\t\t<div class=\"p-wrap p-small p-list-small-1\" data-pid=\"14642\">\r\n\t\t\t<div class=\"p-content\">\r\n\t\t\t<div class=\"p-categories p-top\"><a class=\"p-category category-id-1145\" href=\"https:\/\/eunewsroom.com\/category\/news-fr\/eu-fr\/politics-fr\/\" rel=\"category\">Politique<\/a><a class=\"p-category category-id-1191\" href=\"https:\/\/eunewsroom.com\/pl\/category\/news-pl\/eu-pl\/politics-pl\/\" rel=\"category\">Polityka<\/a><\/div><h3 class=\"entry-title\">\t\t<a class=\"p-url\" href=\"https:\/\/eunewsroom.com\/pl\/duda-do-moldawii-wasze-miejsce-jest-w-europie-polityka\/\" rel=\"bookmark\">Duda do Mo\u0142dawii: Wasze miejsce jest w Europie! &#8211; Polityka<\/a><\/h3><p class=\"entry-summary\">Duda do Mo\u0142dawii: Wasze miejsce jest w&hellip;<\/p>\r\n\t\t\t\t\t<\/div>\r\n\t\t\t\t<\/div>\r\n\t<\/div><\/div>\t\t<\/div>\n\t\t\t\t<\/div>\n\t\t\t\t<\/div>\n\t\t<div class=\"elementor-element elementor-element-f932fe0 e-con-full e-flex e-con e-child\" data-id=\"f932fe0\" data-element_type=\"container\">\n\t\t\t\t<div class=\"elementor-element elementor-element-15fa66a elementor-widget elementor-widget-foxiz-list-small-1\" data-id=\"15fa66a\" data-element_type=\"widget\" data-widget_type=\"foxiz-list-small-1.default\">\n\t\t\t\t<div class=\"elementor-widget-container\">\n\t\t\t<div id=\"uid_15fa66a\" class=\"block-wrap block-small block-list block-list-small-1 bottom-border is-b-border-gray no-last-bb ecat-l-dot meta-s-default\"><div class=\"block-inner\">\t\t<div class=\"p-wrap p-small p-list-small-1\" data-pid=\"14489\">\r\n\t\t\t<div class=\"p-content\">\r\n\t\t\t<div class=\"p-categories p-top\"><a class=\"p-category category-id-1145\" href=\"https:\/\/eunewsroom.com\/category\/news-fr\/eu-fr\/politics-fr\/\" rel=\"category\">Politique<\/a><a class=\"p-category category-id-1191\" href=\"https:\/\/eunewsroom.com\/pl\/category\/news-pl\/eu-pl\/politics-pl\/\" rel=\"category\">Polityka<\/a><\/div><h3 class=\"entry-title\">\t\t<a class=\"p-url\" href=\"https:\/\/eunewsroom.com\/pl\/zapraszamy-na-konferencje-25-years-of-poland-in-nato-past-present-and-future-commitment-of-poland-instytut-nowej-europy\/\" rel=\"bookmark\">Zapraszamy na konferencj\u0119 \u201e25 Years of Poland in NATO\u2014Past, Present and Future Commitment of Poland\u201d &#8211; Instytut Nowej Europy<\/a><\/h3><p class=\"entry-summary\">Zapraszamy na konferencj\u0119 \u201e25 Years of Poland&hellip;<\/p>\r\n\t\t\t\t\t<\/div>\r\n\t\t\t\t<\/div>\r\n\t\t\t<div class=\"p-wrap p-small p-list-small-1\" data-pid=\"14326\">\r\n\t\t\t<div class=\"p-content\">\r\n\t\t\t<div class=\"p-categories p-top\"><a class=\"p-category category-id-1145\" href=\"https:\/\/eunewsroom.com\/category\/news-fr\/eu-fr\/politics-fr\/\" rel=\"category\">Politique<\/a><a class=\"p-category category-id-1191\" href=\"https:\/\/eunewsroom.com\/pl\/category\/news-pl\/eu-pl\/politics-pl\/\" rel=\"category\">Polityka<\/a><\/div><h3 class=\"entry-title\">\t\t<a class=\"p-url\" href=\"https:\/\/eunewsroom.com\/pl\/maciej-witucki-integracja-ukrainy-z-unia-europejska-przyniesie-korzysci-obu-stronom-pap-mediaroom\/\" rel=\"bookmark\">Maciej Witucki: integracja Ukrainy z Uni\u0105 Europejsk\u0105 przyniesie korzy\u015bci obu stronom &#8211; PAP MediaRoom<\/a><\/h3><p class=\"entry-summary\">Maciej Witucki: integracja Ukrainy z Uni\u0105 Europejsk\u0105&hellip;<\/p>\r\n\t\t\t\t\t<\/div>\r\n\t\t\t\t<\/div>\r\n\t\t\t<div class=\"p-wrap p-small p-list-small-1\" data-pid=\"14120\">\r\n\t\t\t<div class=\"p-content\">\r\n\t\t\t<div class=\"p-categories p-top\"><a class=\"p-category category-id-1145\" href=\"https:\/\/eunewsroom.com\/category\/news-fr\/eu-fr\/politics-fr\/\" rel=\"category\">Politique<\/a><a class=\"p-category category-id-1191\" href=\"https:\/\/eunewsroom.com\/pl\/category\/news-pl\/eu-pl\/politics-pl\/\" rel=\"category\">Polityka<\/a><\/div><h3 class=\"entry-title\">\t\t<a class=\"p-url\" href=\"https:\/\/eunewsroom.com\/pl\/ostra-reakcja-unii-europejskiej-na-zapowiedz-donalda-tuska-naruszenie-zobowiazan-wiadomosci-gazeta-pl\/\" rel=\"bookmark\">Ostra reakcja Unii Europejskiej na zapowied\u017a Donalda Tuska. &quot;Naruszenie zobowi\u0105za\u0144&quot; &#8211; wiadomosci.gazeta.pl<\/a><\/h3><p class=\"entry-summary\">Ostra reakcja Unii Europejskiej na zapowied\u017a Donalda&hellip;<\/p>\r\n\t\t\t\t\t<\/div>\r\n\t\t\t\t<\/div>\r\n\t<\/div><\/div>\t\t<\/div>\n\t\t\t\t<\/div>\n\t\t\t\t<\/div>\n\t\t\t\t\t<\/div>\n\t\t\t\t<\/div>\n\t\t<div class=\"elementor-element elementor-element-30b05e6 e-flex e-con-boxed e-con e-parent\" data-id=\"30b05e6\" data-element_type=\"container\" data-settings=\"{&quot;background_background&quot;:&quot;classic&quot;}\">\n\t\t\t\t\t<div class=\"e-con-inner\">\n\t\t\t\t<div class=\"elementor-element elementor-element-46c1381 elementor-widget__width-inherit elementor-widget elementor-widget-foxiz-heading\" data-id=\"46c1381\" data-element_type=\"widget\" data-widget_type=\"foxiz-heading.default\">\n\t\t\t\t<div class=\"elementor-widget-container\">\n\t\t\t<div id=\"uid_46c1381\" class=\"block-h heading-layout-10\"><div class=\"heading-inner\"><h3 class=\"heading-title\"><a href=\"https:\/\/eunewsroom.com\/pl\/category\/news-pl\/eu-pl\/real-estate-pl\/\">Nieruchomo\u015bci<\/a><\/h3><div class=\"heading-tagline h6\"><a class=\"heading-tagline-label\" href=\"https:\/\/eunewsroom.com\/pl\/category\/news-pl\/eu-pl\/real-estate-pl\/\">Poka\u017c wszystkie<\/a><i class=\"rbi rbi-cright heading-tagline-icon\" aria-hidden=\"true\"><\/i><\/div><\/div><\/div>\t\t<\/div>\n\t\t\t\t<\/div>\n\t\t\t\t<div class=\"elementor-element elementor-element-1d195f2 elementor-widget-divider--view-line elementor-widget elementor-widget-divider\" data-id=\"1d195f2\" data-element_type=\"widget\" data-widget_type=\"divider.default\">\n\t\t\t\t<div class=\"elementor-widget-container\">\n\t\t\t\t\t<div class=\"elementor-divider\">\n\t\t\t<span class=\"elementor-divider-separator\">\n\t\t\t\t\t\t<\/span>\n\t\t<\/div>\n\t\t\t\t<\/div>\n\t\t\t\t<\/div>\n\t\t\t\t\t<\/div>\n\t\t\t\t<\/div>\n\t\t<div class=\"elementor-element elementor-element-adac52e e-flex e-con-boxed e-con e-parent\" data-id=\"adac52e\" data-element_type=\"container\">\n\t\t\t\t\t<div class=\"e-con-inner\">\n\t\t<div class=\"elementor-element elementor-element-a3ea659 e-con-full e-flex e-con e-child\" data-id=\"a3ea659\" data-element_type=\"container\">\n\t\t\t\t<div class=\"elementor-element elementor-element-4aa7b07 elementor-widget elementor-widget-foxiz-list-small-1\" data-id=\"4aa7b07\" data-element_type=\"widget\" data-widget_type=\"foxiz-list-small-1.default\">\n\t\t\t\t<div class=\"elementor-widget-container\">\n\t\t\t<div id=\"uid_4aa7b07\" class=\"block-wrap block-small block-list block-list-small-1 bottom-border is-b-border-gray no-last-bb ecat-l-dot meta-s-default\"><div class=\"block-inner\">\t\t<div class=\"p-wrap p-small p-list-small-1\" data-pid=\"16198\">\r\n\t\t\t<div class=\"p-content\">\r\n\t\t\t<div class=\"p-categories p-top\"><a class=\"p-category category-id-1141\" href=\"https:\/\/eunewsroom.com\/category\/news-fr\/eu-fr\/real-estate-fr\/\" rel=\"category\">Immobilier<\/a><a class=\"p-category category-id-1186\" href=\"https:\/\/eunewsroom.com\/pl\/category\/news-pl\/eu-pl\/real-estate-pl\/\" rel=\"category\">Nieruchomo\u015b\u0107<\/a><\/div><h3 class=\"entry-title\">\t\t<a class=\"p-url\" href=\"https:\/\/eunewsroom.com\/pl\/europa-srodkowo-wschodnia-liderem-inwestycji-na-rynku-nieruchomosci-polska-z-rekordowym-wynikiem-47-mld-eur-ceo-magazyn-polska\/\" rel=\"bookmark\">Europa \u015arodkowo-Wschodnia liderem inwestycji na rynku nieruchomo\u015bci: Polska z rekordowym wynikiem 4,7 mld EUR &#8211; CEO Magazyn Polska<\/a><\/h3><p class=\"entry-summary\">Europa \u015arodkowo-Wschodnia liderem inwestycji na rynku nieruchomo\u015bci:&hellip;<\/p>\r\n\t\t\t\t\t<\/div>\r\n\t\t\t\t<\/div>\r\n\t\t\t<div class=\"p-wrap p-small p-list-small-1\" data-pid=\"16065\">\r\n\t\t\t<div class=\"p-content\">\r\n\t\t\t<div class=\"p-categories p-top\"><a class=\"p-category category-id-1141\" href=\"https:\/\/eunewsroom.com\/category\/news-fr\/eu-fr\/real-estate-fr\/\" rel=\"category\">Immobilier<\/a><a class=\"p-category category-id-1186\" href=\"https:\/\/eunewsroom.com\/pl\/category\/news-pl\/eu-pl\/real-estate-pl\/\" rel=\"category\">Nieruchomo\u015b\u0107<\/a><\/div><h3 class=\"entry-title\">\t\t<a class=\"p-url\" href=\"https:\/\/eunewsroom.com\/pl\/unikatowa-na-skale-europejska-nieruchomosc-w-porcie-gdansk-wystawiona-do-przetargu-investmap-pl\/\" rel=\"bookmark\">Unikatowa na skal\u0119 europejsk\u0105 nieruchomo\u015b\u0107 w Porcie Gda\u0144sk wystawiona do przetargu &#8211; investmap.pl<\/a><\/h3><p class=\"entry-summary\">Unikatowa na skal\u0119 europejsk\u0105 nieruchomo\u015b\u0107 w Porcie&hellip;<\/p>\r\n\t\t\t\t\t<\/div>\r\n\t\t\t\t<\/div>\r\n\t\t\t<div class=\"p-wrap p-small p-list-small-1\" data-pid=\"15864\">\r\n\t\t\t<div class=\"p-content\">\r\n\t\t\t<div class=\"p-categories p-top\"><a class=\"p-category category-id-1141\" href=\"https:\/\/eunewsroom.com\/category\/news-fr\/eu-fr\/real-estate-fr\/\" rel=\"category\">Immobilier<\/a><a class=\"p-category category-id-1186\" href=\"https:\/\/eunewsroom.com\/pl\/category\/news-pl\/eu-pl\/real-estate-pl\/\" rel=\"category\">Nieruchomo\u015b\u0107<\/a><\/div><h3 class=\"entry-title\">\t\t<a class=\"p-url\" href=\"https:\/\/eunewsroom.com\/pl\/rosjanie-nie-maja-tam-czego-szukac-finlandia-blokuje-juz-nawet-zakup-nieruchomosci-forsal-pl\/\" rel=\"bookmark\">Rosjanie nie maj\u0105 tam czego szuka\u0107? Finlandia blokuje ju\u017c nawet zakup nieruchomo\u015bci &#8211; Forsal.pl<\/a><\/h3><p class=\"entry-summary\">Rosjanie nie maj\u0105 tam czego szuka\u0107? Finlandia&hellip;<\/p>\r\n\t\t\t\t\t<\/div>\r\n\t\t\t\t<\/div>\r\n\t<\/div><\/div>\t\t<\/div>\n\t\t\t\t<\/div>\n\t\t\t\t<\/div>\n\t\t<div class=\"elementor-element elementor-element-7ab64ac e-con-full e-flex e-con e-child\" data-id=\"7ab64ac\" data-element_type=\"container\">\n\t\t\t\t<div class=\"elementor-element elementor-element-6dfaed5 elementor-widget elementor-widget-foxiz-list-small-1\" data-id=\"6dfaed5\" data-element_type=\"widget\" data-widget_type=\"foxiz-list-small-1.default\">\n\t\t\t\t<div class=\"elementor-widget-container\">\n\t\t\t<div id=\"uid_6dfaed5\" class=\"block-wrap block-small block-list block-list-small-1 bottom-border is-b-border-gray no-last-bb ecat-l-dot meta-s-default\"><div class=\"block-inner\">\t\t<div class=\"p-wrap p-small p-list-small-1\" data-pid=\"15568\">\r\n\t\t\t<div class=\"p-content\">\r\n\t\t\t<div class=\"p-categories p-top\"><a class=\"p-category category-id-1141\" href=\"https:\/\/eunewsroom.com\/category\/news-fr\/eu-fr\/real-estate-fr\/\" rel=\"category\">Immobilier<\/a><a class=\"p-category category-id-1186\" href=\"https:\/\/eunewsroom.com\/pl\/category\/news-pl\/eu-pl\/real-estate-pl\/\" rel=\"category\">Nieruchomo\u015b\u0107<\/a><\/div><h3 class=\"entry-title\">\t\t<a class=\"p-url\" href=\"https:\/\/eunewsroom.com\/pl\/unikatowa-na-skale-europejska-nieruchomosc-w-porcie-gdansk-wystawiona-do-przetargu-cire-pl\/\" rel=\"bookmark\">Unikatowa na skal\u0119 europejsk\u0105 nieruchomo\u015b\u0107 w Porcie Gda\u0144sk wystawiona do przetargu &#8211; CIRE.pl<\/a><\/h3><p class=\"entry-summary\">Unikatowa na skal\u0119 europejsk\u0105 nieruchomo\u015b\u0107 w Porcie&hellip;<\/p>\r\n\t\t\t\t\t<\/div>\r\n\t\t\t\t<\/div>\r\n\t\t\t<div class=\"p-wrap p-small p-list-small-1\" data-pid=\"15414\">\r\n\t\t\t<div class=\"p-content\">\r\n\t\t\t<div class=\"p-categories p-top\"><a class=\"p-category category-id-1141\" href=\"https:\/\/eunewsroom.com\/category\/news-fr\/eu-fr\/real-estate-fr\/\" rel=\"category\">Immobilier<\/a><a class=\"p-category category-id-1186\" href=\"https:\/\/eunewsroom.com\/pl\/category\/news-pl\/eu-pl\/real-estate-pl\/\" rel=\"category\">Nieruchomo\u015b\u0107<\/a><\/div><h3 class=\"entry-title\">\t\t<a class=\"p-url\" href=\"https:\/\/eunewsroom.com\/pl\/wlasne-ale-coraz-drozsze-i-ciasne-tak-mieszkamy-ceny-nieruchomosci-w-polsce-rosna-najszybciej-w-calej-ue-bankier-pl\/\" rel=\"bookmark\">W\u0142asne, ale coraz dro\u017csze i ciasne \u2013 tak mieszkamy. Ceny nieruchomo\u015bci w Polsce rosn\u0105 najszybciej w ca\u0142ej UE &#8211; Bankier.pl<\/a><\/h3><p class=\"entry-summary\">W\u0142asne, ale coraz dro\u017csze i ciasne \u2013&hellip;<\/p>\r\n\t\t\t\t\t<\/div>\r\n\t\t\t\t<\/div>\r\n\t\t\t<div class=\"p-wrap p-small p-list-small-1\" data-pid=\"15222\">\r\n\t\t\t<div class=\"p-content\">\r\n\t\t\t<div class=\"p-categories p-top\"><a class=\"p-category category-id-1141\" href=\"https:\/\/eunewsroom.com\/category\/news-fr\/eu-fr\/real-estate-fr\/\" rel=\"category\">Immobilier<\/a><a class=\"p-category category-id-1186\" href=\"https:\/\/eunewsroom.com\/pl\/category\/news-pl\/eu-pl\/real-estate-pl\/\" rel=\"category\">Nieruchomo\u015b\u0107<\/a><\/div><h3 class=\"entry-title\">\t\t<a class=\"p-url\" href=\"https:\/\/eunewsroom.com\/pl\/europa-pograza-sie-w-kryzysie-mieszkaniowym-tak-panstwa-radza-sobie-lub-nie-z-najmem-krotkoterminowym-bankier-pl\/\" rel=\"bookmark\">Europa pogr\u0105\u017ca si\u0119 w kryzysie mieszkaniowym. Tak pa\u0144stwa radz\u0105 sobie (lub nie) z najmem kr\u00f3tkoterminowym &#8211; Bankier.pl<\/a><\/h3><p class=\"entry-summary\">Europa pogr\u0105\u017ca si\u0119 w kryzysie mieszkaniowym. Tak&hellip;<\/p>\r\n\t\t\t\t\t<\/div>\r\n\t\t\t\t<\/div>\r\n\t<\/div><\/div>\t\t<\/div>\n\t\t\t\t<\/div>\n\t\t\t\t<\/div>\n\t\t<div class=\"elementor-element elementor-element-0741812 e-con-full e-flex e-con e-child\" data-id=\"0741812\" data-element_type=\"container\">\n\t\t\t\t<div class=\"elementor-element elementor-element-59fc3fa elementor-widget elementor-widget-foxiz-list-small-1\" data-id=\"59fc3fa\" data-element_type=\"widget\" data-widget_type=\"foxiz-list-small-1.default\">\n\t\t\t\t<div class=\"elementor-widget-container\">\n\t\t\t<div id=\"uid_59fc3fa\" class=\"block-wrap block-small block-list block-list-small-1 bottom-border is-b-border-gray no-last-bb ecat-l-dot meta-s-default\"><div class=\"block-inner\">\t\t<div class=\"p-wrap p-small p-list-small-1\" data-pid=\"15013\">\r\n\t\t\t<div class=\"p-content\">\r\n\t\t\t<div class=\"p-categories p-top\"><a class=\"p-category category-id-1141\" href=\"https:\/\/eunewsroom.com\/category\/news-fr\/eu-fr\/real-estate-fr\/\" rel=\"category\">Immobilier<\/a><a class=\"p-category category-id-1186\" href=\"https:\/\/eunewsroom.com\/pl\/category\/news-pl\/eu-pl\/real-estate-pl\/\" rel=\"category\">Nieruchomo\u015b\u0107<\/a><\/div><h3 class=\"entry-title\">\t\t<a class=\"p-url\" href=\"https:\/\/eunewsroom.com\/pl\/ousmane-dembele-planuje-emeryture-zamierza-zainwestowac-w-nieruchomosci-po-karierze-pilkarskiej-footboom\/\" rel=\"bookmark\">Ousmane Demb\u00e9l\u00e9 planuje emerytur\u0119: zamierza zainwestowa\u0107 w nieruchomo\u015bci po karierze pi\u0142karskiej &#8211; FootBoom<\/a><\/h3><p class=\"entry-summary\">Ousmane Demb\u00e9l\u00e9 planuje emerytur\u0119: zamierza zainwestowa\u0107 w&hellip;<\/p>\r\n\t\t\t\t\t<\/div>\r\n\t\t\t\t<\/div>\r\n\t\t\t<div class=\"p-wrap p-small p-list-small-1\" data-pid=\"14867\">\r\n\t\t\t<div class=\"p-content\">\r\n\t\t\t<div class=\"p-categories p-top\"><a class=\"p-category category-id-1141\" href=\"https:\/\/eunewsroom.com\/category\/news-fr\/eu-fr\/real-estate-fr\/\" rel=\"category\">Immobilier<\/a><a class=\"p-category category-id-1186\" href=\"https:\/\/eunewsroom.com\/pl\/category\/news-pl\/eu-pl\/real-estate-pl\/\" rel=\"category\">Nieruchomo\u015b\u0107<\/a><\/div><h3 class=\"entry-title\">\t\t<a class=\"p-url\" href=\"https:\/\/eunewsroom.com\/pl\/warszawa-awansowala-stolica-polski-wysoko-na-inwestycyjnej-mapie-europy-dziennik-pl\/\" rel=\"bookmark\">Warszawa awansowa\u0142a. Stolica Polski wysoko na inwestycyjnej mapie Europy &#8211; Dziennik.pl<\/a><\/h3><p class=\"entry-summary\">Warszawa awansowa\u0142a. Stolica Polski wysoko na inwestycyjnej&hellip;<\/p>\r\n\t\t\t\t\t<\/div>\r\n\t\t\t\t<\/div>\r\n\t\t\t<div class=\"p-wrap p-small p-list-small-1\" data-pid=\"14641\">\r\n\t\t\t<div class=\"p-content\">\r\n\t\t\t<div class=\"p-categories p-top\"><a class=\"p-category category-id-1141\" href=\"https:\/\/eunewsroom.com\/category\/news-fr\/eu-fr\/real-estate-fr\/\" rel=\"category\">Immobilier<\/a><a class=\"p-category category-id-1186\" href=\"https:\/\/eunewsroom.com\/pl\/category\/news-pl\/eu-pl\/real-estate-pl\/\" rel=\"category\">Nieruchomo\u015b\u0107<\/a><\/div><h3 class=\"entry-title\">\t\t<a class=\"p-url\" href=\"https:\/\/eunewsroom.com\/pl\/87-polakow-ma-dom-na-wlasnosc-szwajcarow-tylko-42-jednak-do-albanczykow-nam-daleko-fxmag\/\" rel=\"bookmark\">87% Polak\u00f3w ma dom na w\u0142asno\u015b\u0107, Szwajcar\u00f3w tylko 42%. Jednak do Alba\u0144czyk\u00f3w nam daleko &#8211; FXMAG<\/a><\/h3><p class=\"entry-summary\">87% Polak\u00f3w ma dom na w\u0142asno\u015b\u0107, Szwajcar\u00f3w&hellip;<\/p>\r\n\t\t\t\t\t<\/div>\r\n\t\t\t\t<\/div>\r\n\t<\/div><\/div>\t\t<\/div>\n\t\t\t\t<\/div>\n\t\t\t\t<\/div>\n\t\t<div class=\"elementor-element elementor-element-2f7d1f9 e-con-full e-flex e-con e-child\" data-id=\"2f7d1f9\" data-element_type=\"container\">\n\t\t\t\t<div class=\"elementor-element elementor-element-2cf9732 elementor-widget elementor-widget-foxiz-list-small-1\" data-id=\"2cf9732\" data-element_type=\"widget\" data-widget_type=\"foxiz-list-small-1.default\">\n\t\t\t\t<div class=\"elementor-widget-container\">\n\t\t\t<div id=\"uid_2cf9732\" class=\"block-wrap block-small block-list block-list-small-1 bottom-border is-b-border-gray no-last-bb ecat-l-dot meta-s-default\"><div class=\"block-inner\">\t\t<div class=\"p-wrap p-small p-list-small-1\" data-pid=\"14488\">\r\n\t\t\t<div class=\"p-content\">\r\n\t\t\t<div class=\"p-categories p-top\"><a class=\"p-category category-id-1141\" href=\"https:\/\/eunewsroom.com\/category\/news-fr\/eu-fr\/real-estate-fr\/\" rel=\"category\">Immobilier<\/a><a class=\"p-category category-id-1186\" href=\"https:\/\/eunewsroom.com\/pl\/category\/news-pl\/eu-pl\/real-estate-pl\/\" rel=\"category\">Nieruchomo\u015b\u0107<\/a><\/div><h3 class=\"entry-title\">\t\t<a class=\"p-url\" href=\"https:\/\/eunewsroom.com\/pl\/mieszkania-w-warszawie-mniej-dostepne-niz-w-madrycie-czy-krajach-beneluksu-zestawienie-cen-mieszkan-w-stosunku-do-zarobkow-biznes-wprost\/\" rel=\"bookmark\">Mieszkania w Warszawie mniej dost\u0119pne ni\u017c w Madrycie czy krajach Beneluksu. Zestawienie cen mieszka\u0144 w stosunku do zarobk\u00f3w &#8211; Biznes Wprost<\/a><\/h3><p class=\"entry-summary\">Mieszkania w Warszawie mniej dost\u0119pne ni\u017c w&hellip;<\/p>\r\n\t\t\t\t\t<\/div>\r\n\t\t\t\t<\/div>\r\n\t\t\t<div class=\"p-wrap p-small p-list-small-1\" data-pid=\"14325\">\r\n\t\t\t<div class=\"p-content\">\r\n\t\t\t<div class=\"p-categories p-top\"><a class=\"p-category category-id-1141\" href=\"https:\/\/eunewsroom.com\/category\/news-fr\/eu-fr\/real-estate-fr\/\" rel=\"category\">Immobilier<\/a><a class=\"p-category category-id-1186\" href=\"https:\/\/eunewsroom.com\/pl\/category\/news-pl\/eu-pl\/real-estate-pl\/\" rel=\"category\">Nieruchomo\u015b\u0107<\/a><\/div><h3 class=\"entry-title\">\t\t<a class=\"p-url\" href=\"https:\/\/eunewsroom.com\/pl\/kosztowny-plan-brukseli-policzyli-nawet-400-tys-zl-na-budynek-money-pl\/\" rel=\"bookmark\">Kosztowny plan Brukseli. Policzyli. Nawet 400 tys. z\u0142 na budynek &#8211; Money.pl<\/a><\/h3><p class=\"entry-summary\">Kosztowny plan Brukseli. Policzyli. Nawet 400 tys.&hellip;<\/p>\r\n\t\t\t\t\t<\/div>\r\n\t\t\t\t<\/div>\r\n\t\t\t<div class=\"p-wrap p-small p-list-small-1\" data-pid=\"14119\">\r\n\t\t\t<div class=\"p-content\">\r\n\t\t\t<div class=\"p-categories p-top\"><a class=\"p-category category-id-1141\" href=\"https:\/\/eunewsroom.com\/category\/news-fr\/eu-fr\/real-estate-fr\/\" rel=\"category\">Immobilier<\/a><a class=\"p-category category-id-1186\" href=\"https:\/\/eunewsroom.com\/pl\/category\/news-pl\/eu-pl\/real-estate-pl\/\" rel=\"category\">Nieruchomo\u015b\u0107<\/a><\/div><h3 class=\"entry-title\">\t\t<a class=\"p-url\" href=\"https:\/\/eunewsroom.com\/pl\/komisja-europejska-zapowiada-mozliwosc-uruchomienia-europejskiego-programu-tanich-mieszkan-bezprawnik\/\" rel=\"bookmark\">Komisja Europejska zapowiada mo\u017cliwo\u015b\u0107 uruchomienia europejskiego programu tanich mieszka\u0144 &#8211; Bezprawnik<\/a><\/h3><p class=\"entry-summary\">Komisja Europejska zapowiada mo\u017cliwo\u015b\u0107 uruchomienia europejskiego programu&hellip;<\/p>\r\n\t\t\t\t\t<\/div>\r\n\t\t\t\t<\/div>\r\n\t<\/div><\/div>\t\t<\/div>\n\t\t\t\t<\/div>\n\t\t\t\t<\/div>\n\t\t\t\t\t<\/div>\n\t\t\t\t<\/div>\n\t\t<div class=\"elementor-element elementor-element-567a818 e-flex e-con-boxed e-con e-parent\" data-id=\"567a818\" data-element_type=\"container\" data-settings=\"{&quot;background_background&quot;:&quot;classic&quot;}\">\n\t\t\t\t\t<div class=\"e-con-inner\">\n\t\t\t\t<div class=\"elementor-element elementor-element-941d465 elementor-widget__width-inherit elementor-widget elementor-widget-foxiz-heading\" data-id=\"941d465\" data-element_type=\"widget\" data-widget_type=\"foxiz-heading.default\">\n\t\t\t\t<div class=\"elementor-widget-container\">\n\t\t\t<div id=\"uid_941d465\" class=\"block-h heading-layout-10\"><div class=\"heading-inner\"><h3 class=\"heading-title\"><a href=\"https:\/\/eunewsroom.com\/pl\/category\/news-pl\/eu-pl\/sports-pl\/\">Sport<\/a><\/h3><div class=\"heading-tagline h6\"><a class=\"heading-tagline-label\" href=\"https:\/\/eunewsroom.com\/pl\/category\/news-pl\/eu-pl\/sports-pl\/\">Poka\u017c wszystkie<\/a><i class=\"rbi rbi-cright heading-tagline-icon\" aria-hidden=\"true\"><\/i><\/div><\/div><\/div>\t\t<\/div>\n\t\t\t\t<\/div>\n\t\t\t\t<div class=\"elementor-element elementor-element-aaacbf8 elementor-widget-divider--view-line elementor-widget elementor-widget-divider\" data-id=\"aaacbf8\" data-element_type=\"widget\" data-widget_type=\"divider.default\">\n\t\t\t\t<div class=\"elementor-widget-container\">\n\t\t\t\t\t<div class=\"elementor-divider\">\n\t\t\t<span class=\"elementor-divider-separator\">\n\t\t\t\t\t\t<\/span>\n\t\t<\/div>\n\t\t\t\t<\/div>\n\t\t\t\t<\/div>\n\t\t\t\t\t<\/div>\n\t\t\t\t<\/div>\n\t\t<div class=\"elementor-element elementor-element-f197d3c e-flex e-con-boxed e-con e-parent\" data-id=\"f197d3c\" data-element_type=\"container\" data-settings=\"{&quot;background_background&quot;:&quot;classic&quot;}\">\n\t\t\t\t\t<div class=\"e-con-inner\">\n\t\t<div class=\"elementor-element elementor-element-3fd5eb2 e-con-full e-flex e-con e-child\" data-id=\"3fd5eb2\" data-element_type=\"container\">\n\t\t\t\t<div class=\"elementor-element elementor-element-673aa5c elementor-widget elementor-widget-foxiz-list-small-1\" data-id=\"673aa5c\" data-element_type=\"widget\" data-widget_type=\"foxiz-list-small-1.default\">\n\t\t\t\t<div class=\"elementor-widget-container\">\n\t\t\t<div id=\"uid_673aa5c\" class=\"block-wrap block-small block-list block-list-small-1 bottom-border is-b-border-gray no-last-bb ecat-l-dot meta-s-default\"><div class=\"block-inner\">\t\t<div class=\"p-wrap p-small p-list-small-1\" data-pid=\"16197\">\r\n\t\t\t<div class=\"p-content\">\r\n\t\t\t<div class=\"p-categories p-top\"><a class=\"p-category category-id-1144\" href=\"https:\/\/eunewsroom.com\/category\/news-fr\/eu-fr\/sports-fr\/\" rel=\"category\">Des sports<\/a><a class=\"p-category category-id-1189\" href=\"https:\/\/eunewsroom.com\/pl\/category\/news-pl\/eu-pl\/sports-pl\/\" rel=\"category\">Sporty<\/a><\/div><h3 class=\"entry-title\">\t\t<a class=\"p-url\" href=\"https:\/\/eunewsroom.com\/pl\/reprezentant-polski-rozchwytywany-bije-sie-o-niego-europejska-czolowka-sport-pl\/\" rel=\"bookmark\">Reprezentant Polski rozchwytywany! Bije si\u0119 o niego europejska czo\u0142\u00f3wka &#8211; Sport.pl<\/a><\/h3><p class=\"entry-summary\">Reprezentant Polski rozchwytywany! Bije si\u0119 o niego&hellip;<\/p>\r\n\t\t\t\t\t<\/div>\r\n\t\t\t\t<\/div>\r\n\t\t\t<div class=\"p-wrap p-small p-list-small-1\" data-pid=\"16064\">\r\n\t\t\t<div class=\"p-content\">\r\n\t\t\t<div class=\"p-categories p-top\"><a class=\"p-category category-id-1144\" href=\"https:\/\/eunewsroom.com\/category\/news-fr\/eu-fr\/sports-fr\/\" rel=\"category\">Des sports<\/a><a class=\"p-category category-id-1189\" href=\"https:\/\/eunewsroom.com\/pl\/category\/news-pl\/eu-pl\/sports-pl\/\" rel=\"category\">Sporty<\/a><\/div><h3 class=\"entry-title\">\t\t<a class=\"p-url\" href=\"https:\/\/eunewsroom.com\/pl\/porazka-mniej-bolesna-niz-zwykle-ale-z-paroma-pilkarzami-legia-europy-nie-zawojuje-komentarz-tvp-sport\/\" rel=\"bookmark\">Pora\u017cka mniej bolesna ni\u017c zwykle, ale z paroma pi\u0142karzami Legia Europy nie zawojuje [KOMENTARZ] &#8211; TVP SPORT<\/a><\/h3><p class=\"entry-summary\">Pora\u017cka mniej bolesna ni\u017c zwykle, ale z&hellip;<\/p>\r\n\t\t\t\t\t<\/div>\r\n\t\t\t\t<\/div>\r\n\t\t\t<div class=\"p-wrap p-small p-list-small-1\" data-pid=\"15863\">\r\n\t\t\t<div class=\"p-content\">\r\n\t\t\t<div class=\"p-categories p-top\"><a class=\"p-category category-id-1144\" href=\"https:\/\/eunewsroom.com\/category\/news-fr\/eu-fr\/sports-fr\/\" rel=\"category\">Des sports<\/a><a class=\"p-category category-id-1189\" href=\"https:\/\/eunewsroom.com\/pl\/category\/news-pl\/eu-pl\/sports-pl\/\" rel=\"category\">Sporty<\/a><\/div><h3 class=\"entry-title\">\t\t<a class=\"p-url\" href=\"https:\/\/eunewsroom.com\/pl\/mistrzostwa-europy-odbeda-sie-w-polsce-zwiazek-sie-chwali-jest-radosny-komunikat-interia-sport\/\" rel=\"bookmark\">Mistrzostwa Europy odb\u0119d\u0105 si\u0119 w Polsce. Zwi\u0105zek si\u0119 chwali, jest radosny komunikat &#8211; Interia Sport<\/a><\/h3><p class=\"entry-summary\">Mistrzostwa Europy odb\u0119d\u0105 si\u0119 w Polsce. Zwi\u0105zek&hellip;<\/p>\r\n\t\t\t\t\t<\/div>\r\n\t\t\t\t<\/div>\r\n\t<\/div><\/div>\t\t<\/div>\n\t\t\t\t<\/div>\n\t\t\t\t<\/div>\n\t\t<div class=\"elementor-element elementor-element-c2b6588 e-con-full e-flex e-con e-child\" data-id=\"c2b6588\" data-element_type=\"container\">\n\t\t\t\t<div class=\"elementor-element elementor-element-734433f elementor-widget elementor-widget-foxiz-list-small-1\" data-id=\"734433f\" data-element_type=\"widget\" data-widget_type=\"foxiz-list-small-1.default\">\n\t\t\t\t<div class=\"elementor-widget-container\">\n\t\t\t<div id=\"uid_734433f\" class=\"block-wrap block-small block-list block-list-small-1 bottom-border is-b-border-gray no-last-bb ecat-l-dot meta-s-default\"><div class=\"block-inner\">\t\t<div class=\"p-wrap p-small p-list-small-1\" data-pid=\"15567\">\r\n\t\t\t<div class=\"p-content\">\r\n\t\t\t<div class=\"p-categories p-top\"><a class=\"p-category category-id-1144\" href=\"https:\/\/eunewsroom.com\/category\/news-fr\/eu-fr\/sports-fr\/\" rel=\"category\">Des sports<\/a><a class=\"p-category category-id-1189\" href=\"https:\/\/eunewsroom.com\/pl\/category\/news-pl\/eu-pl\/sports-pl\/\" rel=\"category\">Sporty<\/a><\/div><h3 class=\"entry-title\">\t\t<a class=\"p-url\" href=\"https:\/\/eunewsroom.com\/pl\/koszykarki-polonii-warszawa-z-dwoma-zwyciestwami-w-europejskiej-lidze-ewbl-sport\/\" rel=\"bookmark\">Koszykarki Polonii Warszawa z dwoma zwyci\u0119stwami w europejskiej lidze EWBL! &#8211; Sport<\/a><\/h3><p class=\"entry-summary\">Koszykarki Polonii Warszawa z dwoma zwyci\u0119stwami w&hellip;<\/p>\r\n\t\t\t\t\t<\/div>\r\n\t\t\t\t<\/div>\r\n\t\t\t<div class=\"p-wrap p-small p-list-small-1\" data-pid=\"15413\">\r\n\t\t\t<div class=\"p-content\">\r\n\t\t\t<div class=\"p-categories p-top\"><a class=\"p-category category-id-1144\" href=\"https:\/\/eunewsroom.com\/category\/news-fr\/eu-fr\/sports-fr\/\" rel=\"category\">Des sports<\/a><a class=\"p-category category-id-1189\" href=\"https:\/\/eunewsroom.com\/pl\/category\/news-pl\/eu-pl\/sports-pl\/\" rel=\"category\">Sporty<\/a><\/div><h3 class=\"entry-title\">\t\t<a class=\"p-url\" href=\"https:\/\/eunewsroom.com\/pl\/zawodnicy-muks-wopr-kedzierzyn-kozle-to-czolowka-krajowa-i-europejska-zdjecia-lokalna24\/\" rel=\"bookmark\">Zawodnicy MUKS WOPR K\u0119dzierzyn-Ko\u017ale to czo\u0142\u00f3wka krajowa i europejska. ZDJ\u0118CIA &#8211; Lokalna24<\/a><\/h3><p class=\"entry-summary\">Zawodnicy MUKS WOPR K\u0119dzierzyn-Ko\u017ale to czo\u0142\u00f3wka krajowa&hellip;<\/p>\r\n\t\t\t\t\t<\/div>\r\n\t\t\t\t<\/div>\r\n\t\t\t<div class=\"p-wrap p-small p-list-small-1\" data-pid=\"15221\">\r\n\t\t\t<div class=\"p-content\">\r\n\t\t\t<div class=\"p-categories p-top\"><a class=\"p-category category-id-1144\" href=\"https:\/\/eunewsroom.com\/category\/news-fr\/eu-fr\/sports-fr\/\" rel=\"category\">Des sports<\/a><a class=\"p-category category-id-1189\" href=\"https:\/\/eunewsroom.com\/pl\/category\/news-pl\/eu-pl\/sports-pl\/\" rel=\"category\">Sporty<\/a><\/div><h3 class=\"entry-title\">\t\t<a class=\"p-url\" href=\"https:\/\/eunewsroom.com\/pl\/nba-liga-europejska-bez-porozumienia-z-fiba-legenda-hiszpanow-grzmi-probasket-pl\/\" rel=\"bookmark\">NBA: Liga europejska bez porozumienia z FIBA? Legenda Hiszpan\u00f3w grzmi &#8211; probasket.pl<\/a><\/h3><p class=\"entry-summary\">NBA: Liga europejska bez porozumienia z FIBA?&hellip;<\/p>\r\n\t\t\t\t\t<\/div>\r\n\t\t\t\t<\/div>\r\n\t<\/div><\/div>\t\t<\/div>\n\t\t\t\t<\/div>\n\t\t\t\t<\/div>\n\t\t<div class=\"elementor-element elementor-element-689be69 e-con-full e-flex e-con e-child\" data-id=\"689be69\" data-element_type=\"container\">\n\t\t\t\t<div class=\"elementor-element elementor-element-f936b9c elementor-widget elementor-widget-foxiz-list-small-1\" data-id=\"f936b9c\" data-element_type=\"widget\" data-widget_type=\"foxiz-list-small-1.default\">\n\t\t\t\t<div class=\"elementor-widget-container\">\n\t\t\t<div id=\"uid_f936b9c\" class=\"block-wrap block-small block-list block-list-small-1 bottom-border is-b-border-gray no-last-bb ecat-l-dot meta-s-default\"><div class=\"block-inner\">\t\t<div class=\"p-wrap p-small p-list-small-1\" data-pid=\"15012\">\r\n\t\t\t<div class=\"p-content\">\r\n\t\t\t<div class=\"p-categories p-top\"><a class=\"p-category category-id-1144\" href=\"https:\/\/eunewsroom.com\/category\/news-fr\/eu-fr\/sports-fr\/\" rel=\"category\">Des sports<\/a><a class=\"p-category category-id-1189\" href=\"https:\/\/eunewsroom.com\/pl\/category\/news-pl\/eu-pl\/sports-pl\/\" rel=\"category\">Sporty<\/a><\/div><h3 class=\"entry-title\">\t\t<a class=\"p-url\" href=\"https:\/\/eunewsroom.com\/pl\/swietny-wystep-polakow-na-mistrzostwach-europy-cztery-medale-polsatsport-pl\/\" rel=\"bookmark\">\u015awietny wyst\u0119p Polak\u00f3w na mistrzostwach Europy! Cztery medale &#8211; polsatsport.pl<\/a><\/h3><p class=\"entry-summary\">\u015awietny wyst\u0119p Polak\u00f3w na mistrzostwach Europy! Cztery&hellip;<\/p>\r\n\t\t\t\t\t<\/div>\r\n\t\t\t\t<\/div>\r\n\t\t\t<div class=\"p-wrap p-small p-list-small-1\" data-pid=\"14866\">\r\n\t\t\t<div class=\"p-content\">\r\n\t\t\t<div class=\"p-categories p-top\"><a class=\"p-category category-id-1144\" href=\"https:\/\/eunewsroom.com\/category\/news-fr\/eu-fr\/sports-fr\/\" rel=\"category\">Des sports<\/a><a class=\"p-category category-id-1189\" href=\"https:\/\/eunewsroom.com\/pl\/category\/news-pl\/eu-pl\/sports-pl\/\" rel=\"category\">Sporty<\/a><\/div><h3 class=\"entry-title\">\t\t<a class=\"p-url\" href=\"https:\/\/eunewsroom.com\/pl\/mks-funfloor-blizej-awansu-do-fazy-grupowej-ligi-europejskiej-lublinianki-wygraly-pierwszy-mecz-z-mistrzyniami-hiszpanii-zobacz-zdjecia-kurier-lubelski\/\" rel=\"bookmark\">MKS FunFloor bli\u017cej awansu do fazy grupowej Ligi Europejskiej. Lublinianki wygra\u0142y pierwszy mecz z mistrzyniami Hiszpanii. Zobacz zdj\u0119cia &#8211; Kurier Lubelski<\/a><\/h3><p class=\"entry-summary\">MKS FunFloor bli\u017cej awansu do fazy grupowej&hellip;<\/p>\r\n\t\t\t\t\t<\/div>\r\n\t\t\t\t<\/div>\r\n\t\t\t<div class=\"p-wrap p-small p-list-small-1\" data-pid=\"14640\">\r\n\t\t\t<div class=\"p-content\">\r\n\t\t\t<div class=\"p-categories p-top\"><a class=\"p-category category-id-1144\" href=\"https:\/\/eunewsroom.com\/category\/news-fr\/eu-fr\/sports-fr\/\" rel=\"category\">Des sports<\/a><a class=\"p-category category-id-1189\" href=\"https:\/\/eunewsroom.com\/pl\/category\/news-pl\/eu-pl\/sports-pl\/\" rel=\"category\">Sporty<\/a><\/div><h3 class=\"entry-title\">\t\t<a class=\"p-url\" href=\"https:\/\/eunewsroom.com\/pl\/kosmiczny-wynik-lewandowskiego-pobity-wystarczyl-jeden-mecz-mowi-o-nim-cala-europa-sport-goniec-pl\/\" rel=\"bookmark\">Kosmiczny wynik Lewandowskiego pobity. Wystarczy\u0142 jeden mecz, m\u00f3wi o nim ca\u0142a Europa &#8211; sport.goniec.pl<\/a><\/h3><p class=\"entry-summary\">Kosmiczny wynik Lewandowskiego pobity. Wystarczy\u0142 jeden mecz,&hellip;<\/p>\r\n\t\t\t\t\t<\/div>\r\n\t\t\t\t<\/div>\r\n\t<\/div><\/div>\t\t<\/div>\n\t\t\t\t<\/div>\n\t\t\t\t<\/div>\n\t\t<div class=\"elementor-element elementor-element-43d6597 e-con-full e-flex e-con e-child\" data-id=\"43d6597\" data-element_type=\"container\">\n\t\t\t\t<div class=\"elementor-element elementor-element-e4dbe44 elementor-widget elementor-widget-foxiz-list-small-1\" data-id=\"e4dbe44\" data-element_type=\"widget\" data-widget_type=\"foxiz-list-small-1.default\">\n\t\t\t\t<div class=\"elementor-widget-container\">\n\t\t\t<div id=\"uid_e4dbe44\" class=\"block-wrap block-small block-list block-list-small-1 bottom-border is-b-border-gray no-last-bb ecat-l-dot meta-s-default\"><div class=\"block-inner\">\t\t<div class=\"p-wrap p-small p-list-small-1\" data-pid=\"14487\">\r\n\t\t\t<div class=\"p-content\">\r\n\t\t\t<div class=\"p-categories p-top\"><a class=\"p-category category-id-1144\" href=\"https:\/\/eunewsroom.com\/category\/news-fr\/eu-fr\/sports-fr\/\" rel=\"category\">Des sports<\/a><a class=\"p-category category-id-1189\" href=\"https:\/\/eunewsroom.com\/pl\/category\/news-pl\/eu-pl\/sports-pl\/\" rel=\"category\">Sporty<\/a><\/div><h3 class=\"entry-title\">\t\t<a class=\"p-url\" href=\"https:\/\/eunewsroom.com\/pl\/nie-uwierzysz-kto-nadal-gra-polski-bohater-euro-2012-na-boisku-w-hicie-ligi-europy-polsatsport-pl\/\" rel=\"bookmark\">Nie uwierzysz, kto nadal gra! Polski bohater Euro 2012 na boisku w hicie Ligi Europy &#8211; polsatsport.pl<\/a><\/h3><p class=\"entry-summary\">Nie uwierzysz, kto nadal gra! Polski bohater&hellip;<\/p>\r\n\t\t\t\t\t<\/div>\r\n\t\t\t\t<\/div>\r\n\t\t\t<div class=\"p-wrap p-small p-list-small-1\" data-pid=\"14324\">\r\n\t\t\t<div class=\"p-content\">\r\n\t\t\t<div class=\"p-categories p-top\"><a class=\"p-category category-id-1144\" href=\"https:\/\/eunewsroom.com\/category\/news-fr\/eu-fr\/sports-fr\/\" rel=\"category\">Des sports<\/a><a class=\"p-category category-id-1189\" href=\"https:\/\/eunewsroom.com\/pl\/category\/news-pl\/eu-pl\/sports-pl\/\" rel=\"category\">Sporty<\/a><\/div><h3 class=\"entry-title\">\t\t<a class=\"p-url\" href=\"https:\/\/eunewsroom.com\/pl\/el-mistrzostw-europy-koszykarzy-milicic-powolal-kadre-myslimy-o-przyszlosci-polskieradio24-pl\/\" rel=\"bookmark\">El. mistrzostw Europy koszykarzy. Milici\u0107 powo\u0142a\u0142 kadr\u0119. &quot;My\u015blimy o przysz\u0142o\u015bci&quot; &#8211; PolskieRadio24.pl<\/a><\/h3><p class=\"entry-summary\">El. mistrzostw Europy koszykarzy. Milici\u0107 powo\u0142a\u0142 kadr\u0119.&hellip;<\/p>\r\n\t\t\t\t\t<\/div>\r\n\t\t\t\t<\/div>\r\n\t\t\t<div class=\"p-wrap p-small p-list-small-1\" data-pid=\"14118\">\r\n\t\t\t<div class=\"p-content\">\r\n\t\t\t<div class=\"p-categories p-top\"><a class=\"p-category category-id-1144\" href=\"https:\/\/eunewsroom.com\/category\/news-fr\/eu-fr\/sports-fr\/\" rel=\"category\">Des sports<\/a><a class=\"p-category category-id-1189\" href=\"https:\/\/eunewsroom.com\/pl\/category\/news-pl\/eu-pl\/sports-pl\/\" rel=\"category\">Sporty<\/a><\/div><h3 class=\"entry-title\">\t\t<a class=\"p-url\" href=\"https:\/\/eunewsroom.com\/pl\/genialna-forma-gwiazdora-znamy-mistrza-europy-polak-na-podium-paddon-znow-z-korona-marczyk-trzeci-interia-sport\/\" rel=\"bookmark\">Genialna forma gwiazdora! Znamy mistrza Europy, Polak na podium. Paddon zn\u00f3w z koron\u0105, Marczyk trzeci &#8211; Interia Sport<\/a><\/h3><p class=\"entry-summary\">Genialna forma gwiazdora! Znamy mistrza Europy, Polak&hellip;<\/p>\r\n\t\t\t\t\t<\/div>\r\n\t\t\t\t<\/div>\r\n\t<\/div><\/div>\t\t<\/div>\n\t\t\t\t<\/div>\n\t\t\t\t<\/div>\n\t\t\t\t\t<\/div>\n\t\t\t\t<\/div>\n\t\t<div class=\"elementor-element elementor-element-c03c616 e-flex e-con-boxed e-con e-parent\" data-id=\"c03c616\" data-element_type=\"container\" data-settings=\"{&quot;background_background&quot;:&quot;classic&quot;}\">\n\t\t\t\t\t<div class=\"e-con-inner\">\n\t\t\t\t<div class=\"elementor-element elementor-element-5a39e12 elementor-widget__width-inherit elementor-widget elementor-widget-foxiz-heading\" data-id=\"5a39e12\" data-element_type=\"widget\" data-widget_type=\"foxiz-heading.default\">\n\t\t\t\t<div class=\"elementor-widget-container\">\n\t\t\t<div id=\"uid_5a39e12\" class=\"block-h heading-layout-10\"><div class=\"heading-inner\"><h3 class=\"heading-title\"><a href=\"https:\/\/eunewsroom.com\/pl\/category\/news-pl\/eu-pl\/technology-pl\/\">Technologia<\/a><\/h3><div class=\"heading-tagline h6\"><a class=\"heading-tagline-label\" href=\"https:\/\/eunewsroom.com\/pl\/category\/news-pl\/eu-pl\/technology-pl\/\">Poka\u017c wszystkie<\/a><i class=\"rbi rbi-cright heading-tagline-icon\" aria-hidden=\"true\"><\/i><\/div><\/div><\/div>\t\t<\/div>\n\t\t\t\t<\/div>\n\t\t\t\t<div class=\"elementor-element elementor-element-b574b58 elementor-widget-divider--view-line elementor-widget elementor-widget-divider\" data-id=\"b574b58\" data-element_type=\"widget\" data-widget_type=\"divider.default\">\n\t\t\t\t<div class=\"elementor-widget-container\">\n\t\t\t\t\t<div class=\"elementor-divider\">\n\t\t\t<span class=\"elementor-divider-separator\">\n\t\t\t\t\t\t<\/span>\n\t\t<\/div>\n\t\t\t\t<\/div>\n\t\t\t\t<\/div>\n\t\t\t\t\t<\/div>\n\t\t\t\t<\/div>\n\t\t<div class=\"elementor-element elementor-element-cf28152 e-flex e-con-boxed e-con e-parent\" data-id=\"cf28152\" data-element_type=\"container\">\n\t\t\t\t\t<div class=\"e-con-inner\">\n\t\t<div class=\"elementor-element elementor-element-da722d9 e-con-full e-flex e-con e-child\" data-id=\"da722d9\" data-element_type=\"container\">\n\t\t\t\t<div class=\"elementor-element elementor-element-81f32a3 elementor-widget elementor-widget-foxiz-list-small-1\" data-id=\"81f32a3\" data-element_type=\"widget\" data-widget_type=\"foxiz-list-small-1.default\">\n\t\t\t\t<div class=\"elementor-widget-container\">\n\t\t\t<div id=\"uid_81f32a3\" class=\"block-wrap block-small block-list block-list-small-1 bottom-border is-b-border-gray no-last-bb ecat-l-dot meta-s-default\"><div class=\"block-inner\">\t\t<div class=\"p-wrap p-small p-list-small-1\" data-pid=\"16196\">\r\n\t\t\t<div class=\"p-content\">\r\n\t\t\t<div class=\"p-categories p-top\"><a class=\"p-category category-id-1187\" href=\"https:\/\/eunewsroom.com\/pl\/category\/news-pl\/eu-pl\/technology-pl\/\" rel=\"category\">Technologia<\/a><a class=\"p-category category-id-1142\" href=\"https:\/\/eunewsroom.com\/category\/news-fr\/eu-fr\/technology-fr\/\" rel=\"category\">Technologie<\/a><\/div><h3 class=\"entry-title\">\t\t<a class=\"p-url\" href=\"https:\/\/eunewsroom.com\/pl\/zielone-technologie-w-sluzbie-konkurencyjnosci-europy-onet\/\" rel=\"bookmark\">Zielone technologie w s\u0142u\u017cbie konkurencyjno\u015bci Europy &#8211; Onet<\/a><\/h3><p class=\"entry-summary\">Zielone technologie w s\u0142u\u017cbie konkurencyjno\u015bci Europy&nbsp;&nbsp;Onet \u0179r\u00f3d\u0142o<\/p>\r\n\t\t\t\t\t<\/div>\r\n\t\t\t\t<\/div>\r\n\t\t\t<div class=\"p-wrap p-small p-list-small-1\" data-pid=\"16063\">\r\n\t\t\t<div class=\"p-content\">\r\n\t\t\t<div class=\"p-categories p-top\"><a class=\"p-category category-id-1187\" href=\"https:\/\/eunewsroom.com\/pl\/category\/news-pl\/eu-pl\/technology-pl\/\" rel=\"category\">Technologia<\/a><a class=\"p-category category-id-1142\" href=\"https:\/\/eunewsroom.com\/category\/news-fr\/eu-fr\/technology-fr\/\" rel=\"category\">Technologie<\/a><\/div><h3 class=\"entry-title\">\t\t<a class=\"p-url\" href=\"https:\/\/eunewsroom.com\/pl\/ostatni-dzwonek-dla-europy-konferencja-cee-innovation-day-2024-w-warszawie-money-pl\/\" rel=\"bookmark\">Ostatni dzwonek dla Europy? Konferencja CEE Innovation Day 2024 w Warszawie &#8211; Money.pl<\/a><\/h3><p class=\"entry-summary\">Ostatni dzwonek dla Europy? Konferencja CEE Innovation&hellip;<\/p>\r\n\t\t\t\t\t<\/div>\r\n\t\t\t\t<\/div>\r\n\t\t\t<div class=\"p-wrap p-small p-list-small-1\" data-pid=\"15862\">\r\n\t\t\t<div class=\"p-content\">\r\n\t\t\t<div class=\"p-categories p-top\"><a class=\"p-category category-id-1187\" href=\"https:\/\/eunewsroom.com\/pl\/category\/news-pl\/eu-pl\/technology-pl\/\" rel=\"category\">Technologia<\/a><a class=\"p-category category-id-1142\" href=\"https:\/\/eunewsroom.com\/category\/news-fr\/eu-fr\/technology-fr\/\" rel=\"category\">Technologie<\/a><\/div><h3 class=\"entry-title\">\t\t<a class=\"p-url\" href=\"https:\/\/eunewsroom.com\/pl\/unia-europejska-bedzie-miala-wlasny-internet-satelitarny-ma-zastapic-uslugi-starlink-bankier-pl\/\" rel=\"bookmark\">Unia Europejska b\u0119dzie mia\u0142a w\u0142asny internet satelitarny. Ma zast\u0105pi\u0107 us\u0142ugi Starlink &#8211; Bankier.pl<\/a><\/h3><p class=\"entry-summary\">Unia Europejska b\u0119dzie mia\u0142a w\u0142asny internet satelitarny.&hellip;<\/p>\r\n\t\t\t\t\t<\/div>\r\n\t\t\t\t<\/div>\r\n\t<\/div><\/div>\t\t<\/div>\n\t\t\t\t<\/div>\n\t\t\t\t<\/div>\n\t\t<div class=\"elementor-element elementor-element-bd33af7 e-con-full e-flex e-con e-child\" data-id=\"bd33af7\" data-element_type=\"container\">\n\t\t\t\t<div class=\"elementor-element elementor-element-396c520 elementor-widget elementor-widget-foxiz-list-small-1\" data-id=\"396c520\" data-element_type=\"widget\" data-widget_type=\"foxiz-list-small-1.default\">\n\t\t\t\t<div class=\"elementor-widget-container\">\n\t\t\t<div id=\"uid_396c520\" class=\"block-wrap block-small block-list block-list-small-1 bottom-border is-b-border-gray no-last-bb ecat-l-dot meta-s-default\"><div class=\"block-inner\">\t\t<div class=\"p-wrap p-small p-list-small-1\" data-pid=\"15566\">\r\n\t\t\t<div class=\"p-content\">\r\n\t\t\t<div class=\"p-categories p-top\"><a class=\"p-category category-id-1187\" href=\"https:\/\/eunewsroom.com\/pl\/category\/news-pl\/eu-pl\/technology-pl\/\" rel=\"category\">Technologia<\/a><a class=\"p-category category-id-1142\" href=\"https:\/\/eunewsroom.com\/category\/news-fr\/eu-fr\/technology-fr\/\" rel=\"category\">Technologie<\/a><\/div><h3 class=\"entry-title\">\t\t<a class=\"p-url\" href=\"https:\/\/eunewsroom.com\/pl\/unia-bedzie-dotowac-firmy-ktore-nie-beda-korzystac-z-chinskich-technologii-ma-na-to-46-mld-auto-swiat\/\" rel=\"bookmark\">Unia b\u0119dzie dotowa\u0107 firmy, kt\u00f3re nie b\u0119d\u0105 korzysta\u0107 z chi\u0144skich technologii. Ma na to 4,6 mld &#8211; Auto \u015awiat<\/a><\/h3><p class=\"entry-summary\">Unia b\u0119dzie dotowa\u0107 firmy, kt\u00f3re nie b\u0119d\u0105&hellip;<\/p>\r\n\t\t\t\t\t<\/div>\r\n\t\t\t\t<\/div>\r\n\t\t\t<div class=\"p-wrap p-small p-list-small-1\" data-pid=\"15412\">\r\n\t\t\t<div class=\"p-content\">\r\n\t\t\t<div class=\"p-categories p-top\"><a class=\"p-category category-id-1187\" href=\"https:\/\/eunewsroom.com\/pl\/category\/news-pl\/eu-pl\/technology-pl\/\" rel=\"category\">Technologia<\/a><a class=\"p-category category-id-1142\" href=\"https:\/\/eunewsroom.com\/category\/news-fr\/eu-fr\/technology-fr\/\" rel=\"category\">Technologie<\/a><\/div><h3 class=\"entry-title\">\t\t<a class=\"p-url\" href=\"https:\/\/eunewsroom.com\/pl\/europa-musi-podwoic-wydatki-na-badania-i-innowacje-zeby-dogonic-usa-i-chiny-raport-niezaleznych-ekspertow-gazeta-wyborcza\/\" rel=\"bookmark\">Europa musi podwoi\u0107 wydatki na badania i innowacje, \u017ceby dogoni\u0107 USA i Chiny. Raport niezale\u017cnych ekspert\u00f3w &#8211; Gazeta Wyborcza<\/a><\/h3><p class=\"entry-summary\">Europa musi podwoi\u0107 wydatki na badania i&hellip;<\/p>\r\n\t\t\t\t\t<\/div>\r\n\t\t\t\t<\/div>\r\n\t\t\t<div class=\"p-wrap p-small p-list-small-1\" data-pid=\"15220\">\r\n\t\t\t<div class=\"p-content\">\r\n\t\t\t<div class=\"p-categories p-top\"><a class=\"p-category category-id-1187\" href=\"https:\/\/eunewsroom.com\/pl\/category\/news-pl\/eu-pl\/technology-pl\/\" rel=\"category\">Technologia<\/a><a class=\"p-category category-id-1142\" href=\"https:\/\/eunewsroom.com\/category\/news-fr\/eu-fr\/technology-fr\/\" rel=\"category\">Technologie<\/a><\/div><h3 class=\"entry-title\">\t\t<a class=\"p-url\" href=\"https:\/\/eunewsroom.com\/pl\/tech4all-huawei-zwieksza-swoj-udzial-we-wspieraniu-cyfrowej-i-ekologicznej-transformacji-europy-itreseller\/\" rel=\"bookmark\">TECH4ALL: Huawei zwi\u0119ksza sw\u00f3j udzia\u0142 we wspieraniu cyfrowej i ekologicznej transformacji Europy &#8211; ITReseller<\/a><\/h3><p class=\"entry-summary\">TECH4ALL: Huawei zwi\u0119ksza sw\u00f3j udzia\u0142 we wspieraniu&hellip;<\/p>\r\n\t\t\t\t\t<\/div>\r\n\t\t\t\t<\/div>\r\n\t<\/div><\/div>\t\t<\/div>\n\t\t\t\t<\/div>\n\t\t\t\t<\/div>\n\t\t<div class=\"elementor-element elementor-element-158f714 e-con-full e-flex e-con e-child\" data-id=\"158f714\" data-element_type=\"container\">\n\t\t\t\t<div class=\"elementor-element elementor-element-92a39d5 elementor-widget elementor-widget-foxiz-list-small-1\" data-id=\"92a39d5\" data-element_type=\"widget\" data-widget_type=\"foxiz-list-small-1.default\">\n\t\t\t\t<div class=\"elementor-widget-container\">\n\t\t\t<div id=\"uid_92a39d5\" class=\"block-wrap block-small block-list block-list-small-1 bottom-border is-b-border-gray no-last-bb ecat-l-dot meta-s-default\"><div class=\"block-inner\">\t\t<div class=\"p-wrap p-small p-list-small-1\" data-pid=\"15011\">\r\n\t\t\t<div class=\"p-content\">\r\n\t\t\t<div class=\"p-categories p-top\"><a class=\"p-category category-id-1187\" href=\"https:\/\/eunewsroom.com\/pl\/category\/news-pl\/eu-pl\/technology-pl\/\" rel=\"category\">Technologia<\/a><a class=\"p-category category-id-1142\" href=\"https:\/\/eunewsroom.com\/category\/news-fr\/eu-fr\/technology-fr\/\" rel=\"category\">Technologie<\/a><\/div><h3 class=\"entry-title\">\t\t<a class=\"p-url\" href=\"https:\/\/eunewsroom.com\/pl\/skupienie-sie-na-elektrykach-to-blad-europy-prezes-boscha-wskazuje-inna-droge-business-insider-polska\/\" rel=\"bookmark\">Skupienie si\u0119 na elektrykach to b\u0142\u0105d Europy? Prezes Boscha wskazuje inn\u0105 drog\u0119 &#8211; Business Insider Polska<\/a><\/h3><p class=\"entry-summary\">Skupienie si\u0119 na elektrykach to b\u0142\u0105d Europy?&hellip;<\/p>\r\n\t\t\t\t\t<\/div>\r\n\t\t\t\t<\/div>\r\n\t\t\t<div class=\"p-wrap p-small p-list-small-1\" data-pid=\"14865\">\r\n\t\t\t<div class=\"p-content\">\r\n\t\t\t<div class=\"p-categories p-top\"><a class=\"p-category category-id-1187\" href=\"https:\/\/eunewsroom.com\/pl\/category\/news-pl\/eu-pl\/technology-pl\/\" rel=\"category\">Technologia<\/a><a class=\"p-category category-id-1142\" href=\"https:\/\/eunewsroom.com\/category\/news-fr\/eu-fr\/technology-fr\/\" rel=\"category\">Technologie<\/a><\/div><h3 class=\"entry-title\">\t\t<a class=\"p-url\" href=\"https:\/\/eunewsroom.com\/pl\/komisja-europejska-kontra-apple-tym-razem-chodzi-o-system-operacyjny-ipadow-bankier-pl\/\" rel=\"bookmark\">Komisja Europejska kontra Apple. Tym razem chodzi o system operacyjny iPad\u00f3w &#8211; Bankier.pl<\/a><\/h3><p class=\"entry-summary\">Komisja Europejska kontra Apple. Tym razem chodzi&hellip;<\/p>\r\n\t\t\t\t\t<\/div>\r\n\t\t\t\t<\/div>\r\n\t\t\t<div class=\"p-wrap p-small p-list-small-1\" data-pid=\"14639\">\r\n\t\t\t<div class=\"p-content\">\r\n\t\t\t<div class=\"p-categories p-top\"><a class=\"p-category category-id-1187\" href=\"https:\/\/eunewsroom.com\/pl\/category\/news-pl\/eu-pl\/technology-pl\/\" rel=\"category\">Technologia<\/a><a class=\"p-category category-id-1142\" href=\"https:\/\/eunewsroom.com\/category\/news-fr\/eu-fr\/technology-fr\/\" rel=\"category\">Technologie<\/a><\/div><h3 class=\"entry-title\">\t\t<a class=\"p-url\" href=\"https:\/\/eunewsroom.com\/pl\/europa-stworzy-bezpieczny-system-lacznosci-satelitarnej-wybrano-wykonawcow-space24-pl\/\" rel=\"bookmark\">Europa stworzy bezpieczny system \u0142\u0105czno\u015bci satelitarnej. Wybrano wykonawc\u00f3w &#8211; Space24.pl<\/a><\/h3><p class=\"entry-summary\">Europa stworzy bezpieczny system \u0142\u0105czno\u015bci satelitarnej. Wybrano&hellip;<\/p>\r\n\t\t\t\t\t<\/div>\r\n\t\t\t\t<\/div>\r\n\t<\/div><\/div>\t\t<\/div>\n\t\t\t\t<\/div>\n\t\t\t\t<\/div>\n\t\t<div class=\"elementor-element elementor-element-9015123 e-con-full e-flex e-con e-child\" data-id=\"9015123\" data-element_type=\"container\">\n\t\t\t\t<div class=\"elementor-element elementor-element-ad990a9 elementor-widget elementor-widget-foxiz-list-small-1\" data-id=\"ad990a9\" data-element_type=\"widget\" data-widget_type=\"foxiz-list-small-1.default\">\n\t\t\t\t<div class=\"elementor-widget-container\">\n\t\t\t<div id=\"uid_ad990a9\" class=\"block-wrap block-small block-list block-list-small-1 bottom-border is-b-border-gray no-last-bb ecat-l-dot meta-s-default\"><div class=\"block-inner\">\t\t<div class=\"p-wrap p-small p-list-small-1\" data-pid=\"14486\">\r\n\t\t\t<div class=\"p-content\">\r\n\t\t\t<div class=\"p-categories p-top\"><a class=\"p-category category-id-1187\" href=\"https:\/\/eunewsroom.com\/pl\/category\/news-pl\/eu-pl\/technology-pl\/\" rel=\"category\">Technologia<\/a><a class=\"p-category category-id-1142\" href=\"https:\/\/eunewsroom.com\/category\/news-fr\/eu-fr\/technology-fr\/\" rel=\"category\">Technologie<\/a><\/div><h3 class=\"entry-title\">\t\t<a class=\"p-url\" href=\"https:\/\/eunewsroom.com\/pl\/rozwoj-nowych-technologii-przesadzi-o-konkurencyjnosci-europy-rzeczpospolita\/\" rel=\"bookmark\">Rozw\u00f3j nowych technologii przes\u0105dzi o konkurencyjno\u015bci Europy &#8211; Rzeczpospolita<\/a><\/h3><p class=\"entry-summary\">Rozw\u00f3j nowych technologii przes\u0105dzi o konkurencyjno\u015bci Europy&nbsp;&nbsp;Rzeczpospolita&hellip;<\/p>\r\n\t\t\t\t\t<\/div>\r\n\t\t\t\t<\/div>\r\n\t\t\t<div class=\"p-wrap p-small p-list-small-1\" data-pid=\"14323\">\r\n\t\t\t<div class=\"p-content\">\r\n\t\t\t<div class=\"p-categories p-top\"><a class=\"p-category category-id-1187\" href=\"https:\/\/eunewsroom.com\/pl\/category\/news-pl\/eu-pl\/technology-pl\/\" rel=\"category\">Technologia<\/a><a class=\"p-category category-id-1142\" href=\"https:\/\/eunewsroom.com\/category\/news-fr\/eu-fr\/technology-fr\/\" rel=\"category\">Technologie<\/a><\/div><h3 class=\"entry-title\">\t\t<a class=\"p-url\" href=\"https:\/\/eunewsroom.com\/pl\/czy-europa-przegra-wyscig-o-ai-onet\/\" rel=\"bookmark\">Czy Europa przegra wy\u015bcig o AI? &#8211; Onet<\/a><\/h3><p class=\"entry-summary\">Czy Europa przegra wy\u015bcig o AI?&nbsp;&nbsp;Onet \u0179r\u00f3d\u0142o<\/p>\r\n\t\t\t\t\t<\/div>\r\n\t\t\t\t<\/div>\r\n\t\t\t<div class=\"p-wrap p-small p-list-small-1\" data-pid=\"14117\">\r\n\t\t\t<div class=\"p-content\">\r\n\t\t\t<div class=\"p-categories p-top\"><a class=\"p-category category-id-1187\" href=\"https:\/\/eunewsroom.com\/pl\/category\/news-pl\/eu-pl\/technology-pl\/\" rel=\"category\">Technologia<\/a><a class=\"p-category category-id-1142\" href=\"https:\/\/eunewsroom.com\/category\/news-fr\/eu-fr\/technology-fr\/\" rel=\"category\">Technologie<\/a><\/div><h3 class=\"entry-title\">\t\t<a class=\"p-url\" href=\"https:\/\/eunewsroom.com\/pl\/deep-tech-nowy-pomysl-na-stary-kontynent-czyli-europa-w-biegu-o-niezaleznosc-technologiczna-telix-pl\/\" rel=\"bookmark\">Deep tech \u2013 nowy pomys\u0142 na Stary Kontynent, czyli Europa w biegu o niezale\u017cno\u015b\u0107 technologiczn\u0105 &#8211; Telix.pl<\/a><\/h3><p class=\"entry-summary\">Deep tech \u2013 nowy pomys\u0142 na Stary&hellip;<\/p>\r\n\t\t\t\t\t<\/div>\r\n\t\t\t\t<\/div>\r\n\t<\/div><\/div>\t\t<\/div>\n\t\t\t\t<\/div>\n\t\t\t\t<\/div>\n\t\t\t\t\t<\/div>\n\t\t\t\t<\/div>\n\t\t<div class=\"elementor-element elementor-element-553ebc2 e-flex e-con-boxed e-con e-parent\" data-id=\"553ebc2\" data-element_type=\"container\" data-settings=\"{&quot;background_background&quot;:&quot;classic&quot;}\">\n\t\t\t\t\t<div class=\"e-con-inner\">\n\t\t\t\t<div class=\"elementor-element elementor-element-5e55f40 elementor-widget__width-inherit elementor-widget elementor-widget-foxiz-heading\" data-id=\"5e55f40\" data-element_type=\"widget\" data-widget_type=\"foxiz-heading.default\">\n\t\t\t\t<div class=\"elementor-widget-container\">\n\t\t\t<div id=\"uid_5e55f40\" class=\"block-h heading-layout-10\"><div class=\"heading-inner\"><h3 class=\"heading-title\"><a href=\"https:\/\/eunewsroom.com\/pl\/category\/news-pl\/eu-pl\/travel-pl\/\">Podr\u00f3\u017c<\/a><\/h3><div class=\"heading-tagline h6\"><a class=\"heading-tagline-label\" href=\"https:\/\/eunewsroom.com\/pl\/category\/news-pl\/eu-pl\/travel-pl\/\">Poka\u017c wszystkie<\/a><i class=\"rbi rbi-cright heading-tagline-icon\" aria-hidden=\"true\"><\/i><\/div><\/div><\/div>\t\t<\/div>\n\t\t\t\t<\/div>\n\t\t\t\t<div class=\"elementor-element elementor-element-f0e4214 elementor-widget-divider--view-line elementor-widget elementor-widget-divider\" data-id=\"f0e4214\" data-element_type=\"widget\" data-widget_type=\"divider.default\">\n\t\t\t\t<div class=\"elementor-widget-container\">\n\t\t\t\t\t<div class=\"elementor-divider\">\n\t\t\t<span class=\"elementor-divider-separator\">\n\t\t\t\t\t\t<\/span>\n\t\t<\/div>\n\t\t\t\t<\/div>\n\t\t\t\t<\/div>\n\t\t\t\t\t<\/div>\n\t\t\t\t<\/div>\n\t\t<div class=\"elementor-element elementor-element-ef66790 e-flex e-con-boxed e-con e-parent\" data-id=\"ef66790\" data-element_type=\"container\" data-settings=\"{&quot;background_background&quot;:&quot;classic&quot;}\">\n\t\t\t\t\t<div class=\"e-con-inner\">\n\t\t<div class=\"elementor-element elementor-element-66e3d86 e-con-full e-flex e-con e-child\" data-id=\"66e3d86\" data-element_type=\"container\">\n\t\t\t\t<div class=\"elementor-element elementor-element-ff88e91 elementor-widget elementor-widget-foxiz-list-small-1\" data-id=\"ff88e91\" data-element_type=\"widget\" data-widget_type=\"foxiz-list-small-1.default\">\n\t\t\t\t<div class=\"elementor-widget-container\">\n\t\t\t<div id=\"uid_ff88e91\" class=\"block-wrap block-small block-list block-list-small-1 bottom-border is-b-border-gray no-last-bb ecat-l-dot meta-s-default\"><div class=\"block-inner\">\t\t<div class=\"p-wrap p-small p-list-small-1\" data-pid=\"16195\">\r\n\t\t\t<div class=\"p-content\">\r\n\t\t\t<div class=\"p-categories p-top\"><a class=\"p-category category-id-1197\" href=\"https:\/\/eunewsroom.com\/pl\/category\/news-pl\/eu-pl\/travel-pl\/\" rel=\"category\">Podr\u00f3\u017c<\/a><a class=\"p-category category-id-1151\" href=\"https:\/\/eunewsroom.com\/category\/news-fr\/eu-fr\/travel-fr\/\" rel=\"category\">Voyage<\/a><\/div><h3 class=\"entry-title\">\t\t<a class=\"p-url\" href=\"https:\/\/eunewsroom.com\/pl\/najpiekniejsza-stolica-europy-warto-tam-leciec-teraz-jest-slonecznie-i-wiosennie-business-insider-polska\/\" rel=\"bookmark\">Najpi\u0119kniejsza stolica Europy. Warto tam lecie\u0107 teraz. Jest s\u0142onecznie i wiosennie &#8211; Business Insider Polska<\/a><\/h3><p class=\"entry-summary\">Najpi\u0119kniejsza stolica Europy. Warto tam lecie\u0107 teraz.&hellip;<\/p>\r\n\t\t\t\t\t<\/div>\r\n\t\t\t\t<\/div>\r\n\t\t\t<div class=\"p-wrap p-small p-list-small-1\" data-pid=\"16062\">\r\n\t\t\t<div class=\"p-content\">\r\n\t\t\t<div class=\"p-categories p-top\"><a class=\"p-category category-id-1197\" href=\"https:\/\/eunewsroom.com\/pl\/category\/news-pl\/eu-pl\/travel-pl\/\" rel=\"category\">Podr\u00f3\u017c<\/a><a class=\"p-category category-id-1151\" href=\"https:\/\/eunewsroom.com\/category\/news-fr\/eu-fr\/travel-fr\/\" rel=\"category\">Voyage<\/a><\/div><h3 class=\"entry-title\">\t\t<a class=\"p-url\" href=\"https:\/\/eunewsroom.com\/pl\/wirtualna-polska-buduje-europejska-potege-w-uslugach-turystycznych-wakacje-pl-lacza-sie-z-travelplanet-pl-rzeczpospolita-turystyka\/\" rel=\"bookmark\">Wirtualna Polska buduje europejsk\u0105 pot\u0119g\u0119 w us\u0142ugach turystycznych. Wakacje.pl \u0142\u0105cz\u0105 si\u0119 z Travelplanet.pl &#8211; Rzeczpospolita &#8211; Turystyka<\/a><\/h3><p class=\"entry-summary\">Wirtualna Polska buduje europejsk\u0105 pot\u0119g\u0119 w us\u0142ugach&hellip;<\/p>\r\n\t\t\t\t\t<\/div>\r\n\t\t\t\t<\/div>\r\n\t\t\t<div class=\"p-wrap p-small p-list-small-1\" data-pid=\"15861\">\r\n\t\t\t<div class=\"p-content\">\r\n\t\t\t<div class=\"p-categories p-top\"><a class=\"p-category category-id-1197\" href=\"https:\/\/eunewsroom.com\/pl\/category\/news-pl\/eu-pl\/travel-pl\/\" rel=\"category\">Podr\u00f3\u017c<\/a><a class=\"p-category category-id-1151\" href=\"https:\/\/eunewsroom.com\/category\/news-fr\/eu-fr\/travel-fr\/\" rel=\"category\">Voyage<\/a><\/div><h3 class=\"entry-title\">\t\t<a class=\"p-url\" href=\"https:\/\/eunewsroom.com\/pl\/hitowe-polaczenie-z-bydgoszczy-kursy-do-popularnej-europejskiej-stolicy-wiadomosci-radio-zet\/\" rel=\"bookmark\">Hitowe po\u0142\u0105czenie z Bydgoszczy. Kursy do popularnej europejskiej stolicy &#8211; Wiadomo\u015bci Radio ZET<\/a><\/h3><p class=\"entry-summary\">Hitowe po\u0142\u0105czenie z Bydgoszczy. Kursy do popularnej&hellip;<\/p>\r\n\t\t\t\t\t<\/div>\r\n\t\t\t\t<\/div>\r\n\t<\/div><\/div>\t\t<\/div>\n\t\t\t\t<\/div>\n\t\t\t\t<\/div>\n\t\t<div class=\"elementor-element elementor-element-6643085 e-con-full e-flex e-con e-child\" data-id=\"6643085\" data-element_type=\"container\">\n\t\t\t\t<div class=\"elementor-element elementor-element-d154833 elementor-widget elementor-widget-foxiz-list-small-1\" data-id=\"d154833\" data-element_type=\"widget\" data-widget_type=\"foxiz-list-small-1.default\">\n\t\t\t\t<div class=\"elementor-widget-container\">\n\t\t\t<div id=\"uid_d154833\" class=\"block-wrap block-small block-list block-list-small-1 bottom-border is-b-border-gray no-last-bb ecat-l-dot meta-s-default\"><div class=\"block-inner\">\t\t<div class=\"p-wrap p-small p-list-small-1\" data-pid=\"15565\">\r\n\t\t\t<div class=\"p-content\">\r\n\t\t\t<div class=\"p-categories p-top\"><a class=\"p-category category-id-1197\" href=\"https:\/\/eunewsroom.com\/pl\/category\/news-pl\/eu-pl\/travel-pl\/\" rel=\"category\">Podr\u00f3\u017c<\/a><a class=\"p-category category-id-1151\" href=\"https:\/\/eunewsroom.com\/category\/news-fr\/eu-fr\/travel-fr\/\" rel=\"category\">Voyage<\/a><\/div><h3 class=\"entry-title\">\t\t<a class=\"p-url\" href=\"https:\/\/eunewsroom.com\/pl\/tym-razem-nie-wlochy-ani-hiszpania-tutaj-turysci-zaplaca-nowy-podatek-podroze-wprost\/\" rel=\"bookmark\">Tym razem nie W\u0142ochy, ani Hiszpania. Tutaj tury\u015bci zap\u0142ac\u0105 nowy podatek &#8211; Podr\u00f3\u017ce Wprost<\/a><\/h3><p class=\"entry-summary\">Tym razem nie W\u0142ochy, ani Hiszpania. Tutaj&hellip;<\/p>\r\n\t\t\t\t\t<\/div>\r\n\t\t\t\t<\/div>\r\n\t\t\t<div class=\"p-wrap p-small p-list-small-1\" data-pid=\"15411\">\r\n\t\t\t<div class=\"p-content\">\r\n\t\t\t<div class=\"p-categories p-top\"><a class=\"p-category category-id-1197\" href=\"https:\/\/eunewsroom.com\/pl\/category\/news-pl\/eu-pl\/travel-pl\/\" rel=\"category\">Podr\u00f3\u017c<\/a><a class=\"p-category category-id-1151\" href=\"https:\/\/eunewsroom.com\/category\/news-fr\/eu-fr\/travel-fr\/\" rel=\"category\">Voyage<\/a><\/div><h3 class=\"entry-title\">\t\t<a class=\"p-url\" href=\"https:\/\/eunewsroom.com\/pl\/pierwsza-podroz-nowego-szefa-rady-europejskiej-symboliczne-miejsce-polsatnews-pl\/\" rel=\"bookmark\">Pierwsza podr\u00f3\u017c nowego szefa Rady Europejskiej. Symboliczne miejsce &#8211; polsatnews.pl<\/a><\/h3><p class=\"entry-summary\">Pierwsza podr\u00f3\u017c nowego szefa Rady Europejskiej. Symboliczne&hellip;<\/p>\r\n\t\t\t\t\t<\/div>\r\n\t\t\t\t<\/div>\r\n\t\t\t<div class=\"p-wrap p-small p-list-small-1\" data-pid=\"15219\">\r\n\t\t\t<div class=\"p-content\">\r\n\t\t\t<div class=\"p-categories p-top\"><a class=\"p-category category-id-1197\" href=\"https:\/\/eunewsroom.com\/pl\/category\/news-pl\/eu-pl\/travel-pl\/\" rel=\"category\">Podr\u00f3\u017c<\/a><a class=\"p-category category-id-1151\" href=\"https:\/\/eunewsroom.com\/category\/news-fr\/eu-fr\/travel-fr\/\" rel=\"category\">Voyage<\/a><\/div><h3 class=\"entry-title\">\t\t<a class=\"p-url\" href=\"https:\/\/eunewsroom.com\/pl\/klopoty-na-europejskiej-wyspie-odczuja-je-turysci-onet\/\" rel=\"bookmark\">K\u0142opoty na europejskiej wyspie. Odczuj\u0105 je tury\u015bci &#8211; Onet<\/a><\/h3><p class=\"entry-summary\">K\u0142opoty na europejskiej wyspie. Odczuj\u0105 je tury\u015bci&nbsp;&nbsp;Onet&hellip;<\/p>\r\n\t\t\t\t\t<\/div>\r\n\t\t\t\t<\/div>\r\n\t<\/div><\/div>\t\t<\/div>\n\t\t\t\t<\/div>\n\t\t\t\t<\/div>\n\t\t<div class=\"elementor-element elementor-element-a5ea5cc e-con-full e-flex e-con e-child\" data-id=\"a5ea5cc\" data-element_type=\"container\">\n\t\t\t\t<div class=\"elementor-element elementor-element-7c91acf elementor-widget elementor-widget-foxiz-list-small-1\" data-id=\"7c91acf\" data-element_type=\"widget\" data-widget_type=\"foxiz-list-small-1.default\">\n\t\t\t\t<div class=\"elementor-widget-container\">\n\t\t\t<div id=\"uid_7c91acf\" class=\"block-wrap block-small block-list block-list-small-1 bottom-border is-b-border-gray no-last-bb ecat-l-dot meta-s-default\"><div class=\"block-inner\">\t\t<div class=\"p-wrap p-small p-list-small-1\" data-pid=\"15010\">\r\n\t\t\t<div class=\"p-content\">\r\n\t\t\t<div class=\"p-categories p-top\"><a class=\"p-category category-id-1197\" href=\"https:\/\/eunewsroom.com\/pl\/category\/news-pl\/eu-pl\/travel-pl\/\" rel=\"category\">Podr\u00f3\u017c<\/a><a class=\"p-category category-id-1151\" href=\"https:\/\/eunewsroom.com\/category\/news-fr\/eu-fr\/travel-fr\/\" rel=\"category\">Voyage<\/a><\/div><h3 class=\"entry-title\">\t\t<a class=\"p-url\" href=\"https:\/\/eunewsroom.com\/pl\/ranking-najtanszych-wycieczek-na-walentynki-niecale-400-zl-za-weekend-we-wloszech-strona-podrozy\/\" rel=\"bookmark\">Ranking najta\u0144szych wycieczek na walentynki! Nieca\u0142e 400 z\u0142 za weekend we W\u0142oszech &#8211; Strona Podr\u00f3\u017cy<\/a><\/h3><p class=\"entry-summary\">Ranking najta\u0144szych wycieczek na walentynki! Nieca\u0142e 400&hellip;<\/p>\r\n\t\t\t\t\t<\/div>\r\n\t\t\t\t<\/div>\r\n\t\t\t<div class=\"p-wrap p-small p-list-small-1\" data-pid=\"14864\">\r\n\t\t\t<div class=\"p-content\">\r\n\t\t\t<div class=\"p-categories p-top\"><a class=\"p-category category-id-1197\" href=\"https:\/\/eunewsroom.com\/pl\/category\/news-pl\/eu-pl\/travel-pl\/\" rel=\"category\">Podr\u00f3\u017c<\/a><a class=\"p-category category-id-1151\" href=\"https:\/\/eunewsroom.com\/category\/news-fr\/eu-fr\/travel-fr\/\" rel=\"category\">Voyage<\/a><\/div><h3 class=\"entry-title\">\t\t<a class=\"p-url\" href=\"https:\/\/eunewsroom.com\/pl\/podatek-od-podrozy-samolotem-jeden-lot-rocznie-bez-dodatkowej-oplaty-super-biznes\/\" rel=\"bookmark\">Podatek od podr\u00f3\u017cy samolotem. Jeden lot rocznie bez dodatkowej op\u0142aty? &#8211; Super Biznes<\/a><\/h3><p class=\"entry-summary\">Podatek od podr\u00f3\u017cy samolotem. Jeden lot rocznie&hellip;<\/p>\r\n\t\t\t\t\t<\/div>\r\n\t\t\t\t<\/div>\r\n\t\t\t<div class=\"p-wrap p-small p-list-small-1\" data-pid=\"14638\">\r\n\t\t\t<div class=\"p-content\">\r\n\t\t\t<div class=\"p-categories p-top\"><a class=\"p-category category-id-1197\" href=\"https:\/\/eunewsroom.com\/pl\/category\/news-pl\/eu-pl\/travel-pl\/\" rel=\"category\">Podr\u00f3\u017c<\/a><a class=\"p-category category-id-1151\" href=\"https:\/\/eunewsroom.com\/category\/news-fr\/eu-fr\/travel-fr\/\" rel=\"category\">Voyage<\/a><\/div><h3 class=\"entry-title\">\t\t<a class=\"p-url\" href=\"https:\/\/eunewsroom.com\/pl\/odwiedz-najpiekniejsze-jarmarki-swiateczne-europy-zaplanuj-wyjazd-juz-teraz-03-11-2024-glos-wielkopolski\/\" rel=\"bookmark\">Odwied\u017a najpi\u0119kniejsze jarmarki \u015bwi\u0105teczne Europy. Zaplanuj wyjazd ju\u017c teraz! [03.11.2024] &#8211; G\u0142os Wielkopolski<\/a><\/h3><p class=\"entry-summary\">Odwied\u017a najpi\u0119kniejsze jarmarki \u015bwi\u0105teczne Europy. Zaplanuj wyjazd&hellip;<\/p>\r\n\t\t\t\t\t<\/div>\r\n\t\t\t\t<\/div>\r\n\t<\/div><\/div>\t\t<\/div>\n\t\t\t\t<\/div>\n\t\t\t\t<\/div>\n\t\t<div class=\"elementor-element elementor-element-3a577cd e-con-full e-flex e-con e-child\" data-id=\"3a577cd\" data-element_type=\"container\">\n\t\t\t\t<div class=\"elementor-element elementor-element-ba9d802 elementor-widget elementor-widget-foxiz-list-small-1\" data-id=\"ba9d802\" data-element_type=\"widget\" data-widget_type=\"foxiz-list-small-1.default\">\n\t\t\t\t<div class=\"elementor-widget-container\">\n\t\t\t<div id=\"uid_ba9d802\" class=\"block-wrap block-small block-list block-list-small-1 bottom-border is-b-border-gray no-last-bb ecat-l-dot meta-s-default\"><div class=\"block-inner\">\t\t<div class=\"p-wrap p-small p-list-small-1\" data-pid=\"14485\">\r\n\t\t\t<div class=\"p-content\">\r\n\t\t\t<div class=\"p-categories p-top\"><a class=\"p-category category-id-1197\" href=\"https:\/\/eunewsroom.com\/pl\/category\/news-pl\/eu-pl\/travel-pl\/\" rel=\"category\">Podr\u00f3\u017c<\/a><a class=\"p-category category-id-1151\" href=\"https:\/\/eunewsroom.com\/category\/news-fr\/eu-fr\/travel-fr\/\" rel=\"category\">Voyage<\/a><\/div><h3 class=\"entry-title\">\t\t<a class=\"p-url\" href=\"https:\/\/eunewsroom.com\/pl\/odwiedz-najpiekniejsze-jarmarki-swiateczne-europy-zaplanuj-wyjazd-juz-teraz-leszno-naszemiasto-pl\/\" rel=\"bookmark\">Odwied\u017a najpi\u0119kniejsze jarmarki \u015bwi\u0105teczne Europy. Zaplanuj wyjazd ju\u017c teraz! &#8211; Leszno NaszeMiasto.pl<\/a><\/h3><p class=\"entry-summary\">Odwied\u017a najpi\u0119kniejsze jarmarki \u015bwi\u0105teczne Europy. Zaplanuj wyjazd&hellip;<\/p>\r\n\t\t\t\t\t<\/div>\r\n\t\t\t\t<\/div>\r\n\t\t\t<div class=\"p-wrap p-small p-list-small-1\" data-pid=\"14322\">\r\n\t\t\t<div class=\"p-content\">\r\n\t\t\t<div class=\"p-categories p-top\"><a class=\"p-category category-id-1197\" href=\"https:\/\/eunewsroom.com\/pl\/category\/news-pl\/eu-pl\/travel-pl\/\" rel=\"category\">Podr\u00f3\u017c<\/a><a class=\"p-category category-id-1151\" href=\"https:\/\/eunewsroom.com\/category\/news-fr\/eu-fr\/travel-fr\/\" rel=\"category\">Voyage<\/a><\/div><h3 class=\"entry-title\">\t\t<a class=\"p-url\" href=\"https:\/\/eunewsroom.com\/pl\/unia-szykuje-rewolucje-nowa-aplikacja-zmieni-zasady-podrozowania-interia-wydarzenia\/\" rel=\"bookmark\">Unia szykuje rewolucj\u0119. Nowa aplikacja zmieni zasady podr\u00f3\u017cowania &#8211; Interia Wydarzenia<\/a><\/h3><p class=\"entry-summary\">Unia szykuje rewolucj\u0119. Nowa aplikacja zmieni zasady&hellip;<\/p>\r\n\t\t\t\t\t<\/div>\r\n\t\t\t\t<\/div>\r\n\t\t\t<div class=\"p-wrap p-small p-list-small-1\" data-pid=\"14116\">\r\n\t\t\t<div class=\"p-content\">\r\n\t\t\t<div class=\"p-categories p-top\"><a class=\"p-category category-id-1197\" href=\"https:\/\/eunewsroom.com\/pl\/category\/news-pl\/eu-pl\/travel-pl\/\" rel=\"category\">Podr\u00f3\u017c<\/a><a class=\"p-category category-id-1151\" href=\"https:\/\/eunewsroom.com\/category\/news-fr\/eu-fr\/travel-fr\/\" rel=\"category\">Voyage<\/a><\/div><h3 class=\"entry-title\">\t\t<a class=\"p-url\" href=\"https:\/\/eunewsroom.com\/pl\/5-najbardziej-przereklamowanych-miast-europy-nie-zabraklo-paryza-podroze-wprost\/\" rel=\"bookmark\">5 najbardziej przereklamowanych miast Europy. Nie zabrak\u0142o Pary\u017ca &#8211; Podr\u00f3\u017ce Wprost<\/a><\/h3><p class=\"entry-summary\">5 najbardziej przereklamowanych miast Europy. Nie zabrak\u0142o&hellip;<\/p>\r\n\t\t\t\t\t<\/div>\r\n\t\t\t\t<\/div>\r\n\t<\/div><\/div>\t\t<\/div>\n\t\t\t\t<\/div>\n\t\t\t\t<\/div>\n\t\t\t\t\t<\/div>\n\t\t\t\t<\/div>\n\t\t<div class=\"elementor-element elementor-element-98819cd e-flex e-con-boxed e-con e-parent\" data-id=\"98819cd\" data-element_type=\"container\" data-settings=\"{&quot;background_background&quot;:&quot;classic&quot;}\">\n\t\t\t\t\t<div class=\"e-con-inner\">\n\t\t\t\t<div class=\"elementor-element elementor-element-beefcdc elementor-widget__width-inherit elementor-widget elementor-widget-foxiz-heading\" data-id=\"beefcdc\" data-element_type=\"widget\" data-widget_type=\"foxiz-heading.default\">\n\t\t\t\t<div class=\"elementor-widget-container\">\n\t\t\t<div id=\"uid_beefcdc\" class=\"block-h heading-layout-10\"><div class=\"heading-inner\"><h3 class=\"heading-title\"><a href=\"https:\/\/eunewsroom.com\/pl\/category\/news-pl\/\">Aktualno\u015bci<\/a><\/h3><div class=\"heading-tagline h6\"><a class=\"heading-tagline-label\" href=\"https:\/\/eunewsroom.com\/pl\/category\/news-pl\/\">Poka\u017c wszystkie<\/a><i class=\"rbi rbi-cright heading-tagline-icon\" aria-hidden=\"true\"><\/i><\/div><\/div><\/div>\t\t<\/div>\n\t\t\t\t<\/div>\n\t\t\t\t<div class=\"elementor-element elementor-element-f3b48a3 elementor-widget-divider--view-line elementor-widget elementor-widget-divider\" data-id=\"f3b48a3\" data-element_type=\"widget\" data-widget_type=\"divider.default\">\n\t\t\t\t<div class=\"elementor-widget-container\">\n\t\t\t\t\t<div class=\"elementor-divider\">\n\t\t\t<span class=\"elementor-divider-separator\">\n\t\t\t\t\t\t<\/span>\n\t\t<\/div>\n\t\t\t\t<\/div>\n\t\t\t\t<\/div>\n\t\t\t\t\t<\/div>\n\t\t\t\t<\/div>\n\t\t<div class=\"elementor-element elementor-element-3da8775 e-flex e-con-boxed e-con e-parent\" data-id=\"3da8775\" data-element_type=\"container\">\n\t\t\t\t\t<div class=\"e-con-inner\">\n\t\t<div class=\"elementor-element elementor-element-e01bde3 e-con-full e-flex e-con e-child\" data-id=\"e01bde3\" data-element_type=\"container\">\n\t\t\t\t<div class=\"elementor-element elementor-element-39f7aaf elementor-widget elementor-widget-foxiz-list-small-1\" data-id=\"39f7aaf\" data-element_type=\"widget\" data-widget_type=\"foxiz-list-small-1.default\">\n\t\t\t\t<div class=\"elementor-widget-container\">\n\t\t\t<div id=\"uid_39f7aaf\" class=\"block-wrap block-small block-list block-list-small-1 bottom-border is-b-border-gray no-last-bb ecat-l-dot meta-s-default\"><\/div>\t\t<\/div>\n\t\t\t\t<\/div>\n\t\t\t\t<\/div>\n\t\t<div class=\"elementor-element elementor-element-39daf1a e-con-full e-flex e-con e-child\" data-id=\"39daf1a\" data-element_type=\"container\">\n\t\t\t\t<div class=\"elementor-element elementor-element-ed15602 elementor-widget elementor-widget-foxiz-list-small-1\" data-id=\"ed15602\" data-element_type=\"widget\" data-widget_type=\"foxiz-list-small-1.default\">\n\t\t\t\t<div class=\"elementor-widget-container\">\n\t\t\t<div id=\"uid_ed15602\" class=\"block-wrap block-small block-list block-list-small-1 bottom-border is-b-border-gray no-last-bb ecat-l-dot meta-s-default\"><\/div>\t\t<\/div>\n\t\t\t\t<\/div>\n\t\t\t\t<\/div>\n\t\t<div class=\"elementor-element elementor-element-4715bc3 e-con-full e-flex e-con e-child\" data-id=\"4715bc3\" data-element_type=\"container\">\n\t\t\t\t<div class=\"elementor-element elementor-element-ace296b elementor-widget elementor-widget-foxiz-list-small-1\" data-id=\"ace296b\" data-element_type=\"widget\" data-widget_type=\"foxiz-list-small-1.default\">\n\t\t\t\t<div class=\"elementor-widget-container\">\n\t\t\t<div id=\"uid_ace296b\" class=\"block-wrap block-small block-list block-list-small-1 bottom-border is-b-border-gray no-last-bb ecat-l-dot meta-s-default\"><\/div>\t\t<\/div>\n\t\t\t\t<\/div>\n\t\t\t\t<\/div>\n\t\t<div class=\"elementor-element elementor-element-a2a9d34 e-con-full e-flex e-con e-child\" data-id=\"a2a9d34\" data-element_type=\"container\">\n\t\t\t\t<div class=\"elementor-element elementor-element-178c96f elementor-widget elementor-widget-foxiz-list-small-1\" data-id=\"178c96f\" data-element_type=\"widget\" data-widget_type=\"foxiz-list-small-1.default\">\n\t\t\t\t<div class=\"elementor-widget-container\">\n\t\t\t<div id=\"uid_178c96f\" class=\"block-wrap block-small block-list block-list-small-1 bottom-border is-b-border-gray no-last-bb ecat-l-dot meta-s-default\"><\/div>\t\t<\/div>\n\t\t\t\t<\/div>\n\t\t\t\t<\/div>\n\t\t\t\t\t<\/div>\n\t\t\t\t<\/div>\n\t\t\t\t<\/div>\n\t\t","protected":false},"excerpt":{"rendered":"<p>Z ostatniej chwili L&#8217;importance des communiqu\u00e9s de presse dans le marketing sur le march\u00e9 de l&#8217;Union europ\u00e9enne L\u2019anatomie de la salle de presse de l\u2019UE\u00a0: le battement de c\u0153ur du journalisme en Europe L\u2019\u00e9tat actuel et futur des r\u00e9dactions dans l\u2019Union europ\u00e9enne Flottes d&#8217;entreprise, l&#8217;Europe les voit en vert Guerre des voitures \u00e9lectriques : BYD [&hellip;]<\/p>\n","protected":false},"author":2,"featured_media":0,"parent":0,"menu_order":0,"comment_status":"closed","ping_status":"closed","template":"","meta":{"footnotes":""},"class_list":["post-10509","page","type-page","status-publish"],"_links":{"self":[{"href":"https:\/\/eunewsroom.com\/pl\/wp-json\/wp\/v2\/pages\/10509","targetHints":{"allow":["GET"]}}],"collection":[{"href":"https:\/\/eunewsroom.com\/pl\/wp-json\/wp\/v2\/pages"}],"about":[{"href":"https:\/\/eunewsroom.com\/pl\/wp-json\/wp\/v2\/types\/page"}],"author":[{"embeddable":true,"href":"https:\/\/eunewsroom.com\/pl\/wp-json\/wp\/v2\/users\/2"}],"replies":[{"embeddable":true,"href":"https:\/\/eunewsroom.com\/pl\/wp-json\/wp\/v2\/comments?post=10509"}],"version-history":[{"count":19,"href":"https:\/\/eunewsroom.com\/pl\/wp-json\/wp\/v2\/pages\/10509\/revisions"}],"predecessor-version":[{"id":11052,"href":"https:\/\/eunewsroom.com\/pl\/wp-json\/wp\/v2\/pages\/10509\/revisions\/11052"}],"wp:attachment":[{"href":"https:\/\/eunewsroom.com\/pl\/wp-json\/wp\/v2\/media?parent=10509"}],"curies":[{"name":"wp","href":"https:\/\/api.w.org\/{rel}","templated":true}]}}