{"id":10495,"date":"2021-09-28T15:55:08","date_gmt":"2021-09-28T15:55:08","guid":{"rendered":"https:\/\/eunewsroom.com\/startseite\/"},"modified":"2024-07-18T05:25:25","modified_gmt":"2024-07-18T05:25:25","slug":"startseite","status":"publish","type":"page","link":"https:\/\/eunewsroom.com\/de\/","title":{"rendered":"Startseite"},"content":{"rendered":"\t\t<div data-elementor-type=\"wp-page\" data-elementor-id=\"10495\" class=\"elementor elementor-10495 elementor-2936\">\n\t\t\t\t\t\t<section class=\"elementor-section elementor-top-section elementor-element elementor-element-247d83b elementor-section-content-middle elementor-section-boxed elementor-section-height-default elementor-section-height-default\" data-id=\"247d83b\" data-element_type=\"section\" data-settings=\"{&quot;background_background&quot;:&quot;classic&quot;}\">\n\t\t\t\t\t\t<div class=\"elementor-container elementor-column-gap-no\">\n\t\t\t\t\t<div class=\"elementor-column elementor-col-100 elementor-top-column elementor-element elementor-element-6245293\" data-id=\"6245293\" data-element_type=\"column\">\n\t\t\t<div class=\"elementor-widget-wrap elementor-element-populated\">\n\t\t\t\t\t\t<div class=\"elementor-element elementor-element-686411f nd-red elementor-widget elementor-widget-foxiz-breaking-news\" data-id=\"686411f\" data-element_type=\"widget\" data-widget_type=\"foxiz-breaking-news.default\">\n\t\t\t\t<div class=\"elementor-widget-container\">\n\t\t\t<div id=\"uid_686411f\" class=\"block-wrap block-breaking-news meta-s-default\">\t\t\t\t\t\t\t<span class=\"breaking-news-heading\"><i class=\"rbi rbi-fire\"><\/i><span>Aktuelle Nachrichten<\/span><\/span>\r\n\t\t\t\t\t\t<div class=\"breaking-news-slider swiper-container pre-load\"  data-play=\"\" data-speed=\"6000\">\r\n\t\t\t\t<div class=\"swiper-wrapper\">\r\n\t\t\t\t\t<div class=\"swiper-slide\"><h6 class=\"entry-title breaking-news-title\">\t\t<a class=\"p-url\" href=\"https:\/\/eunewsroom.com\/de\/navigation-im-informationsokosystem-mit-presse-kompass-live\/\" rel=\"bookmark\">Navigation im Informations\u00f6kosystem mit Presse Kompass Live<\/a><\/h6><\/div><div class=\"swiper-slide\"><h6 class=\"entry-title breaking-news-title\">\t\t<a class=\"p-url\" href=\"https:\/\/eunewsroom.com\/de\/der-katalysator-fur-innovation-wie-die-verbreitung-von-pressemitteilungen-das-wachstum-in-der-dach-region-ankurbelt\/\" rel=\"bookmark\">Der Katalysator f\u00fcr Innovation: Wie die Verbreitung von Pressemitteilungen das Wachstum in der DACH-Region ankurbelt<\/a><\/h6><\/div><div class=\"swiper-slide\"><h6 class=\"entry-title breaking-news-title\">\t\t<a class=\"p-url\" href=\"https:\/\/eunewsroom.com\/de\/mehrsprachige-pr-in-der-dach-region-vorteile-lokalisierter-pressemitteilungen\/\" rel=\"bookmark\">Mehrsprachige PR in der DACH-Region: Vorteile lokalisierter Pressemitteilungen<\/a><\/h6><\/div><div class=\"swiper-slide\"><h6 class=\"entry-title breaking-news-title\">\t\t<a class=\"p-url\" href=\"https:\/\/eunewsroom.com\/de\/european-center-for-peace-and-conflict-resolution-urges-coexistence-and-rejects-political-islam-during-demonstration-at-the-united-nations-in-geneva\/\" rel=\"bookmark\">European Center for Peace and Conflict Resolution Urges Coexistence and Rejects Political Islam During Demonstration at the United Nations in Geneva<\/a><\/h6><\/div><div class=\"swiper-slide\"><h6 class=\"entry-title breaking-news-title\">\t\t<a class=\"p-url\" href=\"https:\/\/eunewsroom.com\/de\/terramaster-oktober-prime-day-2025-sale-bis-zu-30-rabatt-auf-all-flash-speicherlosungen-mehr\/\" rel=\"bookmark\">TerraMaster Oktober Prime Day 2025 Sale: Bis zu 30 % Rabatt auf All-Flash-Speicherl\u00f6sungen &#038; mehr!<\/a><\/h6><\/div>\t\t\t\t<\/div>\r\n\t\t\t\t<div class=\"breaking-news-nav\">\r\n\t\t\t\t\t<div class=\"breaking-news-prev rbi rbi-prev\"><\/div>\r\n\t\t\t\t\t<div class=\"breaking-news-next rbi rbi-next\"><\/div>\r\n\t\t\t\t<\/div>\r\n\t\t\t<\/div>\r\n\t\t<\/div>\t\t<\/div>\n\t\t\t\t<\/div>\n\t\t\t\t\t<\/div>\n\t\t<\/div>\n\t\t\t\t\t<\/div>\n\t\t<\/section>\n\t\t\t\t<section class=\"elementor-section elementor-top-section elementor-element elementor-element-7bb4594 elementor-section-boxed elementor-section-height-default elementor-section-height-default\" data-id=\"7bb4594\" data-element_type=\"section\">\n\t\t\t\t\t\t<div class=\"elementor-container elementor-column-gap-custom\">\n\t\t\t\t\t<div class=\"elementor-column elementor-col-16 elementor-top-column elementor-element elementor-element-40c4dcc elementor-hidden-tablet elementor-hidden-mobile\" data-id=\"40c4dcc\" data-element_type=\"column\">\n\t\t\t<div class=\"elementor-widget-wrap elementor-element-populated\">\n\t\t\t\t\t\t<div class=\"elementor-element elementor-element-0b74a9a elementor-widget elementor-widget-foxiz-heading\" data-id=\"0b74a9a\" data-element_type=\"widget\" data-widget_type=\"foxiz-heading.default\">\n\t\t\t\t<div class=\"elementor-widget-container\">\n\t\t\t<div id=\"uid_0b74a9a\" class=\"block-h heading-layout-10\"><div class=\"heading-inner\"><h5 class=\"heading-title\"><span>Hei\u00dfe Geschichten<\/span><\/h5><\/div><\/div>\t\t<\/div>\n\t\t\t\t<\/div>\n\t\t\t\t<div class=\"elementor-element elementor-element-78546c6 elementor-widget-divider--view-line elementor-widget elementor-widget-divider\" data-id=\"78546c6\" data-element_type=\"widget\" data-widget_type=\"divider.default\">\n\t\t\t\t<div class=\"elementor-widget-container\">\n\t\t\t<style>\/*! elementor - v3.23.0 - 23-07-2024 *\/\n.elementor-widget-divider{--divider-border-style:none;--divider-border-width:1px;--divider-color:#0c0d0e;--divider-icon-size:20px;--divider-element-spacing:10px;--divider-pattern-height:24px;--divider-pattern-size:20px;--divider-pattern-url:none;--divider-pattern-repeat:repeat-x}.elementor-widget-divider .elementor-divider{display:flex}.elementor-widget-divider .elementor-divider__text{font-size:15px;line-height:1;max-width:95%}.elementor-widget-divider .elementor-divider__element{margin:0 var(--divider-element-spacing);flex-shrink:0}.elementor-widget-divider .elementor-icon{font-size:var(--divider-icon-size)}.elementor-widget-divider .elementor-divider-separator{display:flex;margin:0;direction:ltr}.elementor-widget-divider--view-line_icon .elementor-divider-separator,.elementor-widget-divider--view-line_text .elementor-divider-separator{align-items:center}.elementor-widget-divider--view-line_icon .elementor-divider-separator:after,.elementor-widget-divider--view-line_icon .elementor-divider-separator:before,.elementor-widget-divider--view-line_text .elementor-divider-separator:after,.elementor-widget-divider--view-line_text .elementor-divider-separator:before{display:block;content:\"\";border-block-end:0;flex-grow:1;border-block-start:var(--divider-border-width) var(--divider-border-style) var(--divider-color)}.elementor-widget-divider--element-align-left .elementor-divider .elementor-divider-separator>.elementor-divider__svg:first-of-type{flex-grow:0;flex-shrink:100}.elementor-widget-divider--element-align-left .elementor-divider-separator:before{content:none}.elementor-widget-divider--element-align-left .elementor-divider__element{margin-left:0}.elementor-widget-divider--element-align-right .elementor-divider .elementor-divider-separator>.elementor-divider__svg:last-of-type{flex-grow:0;flex-shrink:100}.elementor-widget-divider--element-align-right .elementor-divider-separator:after{content:none}.elementor-widget-divider--element-align-right .elementor-divider__element{margin-right:0}.elementor-widget-divider--element-align-start .elementor-divider .elementor-divider-separator>.elementor-divider__svg:first-of-type{flex-grow:0;flex-shrink:100}.elementor-widget-divider--element-align-start .elementor-divider-separator:before{content:none}.elementor-widget-divider--element-align-start .elementor-divider__element{margin-inline-start:0}.elementor-widget-divider--element-align-end .elementor-divider .elementor-divider-separator>.elementor-divider__svg:last-of-type{flex-grow:0;flex-shrink:100}.elementor-widget-divider--element-align-end .elementor-divider-separator:after{content:none}.elementor-widget-divider--element-align-end .elementor-divider__element{margin-inline-end:0}.elementor-widget-divider:not(.elementor-widget-divider--view-line_text):not(.elementor-widget-divider--view-line_icon) .elementor-divider-separator{border-block-start:var(--divider-border-width) var(--divider-border-style) var(--divider-color)}.elementor-widget-divider--separator-type-pattern{--divider-border-style:none}.elementor-widget-divider--separator-type-pattern.elementor-widget-divider--view-line .elementor-divider-separator,.elementor-widget-divider--separator-type-pattern:not(.elementor-widget-divider--view-line) .elementor-divider-separator:after,.elementor-widget-divider--separator-type-pattern:not(.elementor-widget-divider--view-line) .elementor-divider-separator:before,.elementor-widget-divider--separator-type-pattern:not([class*=elementor-widget-divider--view]) .elementor-divider-separator{width:100%;min-height:var(--divider-pattern-height);-webkit-mask-size:var(--divider-pattern-size) 100%;mask-size:var(--divider-pattern-size) 100%;-webkit-mask-repeat:var(--divider-pattern-repeat);mask-repeat:var(--divider-pattern-repeat);background-color:var(--divider-color);-webkit-mask-image:var(--divider-pattern-url);mask-image:var(--divider-pattern-url)}.elementor-widget-divider--no-spacing{--divider-pattern-size:auto}.elementor-widget-divider--bg-round{--divider-pattern-repeat:round}.rtl .elementor-widget-divider .elementor-divider__text{direction:rtl}.e-con-inner>.elementor-widget-divider,.e-con>.elementor-widget-divider{width:var(--container-widget-width,100%);--flex-grow:var(--container-widget-flex-grow)}<\/style>\t\t<div class=\"elementor-divider\">\n\t\t\t<span class=\"elementor-divider-separator\">\n\t\t\t\t\t\t<\/span>\n\t\t<\/div>\n\t\t\t\t<\/div>\n\t\t\t\t<\/div>\n\t\t\t\t<div class=\"elementor-element elementor-element-fd380bd elementor-widget elementor-widget-foxiz-list-small-1\" data-id=\"fd380bd\" data-element_type=\"widget\" data-widget_type=\"foxiz-list-small-1.default\">\n\t\t\t\t<div class=\"elementor-widget-container\">\n\t\t\t<div id=\"uid_fd380bd\" class=\"block-wrap block-small block-list block-list-small-1 bottom-border is-b-border-gray no-last-bb ecat-l-dot meta-s-default\"><\/div>\t\t<\/div>\n\t\t\t\t<\/div>\n\t\t\t\t\t<\/div>\n\t\t<\/div>\n\t\t\t\t<div class=\"elementor-column elementor-col-66 elementor-top-column elementor-element elementor-element-cb730c3\" data-id=\"cb730c3\" data-element_type=\"column\">\n\t\t\t<div class=\"elementor-widget-wrap elementor-element-populated\">\n\t\t\t\t\t\t<div class=\"elementor-element elementor-element-77c2a99 elementor-widget elementor-widget-foxiz-overlay-1\" data-id=\"77c2a99\" data-element_type=\"widget\" data-widget_type=\"foxiz-overlay-1.default\">\n\t\t\t\t<div class=\"elementor-widget-container\">\n\t\t\t<div id=\"uid_77c2a99\" class=\"block-wrap block-overlay overlay-1 light-overlay-scheme p-gradient ecat-l-dot meta-s-default\"><div class=\"block-inner\">\t\t\t<div class=\"post-slider swiper-container pre-load\"  data-play=\"1\" data-speed=\"3000\">\r\n\t\t\t\t<div class=\"swiper-wrapper\">\r\n\t\t\t\t\t\t\t<div class=\"p-wrap p-highlight p-overlay-1 swiper-slide\" data-pid=\"18375\">\r\n\t\t\t<div class=\"overlay-holder\">\r\n\t\t\t\t\t<div class=\"p-featured\">\r\n\t\t\t\t\t<a class=\"p-flink\" href=\"https:\/\/eunewsroom.com\/de\/navigation-im-informationsokosystem-mit-presse-kompass-live\/\" title=\"Navigation im Informations\u00f6kosystem mit Presse Kompass Live\">\r\n\t\t\t<img loading=\"lazy\" decoding=\"async\" width=\"860\" height=\"373\" src=\"https:\/\/eunewsroom.com\/wp-content\/uploads\/2026\/04\/Navigating-the-Information-Ecosystem-with-Presse-Kompass-Live-860x373.jpeg\" class=\"featured-img wp-post-image\" alt=\"\" loading=\"lazy\" \/>\t\t<\/a>\r\n\t\t\t\t<\/div>\r\n\t\t\t\t<div class=\"overlay-wrap\">\r\n\t\t\t\t<div class=\"overlay-inner p-content overlay-text\">\r\n\t\t\t\t\t<div class=\"p-categories p-top\"><a class=\"p-category category-id-1150\" href=\"https:\/\/eunewsroom.com\/category\/press-releases-fr\/\" rel=\"category\">Communiqu\u00e9s de presse<\/a><a class=\"p-category category-id-1164\" href=\"https:\/\/eunewsroom.com\/de\/category\/europe-de\/\" rel=\"category\">Europa<\/a><a class=\"p-category category-id-1149\" href=\"https:\/\/eunewsroom.com\/category\/europe-fr\/\" rel=\"category\">L'Europe<\/a><a class=\"p-category category-id-1165\" href=\"https:\/\/eunewsroom.com\/de\/category\/press-releases-de\/\" rel=\"category\">Pressemeldungen<\/a><\/div><h2 class=\"entry-title\">\t\t<a class=\"p-url\" href=\"https:\/\/eunewsroom.com\/de\/navigation-im-informationsokosystem-mit-presse-kompass-live\/\" rel=\"bookmark\">Navigation im Informations\u00f6kosystem mit Presse Kompass Live<\/a><\/h2>\t\t\t<div class=\"p-meta has-bookmark\">\r\n\t\t\t\t<div class=\"meta-inner is-meta\">\r\n\t\t\t\t\t\t\t<a class=\"meta-el meta-avatar\" href=\"https:\/\/eunewsroom.com\/de\/author\/kader1\/\"><img loading=\"lazy\" loading=\"lazy\" decoding=\"async\" src=\"https:\/\/eunewsroom.com\/wp-content\/uploads\/2024\/07\/image9.png\" width=\"44\" height=\"32\" srcset=\"https:\/\/eunewsroom.com\/wp-content\/uploads\/2024\/07\/image9.png 2x\" alt=\"EU Newsroom\" class=\"avatar avatar-44 wp-user-avatar wp-user-avatar-44 alignnone photo\" \/><\/a>\r\n\t\t<span class=\"meta-el meta-author\">\r\n\t\t\t\t\t<span class=\"meta-label\">By<\/span>\r\n\t\t\t\t<a href=\"https:\/\/eunewsroom.com\/de\/author\/kader1\/\">EU Newsroom<\/a>\r\n\t\t\t\t<\/span>\r\n\t\t<span class=\"meta-el meta-date\">\r\n\t\t<i class=\"rbi rbi-clock\" aria-hidden=\"true\"><\/i>\t\t<time class=\"date published\" datetime=\"2026-04-21T15:46:00+00:00\">1\u00a0Woche ago<\/time>\r\n\t\t<\/span>\t\t\t\t<\/div>\r\n\t\t\t\t<span class=\"rb-bookmark bookmark-trigger\" data-pid=\"18375\"><\/span>\t\t\t<\/div>\r\n\t\t\t\t\t\t<\/div>\r\n\t\t\t<\/div>\r\n\t\t<\/div>\r\n\t\t\t\t<\/div>\r\n\t\t\t<div class=\"p-wrap p-highlight p-overlay-1 swiper-slide\" data-pid=\"18306\">\r\n\t\t\t<div class=\"overlay-holder\">\r\n\t\t\t\t\t<div class=\"p-featured\">\r\n\t\t\t\t\t<a class=\"p-flink\" href=\"https:\/\/eunewsroom.com\/de\/der-katalysator-fur-innovation-wie-die-verbreitung-von-pressemitteilungen-das-wachstum-in-der-dach-region-ankurbelt\/\" title=\"Der Katalysator f\u00fcr Innovation: Wie die Verbreitung von Pressemitteilungen das Wachstum in der DACH-Region ankurbelt\">\r\n\t\t\t<img loading=\"lazy\" decoding=\"async\" width=\"860\" height=\"399\" src=\"https:\/\/eunewsroom.com\/wp-content\/uploads\/2026\/04\/The-Catalyst-of-Innovation-How-Press-Release-Distribution-Fuels-Growth-in-the-DACH-Region-860x399.jpeg\" class=\"featured-img wp-post-image\" alt=\"\" loading=\"lazy\" \/>\t\t<\/a>\r\n\t\t\t\t<\/div>\r\n\t\t\t\t<div class=\"overlay-wrap\">\r\n\t\t\t\t<div class=\"overlay-inner p-content overlay-text\">\r\n\t\t\t\t\t<div class=\"p-categories p-top\"><a class=\"p-category category-id-1150\" href=\"https:\/\/eunewsroom.com\/category\/press-releases-fr\/\" rel=\"category\">Communiqu\u00e9s de presse<\/a><a class=\"p-category category-id-1164\" href=\"https:\/\/eunewsroom.com\/de\/category\/europe-de\/\" rel=\"category\">Europa<\/a><a class=\"p-category category-id-1149\" href=\"https:\/\/eunewsroom.com\/category\/europe-fr\/\" rel=\"category\">L'Europe<\/a><a class=\"p-category category-id-1165\" href=\"https:\/\/eunewsroom.com\/de\/category\/press-releases-de\/\" rel=\"category\">Pressemeldungen<\/a><\/div><h2 class=\"entry-title\">\t\t<a class=\"p-url\" href=\"https:\/\/eunewsroom.com\/de\/der-katalysator-fur-innovation-wie-die-verbreitung-von-pressemitteilungen-das-wachstum-in-der-dach-region-ankurbelt\/\" rel=\"bookmark\">Der Katalysator f\u00fcr Innovation: Wie die Verbreitung von Pressemitteilungen das Wachstum in der DACH-Region ankurbelt<\/a><\/h2>\t\t\t<div class=\"p-meta has-bookmark\">\r\n\t\t\t\t<div class=\"meta-inner is-meta\">\r\n\t\t\t\t\t\t\t<a class=\"meta-el meta-avatar\" href=\"https:\/\/eunewsroom.com\/de\/author\/kader1\/\"><img loading=\"lazy\" loading=\"lazy\" decoding=\"async\" src=\"https:\/\/eunewsroom.com\/wp-content\/uploads\/2024\/07\/image9.png\" width=\"44\" height=\"32\" srcset=\"https:\/\/eunewsroom.com\/wp-content\/uploads\/2024\/07\/image9.png 2x\" alt=\"EU Newsroom\" class=\"avatar avatar-44 wp-user-avatar wp-user-avatar-44 alignnone photo\" \/><\/a>\r\n\t\t<span class=\"meta-el meta-author\">\r\n\t\t\t\t\t<span class=\"meta-label\">By<\/span>\r\n\t\t\t\t<a href=\"https:\/\/eunewsroom.com\/de\/author\/kader1\/\">EU Newsroom<\/a>\r\n\t\t\t\t<\/span>\r\n\t\t<span class=\"meta-el meta-date\">\r\n\t\t<i class=\"rbi rbi-clock\" aria-hidden=\"true\"><\/i>\t\t<time class=\"date published\" datetime=\"2026-04-14T18:00:00+00:00\">2\u00a0Wochen ago<\/time>\r\n\t\t<\/span>\t\t\t\t<\/div>\r\n\t\t\t\t<span class=\"rb-bookmark bookmark-trigger\" data-pid=\"18306\"><\/span>\t\t\t<\/div>\r\n\t\t\t\t\t\t<\/div>\r\n\t\t\t<\/div>\r\n\t\t<\/div>\r\n\t\t\t\t<\/div>\r\n\t\t\t<div class=\"p-wrap p-highlight p-overlay-1 swiper-slide\" data-pid=\"18259\">\r\n\t\t\t<div class=\"overlay-holder\">\r\n\t\t\t\t\t<div class=\"p-featured\">\r\n\t\t\t\t\t<a class=\"p-flink\" href=\"https:\/\/eunewsroom.com\/de\/mehrsprachige-pr-in-der-dach-region-vorteile-lokalisierter-pressemitteilungen\/\" title=\"Mehrsprachige PR in der DACH-Region: Vorteile lokalisierter Pressemitteilungen\">\r\n\t\t\t<img loading=\"lazy\" decoding=\"async\" width=\"860\" height=\"427\" src=\"https:\/\/eunewsroom.com\/wp-content\/uploads\/2026\/04\/Multilingual-PR-in-the-DACH-Region-Benefits-of-Localized-Press-Releases--860x427.jpeg\" class=\"featured-img wp-post-image\" alt=\"\" loading=\"lazy\" \/>\t\t<\/a>\r\n\t\t\t\t<\/div>\r\n\t\t\t\t<div class=\"overlay-wrap\">\r\n\t\t\t\t<div class=\"overlay-inner p-content overlay-text\">\r\n\t\t\t\t\t<div class=\"p-categories p-top\"><a class=\"p-category category-id-1150\" href=\"https:\/\/eunewsroom.com\/category\/press-releases-fr\/\" rel=\"category\">Communiqu\u00e9s de presse<\/a><a class=\"p-category category-id-1164\" href=\"https:\/\/eunewsroom.com\/de\/category\/europe-de\/\" rel=\"category\">Europa<\/a><a class=\"p-category category-id-1149\" href=\"https:\/\/eunewsroom.com\/category\/europe-fr\/\" rel=\"category\">L'Europe<\/a><a class=\"p-category category-id-1165\" href=\"https:\/\/eunewsroom.com\/de\/category\/press-releases-de\/\" rel=\"category\">Pressemeldungen<\/a><\/div><h2 class=\"entry-title\">\t\t<a class=\"p-url\" href=\"https:\/\/eunewsroom.com\/de\/mehrsprachige-pr-in-der-dach-region-vorteile-lokalisierter-pressemitteilungen\/\" rel=\"bookmark\">Mehrsprachige PR in der DACH-Region: Vorteile lokalisierter Pressemitteilungen<\/a><\/h2>\t\t\t<div class=\"p-meta has-bookmark\">\r\n\t\t\t\t<div class=\"meta-inner is-meta\">\r\n\t\t\t\t\t\t\t<a class=\"meta-el meta-avatar\" href=\"https:\/\/eunewsroom.com\/de\/author\/kader1\/\"><img loading=\"lazy\" loading=\"lazy\" decoding=\"async\" src=\"https:\/\/eunewsroom.com\/wp-content\/uploads\/2024\/07\/image9.png\" width=\"44\" height=\"32\" srcset=\"https:\/\/eunewsroom.com\/wp-content\/uploads\/2024\/07\/image9.png 2x\" alt=\"EU Newsroom\" class=\"avatar avatar-44 wp-user-avatar wp-user-avatar-44 alignnone photo\" \/><\/a>\r\n\t\t<span class=\"meta-el meta-author\">\r\n\t\t\t\t\t<span class=\"meta-label\">By<\/span>\r\n\t\t\t\t<a href=\"https:\/\/eunewsroom.com\/de\/author\/kader1\/\">EU Newsroom<\/a>\r\n\t\t\t\t<\/span>\r\n\t\t<span class=\"meta-el meta-date\">\r\n\t\t<i class=\"rbi rbi-clock\" aria-hidden=\"true\"><\/i>\t\t<time class=\"date published\" datetime=\"2026-04-10T08:37:00+00:00\">3\u00a0Wochen ago<\/time>\r\n\t\t<\/span>\t\t\t\t<\/div>\r\n\t\t\t\t<span class=\"rb-bookmark bookmark-trigger\" data-pid=\"18259\"><\/span>\t\t\t<\/div>\r\n\t\t\t\t\t\t<\/div>\r\n\t\t\t<\/div>\r\n\t\t<\/div>\r\n\t\t\t\t<\/div>\r\n\t\t\t\t\t<\/div>\r\n\t\t\t\t\t\t\t\t\t<div class=\"slider-pagination slider-pagination-top\"><\/div>\r\n\t\t\t\t\t\t\t<\/div>\r\n\t\t<\/div><\/div>\t\t<\/div>\n\t\t\t\t<\/div>\n\t\t\t\t<div class=\"elementor-element elementor-element-983f52b elementor-widget elementor-widget-foxiz-list-small-2\" data-id=\"983f52b\" data-element_type=\"widget\" data-widget_type=\"foxiz-list-small-2.default\">\n\t\t\t\t<div class=\"elementor-widget-container\">\n\t\t\t<div id=\"uid_983f52b\" class=\"block-wrap block-small block-list block-list-small-2 rb-columns rb-col-2 rb-tcol-2 rb-mcol-1 is-gap-20 ecat-l-dot is-feat-left meta-s-default\"><div class=\"block-inner\">\t\t<div class=\"p-wrap p-small p-list-small-2\" data-pid=\"17220\">\r\n\t\t\t\t<div class=\"feat-holder\">\t\t<div class=\"p-featured ratio-v1\">\r\n\t\t\t\t\t<a class=\"p-flink\" href=\"https:\/\/eunewsroom.com\/de\/european-center-for-peace-and-conflict-resolution-urges-coexistence-and-rejects-political-islam-during-demonstration-at-the-united-nations-in-geneva\/\" title=\"European Center for Peace and Conflict Resolution Urges Coexistence and Rejects Political Islam During Demonstration at the United Nations in Geneva\">\r\n\t\t\t<img loading=\"lazy\" decoding=\"async\" width=\"1600\" height=\"720\" src=\"https:\/\/eunewsroom.com\/wp-content\/uploads\/2025\/11\/Geneva-Event.jpg\" class=\"featured-img wp-post-image\" alt=\"\" loading=\"lazy\" \/>\t\t<\/a>\r\n\t\t\t\t<\/div>\r\n\t<\/div>\r\n\t\t\t\t<div class=\"p-content\">\r\n\t\t\t<div class=\"p-categories p-top\"><a class=\"p-category category-id-1150\" href=\"https:\/\/eunewsroom.com\/category\/press-releases-fr\/\" rel=\"category\">Communiqu\u00e9s de presse<\/a><a class=\"p-category category-id-1164\" href=\"https:\/\/eunewsroom.com\/de\/category\/europe-de\/\" rel=\"category\">Europa<\/a><a class=\"p-category category-id-1149\" href=\"https:\/\/eunewsroom.com\/category\/europe-fr\/\" rel=\"category\">L'Europe<\/a><a class=\"p-category category-id-1165\" href=\"https:\/\/eunewsroom.com\/de\/category\/press-releases-de\/\" rel=\"category\">Pressemeldungen<\/a><\/div><h4 class=\"entry-title\">\t\t<a class=\"p-url\" href=\"https:\/\/eunewsroom.com\/de\/european-center-for-peace-and-conflict-resolution-urges-coexistence-and-rejects-political-islam-during-demonstration-at-the-united-nations-in-geneva\/\" rel=\"bookmark\">European Center for Peace and Conflict Resolution Urges Coexistence and Rejects Political Islam During Demonstration at the United Nations in Geneva<\/a><\/h4>\t\t<\/div>\r\n\t\t\t\t<\/div>\r\n\t\t\t<div class=\"p-wrap p-small p-list-small-2\" data-pid=\"17152\">\r\n\t\t\t\t<div class=\"feat-holder\">\t\t<div class=\"p-featured ratio-v1\">\r\n\t\t\t\t\t<a class=\"p-flink\" href=\"https:\/\/eunewsroom.com\/de\/terramaster-oktober-prime-day-2025-sale-bis-zu-30-rabatt-auf-all-flash-speicherlosungen-mehr\/\" title=\"TerraMaster Oktober Prime Day 2025 Sale: Bis zu 30 % Rabatt auf All-Flash-Speicherl\u00f6sungen &#038; mehr!\">\r\n\t\t\t<img loading=\"lazy\" decoding=\"async\" width=\"628\" height=\"355\" src=\"https:\/\/eunewsroom.com\/wp-content\/uploads\/2025\/10\/TerraMaster-October-Prime-Day.jpg\" class=\"featured-img wp-post-image\" alt=\"\" loading=\"lazy\" \/>\t\t<\/a>\r\n\t\t\t\t<\/div>\r\n\t<\/div>\r\n\t\t\t\t<div class=\"p-content\">\r\n\t\t\t<div class=\"p-categories p-top\"><a class=\"p-category category-id-1150\" href=\"https:\/\/eunewsroom.com\/category\/press-releases-fr\/\" rel=\"category\">Communiqu\u00e9s de presse<\/a><a class=\"p-category category-id-1164\" href=\"https:\/\/eunewsroom.com\/de\/category\/europe-de\/\" rel=\"category\">Europa<\/a><a class=\"p-category category-id-1149\" href=\"https:\/\/eunewsroom.com\/category\/europe-fr\/\" rel=\"category\">L'Europe<\/a><a class=\"p-category category-id-1165\" href=\"https:\/\/eunewsroom.com\/de\/category\/press-releases-de\/\" rel=\"category\">Pressemeldungen<\/a><\/div><h4 class=\"entry-title\">\t\t<a class=\"p-url\" href=\"https:\/\/eunewsroom.com\/de\/terramaster-oktober-prime-day-2025-sale-bis-zu-30-rabatt-auf-all-flash-speicherlosungen-mehr\/\" rel=\"bookmark\">TerraMaster Oktober Prime Day 2025 Sale: Bis zu 30 % Rabatt auf All-Flash-Speicherl\u00f6sungen &#038; mehr!<\/a><\/h4>\t\t<\/div>\r\n\t\t\t\t<\/div>\r\n\t<\/div><\/div>\t\t<\/div>\n\t\t\t\t<\/div>\n\t\t\t\t\t<\/div>\n\t\t<\/div>\n\t\t\t\t<div class=\"elementor-column elementor-col-16 elementor-top-column elementor-element elementor-element-561ddf0\" data-id=\"561ddf0\" data-element_type=\"column\">\n\t\t\t<div class=\"elementor-widget-wrap elementor-element-populated\">\n\t\t\t\t\t\t<div class=\"elementor-element elementor-element-66255f0 elementor-widget elementor-widget-foxiz-grid-2\" data-id=\"66255f0\" data-element_type=\"widget\" data-widget_type=\"foxiz-grid-2.default\">\n\t\t\t\t<div class=\"elementor-widget-container\">\n\t\t\t<div id=\"uid_66255f0\" class=\"block-wrap block-grid block-grid-2 rb-columns rb-col-1 rb-tcol-2 rb-mcol-1 is-gap-20 ecat-l-dot meta-s-default\"><div class=\"block-inner\">\t\t<div class=\"p-wrap p-grid p-grid-2\" data-pid=\"17123\">\r\n\t\t\t\t<div class=\"feat-holder\">\t\t<div class=\"p-featured\">\r\n\t\t\t\t\t<a class=\"p-flink\" href=\"https:\/\/eunewsroom.com\/de\/terramaster-startet-den-f4-425-nas-mit-vier-einschuben-eroffnet-ein-neues-kapitel-in-der-leistung-von-heim-speicherlosungen-mit-intel-x86\/\" title=\"TerraMaster startet den F4-425 NAS mit vier Einsch\u00fcben: Er\u00f6ffnet ein neues Kapitel in der Leistung von Heim-Speicherl\u00f6sungen mit Intel x86\">\r\n\t\t\t<img loading=\"lazy\" decoding=\"async\" width=\"420\" height=\"280\" src=\"https:\/\/eunewsroom.com\/wp-content\/uploads\/2025\/09\/TerraMaster-F4-425-Your-Home-4-Bay-NAS-420x280.jpg\" class=\"featured-img wp-post-image\" alt=\"\" loading=\"lazy\" \/>\t\t<\/a>\r\n\t\t\t\t<\/div>\r\n\t<\/div>\r\n\t\t<div class=\"p-categories p-top\"><a class=\"p-category category-id-1150\" href=\"https:\/\/eunewsroom.com\/category\/press-releases-fr\/\" rel=\"category\">Communiqu\u00e9s de presse<\/a><a class=\"p-category category-id-1164\" href=\"https:\/\/eunewsroom.com\/de\/category\/europe-de\/\" rel=\"category\">Europa<\/a><a class=\"p-category category-id-1149\" href=\"https:\/\/eunewsroom.com\/category\/europe-fr\/\" rel=\"category\">L'Europe<\/a><a class=\"p-category category-id-1165\" href=\"https:\/\/eunewsroom.com\/de\/category\/press-releases-de\/\" rel=\"category\">Pressemeldungen<\/a><\/div><h4 class=\"entry-title\">\t\t<a class=\"p-url\" href=\"https:\/\/eunewsroom.com\/de\/terramaster-startet-den-f4-425-nas-mit-vier-einschuben-eroffnet-ein-neues-kapitel-in-der-leistung-von-heim-speicherlosungen-mit-intel-x86\/\" rel=\"bookmark\">TerraMaster startet den F4-425 NAS mit vier Einsch\u00fcben: Er\u00f6ffnet ein neues Kapitel in der Leistung von Heim-Speicherl\u00f6sungen mit Intel x86<\/a><\/h4>\t\t\t<div class=\"p-meta has-bookmark\">\r\n\t\t\t\t<div class=\"meta-inner is-meta\">\r\n\t\t\t\t\t<span class=\"meta-el meta-date\">\r\n\t\t<i class=\"rbi rbi-clock\" aria-hidden=\"true\"><\/i>\t\t<time class=\"date published\" datetime=\"2025-09-16T16:57:00+00:00\">8\u00a0Monaten ago<\/time>\r\n\t\t<\/span>\t\t\t\t<\/div>\r\n\t\t\t\t<span class=\"rb-bookmark bookmark-trigger\" data-pid=\"17123\"><\/span>\t\t\t<\/div>\r\n\t\t\t\t<\/div>\r\n\t\t\t<div class=\"p-wrap p-grid p-grid-2\" data-pid=\"17079\">\r\n\t\t\t\t<div class=\"feat-holder\">\t\t<div class=\"p-featured\">\r\n\t\t\t\t\t<a class=\"p-flink\" href=\"https:\/\/eunewsroom.com\/de\/terramaster-fuhrt-f2-425-2-bay-nas-ein-intel-x86-leistungsbenchmark\/\" title=\"TerraMaster f\u00fchrt F2-425 2-Bay NAS ein: Intel x86 Leistungsbenchmark\">\r\n\t\t\t<img loading=\"lazy\" decoding=\"async\" width=\"420\" height=\"280\" src=\"https:\/\/eunewsroom.com\/wp-content\/uploads\/2025\/08\/TerraMaster-F2-425-420x280.jpg\" class=\"featured-img wp-post-image\" alt=\"\" loading=\"lazy\" \/>\t\t<\/a>\r\n\t\t\t\t<\/div>\r\n\t<\/div>\r\n\t\t<div class=\"p-categories p-top\"><a class=\"p-category category-id-1150\" href=\"https:\/\/eunewsroom.com\/category\/press-releases-fr\/\" rel=\"category\">Communiqu\u00e9s de presse<\/a><a class=\"p-category category-id-1164\" href=\"https:\/\/eunewsroom.com\/de\/category\/europe-de\/\" rel=\"category\">Europa<\/a><a class=\"p-category category-id-1149\" href=\"https:\/\/eunewsroom.com\/category\/europe-fr\/\" rel=\"category\">L'Europe<\/a><a class=\"p-category category-id-1165\" href=\"https:\/\/eunewsroom.com\/de\/category\/press-releases-de\/\" rel=\"category\">Pressemeldungen<\/a><\/div><h4 class=\"entry-title\">\t\t<a class=\"p-url\" href=\"https:\/\/eunewsroom.com\/de\/terramaster-fuhrt-f2-425-2-bay-nas-ein-intel-x86-leistungsbenchmark\/\" rel=\"bookmark\">TerraMaster f\u00fchrt F2-425 2-Bay NAS ein: Intel x86 Leistungsbenchmark<\/a><\/h4>\t\t\t<div class=\"p-meta has-bookmark\">\r\n\t\t\t\t<div class=\"meta-inner is-meta\">\r\n\t\t\t\t\t<span class=\"meta-el meta-date\">\r\n\t\t<i class=\"rbi rbi-clock\" aria-hidden=\"true\"><\/i>\t\t<time class=\"date published\" datetime=\"2025-08-12T13:47:00+00:00\">9\u00a0Monaten ago<\/time>\r\n\t\t<\/span>\t\t\t\t<\/div>\r\n\t\t\t\t<span class=\"rb-bookmark bookmark-trigger\" data-pid=\"17079\"><\/span>\t\t\t<\/div>\r\n\t\t\t\t<\/div>\r\n\t<\/div><\/div>\t\t<\/div>\n\t\t\t\t<\/div>\n\t\t\t\t\t<\/div>\n\t\t<\/div>\n\t\t\t\t\t<\/div>\n\t\t<\/section>\n\t\t<div class=\"elementor-element elementor-element-925ecc6 e-flex e-con-boxed e-con e-parent\" data-id=\"925ecc6\" data-element_type=\"container\">\n\t\t\t\t\t<div class=\"e-con-inner\">\n\t\t\t\t<div class=\"elementor-element elementor-element-1cff8fc elementor-widget elementor-widget-html\" data-id=\"1cff8fc\" data-element_type=\"widget\" data-widget_type=\"html.default\">\n\t\t\t\t<div class=\"elementor-widget-container\">\n\t\t\t<style>.banner {\n    display: flex;\n    justify-content: space-between;\n    align-items: center;\n    background: url(https:\/\/eunewsroom.com\/wp-content\/uploads\/2024\/07\/728-ads-design.png) center center;\n    padding: 20px;\n    border: 1px solid #eaeaea;\n    width: 728px;\n    height: 90px;\n    max-width: 100%;\n    box-sizing: border-box;\n    background-repeat: no-repeat;\n    background-size: cover;\n}\n\n.banner-content {\n    display: flex;\n    flex-direction: column;\n}\n\n.title {\n    font-size: 24px;\n    font-weight: bold;\n    color: #2c2c2c;\n}\n\n.subtitle {\n    font-size: 14px;\n    color: #111;\n    margin-top: 5px;\n}\n\n.button-container {\n    display: flex;\n    align-items: center;\n}\n\n.buy-now  {\n    background-color: #2c2c2c;\n    color: white;\n    border: none;\n    padding: 10px 20px;\n    font-size: 14px;\n    cursor: pointer;\n}\n.buy-now a {\n    color: #fff;\n}\n.buy-now:hover {\n    background-color: #4a4a4a;\n}\n\n\/* Responsive styles *\/\n@media (max-width: 768px) {\n    .banner {\n        flex-direction: column;\n        text-align: center;\n        width: 500px;\n        height: auto;\n    }\n\n    .button-container {\n        margin-top: 20px;\n    }\n}\n\n@media (max-width: 480px) {\n    .title {\n        font-size: 20px;\n    }\n\n    .subtitle {\n        font-size: 12px;\n    }\n\n    .buy-now {\n        padding: 8px 16px;\n        font-size: 12px;\n    }\n}\n     <\/style><div class=\"banner\"><div class=\"banner-content\"><span class=\"title\">EUROPENEWSWIRE.NET<\/span><span class=\"subtitle\">#1 Press release distribution to media in Europe.<\/span><\/div><div class=\"button-container\"><button class=\"buy-now\"><a href=\"https:\/\/europenewswire.net\/submit-press-release\/\">Submit News<\/a><\/button><\/div><\/div>\t\t<\/div>\n\t\t\t\t<\/div>\n\t\t\t\t\t<\/div>\n\t\t\t\t<\/div>\n\t\t\t\t<section class=\"elementor-section elementor-top-section elementor-element elementor-element-9e2c833 elementor-section-boxed elementor-section-height-default elementor-section-height-default\" data-id=\"9e2c833\" data-element_type=\"section\" data-settings=\"{&quot;animation&quot;:&quot;none&quot;}\">\n\t\t\t\t\t\t<div class=\"elementor-container elementor-column-gap-no\">\n\t\t\t\t\t<div class=\"elementor-column elementor-col-100 elementor-top-column elementor-element elementor-element-882fa63\" data-id=\"882fa63\" data-element_type=\"column\">\n\t\t\t<div class=\"elementor-widget-wrap elementor-element-populated\">\n\t\t\t\t\t\t<section class=\"elementor-section elementor-inner-section elementor-element elementor-element-16c2475 elementor-section-full_width elementor-section-height-default elementor-section-height-default\" data-id=\"16c2475\" data-element_type=\"section\">\n\t\t\t\t\t\t<div class=\"elementor-container elementor-column-gap-no\">\n\t\t\t\t\t<div class=\"elementor-column elementor-col-100 elementor-inner-column elementor-element elementor-element-fb466b5\" data-id=\"fb466b5\" data-element_type=\"column\">\n\t\t\t<div class=\"elementor-widget-wrap elementor-element-populated\">\n\t\t\t\t\t\t<div class=\"elementor-element elementor-element-82a2fae elementor-widget elementor-widget-foxiz-heading\" data-id=\"82a2fae\" data-element_type=\"widget\" data-widget_type=\"foxiz-heading.default\">\n\t\t\t\t<div class=\"elementor-widget-container\">\n\t\t\t<div id=\"uid_82a2fae\" class=\"block-h heading-layout-10\"><div class=\"heading-inner\"><h3 class=\"heading-title\"><a href=\"https:\/\/eunewsroom.com\/de\/category\/news-de\/\">Neueste Geschichten<\/a><\/h3><div class=\"heading-tagline h6\"><a class=\"heading-tagline-label\" href=\"https:\/\/eunewsroom.com\/de\/category\/news-de\/\">Alle anzeigen\n<\/a><i class=\"rbi rbi-cright heading-tagline-icon\" aria-hidden=\"true\"><\/i><\/div><\/div><\/div>\t\t<\/div>\n\t\t\t\t<\/div>\n\t\t\t\t<div class=\"elementor-element elementor-element-a90f95d elementor-widget-divider--view-line elementor-widget elementor-widget-divider\" data-id=\"a90f95d\" data-element_type=\"widget\" data-widget_type=\"divider.default\">\n\t\t\t\t<div class=\"elementor-widget-container\">\n\t\t\t\t\t<div class=\"elementor-divider\">\n\t\t\t<span class=\"elementor-divider-separator\">\n\t\t\t\t\t\t<\/span>\n\t\t<\/div>\n\t\t\t\t<\/div>\n\t\t\t\t<\/div>\n\t\t\t\t\t<\/div>\n\t\t<\/div>\n\t\t\t\t\t<\/div>\n\t\t<\/section>\n\t\t\t\t<section class=\"elementor-section elementor-inner-section elementor-element elementor-element-aac5077 elementor-section-full_width elementor-section-height-default elementor-section-height-default\" data-id=\"aac5077\" data-element_type=\"section\">\n\t\t\t\t\t\t<div class=\"elementor-container elementor-column-gap-custom\">\n\t\t\t\t\t<div class=\"elementor-column elementor-col-50 elementor-inner-column elementor-element elementor-element-0ffbae3\" data-id=\"0ffbae3\" data-element_type=\"column\">\n\t\t\t<div class=\"elementor-widget-wrap elementor-element-populated\">\n\t\t\t\t\t\t<div class=\"elementor-element elementor-element-c00170a elementor-widget elementor-widget-foxiz-grid-box-2\" data-id=\"c00170a\" data-element_type=\"widget\" data-widget_type=\"foxiz-grid-box-2.default\">\n\t\t\t\t<div class=\"elementor-widget-container\">\n\t\t\t<div id=\"uid_c00170a\" class=\"block-wrap block-grid block-grid-box-2 rb-columns rb-col-1 rb-tcol-1 rb-mcol-1 is-gap-20 light-scheme ecat-l-dot meta-s-default\"><div class=\"block-inner\">\t\t<div class=\"p-wrap p-grid p-box p-grid-box-2 box-bg\" data-pid=\"18375\">\r\n\t\t\t<div class=\"grid-box\">\r\n\t\t\t\t\t\t<div class=\"feat-holder\">\t\t<div class=\"p-featured\">\r\n\t\t\t\t\t<a class=\"p-flink\" href=\"https:\/\/eunewsroom.com\/de\/navigation-im-informationsokosystem-mit-presse-kompass-live\/\" title=\"Navigation im Informations\u00f6kosystem mit Presse Kompass Live\">\r\n\t\t\t<img loading=\"lazy\" decoding=\"async\" width=\"420\" height=\"280\" src=\"https:\/\/eunewsroom.com\/wp-content\/uploads\/2026\/04\/Navigating-the-Information-Ecosystem-with-Presse-Kompass-Live-420x280.jpeg\" class=\"featured-img wp-post-image\" alt=\"\" loading=\"lazy\" \/>\t\t<\/a>\r\n\t\t\t\t<\/div>\r\n\t<\/div>\r\n\t\t<div class=\"p-categories p-top\"><a class=\"p-category category-id-1150\" href=\"https:\/\/eunewsroom.com\/category\/press-releases-fr\/\" rel=\"category\">Communiqu\u00e9s de presse<\/a><a class=\"p-category category-id-1164\" href=\"https:\/\/eunewsroom.com\/de\/category\/europe-de\/\" rel=\"category\">Europa<\/a><a class=\"p-category category-id-1149\" href=\"https:\/\/eunewsroom.com\/category\/europe-fr\/\" rel=\"category\">L'Europe<\/a><a class=\"p-category category-id-1165\" href=\"https:\/\/eunewsroom.com\/de\/category\/press-releases-de\/\" rel=\"category\">Pressemeldungen<\/a><\/div><h3 class=\"entry-title\">\t\t<a class=\"p-url\" href=\"https:\/\/eunewsroom.com\/de\/navigation-im-informationsokosystem-mit-presse-kompass-live\/\" rel=\"bookmark\">Navigation im Informations\u00f6kosystem mit Presse Kompass Live<\/a><\/h3>\t\t\t<div class=\"p-meta has-bookmark\">\r\n\t\t\t\t<div class=\"meta-inner is-meta\">\r\n\t\t\t\t\t<span class=\"meta-el meta-date\">\r\n\t\t<i class=\"rbi rbi-clock\" aria-hidden=\"true\"><\/i>\t\t<time class=\"date published\" datetime=\"2026-04-21T15:46:00+00:00\">1\u00a0Woche ago<\/time>\r\n\t\t<\/span>\t\t\t\t<\/div>\r\n\t\t\t\t<span class=\"rb-bookmark bookmark-trigger\" data-pid=\"18375\"><\/span>\t\t\t<\/div>\r\n\t\t\t\t<\/div>\r\n\t\t\t\t<\/div>\r\n\t<\/div><\/div>\t\t<\/div>\n\t\t\t\t<\/div>\n\t\t\t\t\t<\/div>\n\t\t<\/div>\n\t\t\t\t<div class=\"elementor-column elementor-col-50 elementor-inner-column elementor-element elementor-element-f9ac2ab\" data-id=\"f9ac2ab\" data-element_type=\"column\">\n\t\t\t<div class=\"elementor-widget-wrap elementor-element-populated\">\n\t\t\t\t\t\t<div class=\"elementor-element elementor-element-d95fe49 elementor-widget elementor-widget-foxiz-grid-2\" data-id=\"d95fe49\" data-element_type=\"widget\" data-widget_type=\"foxiz-grid-2.default\">\n\t\t\t\t<div class=\"elementor-widget-container\">\n\t\t\t<div id=\"uid_d95fe49\" class=\"block-wrap block-grid block-grid-2 rb-columns rb-col-3 rb-tcol-3 rb-mcol-1 is-gap-custom ecat-l-dot meta-s-default\"><div class=\"block-inner\">\t\t<div class=\"p-wrap p-grid p-grid-2\" data-pid=\"18306\">\r\n\t\t\t\t<div class=\"feat-holder\">\t\t<div class=\"p-featured\">\r\n\t\t\t\t\t<a class=\"p-flink\" href=\"https:\/\/eunewsroom.com\/de\/der-katalysator-fur-innovation-wie-die-verbreitung-von-pressemitteilungen-das-wachstum-in-der-dach-region-ankurbelt\/\" title=\"Der Katalysator f\u00fcr Innovation: Wie die Verbreitung von Pressemitteilungen das Wachstum in der DACH-Region ankurbelt\">\r\n\t\t\t<img loading=\"lazy\" decoding=\"async\" width=\"420\" height=\"280\" src=\"https:\/\/eunewsroom.com\/wp-content\/uploads\/2026\/04\/The-Catalyst-of-Innovation-How-Press-Release-Distribution-Fuels-Growth-in-the-DACH-Region-420x280.jpeg\" class=\"featured-img wp-post-image\" alt=\"\" loading=\"lazy\" \/>\t\t<\/a>\r\n\t\t\t\t<\/div>\r\n\t<\/div>\r\n\t\t<div class=\"p-categories p-top\"><a class=\"p-category category-id-1150\" href=\"https:\/\/eunewsroom.com\/category\/press-releases-fr\/\" rel=\"category\">Communiqu\u00e9s de presse<\/a><a class=\"p-category category-id-1164\" href=\"https:\/\/eunewsroom.com\/de\/category\/europe-de\/\" rel=\"category\">Europa<\/a><a class=\"p-category category-id-1149\" href=\"https:\/\/eunewsroom.com\/category\/europe-fr\/\" rel=\"category\">L'Europe<\/a><a class=\"p-category category-id-1165\" href=\"https:\/\/eunewsroom.com\/de\/category\/press-releases-de\/\" rel=\"category\">Pressemeldungen<\/a><\/div><h3 class=\"entry-title\">\t\t<a class=\"p-url\" href=\"https:\/\/eunewsroom.com\/de\/der-katalysator-fur-innovation-wie-die-verbreitung-von-pressemitteilungen-das-wachstum-in-der-dach-region-ankurbelt\/\" rel=\"bookmark\">Der Katalysator f\u00fcr Innovation: Wie die Verbreitung von Pressemitteilungen das Wachstum in der DACH-Region ankurbelt<\/a><\/h3>\t\t\t<div class=\"p-meta has-bookmark\">\r\n\t\t\t\t<div class=\"meta-inner is-meta\">\r\n\t\t\t\t\t<span class=\"meta-el meta-date\">\r\n\t\t<i class=\"rbi rbi-clock\" aria-hidden=\"true\"><\/i>\t\t<time class=\"date published\" datetime=\"2026-04-14T18:00:00+00:00\">2\u00a0Wochen ago<\/time>\r\n\t\t<\/span>\t\t\t\t<\/div>\r\n\t\t\t\t<span class=\"rb-bookmark bookmark-trigger\" data-pid=\"18306\"><\/span>\t\t\t<\/div>\r\n\t\t\t\t<\/div>\r\n\t\t\t<div class=\"p-wrap p-grid p-grid-2\" data-pid=\"18259\">\r\n\t\t\t\t<div class=\"feat-holder\">\t\t<div class=\"p-featured\">\r\n\t\t\t\t\t<a class=\"p-flink\" href=\"https:\/\/eunewsroom.com\/de\/mehrsprachige-pr-in-der-dach-region-vorteile-lokalisierter-pressemitteilungen\/\" title=\"Mehrsprachige PR in der DACH-Region: Vorteile lokalisierter Pressemitteilungen\">\r\n\t\t\t<img loading=\"lazy\" decoding=\"async\" width=\"420\" height=\"280\" src=\"https:\/\/eunewsroom.com\/wp-content\/uploads\/2026\/04\/Multilingual-PR-in-the-DACH-Region-Benefits-of-Localized-Press-Releases--420x280.jpeg\" class=\"featured-img wp-post-image\" alt=\"\" loading=\"lazy\" \/>\t\t<\/a>\r\n\t\t\t\t<\/div>\r\n\t<\/div>\r\n\t\t<div class=\"p-categories p-top\"><a class=\"p-category category-id-1150\" href=\"https:\/\/eunewsroom.com\/category\/press-releases-fr\/\" rel=\"category\">Communiqu\u00e9s de presse<\/a><a class=\"p-category category-id-1164\" href=\"https:\/\/eunewsroom.com\/de\/category\/europe-de\/\" rel=\"category\">Europa<\/a><a class=\"p-category category-id-1149\" href=\"https:\/\/eunewsroom.com\/category\/europe-fr\/\" rel=\"category\">L'Europe<\/a><a class=\"p-category category-id-1165\" href=\"https:\/\/eunewsroom.com\/de\/category\/press-releases-de\/\" rel=\"category\">Pressemeldungen<\/a><\/div><h3 class=\"entry-title\">\t\t<a class=\"p-url\" href=\"https:\/\/eunewsroom.com\/de\/mehrsprachige-pr-in-der-dach-region-vorteile-lokalisierter-pressemitteilungen\/\" rel=\"bookmark\">Mehrsprachige PR in der DACH-Region: Vorteile lokalisierter Pressemitteilungen<\/a><\/h3>\t\t\t<div class=\"p-meta has-bookmark\">\r\n\t\t\t\t<div class=\"meta-inner is-meta\">\r\n\t\t\t\t\t<span class=\"meta-el meta-date\">\r\n\t\t<i class=\"rbi rbi-clock\" aria-hidden=\"true\"><\/i>\t\t<time class=\"date published\" datetime=\"2026-04-10T08:37:00+00:00\">3\u00a0Wochen ago<\/time>\r\n\t\t<\/span>\t\t\t\t<\/div>\r\n\t\t\t\t<span class=\"rb-bookmark bookmark-trigger\" data-pid=\"18259\"><\/span>\t\t\t<\/div>\r\n\t\t\t\t<\/div>\r\n\t\t\t<div class=\"p-wrap p-grid p-grid-2\" data-pid=\"17220\">\r\n\t\t\t\t<div class=\"feat-holder\">\t\t<div class=\"p-featured\">\r\n\t\t\t\t\t<a class=\"p-flink\" href=\"https:\/\/eunewsroom.com\/de\/european-center-for-peace-and-conflict-resolution-urges-coexistence-and-rejects-political-islam-during-demonstration-at-the-united-nations-in-geneva\/\" title=\"European Center for Peace and Conflict Resolution Urges Coexistence and Rejects Political Islam During Demonstration at the United Nations in Geneva\">\r\n\t\t\t<img loading=\"lazy\" decoding=\"async\" width=\"420\" height=\"280\" src=\"https:\/\/eunewsroom.com\/wp-content\/uploads\/2025\/11\/Geneva-Event-420x280.jpg\" class=\"featured-img wp-post-image\" alt=\"\" loading=\"lazy\" \/>\t\t<\/a>\r\n\t\t\t\t<\/div>\r\n\t<\/div>\r\n\t\t<div class=\"p-categories p-top\"><a class=\"p-category category-id-1150\" href=\"https:\/\/eunewsroom.com\/category\/press-releases-fr\/\" rel=\"category\">Communiqu\u00e9s de presse<\/a><a class=\"p-category category-id-1164\" href=\"https:\/\/eunewsroom.com\/de\/category\/europe-de\/\" rel=\"category\">Europa<\/a><a class=\"p-category category-id-1149\" href=\"https:\/\/eunewsroom.com\/category\/europe-fr\/\" rel=\"category\">L'Europe<\/a><a class=\"p-category category-id-1165\" href=\"https:\/\/eunewsroom.com\/de\/category\/press-releases-de\/\" rel=\"category\">Pressemeldungen<\/a><\/div><h3 class=\"entry-title\">\t\t<a class=\"p-url\" href=\"https:\/\/eunewsroom.com\/de\/european-center-for-peace-and-conflict-resolution-urges-coexistence-and-rejects-political-islam-during-demonstration-at-the-united-nations-in-geneva\/\" rel=\"bookmark\">European Center for Peace and Conflict Resolution Urges Coexistence and Rejects Political Islam During Demonstration at the United Nations in Geneva<\/a><\/h3>\t\t\t<div class=\"p-meta has-bookmark\">\r\n\t\t\t\t<div class=\"meta-inner is-meta\">\r\n\t\t\t\t\t<span class=\"meta-el meta-date\">\r\n\t\t<i class=\"rbi rbi-clock\" aria-hidden=\"true\"><\/i>\t\t<time class=\"date published\" datetime=\"2025-11-18T19:15:00+00:00\">5\u00a0Monaten ago<\/time>\r\n\t\t<\/span>\t\t\t\t<\/div>\r\n\t\t\t\t<span class=\"rb-bookmark bookmark-trigger\" data-pid=\"17220\"><\/span>\t\t\t<\/div>\r\n\t\t\t\t<\/div>\r\n\t<\/div><\/div>\t\t<\/div>\n\t\t\t\t<\/div>\n\t\t\t\t\t<\/div>\n\t\t<\/div>\n\t\t\t\t\t<\/div>\n\t\t<\/section>\n\t\t\t\t\t<\/div>\n\t\t<\/div>\n\t\t\t\t\t<\/div>\n\t\t<\/section>\n\t\t\t\t<section class=\"elementor-section elementor-top-section elementor-element elementor-element-57cc47c elementor-section-boxed elementor-section-height-default elementor-section-height-default\" data-id=\"57cc47c\" data-element_type=\"section\" data-settings=\"{&quot;background_background&quot;:&quot;classic&quot;,&quot;animation&quot;:&quot;none&quot;}\">\n\t\t\t\t\t\t<div class=\"elementor-container elementor-column-gap-no\">\n\t\t\t\t\t<div class=\"elementor-column elementor-col-100 elementor-top-column elementor-element elementor-element-606900d\" data-id=\"606900d\" data-element_type=\"column\">\n\t\t\t<div class=\"elementor-widget-wrap elementor-element-populated\">\n\t\t\t\t\t\t<section class=\"elementor-section elementor-inner-section elementor-element elementor-element-bcfb997 elementor-section-full_width elementor-section-height-default elementor-section-height-default\" data-id=\"bcfb997\" data-element_type=\"section\">\n\t\t\t\t\t\t<div class=\"elementor-container elementor-column-gap-no\">\n\t\t\t\t\t<div class=\"elementor-column elementor-col-100 elementor-inner-column elementor-element elementor-element-aa11325\" data-id=\"aa11325\" data-element_type=\"column\">\n\t\t\t<div class=\"elementor-widget-wrap elementor-element-populated\">\n\t\t\t\t\t\t<div class=\"elementor-element elementor-element-c2ecc34 elementor-widget elementor-widget-foxiz-heading\" data-id=\"c2ecc34\" data-element_type=\"widget\" data-widget_type=\"foxiz-heading.default\">\n\t\t\t\t<div class=\"elementor-widget-container\">\n\t\t\t<div id=\"uid_c2ecc34\" class=\"block-h heading-layout-10 light-scheme\"><div class=\"heading-inner\"><h3 class=\"heading-title\"><a href=\"https:\/\/eunewsroom.com\/de\/category\/press-releases-de\/\">Pressever\u00f6ffentlichungen<\/a><\/h3><div class=\"heading-tagline h6\"><a class=\"heading-tagline-label\" href=\"https:\/\/eunewsroom.com\/de\/category\/press-releases-de\/\">Alle anzeigen\n<\/a><i class=\"rbi rbi-cright heading-tagline-icon\" aria-hidden=\"true\"><\/i><\/div><\/div><\/div>\t\t<\/div>\n\t\t\t\t<\/div>\n\t\t\t\t<div class=\"elementor-element elementor-element-326d93f elementor-widget-divider--view-line elementor-widget elementor-widget-divider\" data-id=\"326d93f\" data-element_type=\"widget\" data-widget_type=\"divider.default\">\n\t\t\t\t<div class=\"elementor-widget-container\">\n\t\t\t\t\t<div class=\"elementor-divider\">\n\t\t\t<span class=\"elementor-divider-separator\">\n\t\t\t\t\t\t<\/span>\n\t\t<\/div>\n\t\t\t\t<\/div>\n\t\t\t\t<\/div>\n\t\t\t\t\t<\/div>\n\t\t<\/div>\n\t\t\t\t\t<\/div>\n\t\t<\/section>\n\t\t\t\t<section class=\"elementor-section elementor-inner-section elementor-element elementor-element-1c5be10 elementor-section-boxed elementor-section-height-default elementor-section-height-default elementor-invisible\" data-id=\"1c5be10\" data-element_type=\"section\" data-settings=\"{&quot;animation&quot;:&quot;fadeIn&quot;}\">\n\t\t\t\t\t\t<div class=\"elementor-container elementor-column-gap-custom\">\n\t\t\t\t\t<div class=\"elementor-column elementor-col-100 elementor-inner-column elementor-element elementor-element-64fb4e2\" data-id=\"64fb4e2\" data-element_type=\"column\">\n\t\t\t<div class=\"elementor-widget-wrap elementor-element-populated\">\n\t\t\t\t\t\t<div class=\"elementor-element elementor-element-47a2c85 elementor-widget elementor-widget-foxiz-list-2\" data-id=\"47a2c85\" data-element_type=\"widget\" data-widget_type=\"foxiz-list-2.default\">\n\t\t\t\t<div class=\"elementor-widget-container\">\n\t\t\t<div id=\"uid_47a2c85\" class=\"block-wrap block-big block-list block-list-2 is-gap-15 light-scheme ecat-l-dot is-feat-left meta-s-default\"><div class=\"block-inner\">\t\t<div class=\"p-wrap p-list p-list-2\" data-pid=\"18375\">\r\n\t\t\t<div class=\"list-holder\">\r\n\t\t\t<div class=\"list-feat-holder\">\r\n\t\t\t\t\t\t\t<div class=\"feat-holder\">\t\t<div class=\"p-featured\">\r\n\t\t\t\t\t<a class=\"p-flink\" href=\"https:\/\/eunewsroom.com\/de\/navigation-im-informationsokosystem-mit-presse-kompass-live\/\" title=\"Navigation im Informations\u00f6kosystem mit Presse Kompass Live\">\r\n\t\t\t<img loading=\"lazy\" decoding=\"async\" width=\"860\" height=\"373\" src=\"https:\/\/eunewsroom.com\/wp-content\/uploads\/2026\/04\/Navigating-the-Information-Ecosystem-with-Presse-Kompass-Live-860x373.jpeg\" class=\"featured-img wp-post-image\" alt=\"\" loading=\"lazy\" \/>\t\t<\/a>\r\n\t\t\t\t<\/div>\r\n\t<\/div>\r\n\t\t\t\t\t<\/div>\r\n\t\t\t<div class=\"p-content\">\r\n\t\t\t\t<div class=\"p-categories p-top\"><a class=\"p-category category-id-1150\" href=\"https:\/\/eunewsroom.com\/category\/press-releases-fr\/\" rel=\"category\">Communiqu\u00e9s de presse<\/a><a class=\"p-category category-id-1164\" href=\"https:\/\/eunewsroom.com\/de\/category\/europe-de\/\" rel=\"category\">Europa<\/a><a class=\"p-category category-id-1149\" href=\"https:\/\/eunewsroom.com\/category\/europe-fr\/\" rel=\"category\">L'Europe<\/a><a class=\"p-category category-id-1165\" href=\"https:\/\/eunewsroom.com\/de\/category\/press-releases-de\/\" rel=\"category\">Pressemeldungen<\/a><\/div><h2 class=\"entry-title\">\t\t<a class=\"p-url\" href=\"https:\/\/eunewsroom.com\/de\/navigation-im-informationsokosystem-mit-presse-kompass-live\/\" rel=\"bookmark\">Navigation im Informations\u00f6kosystem mit Presse Kompass Live<\/a><\/h2><p class=\"entry-summary mobile-hide\">Die strategische Vision: Ihr wahrer Norden in den DACH-Medien Willkommen bei Presse Kompass Live, der f\u00fchrenden Intelligence- und Nachrichtenaggregationsplattform, die&hellip;<\/p>\r\n\t\t\t\t\t\t<div class=\"p-meta has-bookmark\">\r\n\t\t\t\t<div class=\"meta-inner is-meta\">\r\n\t\t\t\t\t<span class=\"meta-el meta-author\">\r\n\t\t\t\t\t<span class=\"meta-label\">By<\/span>\r\n\t\t\t\t<a href=\"https:\/\/eunewsroom.com\/de\/author\/kader1\/\">EU Newsroom<\/a>\r\n\t\t\t\t<\/span>\r\n\t\t<span class=\"meta-el meta-date\">\r\n\t\t<i class=\"rbi rbi-clock\" aria-hidden=\"true\"><\/i>\t\t<time class=\"date published\" datetime=\"2026-04-21T15:46:00+00:00\">1\u00a0Woche ago<\/time>\r\n\t\t<\/span>\t\t\t\t<\/div>\r\n\t\t\t\t<span class=\"rb-bookmark bookmark-trigger\" data-pid=\"18375\"><\/span>\t\t\t<\/div>\r\n\t\t\t\t\t<\/div>\r\n\t\t<\/div>\r\n\t\t\t\t<\/div>\r\n\t<\/div><\/div>\t\t<\/div>\n\t\t\t\t<\/div>\n\t\t\t\t\t<\/div>\n\t\t<\/div>\n\t\t\t\t\t<\/div>\n\t\t<\/section>\n\t\t\t\t<section class=\"elementor-section elementor-inner-section elementor-element elementor-element-906100f elementor-section-boxed elementor-section-height-default elementor-section-height-default elementor-invisible\" data-id=\"906100f\" data-element_type=\"section\" data-settings=\"{&quot;animation&quot;:&quot;fadeIn&quot;}\">\n\t\t\t\t\t\t<div class=\"elementor-container elementor-column-gap-custom\">\n\t\t\t\t\t<div class=\"elementor-column elementor-col-100 elementor-inner-column elementor-element elementor-element-d092d04\" data-id=\"d092d04\" data-element_type=\"column\">\n\t\t\t<div class=\"elementor-widget-wrap elementor-element-populated\">\n\t\t\t\t\t\t<div class=\"elementor-element elementor-element-46b485a elementor-widget elementor-widget-foxiz-list-small-2\" data-id=\"46b485a\" data-element_type=\"widget\" data-widget_type=\"foxiz-list-small-2.default\">\n\t\t\t\t<div class=\"elementor-widget-container\">\n\t\t\t<div id=\"uid_46b485a\" class=\"block-wrap block-small block-list block-list-small-2 light-scheme ecat-l-dot is-feat-left meta-s-default\"><div class=\"block-inner\">\t\t\t<div class=\"post-carousel swiper-container pre-load\"  data-wcol=\"3.5\" data-col=\"3.5\" data-tcol=\"1\" data-mcol=\"1\" data-gap=\"30\" data-tgap=\"15\" data-mgap=\"10\" data-play=\"\" data-speed=\"5000\" data-fmode=\"\" data-centered=\"0\" >\r\n\t\t\t\t<div class=\"swiper-wrapper\">\r\n\t\t\t\t\t\t\t<div class=\"p-wrap p-small p-list-small-2 swiper-slide\" data-pid=\"9297\">\r\n\t\t\t\t<div class=\"feat-holder\">\t\t<div class=\"p-featured ratio-v1\">\r\n\t\t\t\t\t<a class=\"p-flink\" href=\"https:\/\/eunewsroom.com\/de\/die-staerke-des-euro-auf-dem-globalen-finanzmarkt\/\" title=\"Die St\u00e4rke des Euro auf dem globalen Finanzmarkt\">\r\n\t\t\t<img loading=\"lazy\" decoding=\"async\" width=\"813\" height=\"36\" src=\"https:\/\/eunewsroom.com\/wp-content\/uploads\/2024\/07\/Arab-Newswire-Press-Release-Distribution-to-Media-Arab-World-and-MENA-regions-1.png\" class=\"featured-img wp-post-image\" alt=\"\" loading=\"lazy\" \/>\t\t<\/a>\r\n\t\t\t\t<\/div>\r\n\t<\/div>\r\n\t\t\t\t<div class=\"p-content\">\r\n\t\t\t<div class=\"p-categories p-top\"><a class=\"p-category category-id-1164\" href=\"https:\/\/eunewsroom.com\/de\/category\/europe-de\/\" rel=\"category\">Europa<\/a><a class=\"p-category category-id-1165\" href=\"https:\/\/eunewsroom.com\/de\/category\/press-releases-de\/\" rel=\"category\">Pressemeldungen<\/a><\/div><h4 class=\"entry-title\">\t\t<a class=\"p-url\" href=\"https:\/\/eunewsroom.com\/de\/die-staerke-des-euro-auf-dem-globalen-finanzmarkt\/\" rel=\"bookmark\">Die St\u00e4rke des Euro auf dem globalen Finanzmarkt<\/a><\/h4>\t\t<\/div>\r\n\t\t\t\t<\/div>\r\n\t\t\t<div class=\"p-wrap p-small p-list-small-2 swiper-slide\" data-pid=\"11111\">\r\n\t\t\t\t<div class=\"feat-holder\">\t\t<div class=\"p-featured ratio-v1\">\r\n\t\t\t\t\t<a class=\"p-flink\" href=\"https:\/\/eunewsroom.com\/de\/das-tschechische-unternehmen-flowbox-wurde-im-gartner-hype-cycle-for-low-carbon-energy-technologies-2024-als-sample-vendor-ausgezeichnet\/\" title=\"Das tschechische Unternehmen FLOWBOX wurde im Gartner\u00ae Hype Cycle\u2122 for Low-Carbon Energy Technologies 2024 als Sample Vendor ausgezeichnet\">\r\n\t\t\t<img loading=\"lazy\" decoding=\"async\" width=\"1024\" height=\"576\" src=\"https:\/\/eunewsroom.com\/wp-content\/uploads\/2024\/07\/FLOWBOX-Master-Your-Energy-Intelligence-1024x576.png\" class=\"featured-img wp-post-image\" alt=\"\" loading=\"lazy\" \/>\t\t<\/a>\r\n\t\t\t\t<\/div>\r\n\t<\/div>\r\n\t\t\t\t<div class=\"p-content\">\r\n\t\t\t<div class=\"p-categories p-top\"><a class=\"p-category category-id-1150\" href=\"https:\/\/eunewsroom.com\/category\/press-releases-fr\/\" rel=\"category\">Communiqu\u00e9s de presse<\/a><a class=\"p-category category-id-1164\" href=\"https:\/\/eunewsroom.com\/de\/category\/europe-de\/\" rel=\"category\">Europa<\/a><a class=\"p-category category-id-1149\" href=\"https:\/\/eunewsroom.com\/category\/europe-fr\/\" rel=\"category\">L'Europe<\/a><a class=\"p-category category-id-1165\" href=\"https:\/\/eunewsroom.com\/de\/category\/press-releases-de\/\" rel=\"category\">Pressemeldungen<\/a><\/div><h4 class=\"entry-title\">\t\t<a class=\"p-url\" href=\"https:\/\/eunewsroom.com\/de\/das-tschechische-unternehmen-flowbox-wurde-im-gartner-hype-cycle-for-low-carbon-energy-technologies-2024-als-sample-vendor-ausgezeichnet\/\" rel=\"bookmark\">Das tschechische Unternehmen FLOWBOX wurde im Gartner\u00ae Hype Cycle\u2122 for Low-Carbon Energy Technologies 2024 als Sample Vendor ausgezeichnet<\/a><\/h4>\t\t<\/div>\r\n\t\t\t\t<\/div>\r\n\t\t\t<div class=\"p-wrap p-small p-list-small-2 swiper-slide\" data-pid=\"11600\">\r\n\t\t\t\t<div class=\"feat-holder\">\t\t<div class=\"p-featured ratio-v1\">\r\n\t\t\t\t\t<a class=\"p-flink\" href=\"https:\/\/eunewsroom.com\/de\/zu-den-vorteilen-der-pressemitteilungsverteilung-an-medien-in-deutschland-gehoren-sichtbarkeit-glaubwurdigkeit-und-marktprasenz\/\" title=\"Zu den Vorteilen der Pressemitteilungsverteilung an Medien in Deutschland geh\u00f6ren Sichtbarkeit, Glaubw\u00fcrdigkeit und Marktpr\u00e4senz\">\r\n\t\t\t<img loading=\"lazy\" decoding=\"async\" width=\"840\" height=\"443\" src=\"https:\/\/eunewsroom.com\/wp-content\/uploads\/2024\/07\/Blank-img.png\" class=\"featured-img wp-post-image\" alt=\"\" loading=\"lazy\" \/>\t\t<\/a>\r\n\t\t\t\t<\/div>\r\n\t<\/div>\r\n\t\t\t\t<div class=\"p-content\">\r\n\t\t\t<div class=\"p-categories p-top\"><a class=\"p-category category-id-1150\" href=\"https:\/\/eunewsroom.com\/category\/press-releases-fr\/\" rel=\"category\">Communiqu\u00e9s de presse<\/a><a class=\"p-category category-id-1164\" href=\"https:\/\/eunewsroom.com\/de\/category\/europe-de\/\" rel=\"category\">Europa<\/a><a class=\"p-category category-id-1149\" href=\"https:\/\/eunewsroom.com\/category\/europe-fr\/\" rel=\"category\">L'Europe<\/a><a class=\"p-category category-id-1165\" href=\"https:\/\/eunewsroom.com\/de\/category\/press-releases-de\/\" rel=\"category\">Pressemeldungen<\/a><\/div><h4 class=\"entry-title\">\t\t<a class=\"p-url\" href=\"https:\/\/eunewsroom.com\/de\/zu-den-vorteilen-der-pressemitteilungsverteilung-an-medien-in-deutschland-gehoren-sichtbarkeit-glaubwurdigkeit-und-marktprasenz\/\" rel=\"bookmark\">Zu den Vorteilen der Pressemitteilungsverteilung an Medien in Deutschland geh\u00f6ren Sichtbarkeit, Glaubw\u00fcrdigkeit und Marktpr\u00e4senz<\/a><\/h4>\t\t<\/div>\r\n\t\t\t\t<\/div>\r\n\t\t\t<div class=\"p-wrap p-small p-list-small-2 swiper-slide\" data-pid=\"12620\">\r\n\t\t\t\t<div class=\"feat-holder\">\t\t<div class=\"p-featured ratio-v1\">\r\n\t\t\t\t\t<a class=\"p-flink\" href=\"https:\/\/eunewsroom.com\/de\/die-auswirkungen-der-schweiz-auf-wirtschaft-finanzen-technologie-und-lebensstil-in-europa\/\" title=\"Die Auswirkungen der Schweiz auf Wirtschaft, Finanzen, Technologie und Lebensstil in Europa\">\r\n\t\t\t<img loading=\"lazy\" decoding=\"async\" width=\"840\" height=\"443\" src=\"https:\/\/eunewsroom.com\/wp-content\/uploads\/2024\/07\/Blank-img.png\" class=\"featured-img wp-post-image\" alt=\"\" loading=\"lazy\" \/>\t\t<\/a>\r\n\t\t\t\t<\/div>\r\n\t<\/div>\r\n\t\t\t\t<div class=\"p-content\">\r\n\t\t\t<div class=\"p-categories p-top\"><a class=\"p-category category-id-1150\" href=\"https:\/\/eunewsroom.com\/category\/press-releases-fr\/\" rel=\"category\">Communiqu\u00e9s de presse<\/a><a class=\"p-category category-id-1164\" href=\"https:\/\/eunewsroom.com\/de\/category\/europe-de\/\" rel=\"category\">Europa<\/a><a class=\"p-category category-id-1149\" href=\"https:\/\/eunewsroom.com\/category\/europe-fr\/\" rel=\"category\">L'Europe<\/a><a class=\"p-category category-id-1165\" href=\"https:\/\/eunewsroom.com\/de\/category\/press-releases-de\/\" rel=\"category\">Pressemeldungen<\/a><\/div><h4 class=\"entry-title\">\t\t<a class=\"p-url\" href=\"https:\/\/eunewsroom.com\/de\/die-auswirkungen-der-schweiz-auf-wirtschaft-finanzen-technologie-und-lebensstil-in-europa\/\" rel=\"bookmark\">Die Auswirkungen der Schweiz auf Wirtschaft, Finanzen, Technologie und Lebensstil in Europa<\/a><\/h4>\t\t<\/div>\r\n\t\t\t\t<\/div>\r\n\t\t\t<div class=\"p-wrap p-small p-list-small-2 swiper-slide\" data-pid=\"12402\">\r\n\t\t\t\t<div class=\"feat-holder\">\t\t<div class=\"p-featured ratio-v1\">\r\n\t\t\t\t\t<a class=\"p-flink\" href=\"https:\/\/eunewsroom.com\/de\/dr-erkan-kork-vorstandsvorsitzender-der-bankpozitif-turkiye-wird-weiterhin-qualifizierte-investitionen-anziehen\/\" title=\"Dr. Erkan Kork, Vorstandsvorsitzender der Bankpozitif: \u201cT\u00fcrkiye wird weiterhin qualifizierte Investitionen anziehen\u201d\">\r\n\t\t\t<img loading=\"lazy\" decoding=\"async\" width=\"1000\" height=\"524\" src=\"https:\/\/eunewsroom.com\/wp-content\/uploads\/2024\/08\/BankPozitif-Chairman-Dr.-Erkan-Kork-Turkiye-Attracts-reduced.jpg\" class=\"featured-img wp-post-image\" alt=\"\" loading=\"lazy\" \/>\t\t<\/a>\r\n\t\t\t\t<\/div>\r\n\t<\/div>\r\n\t\t\t\t<div class=\"p-content\">\r\n\t\t\t<div class=\"p-categories p-top\"><a class=\"p-category category-id-1150\" href=\"https:\/\/eunewsroom.com\/category\/press-releases-fr\/\" rel=\"category\">Communiqu\u00e9s de presse<\/a><a class=\"p-category category-id-1164\" href=\"https:\/\/eunewsroom.com\/de\/category\/europe-de\/\" rel=\"category\">Europa<\/a><a class=\"p-category category-id-1149\" href=\"https:\/\/eunewsroom.com\/category\/europe-fr\/\" rel=\"category\">L'Europe<\/a><a class=\"p-category category-id-1165\" href=\"https:\/\/eunewsroom.com\/de\/category\/press-releases-de\/\" rel=\"category\">Pressemeldungen<\/a><\/div><h4 class=\"entry-title\">\t\t<a class=\"p-url\" href=\"https:\/\/eunewsroom.com\/de\/dr-erkan-kork-vorstandsvorsitzender-der-bankpozitif-turkiye-wird-weiterhin-qualifizierte-investitionen-anziehen\/\" rel=\"bookmark\">Dr. Erkan Kork, Vorstandsvorsitzender der Bankpozitif: \u201cT\u00fcrkiye wird weiterhin qualifizierte Investitionen anziehen\u201d<\/a><\/h4>\t\t<\/div>\r\n\t\t\t\t<\/div>\r\n\t\t\t\t\t<\/div>\r\n\t\t\t\t\t\t\t<div class=\"slider-footer light-scheme\">\r\n\t\t\t\t\t\t\t\t\t<div class=\"slider-prev rbi rbi-cleft\"><\/div>\r\n\t\t\t\t\t\t\t\t\t<div class=\"slider-pagination\"><\/div>\r\n\t\t\t\t\t\t\t\t\t<div class=\"slider-next rbi rbi-cright\"><\/div>\r\n\t\t\t\t\t\t\t<\/div>\r\n\t\t\t\t\t<\/div>\r\n\t\t<\/div><\/div>\t\t<\/div>\n\t\t\t\t<\/div>\n\t\t\t\t\t<\/div>\n\t\t<\/div>\n\t\t\t\t\t<\/div>\n\t\t<\/section>\n\t\t\t\t\t<\/div>\n\t\t<\/div>\n\t\t\t\t\t<\/div>\n\t\t<\/section>\n\t\t<div class=\"elementor-element elementor-element-69e63da e-flex e-con-boxed e-con e-parent\" data-id=\"69e63da\" data-element_type=\"container\" data-settings=\"{&quot;background_background&quot;:&quot;classic&quot;}\">\n\t\t\t\t\t<div class=\"e-con-inner\">\n\t\t\t\t<div class=\"elementor-element elementor-element-971ef53 elementor-widget__width-inherit elementor-widget elementor-widget-foxiz-heading\" data-id=\"971ef53\" data-element_type=\"widget\" data-widget_type=\"foxiz-heading.default\">\n\t\t\t\t<div class=\"elementor-widget-container\">\n\t\t\t<div id=\"uid_971ef53\" class=\"block-h heading-layout-10\"><div class=\"heading-inner\"><h3 class=\"heading-title\"><a href=\"https:\/\/eunewsroom.com\/de\/category\/news-de\/eu-de\/automotive-de\/\">Automobil<\/a><\/h3><div class=\"heading-tagline h6\"><a class=\"heading-tagline-label\" href=\"https:\/\/eunewsroom.com\/de\/category\/news-de\/eu-de\/automotive-de\/\">Alle anzeigen\n<\/a><i class=\"rbi rbi-cright heading-tagline-icon\" aria-hidden=\"true\"><\/i><\/div><\/div><\/div>\t\t<\/div>\n\t\t\t\t<\/div>\n\t\t\t\t<div class=\"elementor-element elementor-element-fe4a82a elementor-widget-divider--view-line elementor-widget elementor-widget-divider\" data-id=\"fe4a82a\" data-element_type=\"widget\" data-widget_type=\"divider.default\">\n\t\t\t\t<div class=\"elementor-widget-container\">\n\t\t\t\t\t<div class=\"elementor-divider\">\n\t\t\t<span class=\"elementor-divider-separator\">\n\t\t\t\t\t\t<\/span>\n\t\t<\/div>\n\t\t\t\t<\/div>\n\t\t\t\t<\/div>\n\t\t\t\t\t<\/div>\n\t\t\t\t<\/div>\n\t\t<div class=\"elementor-element elementor-element-fc62f0d e-flex e-con-boxed e-con e-parent\" data-id=\"fc62f0d\" data-element_type=\"container\" data-settings=\"{&quot;background_background&quot;:&quot;classic&quot;}\">\n\t\t\t\t\t<div class=\"e-con-inner\">\n\t\t<div class=\"elementor-element elementor-element-11d8855 e-con-full e-flex e-con e-child\" data-id=\"11d8855\" data-element_type=\"container\">\n\t\t\t\t<div class=\"elementor-element elementor-element-d5e60e9 elementor-widget elementor-widget-foxiz-list-small-1\" data-id=\"d5e60e9\" data-element_type=\"widget\" data-widget_type=\"foxiz-list-small-1.default\">\n\t\t\t\t<div class=\"elementor-widget-container\">\n\t\t\t<div id=\"uid_d5e60e9\" class=\"block-wrap block-small block-list block-list-small-1 bottom-border is-b-border-gray no-last-bb ecat-l-dot meta-s-default\"><div class=\"block-inner\">\t\t<div class=\"p-wrap p-small p-list-small-1\" data-pid=\"16147\">\r\n\t\t\t<div class=\"p-content\">\r\n\t\t\t<div class=\"p-categories p-top\"><a class=\"p-category category-id-1155\" href=\"https:\/\/eunewsroom.com\/de\/category\/news-de\/eu-de\/automotive-de\/\" rel=\"category\">Automobil<\/a><a class=\"p-category category-id-1140\" href=\"https:\/\/eunewsroom.com\/category\/news-fr\/eu-fr\/automotive-fr\/\" rel=\"category\">Automobile<\/a><\/div><h3 class=\"entry-title\">\t\t<a class=\"p-url\" href=\"https:\/\/eunewsroom.com\/de\/zulieferer-warnen-europas-autokonzerne-vor-konkurrenz-aus-china-der-standard\/\" rel=\"bookmark\">Zulieferer warnen Europas Autokonzerne vor Konkurrenz aus China &#8211; DER STANDARD<\/a><\/h3><p class=\"entry-summary\">Zulieferer warnen Europas Autokonzerne vor Konkurrenz aus&hellip;<\/p>\r\n\t\t\t\t\t<\/div>\r\n\t\t\t\t<\/div>\r\n\t\t\t<div class=\"p-wrap p-small p-list-small-1\" data-pid=\"16013\">\r\n\t\t\t<div class=\"p-content\">\r\n\t\t\t<div class=\"p-categories p-top\"><a class=\"p-category category-id-1155\" href=\"https:\/\/eunewsroom.com\/de\/category\/news-de\/eu-de\/automotive-de\/\" rel=\"category\">Automobil<\/a><a class=\"p-category category-id-1140\" href=\"https:\/\/eunewsroom.com\/category\/news-fr\/eu-fr\/automotive-fr\/\" rel=\"category\">Automobile<\/a><\/div><h3 class=\"entry-title\">\t\t<a class=\"p-url\" href=\"https:\/\/eunewsroom.com\/de\/china-plant-hohere-zolle-fur-europaische-autos-msn\/\" rel=\"bookmark\">China plant h\u00f6here Z\u00f6lle f\u00fcr europ\u00e4ische Autos &#8211; MSN<\/a><\/h3><p class=\"entry-summary\">China plant h\u00f6here Z\u00f6lle f\u00fcr europ\u00e4ische Autos&nbsp;&nbsp;MSN&hellip;<\/p>\r\n\t\t\t\t\t<\/div>\r\n\t\t\t\t<\/div>\r\n\t\t\t<div class=\"p-wrap p-small p-list-small-1\" data-pid=\"15803\">\r\n\t\t\t<div class=\"p-content\">\r\n\t\t\t<div class=\"p-categories p-top\"><a class=\"p-category category-id-1155\" href=\"https:\/\/eunewsroom.com\/de\/category\/news-de\/eu-de\/automotive-de\/\" rel=\"category\">Automobil<\/a><a class=\"p-category category-id-1140\" href=\"https:\/\/eunewsroom.com\/category\/news-fr\/eu-fr\/automotive-fr\/\" rel=\"category\">Automobile<\/a><\/div><h3 class=\"entry-title\">\t\t<a class=\"p-url\" href=\"https:\/\/eunewsroom.com\/de\/positionspapier-der-evp-fraktion-sicherung-der-wettbewerbsfahigkeit-der-europaischen-automobilindustrie-epp-group-in-the-european-parliament\/\" rel=\"bookmark\">Positionspapier der EVP-Fraktion: Sicherung der Wettbewerbsf\u00e4higkeit der europ\u00e4ischen Automobilindustrie &#8211; EPP Group in the European Parliament<\/a><\/h3><p class=\"entry-summary\">Positionspapier der EVP-Fraktion: Sicherung der Wettbewerbsf\u00e4higkeit der&hellip;<\/p>\r\n\t\t\t\t\t<\/div>\r\n\t\t\t\t<\/div>\r\n\t<\/div><\/div>\t\t<\/div>\n\t\t\t\t<\/div>\n\t\t\t\t<\/div>\n\t\t<div class=\"elementor-element elementor-element-89689bb e-con-full e-flex e-con e-child\" data-id=\"89689bb\" data-element_type=\"container\">\n\t\t\t\t<div class=\"elementor-element elementor-element-3c3b066 elementor-widget elementor-widget-foxiz-list-small-1\" data-id=\"3c3b066\" data-element_type=\"widget\" data-widget_type=\"foxiz-list-small-1.default\">\n\t\t\t\t<div class=\"elementor-widget-container\">\n\t\t\t<div id=\"uid_3c3b066\" class=\"block-wrap block-small block-list block-list-small-1 bottom-border is-b-border-gray no-last-bb ecat-l-dot meta-s-default\"><div class=\"block-inner\">\t\t<div class=\"p-wrap p-small p-list-small-1\" data-pid=\"15516\">\r\n\t\t\t<div class=\"p-content\">\r\n\t\t\t<div class=\"p-categories p-top\"><a class=\"p-category category-id-1155\" href=\"https:\/\/eunewsroom.com\/de\/category\/news-de\/eu-de\/automotive-de\/\" rel=\"category\">Automobil<\/a><a class=\"p-category category-id-1140\" href=\"https:\/\/eunewsroom.com\/category\/news-fr\/eu-fr\/automotive-fr\/\" rel=\"category\">Automobile<\/a><\/div><h3 class=\"entry-title\">\t\t<a class=\"p-url\" href=\"https:\/\/eunewsroom.com\/de\/chinesische-autobauer-trickesen-die-eu-mit-hybriden-fahrzeugen-aus-euronews\/\" rel=\"bookmark\">Chinesische Autobauer trickesen die EU mit hybriden Fahrzeugen aus &#8211; Euronews<\/a><\/h3><p class=\"entry-summary\">Chinesische Autobauer trickesen die EU mit hybriden&hellip;<\/p>\r\n\t\t\t\t\t<\/div>\r\n\t\t\t\t<\/div>\r\n\t\t\t<div class=\"p-wrap p-small p-list-small-1\" data-pid=\"15353\">\r\n\t\t\t<div class=\"p-content\">\r\n\t\t\t<div class=\"p-categories p-top\"><a class=\"p-category category-id-1155\" href=\"https:\/\/eunewsroom.com\/de\/category\/news-de\/eu-de\/automotive-de\/\" rel=\"category\">Automobil<\/a><a class=\"p-category category-id-1140\" href=\"https:\/\/eunewsroom.com\/category\/news-fr\/eu-fr\/automotive-fr\/\" rel=\"category\">Automobile<\/a><\/div><h3 class=\"entry-title\">\t\t<a class=\"p-url\" href=\"https:\/\/eunewsroom.com\/de\/china-plant-hohere-zolle-fur-europaische-autos-msn\/\" rel=\"bookmark\">China plant h\u00f6here Z\u00f6lle f\u00fcr europ\u00e4ische Autos &#8211; MSN<\/a><\/h3><p class=\"entry-summary\">China plant h\u00f6here Z\u00f6lle f\u00fcr europ\u00e4ische Autos&nbsp;&nbsp;MSN&hellip;<\/p>\r\n\t\t\t\t\t<\/div>\r\n\t\t\t\t<\/div>\r\n\t\t\t<div class=\"p-wrap p-small p-list-small-1\" data-pid=\"15170\">\r\n\t\t\t<div class=\"p-content\">\r\n\t\t\t<div class=\"p-categories p-top\"><a class=\"p-category category-id-1155\" href=\"https:\/\/eunewsroom.com\/de\/category\/news-de\/eu-de\/automotive-de\/\" rel=\"category\">Automobil<\/a><a class=\"p-category category-id-1140\" href=\"https:\/\/eunewsroom.com\/category\/news-fr\/eu-fr\/automotive-fr\/\" rel=\"category\">Automobile<\/a><\/div><h3 class=\"entry-title\">\t\t<a class=\"p-url\" href=\"https:\/\/eunewsroom.com\/de\/wie-die-eu-zolle-auf-e-autos-aus-china-abschaffen-will-business-insider-deutschland\/\" rel=\"bookmark\">Wie die EU Z\u00f6lle auf E-Autos aus China abschaffen will &#8211; Business Insider Deutschland<\/a><\/h3><p class=\"entry-summary\">Wie die EU Z\u00f6lle auf E-Autos aus&hellip;<\/p>\r\n\t\t\t\t\t<\/div>\r\n\t\t\t\t<\/div>\r\n\t<\/div><\/div>\t\t<\/div>\n\t\t\t\t<\/div>\n\t\t\t\t<\/div>\n\t\t<div class=\"elementor-element elementor-element-cc96e2d e-con-full e-flex e-con e-child\" data-id=\"cc96e2d\" data-element_type=\"container\">\n\t\t\t\t<div class=\"elementor-element elementor-element-f61c081 elementor-widget elementor-widget-foxiz-list-small-1\" data-id=\"f61c081\" data-element_type=\"widget\" data-widget_type=\"foxiz-list-small-1.default\">\n\t\t\t\t<div class=\"elementor-widget-container\">\n\t\t\t<div id=\"uid_f61c081\" class=\"block-wrap block-small block-list block-list-small-1 bottom-border is-b-border-gray no-last-bb ecat-l-dot meta-s-default\"><div class=\"block-inner\">\t\t<div class=\"p-wrap p-small p-list-small-1\" data-pid=\"14961\">\r\n\t\t\t<div class=\"p-content\">\r\n\t\t\t<div class=\"p-categories p-top\"><a class=\"p-category category-id-1155\" href=\"https:\/\/eunewsroom.com\/de\/category\/news-de\/eu-de\/automotive-de\/\" rel=\"category\">Automobil<\/a><a class=\"p-category category-id-1140\" href=\"https:\/\/eunewsroom.com\/category\/news-fr\/eu-fr\/automotive-fr\/\" rel=\"category\">Automobile<\/a><\/div><h3 class=\"entry-title\">\t\t<a class=\"p-url\" href=\"https:\/\/eunewsroom.com\/de\/groste-autohandler-europas-immer-internationaler-aufgestellt-autohaus\/\" rel=\"bookmark\">Gr\u00f6\u00dfte Autoh\u00e4ndler Europas: Immer internationaler aufgestellt &#8211; AUTOHAUS<\/a><\/h3><p class=\"entry-summary\">Gr\u00f6\u00dfte Autoh\u00e4ndler Europas: Immer internationaler aufgestellt&nbsp;&nbsp;AUTOHAUS Quelle<\/p>\r\n\t\t\t\t\t<\/div>\r\n\t\t\t\t<\/div>\r\n\t\t\t<div class=\"p-wrap p-small p-list-small-1\" data-pid=\"14816\">\r\n\t\t\t<div class=\"p-content\">\r\n\t\t\t<div class=\"p-categories p-top\"><a class=\"p-category category-id-1155\" href=\"https:\/\/eunewsroom.com\/de\/category\/news-de\/eu-de\/automotive-de\/\" rel=\"category\">Automobil<\/a><a class=\"p-category category-id-1140\" href=\"https:\/\/eunewsroom.com\/category\/news-fr\/eu-fr\/automotive-fr\/\" rel=\"category\">Automobile<\/a><\/div><h3 class=\"entry-title\">\t\t<a class=\"p-url\" href=\"https:\/\/eunewsroom.com\/de\/zukunft-der-autoindustrie-europa-unter-druck-autohaus\/\" rel=\"bookmark\">Zukunft der Autoindustrie: Europa unter Druck &#8211; AUTOHAUS<\/a><\/h3><p class=\"entry-summary\">Zukunft der Autoindustrie: Europa unter Druck&nbsp;&nbsp;AUTOHAUS Quelle<\/p>\r\n\t\t\t\t\t<\/div>\r\n\t\t\t\t<\/div>\r\n\t\t\t<div class=\"p-wrap p-small p-list-small-1\" data-pid=\"14590\">\r\n\t\t\t<div class=\"p-content\">\r\n\t\t\t<div class=\"p-categories p-top\"><a class=\"p-category category-id-1155\" href=\"https:\/\/eunewsroom.com\/de\/category\/news-de\/eu-de\/automotive-de\/\" rel=\"category\">Automobil<\/a><a class=\"p-category category-id-1140\" href=\"https:\/\/eunewsroom.com\/category\/news-fr\/eu-fr\/automotive-fr\/\" rel=\"category\">Automobile<\/a><\/div><h3 class=\"entry-title\">\t\t<a class=\"p-url\" href=\"https:\/\/eunewsroom.com\/de\/e-mobilitat-frankreich-will-europaisch-abgestimmte-kaufpramie-der-spiegel\/\" rel=\"bookmark\">E-Mobilit\u00e4t: Frankreich will europ\u00e4isch abgestimmte Kaufpr\u00e4mie &#8211; DER SPIEGEL<\/a><\/h3><p class=\"entry-summary\">E-Mobilit\u00e4t: Frankreich will europ\u00e4isch abgestimmte Kaufpr\u00e4mie&nbsp;&nbsp;DER SPIEGEL&hellip;<\/p>\r\n\t\t\t\t\t<\/div>\r\n\t\t\t\t<\/div>\r\n\t<\/div><\/div>\t\t<\/div>\n\t\t\t\t<\/div>\n\t\t\t\t<\/div>\n\t\t<div class=\"elementor-element elementor-element-de8e909 e-con-full e-flex e-con e-child\" data-id=\"de8e909\" data-element_type=\"container\">\n\t\t\t\t<div class=\"elementor-element elementor-element-ae41051 elementor-widget elementor-widget-foxiz-list-small-1\" data-id=\"ae41051\" data-element_type=\"widget\" data-widget_type=\"foxiz-list-small-1.default\">\n\t\t\t\t<div class=\"elementor-widget-container\">\n\t\t\t<div id=\"uid_ae41051\" class=\"block-wrap block-small block-list block-list-small-1 bottom-border is-b-border-gray no-last-bb ecat-l-dot meta-s-default\"><div class=\"block-inner\">\t\t<div class=\"p-wrap p-small p-list-small-1\" data-pid=\"14437\">\r\n\t\t\t<div class=\"p-content\">\r\n\t\t\t<div class=\"p-categories p-top\"><a class=\"p-category category-id-1155\" href=\"https:\/\/eunewsroom.com\/de\/category\/news-de\/eu-de\/automotive-de\/\" rel=\"category\">Automobil<\/a><a class=\"p-category category-id-1140\" href=\"https:\/\/eunewsroom.com\/category\/news-fr\/eu-fr\/automotive-fr\/\" rel=\"category\">Automobile<\/a><\/div><h3 class=\"entry-title\">\t\t<a class=\"p-url\" href=\"https:\/\/eunewsroom.com\/de\/handelskonflikt-china-drangt-wohl-autobauer-zu-stopp-von-eu-expansionsplanen-www-electrive-net\/\" rel=\"bookmark\">Handelskonflikt: China dr\u00e4ngt wohl Autobauer zu Stopp von EU-Expansionspl\u00e4nen &#8211; www.electrive.net<\/a><\/h3><p class=\"entry-summary\">Handelskonflikt: China dr\u00e4ngt wohl Autobauer zu Stopp&hellip;<\/p>\r\n\t\t\t\t\t<\/div>\r\n\t\t\t\t<\/div>\r\n\t\t\t<div class=\"p-wrap p-small p-list-small-1\" data-pid=\"14274\">\r\n\t\t\t<div class=\"p-content\">\r\n\t\t\t<div class=\"p-categories p-top\"><a class=\"p-category category-id-1155\" href=\"https:\/\/eunewsroom.com\/de\/category\/news-de\/eu-de\/automotive-de\/\" rel=\"category\">Automobil<\/a><a class=\"p-category category-id-1140\" href=\"https:\/\/eunewsroom.com\/category\/news-fr\/eu-fr\/automotive-fr\/\" rel=\"category\">Automobile<\/a><\/div><h3 class=\"entry-title\">\t\t<a class=\"p-url\" href=\"https:\/\/eunewsroom.com\/de\/china-plant-hohere-zolle-fur-europaische-autos-msn\/\" rel=\"bookmark\">China plant h\u00f6here Z\u00f6lle f\u00fcr europ\u00e4ische Autos &#8211; MSN<\/a><\/h3><p class=\"entry-summary\">China plant h\u00f6here Z\u00f6lle f\u00fcr europ\u00e4ische Autos&nbsp;&nbsp;MSN&hellip;<\/p>\r\n\t\t\t\t\t<\/div>\r\n\t\t\t\t<\/div>\r\n\t\t\t<div class=\"p-wrap p-small p-list-small-1\" data-pid=\"14069\">\r\n\t\t\t<div class=\"p-content\">\r\n\t\t\t<div class=\"p-categories p-top\"><a class=\"p-category category-id-1155\" href=\"https:\/\/eunewsroom.com\/de\/category\/news-de\/eu-de\/automotive-de\/\" rel=\"category\">Automobil<\/a><a class=\"p-category category-id-1140\" href=\"https:\/\/eunewsroom.com\/category\/news-fr\/eu-fr\/automotive-fr\/\" rel=\"category\">Automobile<\/a><\/div><h3 class=\"entry-title\">\t\t<a class=\"p-url\" href=\"https:\/\/eunewsroom.com\/de\/china-autobauer-gac-pruft-produktion-von-e-autos-in-europa-vol-at\/\" rel=\"bookmark\">China: Autobauer GAC pr\u00fcft Produktion von E-Autos in Europa &#8211; VOL.AT<\/a><\/h3><p class=\"entry-summary\">China: Autobauer GAC pr\u00fcft Produktion von E-Autos&hellip;<\/p>\r\n\t\t\t\t\t<\/div>\r\n\t\t\t\t<\/div>\r\n\t<\/div><\/div>\t\t<\/div>\n\t\t\t\t<\/div>\n\t\t\t\t<\/div>\n\t\t\t\t\t<\/div>\n\t\t\t\t<\/div>\n\t\t<div class=\"elementor-element elementor-element-72d3280 e-flex e-con-boxed e-con e-parent\" data-id=\"72d3280\" data-element_type=\"container\" data-settings=\"{&quot;background_background&quot;:&quot;classic&quot;}\">\n\t\t\t\t\t<div class=\"e-con-inner\">\n\t\t\t\t<div class=\"elementor-element elementor-element-2999e00 elementor-widget__width-inherit elementor-widget elementor-widget-foxiz-heading\" data-id=\"2999e00\" data-element_type=\"widget\" data-widget_type=\"foxiz-heading.default\">\n\t\t\t\t<div class=\"elementor-widget-container\">\n\t\t\t<div id=\"uid_2999e00\" class=\"block-h heading-layout-10\"><div class=\"heading-inner\"><h3 class=\"heading-title\"><a href=\"https:\/\/eunewsroom.com\/de\/category\/news-de\/eu-de\/business-de\/\">Gesch\u00e4ft<\/a><\/h3><div class=\"heading-tagline h6\"><a class=\"heading-tagline-label\" href=\"https:\/\/eunewsroom.com\/de\/category\/news-de\/eu-de\/business-de\/\">Alle anzeigen\n<\/a><i class=\"rbi rbi-cright heading-tagline-icon\" aria-hidden=\"true\"><\/i><\/div><\/div><\/div>\t\t<\/div>\n\t\t\t\t<\/div>\n\t\t\t\t<div class=\"elementor-element elementor-element-474be1b elementor-widget-divider--view-line elementor-widget elementor-widget-divider\" data-id=\"474be1b\" data-element_type=\"widget\" data-widget_type=\"divider.default\">\n\t\t\t\t<div class=\"elementor-widget-container\">\n\t\t\t\t\t<div class=\"elementor-divider\">\n\t\t\t<span class=\"elementor-divider-separator\">\n\t\t\t\t\t\t<\/span>\n\t\t<\/div>\n\t\t\t\t<\/div>\n\t\t\t\t<\/div>\n\t\t\t\t\t<\/div>\n\t\t\t\t<\/div>\n\t\t<div class=\"elementor-element elementor-element-959db35 e-flex e-con-boxed e-con e-parent\" data-id=\"959db35\" data-element_type=\"container\" data-settings=\"{&quot;background_background&quot;:&quot;classic&quot;}\">\n\t\t\t\t\t<div class=\"e-con-inner\">\n\t\t<div class=\"elementor-element elementor-element-c12192e e-con-full e-flex e-con e-child\" data-id=\"c12192e\" data-element_type=\"container\">\n\t\t\t\t<div class=\"elementor-element elementor-element-82541fd elementor-widget elementor-widget-foxiz-list-small-1\" data-id=\"82541fd\" data-element_type=\"widget\" data-widget_type=\"foxiz-list-small-1.default\">\n\t\t\t\t<div class=\"elementor-widget-container\">\n\t\t\t<div id=\"uid_82541fd\" class=\"block-wrap block-small block-list block-list-small-1 bottom-border is-b-border-gray no-last-bb ecat-l-dot meta-s-default\"><div class=\"block-inner\">\t\t<div class=\"p-wrap p-small p-list-small-1\" data-pid=\"16146\">\r\n\t\t\t<div class=\"p-content\">\r\n\t\t\t<div class=\"p-categories p-top\"><a class=\"p-category category-id-1147\" href=\"https:\/\/eunewsroom.com\/category\/news-fr\/eu-fr\/business-fr\/\" rel=\"category\">Entreprise<\/a><a class=\"p-category category-id-1162\" href=\"https:\/\/eunewsroom.com\/de\/category\/news-de\/eu-de\/business-de\/\" rel=\"category\">Gesch\u00e4ft<\/a><\/div><h3 class=\"entry-title\">\t\t<a class=\"p-url\" href=\"https:\/\/eunewsroom.com\/de\/aktien-europa-moderate-gewinne-bei-ruhigem-geschaft-t-online-de\/\" rel=\"bookmark\">Aktien Europa: Moderate Gewinne bei ruhigem Gesch\u00e4ft &#8211; t-online.de<\/a><\/h3><p class=\"entry-summary\">Aktien Europa: Moderate Gewinne bei ruhigem Gesch\u00e4ft&nbsp;&nbsp;t-online.de&hellip;<\/p>\r\n\t\t\t\t\t<\/div>\r\n\t\t\t\t<\/div>\r\n\t\t\t<div class=\"p-wrap p-small p-list-small-1\" data-pid=\"16012\">\r\n\t\t\t<div class=\"p-content\">\r\n\t\t\t<div class=\"p-categories p-top\"><a class=\"p-category category-id-1147\" href=\"https:\/\/eunewsroom.com\/category\/news-fr\/eu-fr\/business-fr\/\" rel=\"category\">Entreprise<\/a><a class=\"p-category category-id-1162\" href=\"https:\/\/eunewsroom.com\/de\/category\/news-de\/eu-de\/business-de\/\" rel=\"category\">Gesch\u00e4ft<\/a><\/div><h3 class=\"entry-title\">\t\t<a class=\"p-url\" href=\"https:\/\/eunewsroom.com\/de\/neuer-unit-42-forschungsbericht-kampagne-zielt-auf-europaische-unternehmen-infopoint-security\/\" rel=\"bookmark\">Neuer Unit 42-Forschungsbericht: Kampagne zielt auf europ\u00e4ische Unternehmen &#8211; Infopoint Security<\/a><\/h3><p class=\"entry-summary\">Neuer Unit 42-Forschungsbericht: Kampagne zielt auf europ\u00e4ische&hellip;<\/p>\r\n\t\t\t\t\t<\/div>\r\n\t\t\t\t<\/div>\r\n\t\t\t<div class=\"p-wrap p-small p-list-small-1\" data-pid=\"15802\">\r\n\t\t\t<div class=\"p-content\">\r\n\t\t\t<div class=\"p-categories p-top\"><a class=\"p-category category-id-1147\" href=\"https:\/\/eunewsroom.com\/category\/news-fr\/eu-fr\/business-fr\/\" rel=\"category\">Entreprise<\/a><a class=\"p-category category-id-1162\" href=\"https:\/\/eunewsroom.com\/de\/category\/news-de\/eu-de\/business-de\/\" rel=\"category\">Gesch\u00e4ft<\/a><\/div><h3 class=\"entry-title\">\t\t<a class=\"p-url\" href=\"https:\/\/eunewsroom.com\/de\/reisekonzern-tui-will-mit-wachstum-in-asien-unabhangiger-von-europa-werden-handelsblatt\/\" rel=\"bookmark\">Reisekonzern: TUI will mit Wachstum in Asien unabh\u00e4ngiger von Europa werden &#8211; Handelsblatt<\/a><\/h3><p class=\"entry-summary\">Reisekonzern: TUI will mit Wachstum in Asien&hellip;<\/p>\r\n\t\t\t\t\t<\/div>\r\n\t\t\t\t<\/div>\r\n\t<\/div><\/div>\t\t<\/div>\n\t\t\t\t<\/div>\n\t\t\t\t<\/div>\n\t\t<div class=\"elementor-element elementor-element-3bfc7cf e-con-full e-flex e-con e-child\" data-id=\"3bfc7cf\" data-element_type=\"container\">\n\t\t\t\t<div class=\"elementor-element elementor-element-5146cf3 elementor-widget elementor-widget-foxiz-list-small-1\" data-id=\"5146cf3\" data-element_type=\"widget\" data-widget_type=\"foxiz-list-small-1.default\">\n\t\t\t\t<div class=\"elementor-widget-container\">\n\t\t\t<div id=\"uid_5146cf3\" class=\"block-wrap block-small block-list block-list-small-1 bottom-border is-b-border-gray no-last-bb ecat-l-dot meta-s-default\"><div class=\"block-inner\">\t\t<div class=\"p-wrap p-small p-list-small-1\" data-pid=\"15515\">\r\n\t\t\t<div class=\"p-content\">\r\n\t\t\t<div class=\"p-categories p-top\"><a class=\"p-category category-id-1147\" href=\"https:\/\/eunewsroom.com\/category\/news-fr\/eu-fr\/business-fr\/\" rel=\"category\">Entreprise<\/a><a class=\"p-category category-id-1162\" href=\"https:\/\/eunewsroom.com\/de\/category\/news-de\/eu-de\/business-de\/\" rel=\"category\">Gesch\u00e4ft<\/a><\/div><h3 class=\"entry-title\">\t\t<a class=\"p-url\" href=\"https:\/\/eunewsroom.com\/de\/friendly-fire-europa-torpediert-sich-im-batteriegeschaft-selbst-die-presse\/\" rel=\"bookmark\">\u201eFriendly Fire\u201c: Europa torpediert sich im Batteriegesch\u00e4ft selbst &#8211; Die Presse<\/a><\/h3><p class=\"entry-summary\">\u201eFriendly Fire\u201c: Europa torpediert sich im Batteriegesch\u00e4ft&hellip;<\/p>\r\n\t\t\t\t\t<\/div>\r\n\t\t\t\t<\/div>\r\n\t\t\t<div class=\"p-wrap p-small p-list-small-1\" data-pid=\"15352\">\r\n\t\t\t<div class=\"p-content\">\r\n\t\t\t<div class=\"p-categories p-top\"><a class=\"p-category category-id-1147\" href=\"https:\/\/eunewsroom.com\/category\/news-fr\/eu-fr\/business-fr\/\" rel=\"category\">Entreprise<\/a><a class=\"p-category category-id-1162\" href=\"https:\/\/eunewsroom.com\/de\/category\/news-de\/eu-de\/business-de\/\" rel=\"category\">Gesch\u00e4ft<\/a><\/div><h3 class=\"entry-title\">\t\t<a class=\"p-url\" href=\"https:\/\/eunewsroom.com\/de\/foodji-erhalt-als-erstes-europaisches-startup-hybrid-growth-capital-das-steckt-dahinter-business-insider-deutschland\/\" rel=\"bookmark\">Foodji erh\u00e4lt als erstes europ\u00e4isches Startup Hybrid-Growth-Capital \u2013 das steckt dahinter &#8211; Business Insider Deutschland<\/a><\/h3><p class=\"entry-summary\">Foodji erh\u00e4lt als erstes europ\u00e4isches Startup Hybrid-Growth-Capital&hellip;<\/p>\r\n\t\t\t\t\t<\/div>\r\n\t\t\t\t<\/div>\r\n\t\t\t<div class=\"p-wrap p-small p-list-small-1\" data-pid=\"15169\">\r\n\t\t\t<div class=\"p-content\">\r\n\t\t\t<div class=\"p-categories p-top\"><a class=\"p-category category-id-1147\" href=\"https:\/\/eunewsroom.com\/category\/news-fr\/eu-fr\/business-fr\/\" rel=\"category\">Entreprise<\/a><a class=\"p-category category-id-1162\" href=\"https:\/\/eunewsroom.com\/de\/category\/news-de\/eu-de\/business-de\/\" rel=\"category\">Gesch\u00e4ft<\/a><\/div><h3 class=\"entry-title\">\t\t<a class=\"p-url\" href=\"https:\/\/eunewsroom.com\/de\/private-raumfahrt-europaische-firmen-als-zulieferer-der-usa-neue-zurcher-zeitung-nzz\/\" rel=\"bookmark\">Private Raumfahrt: Europ\u00e4ische Firmen als Zulieferer der USA? &#8211; Neue Z\u00fcrcher Zeitung &#8211; NZZ<\/a><\/h3><p class=\"entry-summary\">Private Raumfahrt: Europ\u00e4ische Firmen als Zulieferer der&hellip;<\/p>\r\n\t\t\t\t\t<\/div>\r\n\t\t\t\t<\/div>\r\n\t<\/div><\/div>\t\t<\/div>\n\t\t\t\t<\/div>\n\t\t\t\t<\/div>\n\t\t<div class=\"elementor-element elementor-element-9260fe1 e-con-full e-flex e-con e-child\" data-id=\"9260fe1\" data-element_type=\"container\">\n\t\t\t\t<div class=\"elementor-element elementor-element-a416f83 elementor-widget elementor-widget-foxiz-list-small-1\" data-id=\"a416f83\" data-element_type=\"widget\" data-widget_type=\"foxiz-list-small-1.default\">\n\t\t\t\t<div class=\"elementor-widget-container\">\n\t\t\t<div id=\"uid_a416f83\" class=\"block-wrap block-small block-list block-list-small-1 bottom-border is-b-border-gray no-last-bb ecat-l-dot meta-s-default\"><div class=\"block-inner\">\t\t<div class=\"p-wrap p-small p-list-small-1\" data-pid=\"14960\">\r\n\t\t\t<div class=\"p-content\">\r\n\t\t\t<div class=\"p-categories p-top\"><a class=\"p-category category-id-1147\" href=\"https:\/\/eunewsroom.com\/category\/news-fr\/eu-fr\/business-fr\/\" rel=\"category\">Entreprise<\/a><a class=\"p-category category-id-1162\" href=\"https:\/\/eunewsroom.com\/de\/category\/news-de\/eu-de\/business-de\/\" rel=\"category\">Gesch\u00e4ft<\/a><\/div><h3 class=\"entry-title\">\t\t<a class=\"p-url\" href=\"https:\/\/eunewsroom.com\/de\/europa-geschaft-stellenabbau-bei-unilever-wohl-geringer-als-angekundigt-lebensmittel-zeitung\/\" rel=\"bookmark\">Europa-Gesch\u00e4ft: Stellenabbau bei Unilever wohl geringer als angek\u00fcndigt &#8211; Lebensmittel Zeitung<\/a><\/h3><p class=\"entry-summary\">Europa-Gesch\u00e4ft: Stellenabbau bei Unilever wohl geringer als&hellip;<\/p>\r\n\t\t\t\t\t<\/div>\r\n\t\t\t\t<\/div>\r\n\t\t\t<div class=\"p-wrap p-small p-list-small-1\" data-pid=\"14815\">\r\n\t\t\t<div class=\"p-content\">\r\n\t\t\t<div class=\"p-categories p-top\"><a class=\"p-category category-id-1147\" href=\"https:\/\/eunewsroom.com\/category\/news-fr\/eu-fr\/business-fr\/\" rel=\"category\">Entreprise<\/a><a class=\"p-category category-id-1162\" href=\"https:\/\/eunewsroom.com\/de\/category\/news-de\/eu-de\/business-de\/\" rel=\"category\">Gesch\u00e4ft<\/a><\/div><h3 class=\"entry-title\">\t\t<a class=\"p-url\" href=\"https:\/\/eunewsroom.com\/de\/viessmann-erwirbt-weiteres-unternehmen-schlusselrolle-fur-europaische-energiewende-hna-de\/\" rel=\"bookmark\">Viessmann erwirbt weiteres Unternehmen: \u201eSchl\u00fcsselrolle\u201c f\u00fcr europ\u00e4ische Energiewende &#8211; hna.de<\/a><\/h3><p class=\"entry-summary\">Viessmann erwirbt weiteres Unternehmen: \u201eSchl\u00fcsselrolle\u201c f\u00fcr europ\u00e4ische&hellip;<\/p>\r\n\t\t\t\t\t<\/div>\r\n\t\t\t\t<\/div>\r\n\t\t\t<div class=\"p-wrap p-small p-list-small-1\" data-pid=\"14589\">\r\n\t\t\t<div class=\"p-content\">\r\n\t\t\t<div class=\"p-categories p-top\"><a class=\"p-category category-id-1147\" href=\"https:\/\/eunewsroom.com\/category\/news-fr\/eu-fr\/business-fr\/\" rel=\"category\">Entreprise<\/a><a class=\"p-category category-id-1162\" href=\"https:\/\/eunewsroom.com\/de\/category\/news-de\/eu-de\/business-de\/\" rel=\"category\">Gesch\u00e4ft<\/a><\/div><h3 class=\"entry-title\">\t\t<a class=\"p-url\" href=\"https:\/\/eunewsroom.com\/de\/diese-4-grunde-zeigen-warum-airbus-gerade-besser-als-boeing-dasteht-business-insider-deutschland\/\" rel=\"bookmark\">Diese 4 Gr\u00fcnde zeigen, warum Airbus gerade besser als Boeing dasteht &#8211; Business Insider Deutschland<\/a><\/h3><p class=\"entry-summary\">Diese 4 Gr\u00fcnde zeigen, warum Airbus gerade&hellip;<\/p>\r\n\t\t\t\t\t<\/div>\r\n\t\t\t\t<\/div>\r\n\t<\/div><\/div>\t\t<\/div>\n\t\t\t\t<\/div>\n\t\t\t\t<\/div>\n\t\t<div class=\"elementor-element elementor-element-0ebbafb e-con-full e-flex e-con e-child\" data-id=\"0ebbafb\" data-element_type=\"container\">\n\t\t\t\t<div class=\"elementor-element elementor-element-86bd15f elementor-widget elementor-widget-foxiz-list-small-1\" data-id=\"86bd15f\" data-element_type=\"widget\" data-widget_type=\"foxiz-list-small-1.default\">\n\t\t\t\t<div class=\"elementor-widget-container\">\n\t\t\t<div id=\"uid_86bd15f\" class=\"block-wrap block-small block-list block-list-small-1 bottom-border is-b-border-gray no-last-bb ecat-l-dot meta-s-default\"><div class=\"block-inner\">\t\t<div class=\"p-wrap p-small p-list-small-1\" data-pid=\"14436\">\r\n\t\t\t<div class=\"p-content\">\r\n\t\t\t<div class=\"p-categories p-top\"><a class=\"p-category category-id-1147\" href=\"https:\/\/eunewsroom.com\/category\/news-fr\/eu-fr\/business-fr\/\" rel=\"category\">Entreprise<\/a><a class=\"p-category category-id-1162\" href=\"https:\/\/eunewsroom.com\/de\/category\/news-de\/eu-de\/business-de\/\" rel=\"category\">Gesch\u00e4ft<\/a><\/div><h3 class=\"entry-title\">\t\t<a class=\"p-url\" href=\"https:\/\/eunewsroom.com\/de\/russland-greift-nach-europaischer-warenhauskette-westliche-unternehmen-zahlen-milliarden-fr-de\/\" rel=\"bookmark\">Russland greift nach europ\u00e4ischer Warenhauskette \u2013 Westliche Unternehmen zahlen Milliarden &#8211; fr.de<\/a><\/h3><p class=\"entry-summary\">Russland greift nach europ\u00e4ischer Warenhauskette \u2013 Westliche&hellip;<\/p>\r\n\t\t\t\t\t<\/div>\r\n\t\t\t\t<\/div>\r\n\t\t\t<div class=\"p-wrap p-small p-list-small-1\" data-pid=\"14273\">\r\n\t\t\t<div class=\"p-content\">\r\n\t\t\t<div class=\"p-categories p-top\"><a class=\"p-category category-id-1147\" href=\"https:\/\/eunewsroom.com\/category\/news-fr\/eu-fr\/business-fr\/\" rel=\"category\">Entreprise<\/a><a class=\"p-category category-id-1162\" href=\"https:\/\/eunewsroom.com\/de\/category\/news-de\/eu-de\/business-de\/\" rel=\"category\">Gesch\u00e4ft<\/a><\/div><h3 class=\"entry-title\">\t\t<a class=\"p-url\" href=\"https:\/\/eunewsroom.com\/de\/cyber-resilience-act-der-eu-cra-verabschiedung-und-konsequenzen-fur-unternehmen-datensicherheit-de\/\" rel=\"bookmark\">Cyber Resilience Act der EU (CRA): Verabschiedung und Konsequenzen f\u00fcr Unternehmen &#8211; datensicherheit.de<\/a><\/h3><p class=\"entry-summary\">Cyber Resilience Act der EU (CRA): Verabschiedung&hellip;<\/p>\r\n\t\t\t\t\t<\/div>\r\n\t\t\t\t<\/div>\r\n\t\t\t<div class=\"p-wrap p-small p-list-small-1\" data-pid=\"14068\">\r\n\t\t\t<div class=\"p-content\">\r\n\t\t\t<div class=\"p-categories p-top\"><a class=\"p-category category-id-1147\" href=\"https:\/\/eunewsroom.com\/category\/news-fr\/eu-fr\/business-fr\/\" rel=\"category\">Entreprise<\/a><a class=\"p-category category-id-1162\" href=\"https:\/\/eunewsroom.com\/de\/category\/news-de\/eu-de\/business-de\/\" rel=\"category\">Gesch\u00e4ft<\/a><\/div><h3 class=\"entry-title\">\t\t<a class=\"p-url\" href=\"https:\/\/eunewsroom.com\/de\/auto-handler-auf-den-barrikaden-eu-klimaziele-zerstoren-das-geschaft-focus-online\/\" rel=\"bookmark\">Auto-H\u00e4ndler auf den Barrikaden: EU-Klimaziele zerst\u00f6ren das Gesch\u00e4ft &#8211; FOCUS Online<\/a><\/h3><p class=\"entry-summary\">Auto-H\u00e4ndler auf den Barrikaden: EU-Klimaziele zerst\u00f6ren das&hellip;<\/p>\r\n\t\t\t\t\t<\/div>\r\n\t\t\t\t<\/div>\r\n\t<\/div><\/div>\t\t<\/div>\n\t\t\t\t<\/div>\n\t\t\t\t<\/div>\n\t\t\t\t\t<\/div>\n\t\t\t\t<\/div>\n\t\t<div class=\"elementor-element elementor-element-1ce4c76 e-flex e-con-boxed e-con e-parent\" data-id=\"1ce4c76\" data-element_type=\"container\" data-settings=\"{&quot;background_background&quot;:&quot;classic&quot;}\">\n\t\t\t\t\t<div class=\"e-con-inner\">\n\t\t\t\t<div class=\"elementor-element elementor-element-3e3c03a elementor-widget__width-inherit elementor-widget elementor-widget-foxiz-heading\" data-id=\"3e3c03a\" data-element_type=\"widget\" data-widget_type=\"foxiz-heading.default\">\n\t\t\t\t<div class=\"elementor-widget-container\">\n\t\t\t<div id=\"uid_3e3c03a\" class=\"block-h heading-layout-10\"><div class=\"heading-inner\"><h3 class=\"heading-title\"><a href=\"https:\/\/eunewsroom.com\/de\/category\/news-de\/eu-de\/energy-de\/\">Energie<\/a><\/h3><div class=\"heading-tagline h6\"><a class=\"heading-tagline-label\" href=\"https:\/\/eunewsroom.com\/de\/category\/news-de\/eu-de\/energy-de\/\">Alle anzeigen\n<\/a><i class=\"rbi rbi-cright heading-tagline-icon\" aria-hidden=\"true\"><\/i><\/div><\/div><\/div>\t\t<\/div>\n\t\t\t\t<\/div>\n\t\t\t\t<div class=\"elementor-element elementor-element-353a088 elementor-widget-divider--view-line elementor-widget elementor-widget-divider\" data-id=\"353a088\" data-element_type=\"widget\" data-widget_type=\"divider.default\">\n\t\t\t\t<div class=\"elementor-widget-container\">\n\t\t\t\t\t<div class=\"elementor-divider\">\n\t\t\t<span class=\"elementor-divider-separator\">\n\t\t\t\t\t\t<\/span>\n\t\t<\/div>\n\t\t\t\t<\/div>\n\t\t\t\t<\/div>\n\t\t\t\t\t<\/div>\n\t\t\t\t<\/div>\n\t\t<div class=\"elementor-element elementor-element-c3b8ab3 e-flex e-con-boxed e-con e-parent\" data-id=\"c3b8ab3\" data-element_type=\"container\" data-settings=\"{&quot;background_background&quot;:&quot;classic&quot;}\">\n\t\t\t\t\t<div class=\"e-con-inner\">\n\t\t<div class=\"elementor-element elementor-element-2c4cc02 e-con-full e-flex e-con e-child\" data-id=\"2c4cc02\" data-element_type=\"container\">\n\t\t\t\t<div class=\"elementor-element elementor-element-7e430d4 elementor-widget elementor-widget-foxiz-list-small-1\" data-id=\"7e430d4\" data-element_type=\"widget\" data-widget_type=\"foxiz-list-small-1.default\">\n\t\t\t\t<div class=\"elementor-widget-container\">\n\t\t\t<div id=\"uid_7e430d4\" class=\"block-wrap block-small block-list block-list-small-1 bottom-border is-b-border-gray no-last-bb ecat-l-dot meta-s-default\"><div class=\"block-inner\">\t\t<div class=\"p-wrap p-small p-list-small-1\" data-pid=\"16145\">\r\n\t\t\t<div class=\"p-content\">\r\n\t\t\t<div class=\"p-categories p-top\"><a class=\"p-category category-id-1146\" href=\"https:\/\/eunewsroom.com\/category\/news-fr\/eu-fr\/energy-fr\/\" rel=\"category\">\u00c9nergie<\/a><a class=\"p-category category-id-1161\" href=\"https:\/\/eunewsroom.com\/de\/category\/news-de\/eu-de\/energy-de\/\" rel=\"category\">Energie<\/a><\/div><h3 class=\"entry-title\">\t\t<a class=\"p-url\" href=\"https:\/\/eunewsroom.com\/de\/eu-market-outlook-for-solar-power-solarmarkt-in-europa-mit-nur-schwachem-wachstum-energiezukunft-nachrichten-meinungen-hintergrunde\/\" rel=\"bookmark\">EU Market Outlook for Solar Power: Solarmarkt in Europa mit nur schwachem Wachstum &#8211; energiezukunft | Nachrichten, Meinungen, Hintergr\u00fcnde<\/a><\/h3><p class=\"entry-summary\">EU Market Outlook for Solar Power: Solarmarkt&hellip;<\/p>\r\n\t\t\t\t\t<\/div>\r\n\t\t\t\t<\/div>\r\n\t\t\t<div class=\"p-wrap p-small p-list-small-1\" data-pid=\"16011\">\r\n\t\t\t<div class=\"p-content\">\r\n\t\t\t<div class=\"p-categories p-top\"><a class=\"p-category category-id-1161\" href=\"https:\/\/eunewsroom.com\/de\/category\/news-de\/eu-de\/energy-de\/\" rel=\"category\">Energie<\/a><a class=\"p-category category-id-1146\" href=\"https:\/\/eunewsroom.com\/category\/news-fr\/eu-fr\/energy-fr\/\" rel=\"category\">\u00c9nergie<\/a><\/div><h3 class=\"entry-title\">\t\t<a class=\"p-url\" href=\"https:\/\/eunewsroom.com\/de\/treibt-deutschland-europas-strompreise-hoch-dw-deutsch\/\" rel=\"bookmark\">Treibt Deutschland Europas Strompreise hoch? &#8211; DW (Deutsch)<\/a><\/h3><p class=\"entry-summary\">Treibt Deutschland Europas Strompreise hoch?&nbsp;&nbsp;DW (Deutsch) Quelle<\/p>\r\n\t\t\t\t\t<\/div>\r\n\t\t\t\t<\/div>\r\n\t\t\t<div class=\"p-wrap p-small p-list-small-1\" data-pid=\"15801\">\r\n\t\t\t<div class=\"p-content\">\r\n\t\t\t<div class=\"p-categories p-top\"><a class=\"p-category category-id-1146\" href=\"https:\/\/eunewsroom.com\/category\/news-fr\/eu-fr\/energy-fr\/\" rel=\"category\">\u00c9nergie<\/a><a class=\"p-category category-id-1161\" href=\"https:\/\/eunewsroom.com\/de\/category\/news-de\/eu-de\/energy-de\/\" rel=\"category\">Energie<\/a><\/div><h3 class=\"entry-title\">\t\t<a class=\"p-url\" href=\"https:\/\/eunewsroom.com\/de\/wutend-auf-deutschland-unsere-energiewende-gefahrdet-den-zusammenhalt-europas-welt\/\" rel=\"bookmark\">\u201eW\u00fctend auf Deutschland\u201c \u2013 unsere Energiewende gef\u00e4hrdet den Zusammenhalt Europas &#8211; WELT<\/a><\/h3><p class=\"entry-summary\">\u201eW\u00fctend auf Deutschland\u201c \u2013 unsere Energiewende gef\u00e4hrdet&hellip;<\/p>\r\n\t\t\t\t\t<\/div>\r\n\t\t\t\t<\/div>\r\n\t<\/div><\/div>\t\t<\/div>\n\t\t\t\t<\/div>\n\t\t\t\t<\/div>\n\t\t<div class=\"elementor-element elementor-element-396b9c2 e-con-full e-flex e-con e-child\" data-id=\"396b9c2\" data-element_type=\"container\">\n\t\t\t\t<div class=\"elementor-element elementor-element-9fef513 elementor-widget elementor-widget-foxiz-list-small-1\" data-id=\"9fef513\" data-element_type=\"widget\" data-widget_type=\"foxiz-list-small-1.default\">\n\t\t\t\t<div class=\"elementor-widget-container\">\n\t\t\t<div id=\"uid_9fef513\" class=\"block-wrap block-small block-list block-list-small-1 bottom-border is-b-border-gray no-last-bb ecat-l-dot meta-s-default\"><div class=\"block-inner\">\t\t<div class=\"p-wrap p-small p-list-small-1\" data-pid=\"15514\">\r\n\t\t\t<div class=\"p-content\">\r\n\t\t\t<div class=\"p-categories p-top\"><a class=\"p-category category-id-1146\" href=\"https:\/\/eunewsroom.com\/category\/news-fr\/eu-fr\/energy-fr\/\" rel=\"category\">\u00c9nergie<\/a><a class=\"p-category category-id-1161\" href=\"https:\/\/eunewsroom.com\/de\/category\/news-de\/eu-de\/energy-de\/\" rel=\"category\">Energie<\/a><\/div><h3 class=\"entry-title\">\t\t<a class=\"p-url\" href=\"https:\/\/eunewsroom.com\/de\/was-zahlt-wo-der-strom-am-schmutzigsten-ist-finanz-und-wirtschaft\/\" rel=\"bookmark\">Was z\u00e4hlt: Wo der Strom am schmutzigsten ist &#8211; Finanz und Wirtschaft<\/a><\/h3><p class=\"entry-summary\">Was z\u00e4hlt: Wo der Strom am schmutzigsten&hellip;<\/p>\r\n\t\t\t\t\t<\/div>\r\n\t\t\t\t<\/div>\r\n\t\t\t<div class=\"p-wrap p-small p-list-small-1\" data-pid=\"15351\">\r\n\t\t\t<div class=\"p-content\">\r\n\t\t\t<div class=\"p-categories p-top\"><a class=\"p-category category-id-1161\" href=\"https:\/\/eunewsroom.com\/de\/category\/news-de\/eu-de\/energy-de\/\" rel=\"category\">Energie<\/a><a class=\"p-category category-id-1146\" href=\"https:\/\/eunewsroom.com\/category\/news-fr\/eu-fr\/energy-fr\/\" rel=\"category\">\u00c9nergie<\/a><\/div><h3 class=\"entry-title\">\t\t<a class=\"p-url\" href=\"https:\/\/eunewsroom.com\/de\/european-energy-award-gold-gemeinden-aus-ganz-europa-in-bozen-ausgezeichnet-suedtirol-news\/\" rel=\"bookmark\">European Energy Award Gold-Gemeinden aus ganz Europa in Bozen ausgezeichnet &#8211; Suedtirol News<\/a><\/h3><p class=\"entry-summary\">European Energy Award Gold-Gemeinden aus ganz Europa&hellip;<\/p>\r\n\t\t\t\t\t<\/div>\r\n\t\t\t\t<\/div>\r\n\t\t\t<div class=\"p-wrap p-small p-list-small-1\" data-pid=\"15168\">\r\n\t\t\t<div class=\"p-content\">\r\n\t\t\t<div class=\"p-categories p-top\"><a class=\"p-category category-id-1146\" href=\"https:\/\/eunewsroom.com\/category\/news-fr\/eu-fr\/energy-fr\/\" rel=\"category\">\u00c9nergie<\/a><a class=\"p-category category-id-1161\" href=\"https:\/\/eunewsroom.com\/de\/category\/news-de\/eu-de\/energy-de\/\" rel=\"category\">Energie<\/a><\/div><h3 class=\"entry-title\">\t\t<a class=\"p-url\" href=\"https:\/\/eunewsroom.com\/de\/trumps-sieg-muss-ein-weckruf-fur-europa-sein-tagesspiegel-background\/\" rel=\"bookmark\">Trumps Sieg muss ein Weckruf f\u00fcr Europa sein &#8211; Tagesspiegel Background<\/a><\/h3><p class=\"entry-summary\">Trumps Sieg muss ein Weckruf f\u00fcr Europa&hellip;<\/p>\r\n\t\t\t\t\t<\/div>\r\n\t\t\t\t<\/div>\r\n\t<\/div><\/div>\t\t<\/div>\n\t\t\t\t<\/div>\n\t\t\t\t<\/div>\n\t\t<div class=\"elementor-element elementor-element-0ec2049 e-con-full e-flex e-con e-child\" data-id=\"0ec2049\" data-element_type=\"container\">\n\t\t\t\t<div class=\"elementor-element elementor-element-c930296 elementor-widget elementor-widget-foxiz-list-small-1\" data-id=\"c930296\" data-element_type=\"widget\" data-widget_type=\"foxiz-list-small-1.default\">\n\t\t\t\t<div class=\"elementor-widget-container\">\n\t\t\t<div id=\"uid_c930296\" class=\"block-wrap block-small block-list block-list-small-1 bottom-border is-b-border-gray no-last-bb ecat-l-dot meta-s-default\"><div class=\"block-inner\">\t\t<div class=\"p-wrap p-small p-list-small-1\" data-pid=\"14959\">\r\n\t\t\t<div class=\"p-content\">\r\n\t\t\t<div class=\"p-categories p-top\"><a class=\"p-category category-id-1146\" href=\"https:\/\/eunewsroom.com\/category\/news-fr\/eu-fr\/energy-fr\/\" rel=\"category\">\u00c9nergie<\/a><a class=\"p-category category-id-1161\" href=\"https:\/\/eunewsroom.com\/de\/category\/news-de\/eu-de\/energy-de\/\" rel=\"category\">Energie<\/a><\/div><h3 class=\"entry-title\">\t\t<a class=\"p-url\" href=\"https:\/\/eunewsroom.com\/de\/energiewende-gemeinsam-die-europaische-metropolregion-starken-landeshauptstadt-stuttgart\/\" rel=\"bookmark\">Energiewende: Gemeinsam die Europ\u00e4ische Metropolregion st\u00e4rken &#8211; Landeshauptstadt Stuttgart<\/a><\/h3><p class=\"entry-summary\">Energiewende: Gemeinsam die Europ\u00e4ische Metropolregion st\u00e4rken&nbsp;&nbsp;Landeshauptstadt Stuttgart&hellip;<\/p>\r\n\t\t\t\t\t<\/div>\r\n\t\t\t\t<\/div>\r\n\t\t\t<div class=\"p-wrap p-small p-list-small-1\" data-pid=\"14814\">\r\n\t\t\t<div class=\"p-content\">\r\n\t\t\t<div class=\"p-categories p-top\"><a class=\"p-category category-id-1161\" href=\"https:\/\/eunewsroom.com\/de\/category\/news-de\/eu-de\/energy-de\/\" rel=\"category\">Energie<\/a><a class=\"p-category category-id-1146\" href=\"https:\/\/eunewsroom.com\/category\/news-fr\/eu-fr\/energy-fr\/\" rel=\"category\">\u00c9nergie<\/a><\/div><h3 class=\"entry-title\">\t\t<a class=\"p-url\" href=\"https:\/\/eunewsroom.com\/de\/portfoliomanager-jonathan-waghorn-uber-die-zukunft-der-energie-ol-gas-erneuerbare-energien-und-geopolitik-deutsche-wirtschaftsnachrichten\/\" rel=\"bookmark\">Portfoliomanager Jonathan Waghorn \u00fcber die Zukunft der Energie: \u00d6l, Gas, erneuerbare Energien und Geopolitik &#8211; Deutsche Wirtschaftsnachrichten<\/a><\/h3><p class=\"entry-summary\">Portfoliomanager Jonathan Waghorn \u00fcber die Zukunft der&hellip;<\/p>\r\n\t\t\t\t\t<\/div>\r\n\t\t\t\t<\/div>\r\n\t\t\t<div class=\"p-wrap p-small p-list-small-1\" data-pid=\"14588\">\r\n\t\t\t<div class=\"p-content\">\r\n\t\t\t<div class=\"p-categories p-top\"><a class=\"p-category category-id-1146\" href=\"https:\/\/eunewsroom.com\/category\/news-fr\/eu-fr\/energy-fr\/\" rel=\"category\">\u00c9nergie<\/a><a class=\"p-category category-id-1161\" href=\"https:\/\/eunewsroom.com\/de\/category\/news-de\/eu-de\/energy-de\/\" rel=\"category\">Energie<\/a><\/div><h3 class=\"entry-title\">\t\t<a class=\"p-url\" href=\"https:\/\/eunewsroom.com\/de\/schlusselrolle-fur-europaische-energiewende-viessmann-ubernimmt-weiteres-unternehmen-hna-de\/\" rel=\"bookmark\">\u201eSchl\u00fcsselrolle\u201c f\u00fcr europ\u00e4ische Energiewende: Viessmann \u00fcbernimmt weiteres Unternehmen &#8211; hna.de<\/a><\/h3><p class=\"entry-summary\">\u201eSchl\u00fcsselrolle\u201c f\u00fcr europ\u00e4ische Energiewende: Viessmann \u00fcbernimmt weiteres&hellip;<\/p>\r\n\t\t\t\t\t<\/div>\r\n\t\t\t\t<\/div>\r\n\t<\/div><\/div>\t\t<\/div>\n\t\t\t\t<\/div>\n\t\t\t\t<\/div>\n\t\t<div class=\"elementor-element elementor-element-f066435 e-con-full e-flex e-con e-child\" data-id=\"f066435\" data-element_type=\"container\">\n\t\t\t\t<div class=\"elementor-element elementor-element-6fc823d elementor-widget elementor-widget-foxiz-list-small-1\" data-id=\"6fc823d\" data-element_type=\"widget\" data-widget_type=\"foxiz-list-small-1.default\">\n\t\t\t\t<div class=\"elementor-widget-container\">\n\t\t\t<div id=\"uid_6fc823d\" class=\"block-wrap block-small block-list block-list-small-1 bottom-border is-b-border-gray no-last-bb ecat-l-dot meta-s-default\"><div class=\"block-inner\">\t\t<div class=\"p-wrap p-small p-list-small-1\" data-pid=\"14435\">\r\n\t\t\t<div class=\"p-content\">\r\n\t\t\t<div class=\"p-categories p-top\"><a class=\"p-category category-id-1146\" href=\"https:\/\/eunewsroom.com\/category\/news-fr\/eu-fr\/energy-fr\/\" rel=\"category\">\u00c9nergie<\/a><a class=\"p-category category-id-1161\" href=\"https:\/\/eunewsroom.com\/de\/category\/news-de\/eu-de\/energy-de\/\" rel=\"category\">Energie<\/a><\/div><h3 class=\"entry-title\">\t\t<a class=\"p-url\" href=\"https:\/\/eunewsroom.com\/de\/so-viel-strom-wie-ein-riesen-kraftwerk-auf-den-dachern-ein-phanomenaler-energiewandel-in-europa-fr-de\/\" rel=\"bookmark\">So viel Strom wie ein Riesen-Kraftwerk auf den D\u00e4chern: \u201eEin ph\u00e4nomenaler Energiewandel\u201c in Europa &#8211; fr.de<\/a><\/h3><p class=\"entry-summary\">So viel Strom wie ein Riesen-Kraftwerk auf&hellip;<\/p>\r\n\t\t\t\t\t<\/div>\r\n\t\t\t\t<\/div>\r\n\t\t\t<div class=\"p-wrap p-small p-list-small-1\" data-pid=\"14272\">\r\n\t\t\t<div class=\"p-content\">\r\n\t\t\t<div class=\"p-categories p-top\"><a class=\"p-category category-id-1161\" href=\"https:\/\/eunewsroom.com\/de\/category\/news-de\/eu-de\/energy-de\/\" rel=\"category\">Energie<\/a><a class=\"p-category category-id-1146\" href=\"https:\/\/eunewsroom.com\/category\/news-fr\/eu-fr\/energy-fr\/\" rel=\"category\">\u00c9nergie<\/a><\/div><h3 class=\"entry-title\">\t\t<a class=\"p-url\" href=\"https:\/\/eunewsroom.com\/de\/kritische-rohstoffe-auf-der-suche-nach-europas-lithium-spektrum-de\/\" rel=\"bookmark\">Kritische Rohstoffe: Auf der Suche nach Europas Lithium &#8211; Spektrum.de<\/a><\/h3><p class=\"entry-summary\">Kritische Rohstoffe: Auf der Suche nach Europas&hellip;<\/p>\r\n\t\t\t\t\t<\/div>\r\n\t\t\t\t<\/div>\r\n\t\t\t<div class=\"p-wrap p-small p-list-small-1\" data-pid=\"14067\">\r\n\t\t\t<div class=\"p-content\">\r\n\t\t\t<div class=\"p-categories p-top\"><a class=\"p-category category-id-1146\" href=\"https:\/\/eunewsroom.com\/category\/news-fr\/eu-fr\/energy-fr\/\" rel=\"category\">\u00c9nergie<\/a><a class=\"p-category category-id-1161\" href=\"https:\/\/eunewsroom.com\/de\/category\/news-de\/eu-de\/energy-de\/\" rel=\"category\">Energie<\/a><\/div><h3 class=\"entry-title\">\t\t<a class=\"p-url\" href=\"https:\/\/eunewsroom.com\/de\/dan-jorgensen-europas-sales-man-soll-energiekommissar-werden-europe-table\/\" rel=\"bookmark\">Dan J\u00f8rgensen: Europas Sales-Man soll Energiekommissar werden &#8211; Europe.Table<\/a><\/h3><p class=\"entry-summary\">Dan J\u00f8rgensen: Europas Sales-Man soll Energiekommissar werden&nbsp;&nbsp;Europe.Table&hellip;<\/p>\r\n\t\t\t\t\t<\/div>\r\n\t\t\t\t<\/div>\r\n\t<\/div><\/div>\t\t<\/div>\n\t\t\t\t<\/div>\n\t\t\t\t<\/div>\n\t\t\t\t\t<\/div>\n\t\t\t\t<\/div>\n\t\t<div class=\"elementor-element elementor-element-e9a43d6 e-flex e-con-boxed e-con e-parent\" data-id=\"e9a43d6\" data-element_type=\"container\" data-settings=\"{&quot;background_background&quot;:&quot;classic&quot;}\">\n\t\t\t\t\t<div class=\"e-con-inner\">\n\t\t\t\t<div class=\"elementor-element elementor-element-d3fb6a0 elementor-widget__width-inherit elementor-widget elementor-widget-foxiz-heading\" data-id=\"d3fb6a0\" data-element_type=\"widget\" data-widget_type=\"foxiz-heading.default\">\n\t\t\t\t<div class=\"elementor-widget-container\">\n\t\t\t<div id=\"uid_d3fb6a0\" class=\"block-h heading-layout-10\"><div class=\"heading-inner\"><h3 class=\"heading-title\"><a href=\"https:\/\/eunewsroom.com\/de\/category\/news-de\/eu-de\/finance-de\/\">Finanzen<\/a><\/h3><div class=\"heading-tagline h6\"><a class=\"heading-tagline-label\" href=\"https:\/\/eunewsroom.com\/de\/category\/news-de\/eu-de\/finance-de\/\">Alle anzeigen\n<\/a><i class=\"rbi rbi-cright heading-tagline-icon\" aria-hidden=\"true\"><\/i><\/div><\/div><\/div>\t\t<\/div>\n\t\t\t\t<\/div>\n\t\t\t\t<div class=\"elementor-element elementor-element-95e1384 elementor-widget-divider--view-line elementor-widget elementor-widget-divider\" data-id=\"95e1384\" data-element_type=\"widget\" data-widget_type=\"divider.default\">\n\t\t\t\t<div class=\"elementor-widget-container\">\n\t\t\t\t\t<div class=\"elementor-divider\">\n\t\t\t<span class=\"elementor-divider-separator\">\n\t\t\t\t\t\t<\/span>\n\t\t<\/div>\n\t\t\t\t<\/div>\n\t\t\t\t<\/div>\n\t\t\t\t\t<\/div>\n\t\t\t\t<\/div>\n\t\t<div class=\"elementor-element elementor-element-4e6bdfb e-flex e-con-boxed e-con e-parent\" data-id=\"4e6bdfb\" data-element_type=\"container\" data-settings=\"{&quot;background_background&quot;:&quot;classic&quot;}\">\n\t\t\t\t\t<div class=\"e-con-inner\">\n\t\t<div class=\"elementor-element elementor-element-1a6e506 e-con-full e-flex e-con e-child\" data-id=\"1a6e506\" data-element_type=\"container\">\n\t\t\t\t<div class=\"elementor-element elementor-element-265f443 elementor-widget elementor-widget-foxiz-list-small-1\" data-id=\"265f443\" data-element_type=\"widget\" data-widget_type=\"foxiz-list-small-1.default\">\n\t\t\t\t<div class=\"elementor-widget-container\">\n\t\t\t<div id=\"uid_265f443\" class=\"block-wrap block-small block-list block-list-small-1 bottom-border is-b-border-gray no-last-bb ecat-l-dot meta-s-default\"><div class=\"block-inner\">\t\t<div class=\"p-wrap p-small p-list-small-1\" data-pid=\"16144\">\r\n\t\t\t<div class=\"p-content\">\r\n\t\t\t<div class=\"p-categories p-top\"><a class=\"p-category category-id-1143\" href=\"https:\/\/eunewsroom.com\/category\/news-fr\/eu-fr\/finance-fr\/\" rel=\"category\">Finance<\/a><a class=\"p-category category-id-1158\" href=\"https:\/\/eunewsroom.com\/de\/category\/news-de\/eu-de\/finance-de\/\" rel=\"category\">Finanzen<\/a><\/div><h3 class=\"entry-title\">\t\t<a class=\"p-url\" href=\"https:\/\/eunewsroom.com\/de\/wirtschaft-in-europa-lost-der-suden-bald-deutschland-und-frankreich-ab-t-online\/\" rel=\"bookmark\">Wirtschaft in Europa: L\u00f6st der S\u00fcden bald Deutschland und Frankreich ab? &#8211; t-online<\/a><\/h3><p class=\"entry-summary\">Wirtschaft in Europa: L\u00f6st der S\u00fcden bald&hellip;<\/p>\r\n\t\t\t\t\t<\/div>\r\n\t\t\t\t<\/div>\r\n\t\t\t<div class=\"p-wrap p-small p-list-small-1\" data-pid=\"16010\">\r\n\t\t\t<div class=\"p-content\">\r\n\t\t\t<div class=\"p-categories p-top\"><a class=\"p-category category-id-1143\" href=\"https:\/\/eunewsroom.com\/category\/news-fr\/eu-fr\/finance-fr\/\" rel=\"category\">Finance<\/a><a class=\"p-category category-id-1158\" href=\"https:\/\/eunewsroom.com\/de\/category\/news-de\/eu-de\/finance-de\/\" rel=\"category\">Finanzen<\/a><\/div><h3 class=\"entry-title\">\t\t<a class=\"p-url\" href=\"https:\/\/eunewsroom.com\/de\/aktien-europa-konnte-2025-die-positive-borsenuberraschung-werden-handelsblatt\/\" rel=\"bookmark\">Aktien: Europa k\u00f6nnte 2025 die positive B\u00f6rsen\u00fcberraschung werden &#8211; Handelsblatt<\/a><\/h3><p class=\"entry-summary\">Aktien: Europa k\u00f6nnte 2025 die positive B\u00f6rsen\u00fcberraschung&hellip;<\/p>\r\n\t\t\t\t\t<\/div>\r\n\t\t\t\t<\/div>\r\n\t\t\t<div class=\"p-wrap p-small p-list-small-1\" data-pid=\"15800\">\r\n\t\t\t<div class=\"p-content\">\r\n\t\t\t<div class=\"p-categories p-top\"><a class=\"p-category category-id-1143\" href=\"https:\/\/eunewsroom.com\/category\/news-fr\/eu-fr\/finance-fr\/\" rel=\"category\">Finance<\/a><a class=\"p-category category-id-1158\" href=\"https:\/\/eunewsroom.com\/de\/category\/news-de\/eu-de\/finance-de\/\" rel=\"category\">Finanzen<\/a><\/div><h3 class=\"entry-title\">\t\t<a class=\"p-url\" href=\"https:\/\/eunewsroom.com\/de\/digitalsteuer-warum-sehen-wir-tatenlos-zu-wie-uns-fremde-machte-aussaugen-focus-online\/\" rel=\"bookmark\">Digitalsteuer: Warum sehen wir tatenlos zu, wie uns fremde M\u00e4chte aussaugen? &#8211; FOCUS Online<\/a><\/h3><p class=\"entry-summary\">Digitalsteuer: Warum sehen wir tatenlos zu, wie&hellip;<\/p>\r\n\t\t\t\t\t<\/div>\r\n\t\t\t\t<\/div>\r\n\t<\/div><\/div>\t\t<\/div>\n\t\t\t\t<\/div>\n\t\t\t\t<\/div>\n\t\t<div class=\"elementor-element elementor-element-27aa9f8 e-con-full e-flex e-con e-child\" data-id=\"27aa9f8\" data-element_type=\"container\">\n\t\t\t\t<div class=\"elementor-element elementor-element-24233db elementor-widget elementor-widget-foxiz-list-small-1\" data-id=\"24233db\" data-element_type=\"widget\" data-widget_type=\"foxiz-list-small-1.default\">\n\t\t\t\t<div class=\"elementor-widget-container\">\n\t\t\t<div id=\"uid_24233db\" class=\"block-wrap block-small block-list block-list-small-1 bottom-border is-b-border-gray no-last-bb ecat-l-dot meta-s-default\"><div class=\"block-inner\">\t\t<div class=\"p-wrap p-small p-list-small-1\" data-pid=\"15513\">\r\n\t\t\t<div class=\"p-content\">\r\n\t\t\t<div class=\"p-categories p-top\"><a class=\"p-category category-id-1143\" href=\"https:\/\/eunewsroom.com\/category\/news-fr\/eu-fr\/finance-fr\/\" rel=\"category\">Finance<\/a><a class=\"p-category category-id-1158\" href=\"https:\/\/eunewsroom.com\/de\/category\/news-de\/eu-de\/finance-de\/\" rel=\"category\">Finanzen<\/a><\/div><h3 class=\"entry-title\">\t\t<a class=\"p-url\" href=\"https:\/\/eunewsroom.com\/de\/a3l6n7-europaeische-union-anleihe-bis-06-06-2025-finanzen-net\/\" rel=\"bookmark\">A3L6N7 | Europaeische Union-Anleihe: bis 06.06.2025 &#8211; finanzen.net<\/a><\/h3><p class=\"entry-summary\">A3L6N7 | Europaeische Union-Anleihe: bis 06.06.2025&nbsp;&nbsp;finanzen.net Quelle<\/p>\r\n\t\t\t\t\t<\/div>\r\n\t\t\t\t<\/div>\r\n\t\t\t<div class=\"p-wrap p-small p-list-small-1\" data-pid=\"15350\">\r\n\t\t\t<div class=\"p-content\">\r\n\t\t\t<div class=\"p-categories p-top\"><a class=\"p-category category-id-1143\" href=\"https:\/\/eunewsroom.com\/category\/news-fr\/eu-fr\/finance-fr\/\" rel=\"category\">Finance<\/a><a class=\"p-category category-id-1158\" href=\"https:\/\/eunewsroom.com\/de\/category\/news-de\/eu-de\/finance-de\/\" rel=\"category\">Finanzen<\/a><\/div><h3 class=\"entry-title\">\t\t<a class=\"p-url\" href=\"https:\/\/eunewsroom.com\/de\/europas-staaten-werden-immer-gruner-borsen-zeitung\/\" rel=\"bookmark\">Europas Staaten werden immer gr\u00fcner &#8211; B\u00f6rsen-Zeitung<\/a><\/h3><p class=\"entry-summary\">Europas Staaten werden immer gr\u00fcner&nbsp;&nbsp;B\u00f6rsen-Zeitung Quelle<\/p>\r\n\t\t\t\t\t<\/div>\r\n\t\t\t\t<\/div>\r\n\t\t\t<div class=\"p-wrap p-small p-list-small-1\" data-pid=\"15167\">\r\n\t\t\t<div class=\"p-content\">\r\n\t\t\t<div class=\"p-categories p-top\"><a class=\"p-category category-id-1143\" href=\"https:\/\/eunewsroom.com\/category\/news-fr\/eu-fr\/finance-fr\/\" rel=\"category\">Finance<\/a><a class=\"p-category category-id-1158\" href=\"https:\/\/eunewsroom.com\/de\/category\/news-de\/eu-de\/finance-de\/\" rel=\"category\">Finanzen<\/a><\/div><h3 class=\"entry-title\">\t\t<a class=\"p-url\" href=\"https:\/\/eunewsroom.com\/de\/commerzbank-aktie-tiefer-commerzbank-vize-sieht-unicredit-deal-als-rein-inlandische-konsolidierung-finanzen-net\/\" rel=\"bookmark\">Commerzbank-Aktie tiefer: Commerzbank-Vize sieht Unicredit-Deal als rein inl\u00e4ndische Konsolidierung &#8211; finanzen.net<\/a><\/h3><p class=\"entry-summary\">Commerzbank-Aktie tiefer: Commerzbank-Vize sieht Unicredit-Deal als rein&hellip;<\/p>\r\n\t\t\t\t\t<\/div>\r\n\t\t\t\t<\/div>\r\n\t<\/div><\/div>\t\t<\/div>\n\t\t\t\t<\/div>\n\t\t\t\t<\/div>\n\t\t<div class=\"elementor-element elementor-element-6eb660f e-con-full e-flex e-con e-child\" data-id=\"6eb660f\" data-element_type=\"container\">\n\t\t\t\t<div class=\"elementor-element elementor-element-330d788 elementor-widget elementor-widget-foxiz-list-small-1\" data-id=\"330d788\" data-element_type=\"widget\" data-widget_type=\"foxiz-list-small-1.default\">\n\t\t\t\t<div class=\"elementor-widget-container\">\n\t\t\t<div id=\"uid_330d788\" class=\"block-wrap block-small block-list block-list-small-1 bottom-border is-b-border-gray no-last-bb ecat-l-dot meta-s-default\"><div class=\"block-inner\">\t\t<div class=\"p-wrap p-small p-list-small-1\" data-pid=\"14958\">\r\n\t\t\t<div class=\"p-content\">\r\n\t\t\t<div class=\"p-categories p-top\"><a class=\"p-category category-id-1143\" href=\"https:\/\/eunewsroom.com\/category\/news-fr\/eu-fr\/finance-fr\/\" rel=\"category\">Finance<\/a><a class=\"p-category category-id-1158\" href=\"https:\/\/eunewsroom.com\/de\/category\/news-de\/eu-de\/finance-de\/\" rel=\"category\">Finanzen<\/a><\/div><h3 class=\"entry-title\">\t\t<a class=\"p-url\" href=\"https:\/\/eunewsroom.com\/de\/luxemburg-der-europaische-preis-der-mikrofinanz-ehrt-vorbilder-tageblatt-online\/\" rel=\"bookmark\">Luxemburg \/ Der Europ\u00e4ische Preis der Mikrofinanz ehrt Vorbilder &#8211; Tageblatt online<\/a><\/h3><p class=\"entry-summary\">Luxemburg \/ Der Europ\u00e4ische Preis der Mikrofinanz&hellip;<\/p>\r\n\t\t\t\t\t<\/div>\r\n\t\t\t\t<\/div>\r\n\t\t\t<div class=\"p-wrap p-small p-list-small-1\" data-pid=\"14813\">\r\n\t\t\t<div class=\"p-content\">\r\n\t\t\t<div class=\"p-categories p-top\"><a class=\"p-category category-id-1143\" href=\"https:\/\/eunewsroom.com\/category\/news-fr\/eu-fr\/finance-fr\/\" rel=\"category\">Finance<\/a><a class=\"p-category category-id-1158\" href=\"https:\/\/eunewsroom.com\/de\/category\/news-de\/eu-de\/finance-de\/\" rel=\"category\">Finanzen<\/a><\/div><h3 class=\"entry-title\">\t\t<a class=\"p-url\" href=\"https:\/\/eunewsroom.com\/de\/nach-trump-sieg-us-banken-in-euphorie-bei-europas-banken-wachsen-die-sorgen-handelsblatt\/\" rel=\"bookmark\">Nach Trump-Sieg: US-Banken in Euphorie, bei Europas Banken wachsen die Sorgen &#8211; Handelsblatt<\/a><\/h3><p class=\"entry-summary\">Nach Trump-Sieg: US-Banken in Euphorie, bei Europas&hellip;<\/p>\r\n\t\t\t\t\t<\/div>\r\n\t\t\t\t<\/div>\r\n\t\t\t<div class=\"p-wrap p-small p-list-small-1\" data-pid=\"14587\">\r\n\t\t\t<div class=\"p-content\">\r\n\t\t\t<div class=\"p-categories p-top\"><a class=\"p-category category-id-1143\" href=\"https:\/\/eunewsroom.com\/category\/news-fr\/eu-fr\/finance-fr\/\" rel=\"category\">Finance<\/a><a class=\"p-category category-id-1158\" href=\"https:\/\/eunewsroom.com\/de\/category\/news-de\/eu-de\/finance-de\/\" rel=\"category\">Finanzen<\/a><\/div><h3 class=\"entry-title\">\t\t<a class=\"p-url\" href=\"https:\/\/eunewsroom.com\/de\/streit-um-den-eu-haushalt-wenns-ums-geld-geht-suddeutsche-zeitung-sz-de\/\" rel=\"bookmark\">Streit um den EU-Haushalt: Wenn\u2019s ums Geld geht &#8211; S\u00fcddeutsche Zeitung &#8211; SZ.de<\/a><\/h3><p class=\"entry-summary\">Streit um den EU-Haushalt: Wenn\u2019s ums Geld&hellip;<\/p>\r\n\t\t\t\t\t<\/div>\r\n\t\t\t\t<\/div>\r\n\t<\/div><\/div>\t\t<\/div>\n\t\t\t\t<\/div>\n\t\t\t\t<\/div>\n\t\t<div class=\"elementor-element elementor-element-4601144 e-con-full e-flex e-con e-child\" data-id=\"4601144\" data-element_type=\"container\">\n\t\t\t\t<div class=\"elementor-element elementor-element-5645562 elementor-widget elementor-widget-foxiz-list-small-1\" data-id=\"5645562\" data-element_type=\"widget\" data-widget_type=\"foxiz-list-small-1.default\">\n\t\t\t\t<div class=\"elementor-widget-container\">\n\t\t\t<div id=\"uid_5645562\" class=\"block-wrap block-small block-list block-list-small-1 bottom-border is-b-border-gray no-last-bb ecat-l-dot meta-s-default\"><div class=\"block-inner\">\t\t<div class=\"p-wrap p-small p-list-small-1\" data-pid=\"14434\">\r\n\t\t\t<div class=\"p-content\">\r\n\t\t\t<div class=\"p-categories p-top\"><a class=\"p-category category-id-1143\" href=\"https:\/\/eunewsroom.com\/category\/news-fr\/eu-fr\/finance-fr\/\" rel=\"category\">Finance<\/a><a class=\"p-category category-id-1158\" href=\"https:\/\/eunewsroom.com\/de\/category\/news-de\/eu-de\/finance-de\/\" rel=\"category\">Finanzen<\/a><\/div><h3 class=\"entry-title\">\t\t<a class=\"p-url\" href=\"https:\/\/eunewsroom.com\/de\/sonect-steigt-mit-bedeutender-expansion-in-den-markt-der-europaischen-union-ein-finanzen-net\/\" rel=\"bookmark\">SONECT steigt mit bedeutender Expansion in den Markt der Europ\u00e4ischen Union ein &#8211; finanzen.net<\/a><\/h3><p class=\"entry-summary\">SONECT steigt mit bedeutender Expansion in den&hellip;<\/p>\r\n\t\t\t\t\t<\/div>\r\n\t\t\t\t<\/div>\r\n\t\t\t<div class=\"p-wrap p-small p-list-small-1\" data-pid=\"14271\">\r\n\t\t\t<div class=\"p-content\">\r\n\t\t\t<div class=\"p-categories p-top\"><a class=\"p-category category-id-1143\" href=\"https:\/\/eunewsroom.com\/category\/news-fr\/eu-fr\/finance-fr\/\" rel=\"category\">Finance<\/a><a class=\"p-category category-id-1158\" href=\"https:\/\/eunewsroom.com\/de\/category\/news-de\/eu-de\/finance-de\/\" rel=\"category\">Finanzen<\/a><\/div><h3 class=\"entry-title\">\t\t<a class=\"p-url\" href=\"https:\/\/eunewsroom.com\/de\/aktien-europa-schluss-gewinne-uberwiegen-exportwerte-gefragt-t-online\/\" rel=\"bookmark\">Aktien Europa Schluss: Gewinne \u00fcberwiegen &#8211; Exportwerte gefragt &#8211; t-online<\/a><\/h3><p class=\"entry-summary\">Aktien Europa Schluss: Gewinne \u00fcberwiegen - Exportwerte&hellip;<\/p>\r\n\t\t\t\t\t<\/div>\r\n\t\t\t\t<\/div>\r\n\t\t\t<div class=\"p-wrap p-small p-list-small-1\" data-pid=\"14066\">\r\n\t\t\t<div class=\"p-content\">\r\n\t\t\t<div class=\"p-categories p-top\"><a class=\"p-category category-id-1143\" href=\"https:\/\/eunewsroom.com\/category\/news-fr\/eu-fr\/finance-fr\/\" rel=\"category\">Finance<\/a><a class=\"p-category category-id-1158\" href=\"https:\/\/eunewsroom.com\/de\/category\/news-de\/eu-de\/finance-de\/\" rel=\"category\">Finanzen<\/a><\/div><h3 class=\"entry-title\">\t\t<a class=\"p-url\" href=\"https:\/\/eunewsroom.com\/de\/peking-warnt-eu-vor-separaten-preisverhandlungen-mit-autobauern-t-online-finanzen\/\" rel=\"bookmark\">Peking warnt EU vor separaten Preisverhandlungen mit Autobauern &#8211; t-online &#8211; Finanzen<\/a><\/h3><p class=\"entry-summary\">Peking warnt EU vor separaten Preisverhandlungen mit&hellip;<\/p>\r\n\t\t\t\t\t<\/div>\r\n\t\t\t\t<\/div>\r\n\t<\/div><\/div>\t\t<\/div>\n\t\t\t\t<\/div>\n\t\t\t\t<\/div>\n\t\t\t\t\t<\/div>\n\t\t\t\t<\/div>\n\t\t<div class=\"elementor-element elementor-element-db62778 e-flex e-con-boxed e-con e-parent\" data-id=\"db62778\" data-element_type=\"container\" data-settings=\"{&quot;background_background&quot;:&quot;classic&quot;}\">\n\t\t\t\t\t<div class=\"e-con-inner\">\n\t\t\t\t<div class=\"elementor-element elementor-element-4312eed elementor-widget__width-inherit elementor-widget elementor-widget-foxiz-heading\" data-id=\"4312eed\" data-element_type=\"widget\" data-widget_type=\"foxiz-heading.default\">\n\t\t\t\t<div class=\"elementor-widget-container\">\n\t\t\t<div id=\"uid_4312eed\" class=\"block-h heading-layout-10\"><div class=\"heading-inner\"><h3 class=\"heading-title\"><a href=\"https:\/\/eunewsroom.com\/de\/category\/news-de\/eu-de\/healthcare-de\/\">Gesundheitswesen<\/a><\/h3><div class=\"heading-tagline h6\"><a class=\"heading-tagline-label\" href=\"https:\/\/eunewsroom.com\/de\/category\/news-de\/eu-de\/healthcare-de\/\">Alle anzeigen\n<\/a><i class=\"rbi rbi-cright heading-tagline-icon\" aria-hidden=\"true\"><\/i><\/div><\/div><\/div>\t\t<\/div>\n\t\t\t\t<\/div>\n\t\t\t\t<div class=\"elementor-element elementor-element-db8fa20 elementor-widget-divider--view-line elementor-widget elementor-widget-divider\" data-id=\"db8fa20\" data-element_type=\"widget\" data-widget_type=\"divider.default\">\n\t\t\t\t<div class=\"elementor-widget-container\">\n\t\t\t\t\t<div class=\"elementor-divider\">\n\t\t\t<span class=\"elementor-divider-separator\">\n\t\t\t\t\t\t<\/span>\n\t\t<\/div>\n\t\t\t\t<\/div>\n\t\t\t\t<\/div>\n\t\t\t\t\t<\/div>\n\t\t\t\t<\/div>\n\t\t<div class=\"elementor-element elementor-element-252a486 e-flex e-con-boxed e-con e-parent\" data-id=\"252a486\" data-element_type=\"container\" data-settings=\"{&quot;background_background&quot;:&quot;classic&quot;}\">\n\t\t\t\t\t<div class=\"e-con-inner\">\n\t\t<div class=\"elementor-element elementor-element-50702f2 e-con-full e-flex e-con e-child\" data-id=\"50702f2\" data-element_type=\"container\">\n\t\t\t\t<div class=\"elementor-element elementor-element-d9b8ccc elementor-widget elementor-widget-foxiz-list-small-1\" data-id=\"d9b8ccc\" data-element_type=\"widget\" data-widget_type=\"foxiz-list-small-1.default\">\n\t\t\t\t<div class=\"elementor-widget-container\">\n\t\t\t<div id=\"uid_d9b8ccc\" class=\"block-wrap block-small block-list block-list-small-1 bottom-border is-b-border-gray no-last-bb ecat-l-dot meta-s-default\"><div class=\"block-inner\">\t\t<div class=\"p-wrap p-small p-list-small-1\" data-pid=\"16143\">\r\n\t\t\t<div class=\"p-content\">\r\n\t\t\t<div class=\"p-categories p-top\"><a class=\"p-category category-id-1154\" href=\"https:\/\/eunewsroom.com\/de\/category\/news-de\/eu-de\/healthcare-de\/\" rel=\"category\">Gesundheitspflege<\/a><a class=\"p-category category-id-1139\" href=\"https:\/\/eunewsroom.com\/category\/news-fr\/eu-fr\/healthcare-fr\/\" rel=\"category\">Soins de sant\u00e9<\/a><\/div><h3 class=\"entry-title\">\t\t<a class=\"p-url\" href=\"https:\/\/eunewsroom.com\/de\/europaischer-raum-fur-ki-im-gesundheitswesen-berlin-institute-of-health\/\" rel=\"bookmark\">Europ\u00e4ischer Raum f\u00fcr KI im Gesundheitswesen &#8211; Berlin Institute of Health<\/a><\/h3><p class=\"entry-summary\">Europ\u00e4ischer Raum f\u00fcr KI im Gesundheitswesen&nbsp;&nbsp;Berlin Institute&hellip;<\/p>\r\n\t\t\t\t\t<\/div>\r\n\t\t\t\t<\/div>\r\n\t\t\t<div class=\"p-wrap p-small p-list-small-1\" data-pid=\"16009\">\r\n\t\t\t<div class=\"p-content\">\r\n\t\t\t<div class=\"p-categories p-top\"><a class=\"p-category category-id-1154\" href=\"https:\/\/eunewsroom.com\/de\/category\/news-de\/eu-de\/healthcare-de\/\" rel=\"category\">Gesundheitspflege<\/a><a class=\"p-category category-id-1139\" href=\"https:\/\/eunewsroom.com\/category\/news-fr\/eu-fr\/healthcare-fr\/\" rel=\"category\">Soins de sant\u00e9<\/a><\/div><h3 class=\"entry-title\">\t\t<a class=\"p-url\" href=\"https:\/\/eunewsroom.com\/de\/hausliche-pflege-in-europa-uberall-frauensache-deutsches-arzteblatt-aktuelles-aus-gesundheitspolitik-und-medizin\/\" rel=\"bookmark\">H\u00e4usliche Pflege in Europa \u00fcberall Frauensache &#8211; Deutsches \u00c4rzteblatt: Aktuelles aus Gesundheitspolitik und Medizin<\/a><\/h3><p class=\"entry-summary\">H\u00e4usliche Pflege in Europa \u00fcberall Frauensache&nbsp;&nbsp;Deutsches \u00c4rzteblatt:&hellip;<\/p>\r\n\t\t\t\t\t<\/div>\r\n\t\t\t\t<\/div>\r\n\t\t\t<div class=\"p-wrap p-small p-list-small-1\" data-pid=\"15799\">\r\n\t\t\t<div class=\"p-content\">\r\n\t\t\t<div class=\"p-categories p-top\"><a class=\"p-category category-id-1154\" href=\"https:\/\/eunewsroom.com\/de\/category\/news-de\/eu-de\/healthcare-de\/\" rel=\"category\">Gesundheitspflege<\/a><a class=\"p-category category-id-1139\" href=\"https:\/\/eunewsroom.com\/category\/news-fr\/eu-fr\/healthcare-fr\/\" rel=\"category\">Soins de sant\u00e9<\/a><\/div><h3 class=\"entry-title\">\t\t<a class=\"p-url\" href=\"https:\/\/eunewsroom.com\/de\/gesundheitsunion-presse-und-politik-aok\/\" rel=\"bookmark\">Gesundheitsunion | Presse und Politik &#8211; AOK<\/a><\/h3><p class=\"entry-summary\">Gesundheitsunion | Presse und Politik&nbsp;&nbsp;AOK Quelle<\/p>\r\n\t\t\t\t\t<\/div>\r\n\t\t\t\t<\/div>\r\n\t<\/div><\/div>\t\t<\/div>\n\t\t\t\t<\/div>\n\t\t\t\t<\/div>\n\t\t<div class=\"elementor-element elementor-element-9fb733a e-con-full e-flex e-con e-child\" data-id=\"9fb733a\" data-element_type=\"container\">\n\t\t\t\t<div class=\"elementor-element elementor-element-2281f96 elementor-widget elementor-widget-foxiz-list-small-1\" data-id=\"2281f96\" data-element_type=\"widget\" data-widget_type=\"foxiz-list-small-1.default\">\n\t\t\t\t<div class=\"elementor-widget-container\">\n\t\t\t<div id=\"uid_2281f96\" class=\"block-wrap block-small block-list block-list-small-1 bottom-border is-b-border-gray no-last-bb ecat-l-dot meta-s-default\"><div class=\"block-inner\">\t\t<div class=\"p-wrap p-small p-list-small-1\" data-pid=\"15512\">\r\n\t\t\t<div class=\"p-content\">\r\n\t\t\t<div class=\"p-categories p-top\"><a class=\"p-category category-id-1154\" href=\"https:\/\/eunewsroom.com\/de\/category\/news-de\/eu-de\/healthcare-de\/\" rel=\"category\">Gesundheitspflege<\/a><a class=\"p-category category-id-1139\" href=\"https:\/\/eunewsroom.com\/category\/news-fr\/eu-fr\/healthcare-fr\/\" rel=\"category\">Soins de sant\u00e9<\/a><\/div><h3 class=\"entry-title\">\t\t<a class=\"p-url\" href=\"https:\/\/eunewsroom.com\/de\/am-welttag-fur-psychische-gesundheit-fordert-who-europa-dringende-masnahmen-zur-starkung-der-psychischen-gesundheit-des-gesundheits-und-pflegepersonals-world-health-organization-who\/\" rel=\"bookmark\">Am Welttag f\u00fcr psychische Gesundheit fordert WHO\/Europa dringende Ma\u00dfnahmen zur St\u00e4rkung der psychischen Gesundheit des Gesundheits- und Pflegepersonals &#8211; World Health Organization (WHO)<\/a><\/h3><p class=\"entry-summary\">Am Welttag f\u00fcr psychische Gesundheit fordert WHO\/Europa&hellip;<\/p>\r\n\t\t\t\t\t<\/div>\r\n\t\t\t\t<\/div>\r\n\t\t\t<div class=\"p-wrap p-small p-list-small-1\" data-pid=\"15349\">\r\n\t\t\t<div class=\"p-content\">\r\n\t\t\t<div class=\"p-categories p-top\"><a class=\"p-category category-id-1154\" href=\"https:\/\/eunewsroom.com\/de\/category\/news-de\/eu-de\/healthcare-de\/\" rel=\"category\">Gesundheitspflege<\/a><a class=\"p-category category-id-1139\" href=\"https:\/\/eunewsroom.com\/category\/news-fr\/eu-fr\/healthcare-fr\/\" rel=\"category\">Soins de sant\u00e9<\/a><\/div><h3 class=\"entry-title\">\t\t<a class=\"p-url\" href=\"https:\/\/eunewsroom.com\/de\/untatigkeit-der-eu-beim-klimaschutz-gefahrdet-gesundheit-euractiv-germany\/\" rel=\"bookmark\">Unt\u00e4tigkeit der EU beim Klimaschutz gef\u00e4hrdet Gesundheit &#8211; EURACTIV Germany<\/a><\/h3><p class=\"entry-summary\">Unt\u00e4tigkeit der EU beim Klimaschutz gef\u00e4hrdet Gesundheit&nbsp;&nbsp;EURACTIV&hellip;<\/p>\r\n\t\t\t\t\t<\/div>\r\n\t\t\t\t<\/div>\r\n\t\t\t<div class=\"p-wrap p-small p-list-small-1\" data-pid=\"15166\">\r\n\t\t\t<div class=\"p-content\">\r\n\t\t\t<div class=\"p-categories p-top\"><a class=\"p-category category-id-1154\" href=\"https:\/\/eunewsroom.com\/de\/category\/news-de\/eu-de\/healthcare-de\/\" rel=\"category\">Gesundheitspflege<\/a><a class=\"p-category category-id-1139\" href=\"https:\/\/eunewsroom.com\/category\/news-fr\/eu-fr\/healthcare-fr\/\" rel=\"category\">Soins de sant\u00e9<\/a><\/div><h3 class=\"entry-title\">\t\t<a class=\"p-url\" href=\"https:\/\/eunewsroom.com\/de\/europaische-union-hat-keinen-uberblick-uber-eigene-digitalisierungsforderung-im-gesundheitswesen-deutsches-arzteblatt-aktuelles-aus-gesundheitspolitik-und-medizin\/\" rel=\"bookmark\">Europ\u00e4ische Union hat keinen \u00dcberblick \u00fcber eigene Digitalisierungsf\u00f6rderung im Gesundheitswesen &#8211; Deutsches \u00c4rzteblatt: Aktuelles aus Gesundheitspolitik und Medizin<\/a><\/h3><p class=\"entry-summary\">Europ\u00e4ische Union hat keinen \u00dcberblick \u00fcber eigene&hellip;<\/p>\r\n\t\t\t\t\t<\/div>\r\n\t\t\t\t<\/div>\r\n\t<\/div><\/div>\t\t<\/div>\n\t\t\t\t<\/div>\n\t\t\t\t<\/div>\n\t\t<div class=\"elementor-element elementor-element-6eb6239 e-con-full e-flex e-con e-child\" data-id=\"6eb6239\" data-element_type=\"container\">\n\t\t\t\t<div class=\"elementor-element elementor-element-9c99a92 elementor-widget elementor-widget-foxiz-list-small-1\" data-id=\"9c99a92\" data-element_type=\"widget\" data-widget_type=\"foxiz-list-small-1.default\">\n\t\t\t\t<div class=\"elementor-widget-container\">\n\t\t\t<div id=\"uid_9c99a92\" class=\"block-wrap block-small block-list block-list-small-1 bottom-border is-b-border-gray no-last-bb ecat-l-dot meta-s-default\"><div class=\"block-inner\">\t\t<div class=\"p-wrap p-small p-list-small-1\" data-pid=\"14957\">\r\n\t\t\t<div class=\"p-content\">\r\n\t\t\t<div class=\"p-categories p-top\"><a class=\"p-category category-id-1154\" href=\"https:\/\/eunewsroom.com\/de\/category\/news-de\/eu-de\/healthcare-de\/\" rel=\"category\">Gesundheitspflege<\/a><a class=\"p-category category-id-1139\" href=\"https:\/\/eunewsroom.com\/category\/news-fr\/eu-fr\/healthcare-fr\/\" rel=\"category\">Soins de sant\u00e9<\/a><\/div><h3 class=\"entry-title\">\t\t<a class=\"p-url\" href=\"https:\/\/eunewsroom.com\/de\/europaweite-umfrage-who-will-arbeitsbedingungen-fur-gesundheitsfachpersonal-verbessern-bibliomedpflege\/\" rel=\"bookmark\">Europaweite Umfrage &#8211; WHO will Arbeitsbedingungen f\u00fcr Gesundheitsfachpersonal verbessern &#8211; BibliomedPflege<\/a><\/h3><p class=\"entry-summary\">Europaweite Umfrage - WHO will Arbeitsbedingungen f\u00fcr&hellip;<\/p>\r\n\t\t\t\t\t<\/div>\r\n\t\t\t\t<\/div>\r\n\t\t\t<div class=\"p-wrap p-small p-list-small-1\" data-pid=\"14812\">\r\n\t\t\t<div class=\"p-content\">\r\n\t\t\t<div class=\"p-categories p-top\"><a class=\"p-category category-id-1154\" href=\"https:\/\/eunewsroom.com\/de\/category\/news-de\/eu-de\/healthcare-de\/\" rel=\"category\">Gesundheitspflege<\/a><a class=\"p-category category-id-1139\" href=\"https:\/\/eunewsroom.com\/category\/news-fr\/eu-fr\/healthcare-fr\/\" rel=\"category\">Soins de sant\u00e9<\/a><\/div><h3 class=\"entry-title\">\t\t<a class=\"p-url\" href=\"https:\/\/eunewsroom.com\/de\/who-europa-initiiert-erste-umfrage-ihrer-art-zur-psychischen-gesundheit-von-gesundheitsfachkraften-world-health-organization-who\/\" rel=\"bookmark\">WHO\/Europa initiiert erste Umfrage ihrer Art zur psychischen Gesundheit von Gesundheitsfachkr\u00e4ften &#8211; World Health Organization (WHO)<\/a><\/h3><p class=\"entry-summary\">WHO\/Europa initiiert erste Umfrage ihrer Art zur&hellip;<\/p>\r\n\t\t\t\t\t<\/div>\r\n\t\t\t\t<\/div>\r\n\t\t\t<div class=\"p-wrap p-small p-list-small-1\" data-pid=\"14586\">\r\n\t\t\t<div class=\"p-content\">\r\n\t\t\t<div class=\"p-categories p-top\"><a class=\"p-category category-id-1154\" href=\"https:\/\/eunewsroom.com\/de\/category\/news-de\/eu-de\/healthcare-de\/\" rel=\"category\">Gesundheitspflege<\/a><a class=\"p-category category-id-1139\" href=\"https:\/\/eunewsroom.com\/category\/news-fr\/eu-fr\/healthcare-fr\/\" rel=\"category\">Soins de sant\u00e9<\/a><\/div><h3 class=\"entry-title\">\t\t<a class=\"p-url\" href=\"https:\/\/eunewsroom.com\/de\/eu-chemikalienverordnung-langsame-bearbeitung-gefahrdet-gesundheit-euractiv-germany\/\" rel=\"bookmark\">EU-Chemikalienverordnung: Langsame Bearbeitung gef\u00e4hrdet Gesundheit &#8211; EURACTIV Germany<\/a><\/h3><p class=\"entry-summary\">EU-Chemikalienverordnung: Langsame Bearbeitung gef\u00e4hrdet Gesundheit&nbsp;&nbsp;EURACTIV Germany Quelle<\/p>\r\n\t\t\t\t\t<\/div>\r\n\t\t\t\t<\/div>\r\n\t<\/div><\/div>\t\t<\/div>\n\t\t\t\t<\/div>\n\t\t\t\t<\/div>\n\t\t<div class=\"elementor-element elementor-element-7b5d938 e-con-full e-flex e-con e-child\" data-id=\"7b5d938\" data-element_type=\"container\">\n\t\t\t\t<div class=\"elementor-element elementor-element-730a2de elementor-widget elementor-widget-foxiz-list-small-1\" data-id=\"730a2de\" data-element_type=\"widget\" data-widget_type=\"foxiz-list-small-1.default\">\n\t\t\t\t<div class=\"elementor-widget-container\">\n\t\t\t<div id=\"uid_730a2de\" class=\"block-wrap block-small block-list block-list-small-1 bottom-border is-b-border-gray no-last-bb ecat-l-dot meta-s-default\"><div class=\"block-inner\">\t\t<div class=\"p-wrap p-small p-list-small-1\" data-pid=\"14270\">\r\n\t\t\t<div class=\"p-content\">\r\n\t\t\t<div class=\"p-categories p-top\"><a class=\"p-category category-id-1154\" href=\"https:\/\/eunewsroom.com\/de\/category\/news-de\/eu-de\/healthcare-de\/\" rel=\"category\">Gesundheitspflege<\/a><a class=\"p-category category-id-1139\" href=\"https:\/\/eunewsroom.com\/category\/news-fr\/eu-fr\/healthcare-fr\/\" rel=\"category\">Soins de sant\u00e9<\/a><\/div><h3 class=\"entry-title\">\t\t<a class=\"p-url\" href=\"https:\/\/eunewsroom.com\/de\/gesundheit-immer-weniger-junge-menschen-in-europa-nutzen-kondome-zeit-de\/\" rel=\"bookmark\">Gesundheit: Immer weniger junge Menschen in Europa nutzen Kondome &#8211; zeit.de<\/a><\/h3><p class=\"entry-summary\">Gesundheit: Immer weniger junge Menschen in Europa&hellip;<\/p>\r\n\t\t\t\t\t<\/div>\r\n\t\t\t\t<\/div>\r\n\t\t\t<div class=\"p-wrap p-small p-list-small-1\" data-pid=\"14065\">\r\n\t\t\t<div class=\"p-content\">\r\n\t\t\t<div class=\"p-categories p-top\"><a class=\"p-category category-id-1154\" href=\"https:\/\/eunewsroom.com\/de\/category\/news-de\/eu-de\/healthcare-de\/\" rel=\"category\">Gesundheitspflege<\/a><a class=\"p-category category-id-1139\" href=\"https:\/\/eunewsroom.com\/category\/news-fr\/eu-fr\/healthcare-fr\/\" rel=\"category\">Soins de sant\u00e9<\/a><\/div><h3 class=\"entry-title\">\t\t<a class=\"p-url\" href=\"https:\/\/eunewsroom.com\/de\/entscheidung-von-der-leyens-sorgt-fur-kritik-oliver-varhelyi-als-neuer-eu-kommissar-fur-gesundheit-nominiert-daz-online\/\" rel=\"bookmark\">Entscheidung von der Leyens sorgt f\u00fcr Kritik: Oliv\u00e9r V\u00e1rhelyi als neuer EU-Kommissar f\u00fcr Gesundheit nominiert &#8211; DAZ.online<\/a><\/h3><p class=\"entry-summary\">Entscheidung von der Leyens sorgt f\u00fcr Kritik:&hellip;<\/p>\r\n\t\t\t\t\t<\/div>\r\n\t\t\t\t<\/div>\r\n\t\t\t<div class=\"p-wrap p-small p-list-small-1\" data-pid=\"13905\">\r\n\t\t\t<div class=\"p-content\">\r\n\t\t\t<div class=\"p-categories p-top\"><a class=\"p-category category-id-1154\" href=\"https:\/\/eunewsroom.com\/de\/category\/news-de\/eu-de\/healthcare-de\/\" rel=\"category\">Gesundheitspflege<\/a><a class=\"p-category category-id-1139\" href=\"https:\/\/eunewsroom.com\/category\/news-fr\/eu-fr\/healthcare-fr\/\" rel=\"category\">Soins de sant\u00e9<\/a><\/div><h3 class=\"entry-title\">\t\t<a class=\"p-url\" href=\"https:\/\/eunewsroom.com\/de\/vier-jahre-europaische-gesundheitsunion-gemeinsam-handeln-fur-die-gesundheit-der-menschen-european-union\/\" rel=\"bookmark\">Vier Jahre Europ\u00e4ische Gesundheitsunion: gemeinsam handeln f\u00fcr die Gesundheit der Menschen &#8211; European Union<\/a><\/h3><p class=\"entry-summary\">Vier Jahre Europ\u00e4ische Gesundheitsunion: gemeinsam handeln f\u00fcr&hellip;<\/p>\r\n\t\t\t\t\t<\/div>\r\n\t\t\t\t<\/div>\r\n\t<\/div><\/div>\t\t<\/div>\n\t\t\t\t<\/div>\n\t\t\t\t<\/div>\n\t\t\t\t\t<\/div>\n\t\t\t\t<\/div>\n\t\t<div class=\"elementor-element elementor-element-4114a75 e-flex e-con-boxed e-con e-parent\" data-id=\"4114a75\" data-element_type=\"container\" data-settings=\"{&quot;background_background&quot;:&quot;classic&quot;}\">\n\t\t\t\t\t<div class=\"e-con-inner\">\n\t\t\t\t<div class=\"elementor-element elementor-element-33ea099 elementor-widget__width-inherit elementor-widget elementor-widget-foxiz-heading\" data-id=\"33ea099\" data-element_type=\"widget\" data-widget_type=\"foxiz-heading.default\">\n\t\t\t\t<div class=\"elementor-widget-container\">\n\t\t\t<div id=\"uid_33ea099\" class=\"block-h heading-layout-10\"><div class=\"heading-inner\"><h3 class=\"heading-title\"><a href=\"https:\/\/eunewsroom.com\/de\/category\/news-de\/eu-de\/lifestyle-de\/\">Lebensstil<\/a><\/h3><div class=\"heading-tagline h6\"><a class=\"heading-tagline-label\" href=\"https:\/\/eunewsroom.com\/de\/category\/news-de\/eu-de\/lifestyle-de\/\">Alle anzeigen\n<\/a><i class=\"rbi rbi-cright heading-tagline-icon\" aria-hidden=\"true\"><\/i><\/div><\/div><\/div>\t\t<\/div>\n\t\t\t\t<\/div>\n\t\t\t\t<div class=\"elementor-element elementor-element-efe6789 elementor-widget-divider--view-line elementor-widget elementor-widget-divider\" data-id=\"efe6789\" data-element_type=\"widget\" data-widget_type=\"divider.default\">\n\t\t\t\t<div class=\"elementor-widget-container\">\n\t\t\t\t\t<div class=\"elementor-divider\">\n\t\t\t<span class=\"elementor-divider-separator\">\n\t\t\t\t\t\t<\/span>\n\t\t<\/div>\n\t\t\t\t<\/div>\n\t\t\t\t<\/div>\n\t\t\t\t\t<\/div>\n\t\t\t\t<\/div>\n\t\t<div class=\"elementor-element elementor-element-f74285d e-flex e-con-boxed e-con e-parent\" data-id=\"f74285d\" data-element_type=\"container\" data-settings=\"{&quot;background_background&quot;:&quot;classic&quot;}\">\n\t\t\t\t\t<div class=\"e-con-inner\">\n\t\t<div class=\"elementor-element elementor-element-041c361 e-con-full e-flex e-con e-child\" data-id=\"041c361\" data-element_type=\"container\">\n\t\t\t\t<div class=\"elementor-element elementor-element-1932d7d elementor-widget elementor-widget-foxiz-list-small-1\" data-id=\"1932d7d\" data-element_type=\"widget\" data-widget_type=\"foxiz-list-small-1.default\">\n\t\t\t\t<div class=\"elementor-widget-container\">\n\t\t\t<div id=\"uid_1932d7d\" class=\"block-wrap block-small block-list block-list-small-1 bottom-border is-b-border-gray no-last-bb ecat-l-dot meta-s-default\"><div class=\"block-inner\">\t\t<div class=\"p-wrap p-small p-list-small-1\" data-pid=\"15511\">\r\n\t\t\t<div class=\"p-content\">\r\n\t\t\t<div class=\"p-categories p-top\"><a class=\"p-category category-id-1163\" href=\"https:\/\/eunewsroom.com\/de\/category\/news-de\/eu-de\/lifestyle-de\/\" rel=\"category\">Lebensstil<\/a><a class=\"p-category category-id-1148\" href=\"https:\/\/eunewsroom.com\/category\/news-fr\/eu-fr\/lifestyle-fr\/\" rel=\"category\">Mode de vie<\/a><\/div><h3 class=\"entry-title\">\t\t<a class=\"p-url\" href=\"https:\/\/eunewsroom.com\/de\/vier-challenges-fur-einen-klimafreundlichen-lebensstil-nachrichten-idw-online-de\/\" rel=\"bookmark\">Vier Challenges f\u00fcr einen klimafreundlichen Lebensstil &#8211; nachrichten.idw-online.de<\/a><\/h3><p class=\"entry-summary\">Vier Challenges f\u00fcr einen klimafreundlichen Lebensstil&nbsp;&nbsp;nachrichten.idw-online.de Quelle<\/p>\r\n\t\t\t\t\t<\/div>\r\n\t\t\t\t<\/div>\r\n\t\t\t<div class=\"p-wrap p-small p-list-small-1\" data-pid=\"15348\">\r\n\t\t\t<div class=\"p-content\">\r\n\t\t\t<div class=\"p-categories p-top\"><a class=\"p-category category-id-1163\" href=\"https:\/\/eunewsroom.com\/de\/category\/news-de\/eu-de\/lifestyle-de\/\" rel=\"category\">Lebensstil<\/a><a class=\"p-category category-id-1148\" href=\"https:\/\/eunewsroom.com\/category\/news-fr\/eu-fr\/lifestyle-fr\/\" rel=\"category\">Mode de vie<\/a><\/div><h3 class=\"entry-title\">\t\t<a class=\"p-url\" href=\"https:\/\/eunewsroom.com\/de\/das-sind-die-zehn-saubersten-stadte-europas-der-standard\/\" rel=\"bookmark\">Das sind die zehn saubersten St\u00e4dte Europas &#8211; DER STANDARD<\/a><\/h3><p class=\"entry-summary\">Das sind die zehn saubersten St\u00e4dte Europas&nbsp;&nbsp;DER&hellip;<\/p>\r\n\t\t\t\t\t<\/div>\r\n\t\t\t\t<\/div>\r\n\t\t\t<div class=\"p-wrap p-small p-list-small-1\" data-pid=\"15165\">\r\n\t\t\t<div class=\"p-content\">\r\n\t\t\t<div class=\"p-categories p-top\"><a class=\"p-category category-id-1163\" href=\"https:\/\/eunewsroom.com\/de\/category\/news-de\/eu-de\/lifestyle-de\/\" rel=\"category\">Lebensstil<\/a><a class=\"p-category category-id-1148\" href=\"https:\/\/eunewsroom.com\/category\/news-fr\/eu-fr\/lifestyle-fr\/\" rel=\"category\">Mode de vie<\/a><\/div><h3 class=\"entry-title\">\t\t<a class=\"p-url\" href=\"https:\/\/eunewsroom.com\/de\/mobile-app-fordert-einen-aktiveren-stadtischen-lebensstil-bei-menschen-uber-55-jahren-european-union\/\" rel=\"bookmark\">Mobile App f\u00f6rdert einen aktiveren st\u00e4dtischen Lebensstil bei Menschen \u00fcber 55 Jahren &#8211; European Union<\/a><\/h3><p class=\"entry-summary\">Mobile App f\u00f6rdert einen aktiveren st\u00e4dtischen Lebensstil&hellip;<\/p>\r\n\t\t\t\t\t<\/div>\r\n\t\t\t\t<\/div>\r\n\t<\/div><\/div>\t\t<\/div>\n\t\t\t\t<\/div>\n\t\t\t\t<\/div>\n\t\t<div class=\"elementor-element elementor-element-c3434f4 e-con-full e-flex e-con e-child\" data-id=\"c3434f4\" data-element_type=\"container\">\n\t\t\t\t<div class=\"elementor-element elementor-element-d1cf25f elementor-widget elementor-widget-foxiz-list-small-1\" data-id=\"d1cf25f\" data-element_type=\"widget\" data-widget_type=\"foxiz-list-small-1.default\">\n\t\t\t\t<div class=\"elementor-widget-container\">\n\t\t\t<div id=\"uid_d1cf25f\" class=\"block-wrap block-small block-list block-list-small-1 bottom-border is-b-border-gray no-last-bb ecat-l-dot meta-s-default\"><div class=\"block-inner\">\t\t<div class=\"p-wrap p-small p-list-small-1\" data-pid=\"15511\">\r\n\t\t\t<div class=\"p-content\">\r\n\t\t\t<div class=\"p-categories p-top\"><a class=\"p-category category-id-1163\" href=\"https:\/\/eunewsroom.com\/de\/category\/news-de\/eu-de\/lifestyle-de\/\" rel=\"category\">Lebensstil<\/a><a class=\"p-category category-id-1148\" href=\"https:\/\/eunewsroom.com\/category\/news-fr\/eu-fr\/lifestyle-fr\/\" rel=\"category\">Mode de vie<\/a><\/div><h3 class=\"entry-title\">\t\t<a class=\"p-url\" href=\"https:\/\/eunewsroom.com\/de\/vier-challenges-fur-einen-klimafreundlichen-lebensstil-nachrichten-idw-online-de\/\" rel=\"bookmark\">Vier Challenges f\u00fcr einen klimafreundlichen Lebensstil &#8211; nachrichten.idw-online.de<\/a><\/h3><p class=\"entry-summary\">Vier Challenges f\u00fcr einen klimafreundlichen Lebensstil&nbsp;&nbsp;nachrichten.idw-online.de Quelle<\/p>\r\n\t\t\t\t\t<\/div>\r\n\t\t\t\t<\/div>\r\n\t\t\t<div class=\"p-wrap p-small p-list-small-1\" data-pid=\"15348\">\r\n\t\t\t<div class=\"p-content\">\r\n\t\t\t<div class=\"p-categories p-top\"><a class=\"p-category category-id-1163\" href=\"https:\/\/eunewsroom.com\/de\/category\/news-de\/eu-de\/lifestyle-de\/\" rel=\"category\">Lebensstil<\/a><a class=\"p-category category-id-1148\" href=\"https:\/\/eunewsroom.com\/category\/news-fr\/eu-fr\/lifestyle-fr\/\" rel=\"category\">Mode de vie<\/a><\/div><h3 class=\"entry-title\">\t\t<a class=\"p-url\" href=\"https:\/\/eunewsroom.com\/de\/das-sind-die-zehn-saubersten-stadte-europas-der-standard\/\" rel=\"bookmark\">Das sind die zehn saubersten St\u00e4dte Europas &#8211; DER STANDARD<\/a><\/h3><p class=\"entry-summary\">Das sind die zehn saubersten St\u00e4dte Europas&nbsp;&nbsp;DER&hellip;<\/p>\r\n\t\t\t\t\t<\/div>\r\n\t\t\t\t<\/div>\r\n\t\t\t<div class=\"p-wrap p-small p-list-small-1\" data-pid=\"15165\">\r\n\t\t\t<div class=\"p-content\">\r\n\t\t\t<div class=\"p-categories p-top\"><a class=\"p-category category-id-1163\" href=\"https:\/\/eunewsroom.com\/de\/category\/news-de\/eu-de\/lifestyle-de\/\" rel=\"category\">Lebensstil<\/a><a class=\"p-category category-id-1148\" href=\"https:\/\/eunewsroom.com\/category\/news-fr\/eu-fr\/lifestyle-fr\/\" rel=\"category\">Mode de vie<\/a><\/div><h3 class=\"entry-title\">\t\t<a class=\"p-url\" href=\"https:\/\/eunewsroom.com\/de\/mobile-app-fordert-einen-aktiveren-stadtischen-lebensstil-bei-menschen-uber-55-jahren-european-union\/\" rel=\"bookmark\">Mobile App f\u00f6rdert einen aktiveren st\u00e4dtischen Lebensstil bei Menschen \u00fcber 55 Jahren &#8211; European Union<\/a><\/h3><p class=\"entry-summary\">Mobile App f\u00f6rdert einen aktiveren st\u00e4dtischen Lebensstil&hellip;<\/p>\r\n\t\t\t\t\t<\/div>\r\n\t\t\t\t<\/div>\r\n\t<\/div><\/div>\t\t<\/div>\n\t\t\t\t<\/div>\n\t\t\t\t<\/div>\n\t\t<div class=\"elementor-element elementor-element-ea17990 e-con-full e-flex e-con e-child\" data-id=\"ea17990\" data-element_type=\"container\">\n\t\t\t\t<div class=\"elementor-element elementor-element-0e69ef3 elementor-widget elementor-widget-foxiz-list-small-1\" data-id=\"0e69ef3\" data-element_type=\"widget\" data-widget_type=\"foxiz-list-small-1.default\">\n\t\t\t\t<div class=\"elementor-widget-container\">\n\t\t\t<div id=\"uid_0e69ef3\" class=\"block-wrap block-small block-list block-list-small-1 bottom-border is-b-border-gray no-last-bb ecat-l-dot meta-s-default\"><div class=\"block-inner\">\t\t<div class=\"p-wrap p-small p-list-small-1\" data-pid=\"14956\">\r\n\t\t\t<div class=\"p-content\">\r\n\t\t\t<div class=\"p-categories p-top\"><a class=\"p-category category-id-1163\" href=\"https:\/\/eunewsroom.com\/de\/category\/news-de\/eu-de\/lifestyle-de\/\" rel=\"category\">Lebensstil<\/a><a class=\"p-category category-id-1148\" href=\"https:\/\/eunewsroom.com\/category\/news-fr\/eu-fr\/lifestyle-fr\/\" rel=\"category\">Mode de vie<\/a><\/div><h3 class=\"entry-title\">\t\t<a class=\"p-url\" href=\"https:\/\/eunewsroom.com\/de\/beactive-europaische-woche-des-sports-in-jenaer-fitness-studios-jenatv\/\" rel=\"bookmark\">\u201eBeActive\u201c \u2013 Europ\u00e4ische Woche des Sports in Jenaer Fitness-Studios &#8211; JenaTV<\/a><\/h3><p class=\"entry-summary\">\u201eBeActive\u201c \u2013 Europ\u00e4ische Woche des Sports in&hellip;<\/p>\r\n\t\t\t\t\t<\/div>\r\n\t\t\t\t<\/div>\r\n\t\t\t<div class=\"p-wrap p-small p-list-small-1\" data-pid=\"14811\">\r\n\t\t\t<div class=\"p-content\">\r\n\t\t\t<div class=\"p-categories p-top\"><a class=\"p-category category-id-1163\" href=\"https:\/\/eunewsroom.com\/de\/category\/news-de\/eu-de\/lifestyle-de\/\" rel=\"category\">Lebensstil<\/a><a class=\"p-category category-id-1148\" href=\"https:\/\/eunewsroom.com\/category\/news-fr\/eu-fr\/lifestyle-fr\/\" rel=\"category\">Mode de vie<\/a><\/div><h3 class=\"entry-title\">\t\t<a class=\"p-url\" href=\"https:\/\/eunewsroom.com\/de\/die-billigsten-und-teuersten-skigebiete-europas-der-standard\/\" rel=\"bookmark\">Die billigsten und teuersten Skigebiete Europas &#8211; DER STANDARD<\/a><\/h3><p class=\"entry-summary\">Die billigsten und teuersten Skigebiete Europas&nbsp;&nbsp;DER STANDARD&hellip;<\/p>\r\n\t\t\t\t\t<\/div>\r\n\t\t\t\t<\/div>\r\n\t\t\t<div class=\"p-wrap p-small p-list-small-1\" data-pid=\"14585\">\r\n\t\t\t<div class=\"p-content\">\r\n\t\t\t<div class=\"p-categories p-top\"><a class=\"p-category category-id-1163\" href=\"https:\/\/eunewsroom.com\/de\/category\/news-de\/eu-de\/lifestyle-de\/\" rel=\"category\">Lebensstil<\/a><a class=\"p-category category-id-1148\" href=\"https:\/\/eunewsroom.com\/category\/news-fr\/eu-fr\/lifestyle-fr\/\" rel=\"category\">Mode de vie<\/a><\/div><h3 class=\"entry-title\">\t\t<a class=\"p-url\" href=\"https:\/\/eunewsroom.com\/de\/stille-gesundheitsgefahr-durch-gasherd-jahrlich-40-000-tote-in-europa-der-standard\/\" rel=\"bookmark\">Stille Gesundheitsgefahr durch Gasherd: J\u00e4hrlich 40.000 Tote in Europa &#8211; DER STANDARD<\/a><\/h3><p class=\"entry-summary\">Stille Gesundheitsgefahr durch Gasherd: J\u00e4hrlich 40.000 Tote&hellip;<\/p>\r\n\t\t\t\t\t<\/div>\r\n\t\t\t\t<\/div>\r\n\t<\/div><\/div>\t\t<\/div>\n\t\t\t\t<\/div>\n\t\t\t\t<\/div>\n\t\t<div class=\"elementor-element elementor-element-a8cc4a9 e-con-full e-flex e-con e-child\" data-id=\"a8cc4a9\" data-element_type=\"container\">\n\t\t\t\t<div class=\"elementor-element elementor-element-6f80c6c elementor-widget elementor-widget-foxiz-list-small-1\" data-id=\"6f80c6c\" data-element_type=\"widget\" data-widget_type=\"foxiz-list-small-1.default\">\n\t\t\t\t<div class=\"elementor-widget-container\">\n\t\t\t<div id=\"uid_6f80c6c\" class=\"block-wrap block-small block-list block-list-small-1 bottom-border is-b-border-gray no-last-bb ecat-l-dot meta-s-default\"><div class=\"block-inner\">\t\t<div class=\"p-wrap p-small p-list-small-1\" data-pid=\"14433\">\r\n\t\t\t<div class=\"p-content\">\r\n\t\t\t<div class=\"p-categories p-top\"><a class=\"p-category category-id-1163\" href=\"https:\/\/eunewsroom.com\/de\/category\/news-de\/eu-de\/lifestyle-de\/\" rel=\"category\">Lebensstil<\/a><a class=\"p-category category-id-1148\" href=\"https:\/\/eunewsroom.com\/category\/news-fr\/eu-fr\/lifestyle-fr\/\" rel=\"category\">Mode de vie<\/a><\/div><h3 class=\"entry-title\">\t\t<a class=\"p-url\" href=\"https:\/\/eunewsroom.com\/de\/die-besten-und-die-schlechtesten-flughafen-europas-der-standard\/\" rel=\"bookmark\">Die besten und die schlechtesten Flugh\u00e4fen Europas &#8211; DER STANDARD<\/a><\/h3><p class=\"entry-summary\">Die besten und die schlechtesten Flugh\u00e4fen Europas&nbsp;&nbsp;DER&hellip;<\/p>\r\n\t\t\t\t\t<\/div>\r\n\t\t\t\t<\/div>\r\n\t\t\t<div class=\"p-wrap p-small p-list-small-1\" data-pid=\"14269\">\r\n\t\t\t<div class=\"p-content\">\r\n\t\t\t<div class=\"p-categories p-top\"><a class=\"p-category category-id-1163\" href=\"https:\/\/eunewsroom.com\/de\/category\/news-de\/eu-de\/lifestyle-de\/\" rel=\"category\">Lebensstil<\/a><a class=\"p-category category-id-1148\" href=\"https:\/\/eunewsroom.com\/category\/news-fr\/eu-fr\/lifestyle-fr\/\" rel=\"category\">Mode de vie<\/a><\/div><h3 class=\"entry-title\">\t\t<a class=\"p-url\" href=\"https:\/\/eunewsroom.com\/de\/religiose-verfolgung-in-europa-margaritis-schinas-vision-fur-interne-toleranz-und-solidaritat-the-european-times-deutsch\/\" rel=\"bookmark\">Religi\u00f6se Verfolgung in Europa: Margaritis Schinas\u2018 Vision f\u00fcr interne Toleranz und Solidarit\u00e4t &#8211; The European Times (Deutsch)<\/a><\/h3><p class=\"entry-summary\">Religi\u00f6se Verfolgung in Europa: Margaritis Schinas\u2018 Vision&hellip;<\/p>\r\n\t\t\t\t\t<\/div>\r\n\t\t\t\t<\/div>\r\n\t\t\t<div class=\"p-wrap p-small p-list-small-1\" data-pid=\"14064\">\r\n\t\t\t<div class=\"p-content\">\r\n\t\t\t<div class=\"p-categories p-top\"><a class=\"p-category category-id-1163\" href=\"https:\/\/eunewsroom.com\/de\/category\/news-de\/eu-de\/lifestyle-de\/\" rel=\"category\">Lebensstil<\/a><a class=\"p-category category-id-1148\" href=\"https:\/\/eunewsroom.com\/category\/news-fr\/eu-fr\/lifestyle-fr\/\" rel=\"category\">Mode de vie<\/a><\/div><h3 class=\"entry-title\">\t\t<a class=\"p-url\" href=\"https:\/\/eunewsroom.com\/de\/osterreich-erstmals-freundlichstes-land-europas-der-standard\/\" rel=\"bookmark\">\u00d6sterreich erstmals freundlichstes Land Europas &#8211; DER STANDARD<\/a><\/h3><p class=\"entry-summary\">\u00d6sterreich erstmals freundlichstes Land Europas&nbsp;&nbsp;DER STANDARD Quelle<\/p>\r\n\t\t\t\t\t<\/div>\r\n\t\t\t\t<\/div>\r\n\t<\/div><\/div>\t\t<\/div>\n\t\t\t\t<\/div>\n\t\t\t\t<\/div>\n\t\t\t\t\t<\/div>\n\t\t\t\t<\/div>\n\t\t<div class=\"elementor-element elementor-element-620e230 e-flex e-con-boxed e-con e-parent\" data-id=\"620e230\" data-element_type=\"container\" data-settings=\"{&quot;background_background&quot;:&quot;classic&quot;}\">\n\t\t\t\t\t<div class=\"e-con-inner\">\n\t\t\t\t<div class=\"elementor-element elementor-element-27f861a elementor-widget__width-inherit elementor-widget elementor-widget-foxiz-heading\" data-id=\"27f861a\" data-element_type=\"widget\" data-widget_type=\"foxiz-heading.default\">\n\t\t\t\t<div class=\"elementor-widget-container\">\n\t\t\t<div id=\"uid_27f861a\" class=\"block-h heading-layout-10\"><div class=\"heading-inner\"><h3 class=\"heading-title\"><a href=\"https:\/\/eunewsroom.com\/de\/category\/news-de\/eu-de\/politics-de\/\">Politik<\/a><\/h3><div class=\"heading-tagline h6\"><a class=\"heading-tagline-label\" href=\"https:\/\/eunewsroom.com\/de\/category\/news-de\/eu-de\/politics-de\/\">Alle anzeigen\n<\/a><i class=\"rbi rbi-cright heading-tagline-icon\" aria-hidden=\"true\"><\/i><\/div><\/div><\/div>\t\t<\/div>\n\t\t\t\t<\/div>\n\t\t\t\t<div class=\"elementor-element elementor-element-b455a3e elementor-widget-divider--view-line elementor-widget elementor-widget-divider\" data-id=\"b455a3e\" data-element_type=\"widget\" data-widget_type=\"divider.default\">\n\t\t\t\t<div class=\"elementor-widget-container\">\n\t\t\t\t\t<div class=\"elementor-divider\">\n\t\t\t<span class=\"elementor-divider-separator\">\n\t\t\t\t\t\t<\/span>\n\t\t<\/div>\n\t\t\t\t<\/div>\n\t\t\t\t<\/div>\n\t\t\t\t\t<\/div>\n\t\t\t\t<\/div>\n\t\t<div class=\"elementor-element elementor-element-4fd5a43 e-flex e-con-boxed e-con e-parent\" data-id=\"4fd5a43\" data-element_type=\"container\" data-settings=\"{&quot;background_background&quot;:&quot;classic&quot;}\">\n\t\t\t\t\t<div class=\"e-con-inner\">\n\t\t<div class=\"elementor-element elementor-element-cbe81b9 e-con-full e-flex e-con e-child\" data-id=\"cbe81b9\" data-element_type=\"container\">\n\t\t\t\t<div class=\"elementor-element elementor-element-d52ab46 elementor-widget elementor-widget-foxiz-list-small-1\" data-id=\"d52ab46\" data-element_type=\"widget\" data-widget_type=\"foxiz-list-small-1.default\">\n\t\t\t\t<div class=\"elementor-widget-container\">\n\t\t\t<div id=\"uid_d52ab46\" class=\"block-wrap block-small block-list block-list-small-1 bottom-border is-b-border-gray no-last-bb ecat-l-dot meta-s-default\"><div class=\"block-inner\">\t\t<div class=\"p-wrap p-small p-list-small-1\" data-pid=\"16141\">\r\n\t\t\t<div class=\"p-content\">\r\n\t\t\t<div class=\"p-categories p-top\"><a class=\"p-category category-id-1160\" href=\"https:\/\/eunewsroom.com\/de\/category\/news-de\/eu-de\/politics-de\/\" rel=\"category\">Politik<\/a><a class=\"p-category category-id-1145\" href=\"https:\/\/eunewsroom.com\/category\/news-fr\/eu-fr\/politics-fr\/\" rel=\"category\">Politique<\/a><\/div><h3 class=\"entry-title\">\t\t<a class=\"p-url\" href=\"https:\/\/eunewsroom.com\/de\/sabotage-eu-macht-russland-fur-sabotageakte-verantwortlich-zeit-campus\/\" rel=\"bookmark\">Sabotage: EU macht Russland f\u00fcr Sabotageakte verantwortlich &#8211; ZEIT Campus<\/a><\/h3><p class=\"entry-summary\">Sabotage: EU macht Russland f\u00fcr Sabotageakte verantwortlich&nbsp;&nbsp;ZEIT&hellip;<\/p>\r\n\t\t\t\t\t<\/div>\r\n\t\t\t\t<\/div>\r\n\t\t\t<div class=\"p-wrap p-small p-list-small-1\" data-pid=\"16007\">\r\n\t\t\t<div class=\"p-content\">\r\n\t\t\t<div class=\"p-categories p-top\"><a class=\"p-category category-id-1160\" href=\"https:\/\/eunewsroom.com\/de\/category\/news-de\/eu-de\/politics-de\/\" rel=\"category\">Politik<\/a><a class=\"p-category category-id-1145\" href=\"https:\/\/eunewsroom.com\/category\/news-fr\/eu-fr\/politics-fr\/\" rel=\"category\">Politique<\/a><\/div><h3 class=\"entry-title\">\t\t<a class=\"p-url\" href=\"https:\/\/eunewsroom.com\/de\/islands-neue-regierung-will-ein-referendum-uber-eine-eu-mitgliedschaft-euronews\/\" rel=\"bookmark\">Islands neue Regierung will ein Referendum \u00fcber eine EU-Mitgliedschaft &#8211; Euronews<\/a><\/h3><p class=\"entry-summary\">Islands neue Regierung will ein Referendum \u00fcber&hellip;<\/p>\r\n\t\t\t\t\t<\/div>\r\n\t\t\t\t<\/div>\r\n\t\t\t<div class=\"p-wrap p-small p-list-small-1\" data-pid=\"15797\">\r\n\t\t\t<div class=\"p-content\">\r\n\t\t\t<div class=\"p-categories p-top\"><a class=\"p-category category-id-1160\" href=\"https:\/\/eunewsroom.com\/de\/category\/news-de\/eu-de\/politics-de\/\" rel=\"category\">Politik<\/a><a class=\"p-category category-id-1145\" href=\"https:\/\/eunewsroom.com\/category\/news-fr\/eu-fr\/politics-fr\/\" rel=\"category\">Politique<\/a><\/div><h3 class=\"entry-title\">\t\t<a class=\"p-url\" href=\"https:\/\/eunewsroom.com\/de\/von-mercosur-bis-energiepolitik-warum-scholz-und-macron-in-der-eu-auf-kollisionskurs-sind-kurier\/\" rel=\"bookmark\">Von Mercosur bis Energiepolitik: Warum Scholz und Macron in der EU auf Kollisionskurs sind &#8211; KURIER<\/a><\/h3><p class=\"entry-summary\">Von Mercosur bis Energiepolitik: Warum Scholz und&hellip;<\/p>\r\n\t\t\t\t\t<\/div>\r\n\t\t\t\t<\/div>\r\n\t<\/div><\/div>\t\t<\/div>\n\t\t\t\t<\/div>\n\t\t\t\t<\/div>\n\t\t<div class=\"elementor-element elementor-element-d2d2382 e-con-full e-flex e-con e-child\" data-id=\"d2d2382\" data-element_type=\"container\">\n\t\t\t\t<div class=\"elementor-element elementor-element-ea8485e elementor-widget elementor-widget-foxiz-list-small-1\" data-id=\"ea8485e\" data-element_type=\"widget\" data-widget_type=\"foxiz-list-small-1.default\">\n\t\t\t\t<div class=\"elementor-widget-container\">\n\t\t\t<div id=\"uid_ea8485e\" class=\"block-wrap block-small block-list block-list-small-1 bottom-border is-b-border-gray no-last-bb ecat-l-dot meta-s-default\"><div class=\"block-inner\">\t\t<div class=\"p-wrap p-small p-list-small-1\" data-pid=\"15510\">\r\n\t\t\t<div class=\"p-content\">\r\n\t\t\t<div class=\"p-categories p-top\"><a class=\"p-category category-id-1160\" href=\"https:\/\/eunewsroom.com\/de\/category\/news-de\/eu-de\/politics-de\/\" rel=\"category\">Politik<\/a><a class=\"p-category category-id-1145\" href=\"https:\/\/eunewsroom.com\/category\/news-fr\/eu-fr\/politics-fr\/\" rel=\"category\">Politique<\/a><\/div><h3 class=\"entry-title\">\t\t<a class=\"p-url\" href=\"https:\/\/eunewsroom.com\/de\/16-europaischer-mediengipfel-in-lech-am-arlberg-europa-im-fokus-globaler-herausforderungen-boerse-express-com\/\" rel=\"bookmark\">16. Europ\u00e4ischer Mediengipfel in Lech am Arlberg: Europa im Fokus globaler Herausforderungen &#8211; Boerse-express.com<\/a><\/h3><p class=\"entry-summary\">16. Europ\u00e4ischer Mediengipfel in Lech am Arlberg:&hellip;<\/p>\r\n\t\t\t\t\t<\/div>\r\n\t\t\t\t<\/div>\r\n\t\t\t<div class=\"p-wrap p-small p-list-small-1\" data-pid=\"15347\">\r\n\t\t\t<div class=\"p-content\">\r\n\t\t\t<div class=\"p-categories p-top\"><a class=\"p-category category-id-1160\" href=\"https:\/\/eunewsroom.com\/de\/category\/news-de\/eu-de\/politics-de\/\" rel=\"category\">Politik<\/a><a class=\"p-category category-id-1145\" href=\"https:\/\/eunewsroom.com\/category\/news-fr\/eu-fr\/politics-fr\/\" rel=\"category\">Politique<\/a><\/div><h3 class=\"entry-title\">\t\t<a class=\"p-url\" href=\"https:\/\/eunewsroom.com\/de\/ukraine-eu-ratsprasident-costa-verspricht-kiew-fortschritte-fur-beitritts-prozess-deutschlandfunk\/\" rel=\"bookmark\">Ukraine &#8211; EU-Ratspr\u00e4sident Costa verspricht Kiew Fortschritte f\u00fcr Beitritts-Prozess &#8211; Deutschlandfunk<\/a><\/h3><p class=\"entry-summary\">Ukraine - EU-Ratspr\u00e4sident Costa verspricht Kiew Fortschritte&hellip;<\/p>\r\n\t\t\t\t\t<\/div>\r\n\t\t\t\t<\/div>\r\n\t\t\t<div class=\"p-wrap p-small p-list-small-1\" data-pid=\"15164\">\r\n\t\t\t<div class=\"p-content\">\r\n\t\t\t<div class=\"p-categories p-top\"><a class=\"p-category category-id-1160\" href=\"https:\/\/eunewsroom.com\/de\/category\/news-de\/eu-de\/politics-de\/\" rel=\"category\">Politik<\/a><a class=\"p-category category-id-1145\" href=\"https:\/\/eunewsroom.com\/category\/news-fr\/eu-fr\/politics-fr\/\" rel=\"category\">Politique<\/a><\/div><h3 class=\"entry-title\">\t\t<a class=\"p-url\" href=\"https:\/\/eunewsroom.com\/de\/internationale-teamarbeit-gdp-polizei-zentrum-ware-europaisches-leuchtturmprojekt-politik-suddeutsche-zeitung-sz-de\/\" rel=\"bookmark\">Internationale Teamarbeit &#8211; GdP: Polizei-Zentrum w\u00e4re \u201eeurop\u00e4isches Leuchtturmprojekt\u201c &#8211; Politik &#8211; S\u00fcddeutsche Zeitung &#8211; SZ.de<\/a><\/h3><p class=\"entry-summary\">Internationale Teamarbeit - GdP: Polizei-Zentrum w\u00e4re \u201eeurop\u00e4isches&hellip;<\/p>\r\n\t\t\t\t\t<\/div>\r\n\t\t\t\t<\/div>\r\n\t<\/div><\/div>\t\t<\/div>\n\t\t\t\t<\/div>\n\t\t\t\t<\/div>\n\t\t<div class=\"elementor-element elementor-element-27fdbbf e-con-full e-flex e-con e-child\" data-id=\"27fdbbf\" data-element_type=\"container\">\n\t\t\t\t<div class=\"elementor-element elementor-element-2b60495 elementor-widget elementor-widget-foxiz-list-small-1\" data-id=\"2b60495\" data-element_type=\"widget\" data-widget_type=\"foxiz-list-small-1.default\">\n\t\t\t\t<div class=\"elementor-widget-container\">\n\t\t\t<div id=\"uid_2b60495\" class=\"block-wrap block-small block-list block-list-small-1 bottom-border is-b-border-gray no-last-bb ecat-l-dot meta-s-default\"><div class=\"block-inner\">\t\t<div class=\"p-wrap p-small p-list-small-1\" data-pid=\"14955\">\r\n\t\t\t<div class=\"p-content\">\r\n\t\t\t<div class=\"p-categories p-top\"><a class=\"p-category category-id-1160\" href=\"https:\/\/eunewsroom.com\/de\/category\/news-de\/eu-de\/politics-de\/\" rel=\"category\">Politik<\/a><a class=\"p-category category-id-1145\" href=\"https:\/\/eunewsroom.com\/category\/news-fr\/eu-fr\/politics-fr\/\" rel=\"category\">Politique<\/a><\/div><h3 class=\"entry-title\">\t\t<a class=\"p-url\" href=\"https:\/\/eunewsroom.com\/de\/putins-angriff-auf-die-energie-der-ukraine-betrifft-auch-europa-merkur-de\/\" rel=\"bookmark\">Putins Angriff auf die Energie der Ukraine betrifft auch Europa &#8211; Merkur.de<\/a><\/h3><p class=\"entry-summary\">Putins Angriff auf die Energie der Ukraine&hellip;<\/p>\r\n\t\t\t\t\t<\/div>\r\n\t\t\t\t<\/div>\r\n\t\t\t<div class=\"p-wrap p-small p-list-small-1\" data-pid=\"14810\">\r\n\t\t\t<div class=\"p-content\">\r\n\t\t\t<div class=\"p-categories p-top\"><a class=\"p-category category-id-1160\" href=\"https:\/\/eunewsroom.com\/de\/category\/news-de\/eu-de\/politics-de\/\" rel=\"category\">Politik<\/a><a class=\"p-category category-id-1145\" href=\"https:\/\/eunewsroom.com\/category\/news-fr\/eu-fr\/politics-fr\/\" rel=\"category\">Politique<\/a><\/div><h3 class=\"entry-title\">\t\t<a class=\"p-url\" href=\"https:\/\/eunewsroom.com\/de\/verteidigung-in-europa-russland-die-usa-und-das-drei-prozent-ziel-faz-frankfurter-allgemeine-zeitung\/\" rel=\"bookmark\">Verteidigung in Europa: Russland, die USA und das Drei-Prozent-Ziel &#8211; FAZ &#8211; Frankfurter Allgemeine Zeitung<\/a><\/h3><p class=\"entry-summary\">Verteidigung in Europa: Russland, die USA und&hellip;<\/p>\r\n\t\t\t\t\t<\/div>\r\n\t\t\t\t<\/div>\r\n\t\t\t<div class=\"p-wrap p-small p-list-small-1\" data-pid=\"14584\">\r\n\t\t\t<div class=\"p-content\">\r\n\t\t\t<div class=\"p-categories p-top\"><a class=\"p-category category-id-1160\" href=\"https:\/\/eunewsroom.com\/de\/category\/news-de\/eu-de\/politics-de\/\" rel=\"category\">Politik<\/a><a class=\"p-category category-id-1145\" href=\"https:\/\/eunewsroom.com\/category\/news-fr\/eu-fr\/politics-fr\/\" rel=\"category\">Politique<\/a><\/div><h3 class=\"entry-title\">\t\t<a class=\"p-url\" href=\"https:\/\/eunewsroom.com\/de\/us-wahl-hat-europa-einen-ansprechpartner-fur-trump-dw-deutsch\/\" rel=\"bookmark\">US-Wahl: Hat Europa einen Ansprechpartner f\u00fcr Trump? &#8211; DW (Deutsch)<\/a><\/h3><p class=\"entry-summary\">US-Wahl: Hat Europa einen Ansprechpartner f\u00fcr Trump?&nbsp;&nbsp;DW&hellip;<\/p>\r\n\t\t\t\t\t<\/div>\r\n\t\t\t\t<\/div>\r\n\t<\/div><\/div>\t\t<\/div>\n\t\t\t\t<\/div>\n\t\t\t\t<\/div>\n\t\t<div class=\"elementor-element elementor-element-f932fe0 e-con-full e-flex e-con e-child\" data-id=\"f932fe0\" data-element_type=\"container\">\n\t\t\t\t<div class=\"elementor-element elementor-element-15fa66a elementor-widget elementor-widget-foxiz-list-small-1\" data-id=\"15fa66a\" data-element_type=\"widget\" data-widget_type=\"foxiz-list-small-1.default\">\n\t\t\t\t<div class=\"elementor-widget-container\">\n\t\t\t<div id=\"uid_15fa66a\" class=\"block-wrap block-small block-list block-list-small-1 bottom-border is-b-border-gray no-last-bb ecat-l-dot meta-s-default\"><div class=\"block-inner\">\t\t<div class=\"p-wrap p-small p-list-small-1\" data-pid=\"14432\">\r\n\t\t\t<div class=\"p-content\">\r\n\t\t\t<div class=\"p-categories p-top\"><a class=\"p-category category-id-1160\" href=\"https:\/\/eunewsroom.com\/de\/category\/news-de\/eu-de\/politics-de\/\" rel=\"category\">Politik<\/a><a class=\"p-category category-id-1145\" href=\"https:\/\/eunewsroom.com\/category\/news-fr\/eu-fr\/politics-fr\/\" rel=\"category\">Politique<\/a><\/div><h3 class=\"entry-title\">\t\t<a class=\"p-url\" href=\"https:\/\/eunewsroom.com\/de\/es-gibt-kein-zuruck-wir-europaer-werden-die-folgen-zu-spuren-bekommen-welt\/\" rel=\"bookmark\">\u201eEs gibt kein Zur\u00fcck. Wir Europ\u00e4er werden die Folgen zu sp\u00fcren bekommen\u201c &#8211; WELT<\/a><\/h3><p class=\"entry-summary\">\u201eEs gibt kein Zur\u00fcck. Wir Europ\u00e4er werden&hellip;<\/p>\r\n\t\t\t\t\t<\/div>\r\n\t\t\t\t<\/div>\r\n\t\t\t<div class=\"p-wrap p-small p-list-small-1\" data-pid=\"14268\">\r\n\t\t\t<div class=\"p-content\">\r\n\t\t\t<div class=\"p-categories p-top\"><a class=\"p-category category-id-1160\" href=\"https:\/\/eunewsroom.com\/de\/category\/news-de\/eu-de\/politics-de\/\" rel=\"category\">Politik<\/a><a class=\"p-category category-id-1145\" href=\"https:\/\/eunewsroom.com\/category\/news-fr\/eu-fr\/politics-fr\/\" rel=\"category\">Politique<\/a><\/div><h3 class=\"entry-title\">\t\t<a class=\"p-url\" href=\"https:\/\/eunewsroom.com\/de\/georgien-vor-der-wahl-zehntausende-teilnehmer-bei-pro-europaischer-kundgebung-in-tiflis-deutschlandfunk\/\" rel=\"bookmark\">Georgien vor der Wahl &#8211; Zehntausende Teilnehmer bei pro-europ\u00e4ischer Kundgebung in Tiflis &#8211; Deutschlandfunk<\/a><\/h3><p class=\"entry-summary\">Georgien vor der Wahl - Zehntausende Teilnehmer&hellip;<\/p>\r\n\t\t\t\t\t<\/div>\r\n\t\t\t\t<\/div>\r\n\t\t\t<div class=\"p-wrap p-small p-list-small-1\" data-pid=\"14063\">\r\n\t\t\t<div class=\"p-content\">\r\n\t\t\t<div class=\"p-categories p-top\"><a class=\"p-category category-id-1160\" href=\"https:\/\/eunewsroom.com\/de\/category\/news-de\/eu-de\/politics-de\/\" rel=\"category\">Politik<\/a><a class=\"p-category category-id-1145\" href=\"https:\/\/eunewsroom.com\/category\/news-fr\/eu-fr\/politics-fr\/\" rel=\"category\">Politique<\/a><\/div><h3 class=\"entry-title\">\t\t<a class=\"p-url\" href=\"https:\/\/eunewsroom.com\/de\/online-vermarkterkreis-forderungen-an-europaische-politik-mnews-medianet-at\/\" rel=\"bookmark\">Online-Vermarkterkreis: Forderungen an europ\u00e4ische Politik \u2013 mnews &#8211; medianet.at<\/a><\/h3><p class=\"entry-summary\">Online-Vermarkterkreis: Forderungen an europ\u00e4ische Politik \u2013 mnews&nbsp;&nbsp;medianet.at&hellip;<\/p>\r\n\t\t\t\t\t<\/div>\r\n\t\t\t\t<\/div>\r\n\t<\/div><\/div>\t\t<\/div>\n\t\t\t\t<\/div>\n\t\t\t\t<\/div>\n\t\t\t\t\t<\/div>\n\t\t\t\t<\/div>\n\t\t<div class=\"elementor-element elementor-element-30b05e6 e-flex e-con-boxed e-con e-parent\" data-id=\"30b05e6\" data-element_type=\"container\" data-settings=\"{&quot;background_background&quot;:&quot;classic&quot;}\">\n\t\t\t\t\t<div class=\"e-con-inner\">\n\t\t\t\t<div class=\"elementor-element elementor-element-46c1381 elementor-widget__width-inherit elementor-widget elementor-widget-foxiz-heading\" data-id=\"46c1381\" data-element_type=\"widget\" data-widget_type=\"foxiz-heading.default\">\n\t\t\t\t<div class=\"elementor-widget-container\">\n\t\t\t<div id=\"uid_46c1381\" class=\"block-h heading-layout-10\"><div class=\"heading-inner\"><h3 class=\"heading-title\"><a href=\"https:\/\/eunewsroom.com\/de\/category\/news-de\/eu-de\/real-estate-de\/\">Immobilien<\/a><\/h3><div class=\"heading-tagline h6\"><a class=\"heading-tagline-label\" href=\"https:\/\/eunewsroom.com\/de\/category\/news-de\/eu-de\/real-estate-de\/\">Alle anzeigen\n<\/a><i class=\"rbi rbi-cright heading-tagline-icon\" aria-hidden=\"true\"><\/i><\/div><\/div><\/div>\t\t<\/div>\n\t\t\t\t<\/div>\n\t\t\t\t<div class=\"elementor-element elementor-element-1d195f2 elementor-widget-divider--view-line elementor-widget elementor-widget-divider\" data-id=\"1d195f2\" data-element_type=\"widget\" data-widget_type=\"divider.default\">\n\t\t\t\t<div class=\"elementor-widget-container\">\n\t\t\t\t\t<div class=\"elementor-divider\">\n\t\t\t<span class=\"elementor-divider-separator\">\n\t\t\t\t\t\t<\/span>\n\t\t<\/div>\n\t\t\t\t<\/div>\n\t\t\t\t<\/div>\n\t\t\t\t\t<\/div>\n\t\t\t\t<\/div>\n\t\t<div class=\"elementor-element elementor-element-adac52e e-flex e-con-boxed e-con e-parent\" data-id=\"adac52e\" data-element_type=\"container\">\n\t\t\t\t\t<div class=\"e-con-inner\">\n\t\t<div class=\"elementor-element elementor-element-a3ea659 e-con-full e-flex e-con e-child\" data-id=\"a3ea659\" data-element_type=\"container\">\n\t\t\t\t<div class=\"elementor-element elementor-element-4aa7b07 elementor-widget elementor-widget-foxiz-list-small-1\" data-id=\"4aa7b07\" data-element_type=\"widget\" data-widget_type=\"foxiz-list-small-1.default\">\n\t\t\t\t<div class=\"elementor-widget-container\">\n\t\t\t<div id=\"uid_4aa7b07\" class=\"block-wrap block-small block-list block-list-small-1 bottom-border is-b-border-gray no-last-bb ecat-l-dot meta-s-default\"><div class=\"block-inner\">\t\t<div class=\"p-wrap p-small p-list-small-1\" data-pid=\"16140\">\r\n\t\t\t<div class=\"p-content\">\r\n\t\t\t<div class=\"p-categories p-top\"><a class=\"p-category category-id-1156\" href=\"https:\/\/eunewsroom.com\/de\/category\/news-de\/eu-de\/real-estate-de\/\" rel=\"category\">Immobilie<\/a><a class=\"p-category category-id-1141\" href=\"https:\/\/eunewsroom.com\/category\/news-fr\/eu-fr\/real-estate-fr\/\" rel=\"category\">Immobilier<\/a><\/div><h3 class=\"entry-title\">\t\t<a class=\"p-url\" href=\"https:\/\/eunewsroom.com\/de\/immobilien-trends-2025-wo-in-europa-kaufen-in-was-investieren-capital\/\" rel=\"bookmark\">Immobilien-Trends 2025: Wo in Europa kaufen, in was investieren? &#8211; Capital<\/a><\/h3><p class=\"entry-summary\">Immobilien-Trends 2025: Wo in Europa kaufen, in&hellip;<\/p>\r\n\t\t\t\t\t<\/div>\r\n\t\t\t\t<\/div>\r\n\t\t\t<div class=\"p-wrap p-small p-list-small-1\" data-pid=\"16006\">\r\n\t\t\t<div class=\"p-content\">\r\n\t\t\t<div class=\"p-categories p-top\"><a class=\"p-category category-id-1156\" href=\"https:\/\/eunewsroom.com\/de\/category\/news-de\/eu-de\/real-estate-de\/\" rel=\"category\">Immobilie<\/a><a class=\"p-category category-id-1141\" href=\"https:\/\/eunewsroom.com\/category\/news-fr\/eu-fr\/real-estate-fr\/\" rel=\"category\">Immobilier<\/a><\/div><h3 class=\"entry-title\">\t\t<a class=\"p-url\" href=\"https:\/\/eunewsroom.com\/de\/wo-steigen-die-immobilienpreise-in-der-eu-am-meisten-und-warum-euronews\/\" rel=\"bookmark\">Wo steigen die Immobilienpreise in der EU am meisten \u2013 und warum? &#8211; Euronews<\/a><\/h3><p class=\"entry-summary\">Wo steigen die Immobilienpreise in der EU&hellip;<\/p>\r\n\t\t\t\t\t<\/div>\r\n\t\t\t\t<\/div>\r\n\t\t\t<div class=\"p-wrap p-small p-list-small-1\" data-pid=\"15796\">\r\n\t\t\t<div class=\"p-content\">\r\n\t\t\t<div class=\"p-categories p-top\"><a class=\"p-category category-id-1156\" href=\"https:\/\/eunewsroom.com\/de\/category\/news-de\/eu-de\/real-estate-de\/\" rel=\"category\">Immobilie<\/a><a class=\"p-category category-id-1141\" href=\"https:\/\/eunewsroom.com\/category\/news-fr\/eu-fr\/real-estate-fr\/\" rel=\"category\">Immobilier<\/a><\/div><h3 class=\"entry-title\">\t\t<a class=\"p-url\" href=\"https:\/\/eunewsroom.com\/de\/candriam-zu-spannenden-immobiliensektoren-fur-anleger-private-banking-magazin\/\" rel=\"bookmark\">Candriam zu spannenden Immobiliensektoren f\u00fcr Anleger &#8211; private banking magazin<\/a><\/h3><p class=\"entry-summary\">Candriam zu spannenden Immobiliensektoren f\u00fcr Anleger&nbsp;&nbsp;private banking&hellip;<\/p>\r\n\t\t\t\t\t<\/div>\r\n\t\t\t\t<\/div>\r\n\t<\/div><\/div>\t\t<\/div>\n\t\t\t\t<\/div>\n\t\t\t\t<\/div>\n\t\t<div class=\"elementor-element elementor-element-7ab64ac e-con-full e-flex e-con e-child\" data-id=\"7ab64ac\" data-element_type=\"container\">\n\t\t\t\t<div class=\"elementor-element elementor-element-6dfaed5 elementor-widget elementor-widget-foxiz-list-small-1\" data-id=\"6dfaed5\" data-element_type=\"widget\" data-widget_type=\"foxiz-list-small-1.default\">\n\t\t\t\t<div class=\"elementor-widget-container\">\n\t\t\t<div id=\"uid_6dfaed5\" class=\"block-wrap block-small block-list block-list-small-1 bottom-border is-b-border-gray no-last-bb ecat-l-dot meta-s-default\"><div class=\"block-inner\">\t\t<div class=\"p-wrap p-small p-list-small-1\" data-pid=\"15509\">\r\n\t\t\t<div class=\"p-content\">\r\n\t\t\t<div class=\"p-categories p-top\"><a class=\"p-category category-id-1156\" href=\"https:\/\/eunewsroom.com\/de\/category\/news-de\/eu-de\/real-estate-de\/\" rel=\"category\">Immobilie<\/a><a class=\"p-category category-id-1141\" href=\"https:\/\/eunewsroom.com\/category\/news-fr\/eu-fr\/real-estate-fr\/\" rel=\"category\">Immobilier<\/a><\/div><h3 class=\"entry-title\">\t\t<a class=\"p-url\" href=\"https:\/\/eunewsroom.com\/de\/pwc-uli-studie-die-trends-2025-am-immobilienmarkt-europa-haufe-news-fachwissen\/\" rel=\"bookmark\">PwC-ULI-Studie: Die Trends 2025 am Immobilienmarkt Europa &#8211; Haufe &#8211; News &amp; Fachwissen<\/a><\/h3><p class=\"entry-summary\">PwC-ULI-Studie: Die Trends 2025 am Immobilienmarkt Europa&nbsp;&nbsp;Haufe&hellip;<\/p>\r\n\t\t\t\t\t<\/div>\r\n\t\t\t\t<\/div>\r\n\t\t\t<div class=\"p-wrap p-small p-list-small-1\" data-pid=\"15346\">\r\n\t\t\t<div class=\"p-content\">\r\n\t\t\t<div class=\"p-categories p-top\"><a class=\"p-category category-id-1156\" href=\"https:\/\/eunewsroom.com\/de\/category\/news-de\/eu-de\/real-estate-de\/\" rel=\"category\">Immobilie<\/a><a class=\"p-category category-id-1141\" href=\"https:\/\/eunewsroom.com\/category\/news-fr\/eu-fr\/real-estate-fr\/\" rel=\"category\">Immobilier<\/a><\/div><h3 class=\"entry-title\">\t\t<a class=\"p-url\" href=\"https:\/\/eunewsroom.com\/de\/dan-jorgensen-ein-eu-kommissar-furs-wohnen-haufe-news-fachwissen\/\" rel=\"bookmark\">Dan J\u00f8rgensen: Ein EU-Kommissar f\u00fcrs Wohnen &#8211; Haufe &#8211; News &amp; Fachwissen<\/a><\/h3><p class=\"entry-summary\">Dan J\u00f8rgensen: Ein EU-Kommissar f\u00fcrs Wohnen&nbsp;&nbsp;Haufe -&hellip;<\/p>\r\n\t\t\t\t\t<\/div>\r\n\t\t\t\t<\/div>\r\n\t\t\t<div class=\"p-wrap p-small p-list-small-1\" data-pid=\"15163\">\r\n\t\t\t<div class=\"p-content\">\r\n\t\t\t<div class=\"p-categories p-top\"><a class=\"p-category category-id-1156\" href=\"https:\/\/eunewsroom.com\/de\/category\/news-de\/eu-de\/real-estate-de\/\" rel=\"category\">Immobilie<\/a><a class=\"p-category category-id-1141\" href=\"https:\/\/eunewsroom.com\/category\/news-fr\/eu-fr\/real-estate-fr\/\" rel=\"category\">Immobilier<\/a><\/div><h3 class=\"entry-title\">\t\t<a class=\"p-url\" href=\"https:\/\/eunewsroom.com\/de\/europaische-immobilien-stehen-moglicherweise-vor-einem-wendepunkt-institutional-money\/\" rel=\"bookmark\">Europ\u00e4ische Immobilien stehen m\u00f6glicherweise vor einem Wendepunkt &#8211; Institutional-Money<\/a><\/h3><p class=\"entry-summary\">Europ\u00e4ische Immobilien stehen m\u00f6glicherweise vor einem Wendepunkt&nbsp;&nbsp;Institutional-Money&hellip;<\/p>\r\n\t\t\t\t\t<\/div>\r\n\t\t\t\t<\/div>\r\n\t<\/div><\/div>\t\t<\/div>\n\t\t\t\t<\/div>\n\t\t\t\t<\/div>\n\t\t<div class=\"elementor-element elementor-element-0741812 e-con-full e-flex e-con e-child\" data-id=\"0741812\" data-element_type=\"container\">\n\t\t\t\t<div class=\"elementor-element elementor-element-59fc3fa elementor-widget elementor-widget-foxiz-list-small-1\" data-id=\"59fc3fa\" data-element_type=\"widget\" data-widget_type=\"foxiz-list-small-1.default\">\n\t\t\t\t<div class=\"elementor-widget-container\">\n\t\t\t<div id=\"uid_59fc3fa\" class=\"block-wrap block-small block-list block-list-small-1 bottom-border is-b-border-gray no-last-bb ecat-l-dot meta-s-default\"><div class=\"block-inner\">\t\t<div class=\"p-wrap p-small p-list-small-1\" data-pid=\"14954\">\r\n\t\t\t<div class=\"p-content\">\r\n\t\t\t<div class=\"p-categories p-top\"><a class=\"p-category category-id-1156\" href=\"https:\/\/eunewsroom.com\/de\/category\/news-de\/eu-de\/real-estate-de\/\" rel=\"category\">Immobilie<\/a><a class=\"p-category category-id-1141\" href=\"https:\/\/eunewsroom.com\/category\/news-fr\/eu-fr\/real-estate-fr\/\" rel=\"category\">Immobilier<\/a><\/div><h3 class=\"entry-title\">\t\t<a class=\"p-url\" href=\"https:\/\/eunewsroom.com\/de\/hotelimmobilienmarkt-europa-die-investoren-greifen-zu-ahgz-allgemeine-hotel-und-gastronomie-zeitung\/\" rel=\"bookmark\">Hotelimmobilienmarkt Europa: Die Investoren greifen zu &#8211; ahgz Allgemeine Hotel- und Gastronomie-Zeitung<\/a><\/h3><p class=\"entry-summary\">Hotelimmobilienmarkt Europa: Die Investoren greifen zu&nbsp;&nbsp;ahgz Allgemeine&hellip;<\/p>\r\n\t\t\t\t\t<\/div>\r\n\t\t\t\t<\/div>\r\n\t\t\t<div class=\"p-wrap p-small p-list-small-1\" data-pid=\"14809\">\r\n\t\t\t<div class=\"p-content\">\r\n\t\t\t<div class=\"p-categories p-top\"><a class=\"p-category category-id-1156\" href=\"https:\/\/eunewsroom.com\/de\/category\/news-de\/eu-de\/real-estate-de\/\" rel=\"category\">Immobilie<\/a><a class=\"p-category category-id-1141\" href=\"https:\/\/eunewsroom.com\/category\/news-fr\/eu-fr\/real-estate-fr\/\" rel=\"category\">Immobilier<\/a><\/div><h3 class=\"entry-title\">\t\t<a class=\"p-url\" href=\"https:\/\/eunewsroom.com\/de\/europaische-immobilienmarkte-deutschland-gunstiger-als-andere-lander-bild\/\" rel=\"bookmark\">Europ\u00e4ische Immobilienm\u00e4rkte: Deutschland g\u00fcnstiger als andere L\u00e4nder &#8211; BILD<\/a><\/h3><p class=\"entry-summary\">Europ\u00e4ische Immobilienm\u00e4rkte: Deutschland g\u00fcnstiger als andere L\u00e4nder&nbsp;&nbsp;BILD&hellip;<\/p>\r\n\t\t\t\t\t<\/div>\r\n\t\t\t\t<\/div>\r\n\t\t\t<div class=\"p-wrap p-small p-list-small-1\" data-pid=\"14583\">\r\n\t\t\t<div class=\"p-content\">\r\n\t\t\t<div class=\"p-categories p-top\"><a class=\"p-category category-id-1156\" href=\"https:\/\/eunewsroom.com\/de\/category\/news-de\/eu-de\/real-estate-de\/\" rel=\"category\">Immobilie<\/a><a class=\"p-category category-id-1141\" href=\"https:\/\/eunewsroom.com\/category\/news-fr\/eu-fr\/real-estate-fr\/\" rel=\"category\">Immobilier<\/a><\/div><h3 class=\"entry-title\">\t\t<a class=\"p-url\" href=\"https:\/\/eunewsroom.com\/de\/analyse-so-teuer-sind-immobilien-in-7-europaischen-landern-das-investment-com\/\" rel=\"bookmark\">Analyse: So teuer sind Immobilien in 7 europ\u00e4ischen L\u00e4ndern &#8211; DAS INVESTMENT.COM<\/a><\/h3><p class=\"entry-summary\">Analyse: So teuer sind Immobilien in 7&hellip;<\/p>\r\n\t\t\t\t\t<\/div>\r\n\t\t\t\t<\/div>\r\n\t<\/div><\/div>\t\t<\/div>\n\t\t\t\t<\/div>\n\t\t\t\t<\/div>\n\t\t<div class=\"elementor-element elementor-element-2f7d1f9 e-con-full e-flex e-con e-child\" data-id=\"2f7d1f9\" data-element_type=\"container\">\n\t\t\t\t<div class=\"elementor-element elementor-element-2cf9732 elementor-widget elementor-widget-foxiz-list-small-1\" data-id=\"2cf9732\" data-element_type=\"widget\" data-widget_type=\"foxiz-list-small-1.default\">\n\t\t\t\t<div class=\"elementor-widget-container\">\n\t\t\t<div id=\"uid_2cf9732\" class=\"block-wrap block-small block-list block-list-small-1 bottom-border is-b-border-gray no-last-bb ecat-l-dot meta-s-default\"><div class=\"block-inner\">\t\t<div class=\"p-wrap p-small p-list-small-1\" data-pid=\"14431\">\r\n\t\t\t<div class=\"p-content\">\r\n\t\t\t<div class=\"p-categories p-top\"><a class=\"p-category category-id-1156\" href=\"https:\/\/eunewsroom.com\/de\/category\/news-de\/eu-de\/real-estate-de\/\" rel=\"category\">Immobilie<\/a><a class=\"p-category category-id-1141\" href=\"https:\/\/eunewsroom.com\/category\/news-fr\/eu-fr\/real-estate-fr\/\" rel=\"category\">Immobilier<\/a><\/div><h3 class=\"entry-title\">\t\t<a class=\"p-url\" href=\"https:\/\/eunewsroom.com\/de\/ruckkehr-nach-europa-meghan-und-harry-kaufen-luxus-immobilie-berliner-morgenpost\/\" rel=\"bookmark\">R\u00fcckkehr nach Europa? Meghan und Harry kaufen Luxus-Immobilie &#8211; Berliner Morgenpost<\/a><\/h3><p class=\"entry-summary\">R\u00fcckkehr nach Europa? Meghan und Harry kaufen&hellip;<\/p>\r\n\t\t\t\t\t<\/div>\r\n\t\t\t\t<\/div>\r\n\t\t\t<div class=\"p-wrap p-small p-list-small-1\" data-pid=\"14267\">\r\n\t\t\t<div class=\"p-content\">\r\n\t\t\t<div class=\"p-categories p-top\"><a class=\"p-category category-id-1156\" href=\"https:\/\/eunewsroom.com\/de\/category\/news-de\/eu-de\/real-estate-de\/\" rel=\"category\">Immobilie<\/a><a class=\"p-category category-id-1141\" href=\"https:\/\/eunewsroom.com\/category\/news-fr\/eu-fr\/real-estate-fr\/\" rel=\"category\">Immobilier<\/a><\/div><h3 class=\"entry-title\">\t\t<a class=\"p-url\" href=\"https:\/\/eunewsroom.com\/de\/immobilien-nicht-uberall-in-europa-steigen-die-preise-handelsblatt\/\" rel=\"bookmark\">Immobilien: Nicht \u00fcberall in Europa steigen die Preise &#8211; Handelsblatt<\/a><\/h3><p class=\"entry-summary\">Immobilien: Nicht \u00fcberall in Europa steigen die&hellip;<\/p>\r\n\t\t\t\t\t<\/div>\r\n\t\t\t\t<\/div>\r\n\t\t\t<div class=\"p-wrap p-small p-list-small-1\" data-pid=\"14062\">\r\n\t\t\t<div class=\"p-content\">\r\n\t\t\t<div class=\"p-categories p-top\"><a class=\"p-category category-id-1156\" href=\"https:\/\/eunewsroom.com\/de\/category\/news-de\/eu-de\/real-estate-de\/\" rel=\"category\">Immobilie<\/a><a class=\"p-category category-id-1141\" href=\"https:\/\/eunewsroom.com\/category\/news-fr\/eu-fr\/real-estate-fr\/\" rel=\"category\">Immobilier<\/a><\/div><h3 class=\"entry-title\">\t\t<a class=\"p-url\" href=\"https:\/\/eunewsroom.com\/de\/bau-krise-freiheit-ist-was-fur-immobilien-was-zahlt-faz-frankfurter-allgemeine-zeitung\/\" rel=\"bookmark\">Bau-Krise: Freiheit ist, was f\u00fcr Immobilien was z\u00e4hlt &#8211; FAZ &#8211; Frankfurter Allgemeine Zeitung<\/a><\/h3><p class=\"entry-summary\">Bau-Krise: Freiheit ist, was f\u00fcr Immobilien was&hellip;<\/p>\r\n\t\t\t\t\t<\/div>\r\n\t\t\t\t<\/div>\r\n\t<\/div><\/div>\t\t<\/div>\n\t\t\t\t<\/div>\n\t\t\t\t<\/div>\n\t\t\t\t\t<\/div>\n\t\t\t\t<\/div>\n\t\t<div class=\"elementor-element elementor-element-567a818 e-flex e-con-boxed e-con e-parent\" data-id=\"567a818\" data-element_type=\"container\" data-settings=\"{&quot;background_background&quot;:&quot;classic&quot;}\">\n\t\t\t\t\t<div class=\"e-con-inner\">\n\t\t\t\t<div class=\"elementor-element elementor-element-941d465 elementor-widget__width-inherit elementor-widget elementor-widget-foxiz-heading\" data-id=\"941d465\" data-element_type=\"widget\" data-widget_type=\"foxiz-heading.default\">\n\t\t\t\t<div class=\"elementor-widget-container\">\n\t\t\t<div id=\"uid_941d465\" class=\"block-h heading-layout-10\"><div class=\"heading-inner\"><h3 class=\"heading-title\"><a href=\"https:\/\/eunewsroom.com\/de\/category\/news-de\/eu-de\/sports-de\/\">Sport<\/a><\/h3><div class=\"heading-tagline h6\"><a class=\"heading-tagline-label\" href=\"https:\/\/eunewsroom.com\/de\/category\/news-de\/eu-de\/sports-de\/\">Alle anzeigen\n<\/a><i class=\"rbi rbi-cright heading-tagline-icon\" aria-hidden=\"true\"><\/i><\/div><\/div><\/div>\t\t<\/div>\n\t\t\t\t<\/div>\n\t\t\t\t<div class=\"elementor-element elementor-element-aaacbf8 elementor-widget-divider--view-line elementor-widget elementor-widget-divider\" data-id=\"aaacbf8\" data-element_type=\"widget\" data-widget_type=\"divider.default\">\n\t\t\t\t<div class=\"elementor-widget-container\">\n\t\t\t\t\t<div class=\"elementor-divider\">\n\t\t\t<span class=\"elementor-divider-separator\">\n\t\t\t\t\t\t<\/span>\n\t\t<\/div>\n\t\t\t\t<\/div>\n\t\t\t\t<\/div>\n\t\t\t\t\t<\/div>\n\t\t\t\t<\/div>\n\t\t<div class=\"elementor-element elementor-element-f197d3c e-flex e-con-boxed e-con e-parent\" data-id=\"f197d3c\" data-element_type=\"container\" data-settings=\"{&quot;background_background&quot;:&quot;classic&quot;}\">\n\t\t\t\t\t<div class=\"e-con-inner\">\n\t\t<div class=\"elementor-element elementor-element-3fd5eb2 e-con-full e-flex e-con e-child\" data-id=\"3fd5eb2\" data-element_type=\"container\">\n\t\t\t\t<div class=\"elementor-element elementor-element-673aa5c elementor-widget elementor-widget-foxiz-list-small-1\" data-id=\"673aa5c\" data-element_type=\"widget\" data-widget_type=\"foxiz-list-small-1.default\">\n\t\t\t\t<div class=\"elementor-widget-container\">\n\t\t\t<div id=\"uid_673aa5c\" class=\"block-wrap block-small block-list block-list-small-1 bottom-border is-b-border-gray no-last-bb ecat-l-dot meta-s-default\"><div class=\"block-inner\">\t\t<div class=\"p-wrap p-small p-list-small-1\" data-pid=\"16139\">\r\n\t\t\t<div class=\"p-content\">\r\n\t\t\t<div class=\"p-categories p-top\"><a class=\"p-category category-id-1144\" href=\"https:\/\/eunewsroom.com\/category\/news-fr\/eu-fr\/sports-fr\/\" rel=\"category\">Des sports<\/a><a class=\"p-category category-id-1159\" href=\"https:\/\/eunewsroom.com\/de\/category\/news-de\/eu-de\/sports-de\/\" rel=\"category\">Sport<\/a><\/div><h3 class=\"entry-title\">\t\t<a class=\"p-url\" href=\"https:\/\/eunewsroom.com\/de\/schone-bescherung-werder-traumt-mit-25-punkten-von-europa-buten-un-binnen\/\" rel=\"bookmark\">Sch\u00f6ne Bescherung: Werder tr\u00e4umt mit 25 Punkten von Europa &#8211; buten un binnen<\/a><\/h3><p class=\"entry-summary\">Sch\u00f6ne Bescherung: Werder tr\u00e4umt mit 25 Punkten&hellip;<\/p>\r\n\t\t\t\t\t<\/div>\r\n\t\t\t\t<\/div>\r\n\t\t\t<div class=\"p-wrap p-small p-list-small-1\" data-pid=\"16005\">\r\n\t\t\t<div class=\"p-content\">\r\n\t\t\t<div class=\"p-categories p-top\"><a class=\"p-category category-id-1144\" href=\"https:\/\/eunewsroom.com\/category\/news-fr\/eu-fr\/sports-fr\/\" rel=\"category\">Des sports<\/a><a class=\"p-category category-id-1159\" href=\"https:\/\/eunewsroom.com\/de\/category\/news-de\/eu-de\/sports-de\/\" rel=\"category\">Sport<\/a><\/div><h3 class=\"entry-title\">\t\t<a class=\"p-url\" href=\"https:\/\/eunewsroom.com\/de\/borussia-monchengladbach-gerardo-seoane-erlaubt-europa-traum-bild\/\" rel=\"bookmark\">Borussia M\u00f6nchengladbach: Gerardo Seoane erlaubt Europa-Traum &#8211; BILD<\/a><\/h3><p class=\"entry-summary\">Borussia M\u00f6nchengladbach: Gerardo Seoane erlaubt Europa-Traum&nbsp;&nbsp;BILD Quelle<\/p>\r\n\t\t\t\t\t<\/div>\r\n\t\t\t\t<\/div>\r\n\t\t\t<div class=\"p-wrap p-small p-list-small-1\" data-pid=\"15795\">\r\n\t\t\t<div class=\"p-content\">\r\n\t\t\t<div class=\"p-categories p-top\"><a class=\"p-category category-id-1144\" href=\"https:\/\/eunewsroom.com\/category\/news-fr\/eu-fr\/sports-fr\/\" rel=\"category\">Des sports<\/a><a class=\"p-category category-id-1159\" href=\"https:\/\/eunewsroom.com\/de\/category\/news-de\/eu-de\/sports-de\/\" rel=\"category\">Sport<\/a><\/div><h3 class=\"entry-title\">\t\t<a class=\"p-url\" href=\"https:\/\/eunewsroom.com\/de\/europas-beste-handballerinnen-spielen-in-der-vollen-wiener-stadthalle-um-den-titel-der-standard\/\" rel=\"bookmark\">Europas beste Handballerinnen spielen in der vollen Wiener Stadthalle um den Titel &#8211; DER STANDARD<\/a><\/h3><p class=\"entry-summary\">Europas beste Handballerinnen spielen in der vollen&hellip;<\/p>\r\n\t\t\t\t\t<\/div>\r\n\t\t\t\t<\/div>\r\n\t<\/div><\/div>\t\t<\/div>\n\t\t\t\t<\/div>\n\t\t\t\t<\/div>\n\t\t<div class=\"elementor-element elementor-element-c2b6588 e-con-full e-flex e-con e-child\" data-id=\"c2b6588\" data-element_type=\"container\">\n\t\t\t\t<div class=\"elementor-element elementor-element-734433f elementor-widget elementor-widget-foxiz-list-small-1\" data-id=\"734433f\" data-element_type=\"widget\" data-widget_type=\"foxiz-list-small-1.default\">\n\t\t\t\t<div class=\"elementor-widget-container\">\n\t\t\t<div id=\"uid_734433f\" class=\"block-wrap block-small block-list block-list-small-1 bottom-border is-b-border-gray no-last-bb ecat-l-dot meta-s-default\"><div class=\"block-inner\">\t\t<div class=\"p-wrap p-small p-list-small-1\" data-pid=\"15508\">\r\n\t\t\t<div class=\"p-content\">\r\n\t\t\t<div class=\"p-categories p-top\"><a class=\"p-category category-id-1144\" href=\"https:\/\/eunewsroom.com\/category\/news-fr\/eu-fr\/sports-fr\/\" rel=\"category\">Des sports<\/a><a class=\"p-category category-id-1159\" href=\"https:\/\/eunewsroom.com\/de\/category\/news-de\/eu-de\/sports-de\/\" rel=\"category\">Sport<\/a><\/div><h3 class=\"entry-title\">\t\t<a class=\"p-url\" href=\"https:\/\/eunewsroom.com\/de\/fc-bayern-das-beste-team-der-europaischen-top-5-ligen-op-online-de\/\" rel=\"bookmark\">FC Bayern: Das beste Team der europ\u00e4ischen Top-5-Ligen &#8211; op-online.de<\/a><\/h3><p class=\"entry-summary\">FC Bayern: Das beste Team der europ\u00e4ischen&hellip;<\/p>\r\n\t\t\t\t\t<\/div>\r\n\t\t\t\t<\/div>\r\n\t\t\t<div class=\"p-wrap p-small p-list-small-1\" data-pid=\"15345\">\r\n\t\t\t<div class=\"p-content\">\r\n\t\t\t<div class=\"p-categories p-top\"><a class=\"p-category category-id-1144\" href=\"https:\/\/eunewsroom.com\/category\/news-fr\/eu-fr\/sports-fr\/\" rel=\"category\">Des sports<\/a><a class=\"p-category category-id-1159\" href=\"https:\/\/eunewsroom.com\/de\/category\/news-de\/eu-de\/sports-de\/\" rel=\"category\">Sport<\/a><\/div><h3 class=\"entry-title\">\t\t<a class=\"p-url\" href=\"https:\/\/eunewsroom.com\/de\/ein-viertel-der-bewohner-von-castilla-la-mancha-treibt-sport-dank-der-initiative-europaische-sportregion-footboom\/\" rel=\"bookmark\">Ein Viertel der Bewohner von Castilla-La Mancha treibt Sport dank der Initiative &quot;Europ\u00e4ische Sportregion&quot; &#8211; FootBoom<\/a><\/h3><p class=\"entry-summary\">Ein Viertel der Bewohner von Castilla-La Mancha&hellip;<\/p>\r\n\t\t\t\t\t<\/div>\r\n\t\t\t\t<\/div>\r\n\t\t\t<div class=\"p-wrap p-small p-list-small-1\" data-pid=\"15162\">\r\n\t\t\t<div class=\"p-content\">\r\n\t\t\t<div class=\"p-categories p-top\"><a class=\"p-category category-id-1144\" href=\"https:\/\/eunewsroom.com\/category\/news-fr\/eu-fr\/sports-fr\/\" rel=\"category\">Des sports<\/a><a class=\"p-category category-id-1159\" href=\"https:\/\/eunewsroom.com\/de\/category\/news-de\/eu-de\/sports-de\/\" rel=\"category\">Sport<\/a><\/div><h3 class=\"entry-title\">\t\t<a class=\"p-url\" href=\"https:\/\/eunewsroom.com\/de\/european-championships-schweiz-will-multisport-em-2030-durchfuhren-b-blick-sport\/\" rel=\"bookmark\">European Championships: Schweiz will Multisport-EM 2030 durchf\u00fchren (B+) &#8211; BLICK Sport<\/a><\/h3><p class=\"entry-summary\">European Championships: Schweiz will Multisport-EM 2030 durchf\u00fchren&hellip;<\/p>\r\n\t\t\t\t\t<\/div>\r\n\t\t\t\t<\/div>\r\n\t<\/div><\/div>\t\t<\/div>\n\t\t\t\t<\/div>\n\t\t\t\t<\/div>\n\t\t<div class=\"elementor-element elementor-element-689be69 e-con-full e-flex e-con e-child\" data-id=\"689be69\" data-element_type=\"container\">\n\t\t\t\t<div class=\"elementor-element elementor-element-f936b9c elementor-widget elementor-widget-foxiz-list-small-1\" data-id=\"f936b9c\" data-element_type=\"widget\" data-widget_type=\"foxiz-list-small-1.default\">\n\t\t\t\t<div class=\"elementor-widget-container\">\n\t\t\t<div id=\"uid_f936b9c\" class=\"block-wrap block-small block-list block-list-small-1 bottom-border is-b-border-gray no-last-bb ecat-l-dot meta-s-default\"><div class=\"block-inner\">\t\t<div class=\"p-wrap p-small p-list-small-1\" data-pid=\"14953\">\r\n\t\t\t<div class=\"p-content\">\r\n\t\t\t<div class=\"p-categories p-top\"><a class=\"p-category category-id-1144\" href=\"https:\/\/eunewsroom.com\/category\/news-fr\/eu-fr\/sports-fr\/\" rel=\"category\">Des sports<\/a><a class=\"p-category category-id-1159\" href=\"https:\/\/eunewsroom.com\/de\/category\/news-de\/eu-de\/sports-de\/\" rel=\"category\">Sport<\/a><\/div><h3 class=\"entry-title\">\t\t<a class=\"p-url\" href=\"https:\/\/eunewsroom.com\/de\/die-besten-spieler-in-europa-zwei-bayern-stars-schaffen-sprung-in-die-top-10-merkur-de\/\" rel=\"bookmark\">Die besten Spieler in Europa: Zwei Bayern-Stars schaffen Sprung in die Top 10 &#8211; Merkur.de<\/a><\/h3><p class=\"entry-summary\">Die besten Spieler in Europa: Zwei Bayern-Stars&hellip;<\/p>\r\n\t\t\t\t\t<\/div>\r\n\t\t\t\t<\/div>\r\n\t\t\t<div class=\"p-wrap p-small p-list-small-1\" data-pid=\"14808\">\r\n\t\t\t<div class=\"p-content\">\r\n\t\t\t<div class=\"p-categories p-top\"><a class=\"p-category category-id-1144\" href=\"https:\/\/eunewsroom.com\/category\/news-fr\/eu-fr\/sports-fr\/\" rel=\"category\">Des sports<\/a><a class=\"p-category category-id-1159\" href=\"https:\/\/eunewsroom.com\/de\/category\/news-de\/eu-de\/sports-de\/\" rel=\"category\">Sport<\/a><\/div><h3 class=\"entry-title\">\t\t<a class=\"p-url\" href=\"https:\/\/eunewsroom.com\/de\/europa-league-turkische-regierung-verlegt-spiel-von-maccabi-bild\/\" rel=\"bookmark\">Europa League: T\u00fcrkische Regierung verlegt Spiel von Maccabi &#8211; BILD<\/a><\/h3><p class=\"entry-summary\">Europa League: T\u00fcrkische Regierung verlegt Spiel von&hellip;<\/p>\r\n\t\t\t\t\t<\/div>\r\n\t\t\t\t<\/div>\r\n\t\t\t<div class=\"p-wrap p-small p-list-small-1\" data-pid=\"14582\">\r\n\t\t\t<div class=\"p-content\">\r\n\t\t\t<div class=\"p-categories p-top\"><a class=\"p-category category-id-1144\" href=\"https:\/\/eunewsroom.com\/category\/news-fr\/eu-fr\/sports-fr\/\" rel=\"category\">Des sports<\/a><a class=\"p-category category-id-1159\" href=\"https:\/\/eunewsroom.com\/de\/category\/news-de\/eu-de\/sports-de\/\" rel=\"category\">Sport<\/a><\/div><h3 class=\"entry-title\">\t\t<a class=\"p-url\" href=\"https:\/\/eunewsroom.com\/de\/einzigartig-in-europa-kompanys-bayern-tormaschine-knackt-magische-marke-op-online-de\/\" rel=\"bookmark\">Einzigartig in Europa: Kompanys Bayern-Tormaschine knackt magische Marke &#8211; op-online.de<\/a><\/h3><p class=\"entry-summary\">Einzigartig in Europa: Kompanys Bayern-Tormaschine knackt magische&hellip;<\/p>\r\n\t\t\t\t\t<\/div>\r\n\t\t\t\t<\/div>\r\n\t<\/div><\/div>\t\t<\/div>\n\t\t\t\t<\/div>\n\t\t\t\t<\/div>\n\t\t<div class=\"elementor-element elementor-element-43d6597 e-con-full e-flex e-con e-child\" data-id=\"43d6597\" data-element_type=\"container\">\n\t\t\t\t<div class=\"elementor-element elementor-element-e4dbe44 elementor-widget elementor-widget-foxiz-list-small-1\" data-id=\"e4dbe44\" data-element_type=\"widget\" data-widget_type=\"foxiz-list-small-1.default\">\n\t\t\t\t<div class=\"elementor-widget-container\">\n\t\t\t<div id=\"uid_e4dbe44\" class=\"block-wrap block-small block-list block-list-small-1 bottom-border is-b-border-gray no-last-bb ecat-l-dot meta-s-default\"><div class=\"block-inner\">\t\t<div class=\"p-wrap p-small p-list-small-1\" data-pid=\"14430\">\r\n\t\t\t<div class=\"p-content\">\r\n\t\t\t<div class=\"p-categories p-top\"><a class=\"p-category category-id-1144\" href=\"https:\/\/eunewsroom.com\/category\/news-fr\/eu-fr\/sports-fr\/\" rel=\"category\">Des sports<\/a><a class=\"p-category category-id-1159\" href=\"https:\/\/eunewsroom.com\/de\/category\/news-de\/eu-de\/sports-de\/\" rel=\"category\">Sport<\/a><\/div><h3 class=\"entry-title\">\t\t<a class=\"p-url\" href=\"https:\/\/eunewsroom.com\/de\/punktgleich-ins-finale-duell-das-spannendste-titelrennen-europas-lauft-nahe-dem-polarkreis-t-online\/\" rel=\"bookmark\">Punktgleich ins finale Duell: Das spannendste Titelrennen Europas l\u00e4uft nahe dem Polarkreis &#8211; t-online<\/a><\/h3><p class=\"entry-summary\">Punktgleich ins finale Duell: Das spannendste Titelrennen&hellip;<\/p>\r\n\t\t\t\t\t<\/div>\r\n\t\t\t\t<\/div>\r\n\t\t\t<div class=\"p-wrap p-small p-list-small-1\" data-pid=\"14266\">\r\n\t\t\t<div class=\"p-content\">\r\n\t\t\t<div class=\"p-categories p-top\"><a class=\"p-category category-id-1144\" href=\"https:\/\/eunewsroom.com\/category\/news-fr\/eu-fr\/sports-fr\/\" rel=\"category\">Des sports<\/a><a class=\"p-category category-id-1159\" href=\"https:\/\/eunewsroom.com\/de\/category\/news-de\/eu-de\/sports-de\/\" rel=\"category\">Sport<\/a><\/div><h3 class=\"entry-title\">\t\t<a class=\"p-url\" href=\"https:\/\/eunewsroom.com\/de\/wrc-rallye-rallye-zentral-europa-deutschland-2024-2-etappe-ergebnis-motorsport-magazin-com\/\" rel=\"bookmark\">WRC Rallye Rallye Zentral-Europa \/ Deutschland 2024 &#8211; 2. Etappe &#8211; Ergebnis &#8211; Motorsport-Magazin.com<\/a><\/h3><p class=\"entry-summary\">WRC Rallye Rallye Zentral-Europa \/ Deutschland 2024&hellip;<\/p>\r\n\t\t\t\t\t<\/div>\r\n\t\t\t\t<\/div>\r\n\t\t\t<div class=\"p-wrap p-small p-list-small-1\" data-pid=\"14061\">\r\n\t\t\t<div class=\"p-content\">\r\n\t\t\t<div class=\"p-categories p-top\"><a class=\"p-category category-id-1144\" href=\"https:\/\/eunewsroom.com\/category\/news-fr\/eu-fr\/sports-fr\/\" rel=\"category\">Des sports<\/a><a class=\"p-category category-id-1159\" href=\"https:\/\/eunewsroom.com\/de\/category\/news-de\/eu-de\/sports-de\/\" rel=\"category\">Sport<\/a><\/div><h3 class=\"entry-title\">\t\t<a class=\"p-url\" href=\"https:\/\/eunewsroom.com\/de\/super-bowl-in-europa-nfl-boss-goodell-offnet-tur-fur-london-bild\/\" rel=\"bookmark\">Super Bowl in Europa: NFL-Boss Goodell \u00f6ffnet T\u00fcr f\u00fcr London &#8211; BILD<\/a><\/h3><p class=\"entry-summary\">Super Bowl in Europa: NFL-Boss Goodell \u00f6ffnet&hellip;<\/p>\r\n\t\t\t\t\t<\/div>\r\n\t\t\t\t<\/div>\r\n\t<\/div><\/div>\t\t<\/div>\n\t\t\t\t<\/div>\n\t\t\t\t<\/div>\n\t\t\t\t\t<\/div>\n\t\t\t\t<\/div>\n\t\t<div class=\"elementor-element elementor-element-c03c616 e-flex e-con-boxed e-con e-parent\" data-id=\"c03c616\" data-element_type=\"container\" data-settings=\"{&quot;background_background&quot;:&quot;classic&quot;}\">\n\t\t\t\t\t<div class=\"e-con-inner\">\n\t\t\t\t<div class=\"elementor-element elementor-element-5a39e12 elementor-widget__width-inherit elementor-widget elementor-widget-foxiz-heading\" data-id=\"5a39e12\" data-element_type=\"widget\" data-widget_type=\"foxiz-heading.default\">\n\t\t\t\t<div class=\"elementor-widget-container\">\n\t\t\t<div id=\"uid_5a39e12\" class=\"block-h heading-layout-10\"><div class=\"heading-inner\"><h3 class=\"heading-title\"><a href=\"https:\/\/eunewsroom.com\/de\/category\/news-de\/eu-de\/technology-de\/\">Technologie<\/a><\/h3><div class=\"heading-tagline h6\"><a class=\"heading-tagline-label\" href=\"https:\/\/eunewsroom.com\/de\/category\/news-de\/eu-de\/technology-de\/\">Alle anzeigen\n<\/a><i class=\"rbi rbi-cright heading-tagline-icon\" aria-hidden=\"true\"><\/i><\/div><\/div><\/div>\t\t<\/div>\n\t\t\t\t<\/div>\n\t\t\t\t<div class=\"elementor-element elementor-element-b574b58 elementor-widget-divider--view-line elementor-widget elementor-widget-divider\" data-id=\"b574b58\" data-element_type=\"widget\" data-widget_type=\"divider.default\">\n\t\t\t\t<div class=\"elementor-widget-container\">\n\t\t\t\t\t<div class=\"elementor-divider\">\n\t\t\t<span class=\"elementor-divider-separator\">\n\t\t\t\t\t\t<\/span>\n\t\t<\/div>\n\t\t\t\t<\/div>\n\t\t\t\t<\/div>\n\t\t\t\t\t<\/div>\n\t\t\t\t<\/div>\n\t\t<div class=\"elementor-element elementor-element-cf28152 e-flex e-con-boxed e-con e-parent\" data-id=\"cf28152\" data-element_type=\"container\">\n\t\t\t\t\t<div class=\"e-con-inner\">\n\t\t<div class=\"elementor-element elementor-element-da722d9 e-con-full e-flex e-con e-child\" data-id=\"da722d9\" data-element_type=\"container\">\n\t\t\t\t<div class=\"elementor-element elementor-element-81f32a3 elementor-widget elementor-widget-foxiz-list-small-1\" data-id=\"81f32a3\" data-element_type=\"widget\" data-widget_type=\"foxiz-list-small-1.default\">\n\t\t\t\t<div class=\"elementor-widget-container\">\n\t\t\t<div id=\"uid_81f32a3\" class=\"block-wrap block-small block-list block-list-small-1 bottom-border is-b-border-gray no-last-bb ecat-l-dot meta-s-default\"><div class=\"block-inner\">\t\t<div class=\"p-wrap p-small p-list-small-1\" data-pid=\"16138\">\r\n\t\t\t<div class=\"p-content\">\r\n\t\t\t<div class=\"p-categories p-top\"><a class=\"p-category category-id-1142\" href=\"https:\/\/eunewsroom.com\/category\/news-fr\/eu-fr\/technology-fr\/\" rel=\"category\">Technologie<\/a><a class=\"p-category category-id-1157\" href=\"https:\/\/eunewsroom.com\/de\/category\/news-de\/eu-de\/technology-de\/\" rel=\"category\">Technologie<\/a><\/div><h3 class=\"entry-title\">\t\t<a class=\"p-url\" href=\"https:\/\/eunewsroom.com\/de\/digitalisierung-europa-braucht-mehr-mut-fur-technologien-faz-frankfurter-allgemeine-zeitung\/\" rel=\"bookmark\">Digitalisierung: Europa braucht mehr Mut f\u00fcr Technologien &#8211; FAZ &#8211; Frankfurter Allgemeine Zeitung<\/a><\/h3><p class=\"entry-summary\">Digitalisierung: Europa braucht mehr Mut f\u00fcr Technologien&nbsp;&nbsp;FAZ&hellip;<\/p>\r\n\t\t\t\t\t<\/div>\r\n\t\t\t\t<\/div>\r\n\t\t\t<div class=\"p-wrap p-small p-list-small-1\" data-pid=\"16004\">\r\n\t\t\t<div class=\"p-content\">\r\n\t\t\t<div class=\"p-categories p-top\"><a class=\"p-category category-id-1157\" href=\"https:\/\/eunewsroom.com\/de\/category\/news-de\/eu-de\/technology-de\/\" rel=\"category\">Technologie<\/a><a class=\"p-category category-id-1142\" href=\"https:\/\/eunewsroom.com\/category\/news-fr\/eu-fr\/technology-fr\/\" rel=\"category\">Technologie<\/a><\/div><h3 class=\"entry-title\">\t\t<a class=\"p-url\" href=\"https:\/\/eunewsroom.com\/de\/technologiekrise-die-usa-hangen-europa-in-den-zukunftstrachtigsten-bereichen-ab-tages-anzeiger\/\" rel=\"bookmark\">Technologiekrise: Die USA h\u00e4ngen Europa in den zukunfts\u00adtr\u00e4chtigsten Bereichen ab &#8211; Tages-Anzeiger<\/a><\/h3><p class=\"entry-summary\">Technologiekrise: Die USA h\u00e4ngen Europa in den&hellip;<\/p>\r\n\t\t\t\t\t<\/div>\r\n\t\t\t\t<\/div>\r\n\t\t\t<div class=\"p-wrap p-small p-list-small-1\" data-pid=\"15794\">\r\n\t\t\t<div class=\"p-content\">\r\n\t\t\t<div class=\"p-categories p-top\"><a class=\"p-category category-id-1142\" href=\"https:\/\/eunewsroom.com\/category\/news-fr\/eu-fr\/technology-fr\/\" rel=\"category\">Technologie<\/a><a class=\"p-category category-id-1157\" href=\"https:\/\/eunewsroom.com\/de\/category\/news-de\/eu-de\/technology-de\/\" rel=\"category\">Technologie<\/a><\/div><h3 class=\"entry-title\">\t\t<a class=\"p-url\" href=\"https:\/\/eunewsroom.com\/de\/europa-forscher-entwickeln-neues-recycling-verfahren-lebensmittel-praxis\/\" rel=\"bookmark\">Europa &#8211; Forscher entwickeln neues Recycling-Verfahren &#8211; Lebensmittel Praxis<\/a><\/h3><p class=\"entry-summary\">Europa - Forscher entwickeln neues Recycling-Verfahren&nbsp;&nbsp;Lebensmittel Praxis&hellip;<\/p>\r\n\t\t\t\t\t<\/div>\r\n\t\t\t\t<\/div>\r\n\t<\/div><\/div>\t\t<\/div>\n\t\t\t\t<\/div>\n\t\t\t\t<\/div>\n\t\t<div class=\"elementor-element elementor-element-bd33af7 e-con-full e-flex e-con e-child\" data-id=\"bd33af7\" data-element_type=\"container\">\n\t\t\t\t<div class=\"elementor-element elementor-element-396c520 elementor-widget elementor-widget-foxiz-list-small-1\" data-id=\"396c520\" data-element_type=\"widget\" data-widget_type=\"foxiz-list-small-1.default\">\n\t\t\t\t<div class=\"elementor-widget-container\">\n\t\t\t<div id=\"uid_396c520\" class=\"block-wrap block-small block-list block-list-small-1 bottom-border is-b-border-gray no-last-bb ecat-l-dot meta-s-default\"><div class=\"block-inner\">\t\t<div class=\"p-wrap p-small p-list-small-1\" data-pid=\"15507\">\r\n\t\t\t<div class=\"p-content\">\r\n\t\t\t<div class=\"p-categories p-top\"><a class=\"p-category category-id-1142\" href=\"https:\/\/eunewsroom.com\/category\/news-fr\/eu-fr\/technology-fr\/\" rel=\"category\">Technologie<\/a><a class=\"p-category category-id-1157\" href=\"https:\/\/eunewsroom.com\/de\/category\/news-de\/eu-de\/technology-de\/\" rel=\"category\">Technologie<\/a><\/div><h3 class=\"entry-title\">\t\t<a class=\"p-url\" href=\"https:\/\/eunewsroom.com\/de\/chiplet-revolution-wird-europa-abgehangt-all-electronics\/\" rel=\"bookmark\">Chiplet-Revolution: Wird Europa abgeh\u00e4ngt? &#8211; All-Electronics<\/a><\/h3><p class=\"entry-summary\">Chiplet-Revolution: Wird Europa abgeh\u00e4ngt?&nbsp;&nbsp;All-Electronics Quelle<\/p>\r\n\t\t\t\t\t<\/div>\r\n\t\t\t\t<\/div>\r\n\t\t\t<div class=\"p-wrap p-small p-list-small-1\" data-pid=\"15344\">\r\n\t\t\t<div class=\"p-content\">\r\n\t\t\t<div class=\"p-categories p-top\"><a class=\"p-category category-id-1157\" href=\"https:\/\/eunewsroom.com\/de\/category\/news-de\/eu-de\/technology-de\/\" rel=\"category\">Technologie<\/a><a class=\"p-category category-id-1142\" href=\"https:\/\/eunewsroom.com\/category\/news-fr\/eu-fr\/technology-fr\/\" rel=\"category\">Technologie<\/a><\/div><h3 class=\"entry-title\">\t\t<a class=\"p-url\" href=\"https:\/\/eunewsroom.com\/de\/s-meinung-donald-trump-und-die-wirtschaft-europa-hat-nun-die-chance-mit-innovativer-technologie-zu-punkten-der-spiegel\/\" rel=\"bookmark\">(S+) Meinung: Donald Trump und die Wirtschaft: Europa hat nun die Chance, mit innovativer Technologie zu punkten &#8211; DER SPIEGEL<\/a><\/h3><p class=\"entry-summary\">(S+) Meinung: Donald Trump und die Wirtschaft:&hellip;<\/p>\r\n\t\t\t\t\t<\/div>\r\n\t\t\t\t<\/div>\r\n\t\t\t<div class=\"p-wrap p-small p-list-small-1\" data-pid=\"15161\">\r\n\t\t\t<div class=\"p-content\">\r\n\t\t\t<div class=\"p-categories p-top\"><a class=\"p-category category-id-1142\" href=\"https:\/\/eunewsroom.com\/category\/news-fr\/eu-fr\/technology-fr\/\" rel=\"category\">Technologie<\/a><a class=\"p-category category-id-1157\" href=\"https:\/\/eunewsroom.com\/de\/category\/news-de\/eu-de\/technology-de\/\" rel=\"category\">Technologie<\/a><\/div><h3 class=\"entry-title\">\t\t<a class=\"p-url\" href=\"https:\/\/eunewsroom.com\/de\/die-zukunft-der-kfz-kennzeichen-vier-technologien-die-europas-strasen-verandern-futura\/\" rel=\"bookmark\">Die Zukunft der Kfz-Kennzeichen \u2013 Vier Technologien, die Europas Stra\u00dfen ver\u00e4ndern &#8211; Futura<\/a><\/h3><p class=\"entry-summary\">Die Zukunft der Kfz-Kennzeichen \u2013 Vier Technologien,&hellip;<\/p>\r\n\t\t\t\t\t<\/div>\r\n\t\t\t\t<\/div>\r\n\t<\/div><\/div>\t\t<\/div>\n\t\t\t\t<\/div>\n\t\t\t\t<\/div>\n\t\t<div class=\"elementor-element elementor-element-158f714 e-con-full e-flex e-con e-child\" data-id=\"158f714\" data-element_type=\"container\">\n\t\t\t\t<div class=\"elementor-element elementor-element-92a39d5 elementor-widget elementor-widget-foxiz-list-small-1\" data-id=\"92a39d5\" data-element_type=\"widget\" data-widget_type=\"foxiz-list-small-1.default\">\n\t\t\t\t<div class=\"elementor-widget-container\">\n\t\t\t<div id=\"uid_92a39d5\" class=\"block-wrap block-small block-list block-list-small-1 bottom-border is-b-border-gray no-last-bb ecat-l-dot meta-s-default\"><div class=\"block-inner\">\t\t<div class=\"p-wrap p-small p-list-small-1\" data-pid=\"14952\">\r\n\t\t\t<div class=\"p-content\">\r\n\t\t\t<div class=\"p-categories p-top\"><a class=\"p-category category-id-1142\" href=\"https:\/\/eunewsroom.com\/category\/news-fr\/eu-fr\/technology-fr\/\" rel=\"category\">Technologie<\/a><a class=\"p-category category-id-1157\" href=\"https:\/\/eunewsroom.com\/de\/category\/news-de\/eu-de\/technology-de\/\" rel=\"category\">Technologie<\/a><\/div><h3 class=\"entry-title\">\t\t<a class=\"p-url\" href=\"https:\/\/eunewsroom.com\/de\/founderful-schliest-140-millionen-dollar-fonds-zur-unterstutzung-schweizer-startups-ab-startbase\/\" rel=\"bookmark\">Founderful schlie\u00dft 140-Millionen-Dollar-Fonds zur Unterst\u00fctzung Schweizer Startups ab &#8211; Startbase<\/a><\/h3><p class=\"entry-summary\">Founderful schlie\u00dft 140-Millionen-Dollar-Fonds zur Unterst\u00fctzung Schweizer Startups&hellip;<\/p>\r\n\t\t\t\t\t<\/div>\r\n\t\t\t\t<\/div>\r\n\t\t\t<div class=\"p-wrap p-small p-list-small-1\" data-pid=\"14807\">\r\n\t\t\t<div class=\"p-content\">\r\n\t\t\t<div class=\"p-categories p-top\"><a class=\"p-category category-id-1157\" href=\"https:\/\/eunewsroom.com\/de\/category\/news-de\/eu-de\/technology-de\/\" rel=\"category\">Technologie<\/a><a class=\"p-category category-id-1142\" href=\"https:\/\/eunewsroom.com\/category\/news-fr\/eu-fr\/technology-fr\/\" rel=\"category\">Technologie<\/a><\/div><h3 class=\"entry-title\">\t\t<a class=\"p-url\" href=\"https:\/\/eunewsroom.com\/de\/hightech-gegen-russland-europas-neue-flotte-soll-mit-ki-verteidigung-revolutionieren-watson-politik\/\" rel=\"bookmark\">Hightech gegen Russland: Europas neue Flotte soll mit KI Verteidigung revolutionieren &#8211; watson &#8211; Politik<\/a><\/h3><p class=\"entry-summary\">Hightech gegen Russland: Europas neue Flotte soll&hellip;<\/p>\r\n\t\t\t\t\t<\/div>\r\n\t\t\t\t<\/div>\r\n\t\t\t<div class=\"p-wrap p-small p-list-small-1\" data-pid=\"14581\">\r\n\t\t\t<div class=\"p-content\">\r\n\t\t\t<div class=\"p-categories p-top\"><a class=\"p-category category-id-1142\" href=\"https:\/\/eunewsroom.com\/category\/news-fr\/eu-fr\/technology-fr\/\" rel=\"category\">Technologie<\/a><a class=\"p-category category-id-1157\" href=\"https:\/\/eunewsroom.com\/de\/category\/news-de\/eu-de\/technology-de\/\" rel=\"category\">Technologie<\/a><\/div><h3 class=\"entry-title\">\t\t<a class=\"p-url\" href=\"https:\/\/eunewsroom.com\/de\/microsoft-tech-riese-torpediert-europas-ki-souveranitat-wirtschaftswoche\/\" rel=\"bookmark\">Microsoft: Tech-Riese torpediert Europas KI-Souver\u00e4nit\u00e4t &#8211; WirtschaftsWoche<\/a><\/h3><p class=\"entry-summary\">Microsoft: Tech-Riese torpediert Europas KI-Souver\u00e4nit\u00e4t&nbsp;&nbsp;WirtschaftsWoche Quelle<\/p>\r\n\t\t\t\t\t<\/div>\r\n\t\t\t\t<\/div>\r\n\t<\/div><\/div>\t\t<\/div>\n\t\t\t\t<\/div>\n\t\t\t\t<\/div>\n\t\t<div class=\"elementor-element elementor-element-9015123 e-con-full e-flex e-con e-child\" data-id=\"9015123\" data-element_type=\"container\">\n\t\t\t\t<div class=\"elementor-element elementor-element-ad990a9 elementor-widget elementor-widget-foxiz-list-small-1\" data-id=\"ad990a9\" data-element_type=\"widget\" data-widget_type=\"foxiz-list-small-1.default\">\n\t\t\t\t<div class=\"elementor-widget-container\">\n\t\t\t<div id=\"uid_ad990a9\" class=\"block-wrap block-small block-list block-list-small-1 bottom-border is-b-border-gray no-last-bb ecat-l-dot meta-s-default\"><div class=\"block-inner\">\t\t<div class=\"p-wrap p-small p-list-small-1\" data-pid=\"14429\">\r\n\t\t\t<div class=\"p-content\">\r\n\t\t\t<div class=\"p-categories p-top\"><a class=\"p-category category-id-1142\" href=\"https:\/\/eunewsroom.com\/category\/news-fr\/eu-fr\/technology-fr\/\" rel=\"category\">Technologie<\/a><a class=\"p-category category-id-1157\" href=\"https:\/\/eunewsroom.com\/de\/category\/news-de\/eu-de\/technology-de\/\" rel=\"category\">Technologie<\/a><\/div><h3 class=\"entry-title\">\t\t<a class=\"p-url\" href=\"https:\/\/eunewsroom.com\/de\/lausitz-will-europas-erstes-net-zero-valley-sein-niederlausitz-aktuell\/\" rel=\"bookmark\">Lausitz will Europas erstes &quot;Net Zero Valley&quot; sein &#8211; NIEDERLAUSITZ aktuell<\/a><\/h3><p class=\"entry-summary\">Lausitz will Europas erstes \"Net Zero Valley\"&hellip;<\/p>\r\n\t\t\t\t\t<\/div>\r\n\t\t\t\t<\/div>\r\n\t\t\t<div class=\"p-wrap p-small p-list-small-1\" data-pid=\"14265\">\r\n\t\t\t<div class=\"p-content\">\r\n\t\t\t<div class=\"p-categories p-top\"><a class=\"p-category category-id-1157\" href=\"https:\/\/eunewsroom.com\/de\/category\/news-de\/eu-de\/technology-de\/\" rel=\"category\">Technologie<\/a><a class=\"p-category category-id-1142\" href=\"https:\/\/eunewsroom.com\/category\/news-fr\/eu-fr\/technology-fr\/\" rel=\"category\">Technologie<\/a><\/div><h3 class=\"entry-title\">\t\t<a class=\"p-url\" href=\"https:\/\/eunewsroom.com\/de\/heinz-fasmann-ein-rahmenprogramm-light-droht-osterreichische-akademie-der-wissenschaften\/\" rel=\"bookmark\">Heinz Fa\u00dfmann: &quot;Ein Rahmenprogramm light droht\u201c &#8211; \u00d6sterreichische Akademie der Wissenschaften<\/a><\/h3><p class=\"entry-summary\">Heinz Fa\u00dfmann: \"Ein Rahmenprogramm light droht\u201c&nbsp;&nbsp;\u00d6sterreichische Akademie&hellip;<\/p>\r\n\t\t\t\t\t<\/div>\r\n\t\t\t\t<\/div>\r\n\t\t\t<div class=\"p-wrap p-small p-list-small-1\" data-pid=\"14060\">\r\n\t\t\t<div class=\"p-content\">\r\n\t\t\t<div class=\"p-categories p-top\"><a class=\"p-category category-id-1142\" href=\"https:\/\/eunewsroom.com\/category\/news-fr\/eu-fr\/technology-fr\/\" rel=\"category\">Technologie<\/a><a class=\"p-category category-id-1157\" href=\"https:\/\/eunewsroom.com\/de\/category\/news-de\/eu-de\/technology-de\/\" rel=\"category\">Technologie<\/a><\/div><h3 class=\"entry-title\">\t\t<a class=\"p-url\" href=\"https:\/\/eunewsroom.com\/de\/xpeng-wir-kommen-nach-europa-um-technologie-zu-bringen-marketscreener-de\/\" rel=\"bookmark\">Xpeng: Wir kommen nach Europa, um Technologie zu bringen &#8211; Marketscreener DE<\/a><\/h3><p class=\"entry-summary\">Xpeng: Wir kommen nach Europa, um Technologie&hellip;<\/p>\r\n\t\t\t\t\t<\/div>\r\n\t\t\t\t<\/div>\r\n\t<\/div><\/div>\t\t<\/div>\n\t\t\t\t<\/div>\n\t\t\t\t<\/div>\n\t\t\t\t\t<\/div>\n\t\t\t\t<\/div>\n\t\t<div class=\"elementor-element elementor-element-553ebc2 e-flex e-con-boxed e-con e-parent\" data-id=\"553ebc2\" data-element_type=\"container\" data-settings=\"{&quot;background_background&quot;:&quot;classic&quot;}\">\n\t\t\t\t\t<div class=\"e-con-inner\">\n\t\t\t\t<div class=\"elementor-element elementor-element-5e55f40 elementor-widget__width-inherit elementor-widget elementor-widget-foxiz-heading\" data-id=\"5e55f40\" data-element_type=\"widget\" data-widget_type=\"foxiz-heading.default\">\n\t\t\t\t<div class=\"elementor-widget-container\">\n\t\t\t<div id=\"uid_5e55f40\" class=\"block-h heading-layout-10\"><div class=\"heading-inner\"><h3 class=\"heading-title\"><a href=\"https:\/\/eunewsroom.com\/de\/category\/news-de\/eu-de\/travel-de\/\">Reisen<\/a><\/h3><div class=\"heading-tagline h6\"><a class=\"heading-tagline-label\" href=\"https:\/\/eunewsroom.com\/de\/category\/news-de\/eu-de\/travel-de\/\">Alle anzeigen\n<\/a><i class=\"rbi rbi-cright heading-tagline-icon\" aria-hidden=\"true\"><\/i><\/div><\/div><\/div>\t\t<\/div>\n\t\t\t\t<\/div>\n\t\t\t\t<div class=\"elementor-element elementor-element-f0e4214 elementor-widget-divider--view-line elementor-widget elementor-widget-divider\" data-id=\"f0e4214\" data-element_type=\"widget\" data-widget_type=\"divider.default\">\n\t\t\t\t<div class=\"elementor-widget-container\">\n\t\t\t\t\t<div class=\"elementor-divider\">\n\t\t\t<span class=\"elementor-divider-separator\">\n\t\t\t\t\t\t<\/span>\n\t\t<\/div>\n\t\t\t\t<\/div>\n\t\t\t\t<\/div>\n\t\t\t\t\t<\/div>\n\t\t\t\t<\/div>\n\t\t<div class=\"elementor-element elementor-element-ef66790 e-flex e-con-boxed e-con e-parent\" data-id=\"ef66790\" data-element_type=\"container\" data-settings=\"{&quot;background_background&quot;:&quot;classic&quot;}\">\n\t\t\t\t\t<div class=\"e-con-inner\">\n\t\t<div class=\"elementor-element elementor-element-66e3d86 e-con-full e-flex e-con e-child\" data-id=\"66e3d86\" data-element_type=\"container\">\n\t\t\t\t<div class=\"elementor-element elementor-element-ff88e91 elementor-widget elementor-widget-foxiz-list-small-1\" data-id=\"ff88e91\" data-element_type=\"widget\" data-widget_type=\"foxiz-list-small-1.default\">\n\t\t\t\t<div class=\"elementor-widget-container\">\n\t\t\t<div id=\"uid_ff88e91\" class=\"block-wrap block-small block-list block-list-small-1 bottom-border is-b-border-gray no-last-bb ecat-l-dot meta-s-default\"><div class=\"block-inner\">\t\t<div class=\"p-wrap p-small p-list-small-1\" data-pid=\"16137\">\r\n\t\t\t<div class=\"p-content\">\r\n\t\t\t<div class=\"p-categories p-top\"><a class=\"p-category category-id-1166\" href=\"https:\/\/eunewsroom.com\/de\/category\/news-de\/eu-de\/travel-de\/\" rel=\"category\">Reisen<\/a><a class=\"p-category category-id-1151\" href=\"https:\/\/eunewsroom.com\/category\/news-fr\/eu-fr\/travel-fr\/\" rel=\"category\">Voyage<\/a><\/div><h3 class=\"entry-title\">\t\t<a class=\"p-url\" href=\"https:\/\/eunewsroom.com\/de\/aktuelles-von-eintracht-frankfurt-news-im-bundesliga-ticker-hessenschau-de\/\" rel=\"bookmark\">Aktuelles von Eintracht Frankfurt: News im Bundesliga-Ticker &#8211; hessenschau.de<\/a><\/h3><p class=\"entry-summary\">Aktuelles von Eintracht Frankfurt: News im Bundesliga-Ticker&nbsp;&nbsp;hessenschau.de&hellip;<\/p>\r\n\t\t\t\t\t<\/div>\r\n\t\t\t\t<\/div>\r\n\t\t\t<div class=\"p-wrap p-small p-list-small-1\" data-pid=\"16003\">\r\n\t\t\t<div class=\"p-content\">\r\n\t\t\t<div class=\"p-categories p-top\"><a class=\"p-category category-id-1166\" href=\"https:\/\/eunewsroom.com\/de\/category\/news-de\/eu-de\/travel-de\/\" rel=\"category\">Reisen<\/a><a class=\"p-category category-id-1151\" href=\"https:\/\/eunewsroom.com\/category\/news-fr\/eu-fr\/travel-fr\/\" rel=\"category\">Voyage<\/a><\/div><h3 class=\"entry-title\">\t\t<a class=\"p-url\" href=\"https:\/\/eunewsroom.com\/de\/im-nachtzug-durch-europa-die-besten-routen-adac\/\" rel=\"bookmark\">Im Nachtzug durch Europa: Die besten Routen &#8211; ADAC<\/a><\/h3><p class=\"entry-summary\">Im Nachtzug durch Europa: Die besten Routen&nbsp;&nbsp;ADAC&hellip;<\/p>\r\n\t\t\t\t\t<\/div>\r\n\t\t\t\t<\/div>\r\n\t\t\t<div class=\"p-wrap p-small p-list-small-1\" data-pid=\"15793\">\r\n\t\t\t<div class=\"p-content\">\r\n\t\t\t<div class=\"p-categories p-top\"><a class=\"p-category category-id-1166\" href=\"https:\/\/eunewsroom.com\/de\/category\/news-de\/eu-de\/travel-de\/\" rel=\"category\">Reisen<\/a><a class=\"p-category category-id-1151\" href=\"https:\/\/eunewsroom.com\/category\/news-fr\/eu-fr\/travel-fr\/\" rel=\"category\">Voyage<\/a><\/div><h3 class=\"entry-title\">\t\t<a class=\"p-url\" href=\"https:\/\/eunewsroom.com\/de\/zehn-europaische-stadte-die-sich-ideal-zu-fus-erkunden-lassen-merkur-de\/\" rel=\"bookmark\">Zehn europ\u00e4ische St\u00e4dte, die sich ideal zu Fu\u00df erkunden lassen &#8211; Merkur.de<\/a><\/h3><p class=\"entry-summary\">Zehn europ\u00e4ische St\u00e4dte, die sich ideal zu&hellip;<\/p>\r\n\t\t\t\t\t<\/div>\r\n\t\t\t\t<\/div>\r\n\t<\/div><\/div>\t\t<\/div>\n\t\t\t\t<\/div>\n\t\t\t\t<\/div>\n\t\t<div class=\"elementor-element elementor-element-6643085 e-con-full e-flex e-con e-child\" data-id=\"6643085\" data-element_type=\"container\">\n\t\t\t\t<div class=\"elementor-element elementor-element-d154833 elementor-widget elementor-widget-foxiz-list-small-1\" data-id=\"d154833\" data-element_type=\"widget\" data-widget_type=\"foxiz-list-small-1.default\">\n\t\t\t\t<div class=\"elementor-widget-container\">\n\t\t\t<div id=\"uid_d154833\" class=\"block-wrap block-small block-list block-list-small-1 bottom-border is-b-border-gray no-last-bb ecat-l-dot meta-s-default\"><div class=\"block-inner\">\t\t<div class=\"p-wrap p-small p-list-small-1\" data-pid=\"15506\">\r\n\t\t\t<div class=\"p-content\">\r\n\t\t\t<div class=\"p-categories p-top\"><a class=\"p-category category-id-1166\" href=\"https:\/\/eunewsroom.com\/de\/category\/news-de\/eu-de\/travel-de\/\" rel=\"category\">Reisen<\/a><a class=\"p-category category-id-1151\" href=\"https:\/\/eunewsroom.com\/category\/news-fr\/eu-fr\/travel-fr\/\" rel=\"category\">Voyage<\/a><\/div><h3 class=\"entry-title\">\t\t<a class=\"p-url\" href=\"https:\/\/eunewsroom.com\/de\/adac-test-reisen-im-schlafwagen-rheinpfalz-de\/\" rel=\"bookmark\">ADAC-\u200bTest: Rei\u00adsen im Schlaf\u00adwa\u00adgen &#8211; Rheinpfalz.de<\/a><\/h3><p class=\"entry-summary\">ADAC-\u200bTest: Rei\u00adsen im Schlaf\u00adwa\u00adgen&nbsp;&nbsp;Rheinpfalz.de Quelle<\/p>\r\n\t\t\t\t\t<\/div>\r\n\t\t\t\t<\/div>\r\n\t\t\t<div class=\"p-wrap p-small p-list-small-1\" data-pid=\"15343\">\r\n\t\t\t<div class=\"p-content\">\r\n\t\t\t<div class=\"p-categories p-top\"><a class=\"p-category category-id-1166\" href=\"https:\/\/eunewsroom.com\/de\/category\/news-de\/eu-de\/travel-de\/\" rel=\"category\">Reisen<\/a><a class=\"p-category category-id-1151\" href=\"https:\/\/eunewsroom.com\/category\/news-fr\/eu-fr\/travel-fr\/\" rel=\"category\">Voyage<\/a><\/div><h3 class=\"entry-title\">\t\t<a class=\"p-url\" href=\"https:\/\/eunewsroom.com\/de\/zehn-europaische-stadte-die-sich-ideal-zu-fus-erkunden-lassen-merkur-de\/\" rel=\"bookmark\">Zehn europ\u00e4ische St\u00e4dte, die sich ideal zu Fu\u00df erkunden lassen &#8211; Merkur.de<\/a><\/h3><p class=\"entry-summary\">Zehn europ\u00e4ische St\u00e4dte, die sich ideal zu&hellip;<\/p>\r\n\t\t\t\t\t<\/div>\r\n\t\t\t\t<\/div>\r\n\t\t\t<div class=\"p-wrap p-small p-list-small-1\" data-pid=\"15160\">\r\n\t\t\t<div class=\"p-content\">\r\n\t\t\t<div class=\"p-categories p-top\"><a class=\"p-category category-id-1166\" href=\"https:\/\/eunewsroom.com\/de\/category\/news-de\/eu-de\/travel-de\/\" rel=\"category\">Reisen<\/a><a class=\"p-category category-id-1151\" href=\"https:\/\/eunewsroom.com\/category\/news-fr\/eu-fr\/travel-fr\/\" rel=\"category\">Voyage<\/a><\/div><h3 class=\"entry-title\">\t\t<a class=\"p-url\" href=\"https:\/\/eunewsroom.com\/de\/europas-letzte-geteilte-stadt-nova-gorica-main-spitze\/\" rel=\"bookmark\">Europas letzte geteilte Stadt: Nova Gorica &#8211; Main-Spitze<\/a><\/h3><p class=\"entry-summary\">Europas letzte geteilte Stadt: Nova Gorica&nbsp;&nbsp;Main-Spitze Quelle<\/p>\r\n\t\t\t\t\t<\/div>\r\n\t\t\t\t<\/div>\r\n\t<\/div><\/div>\t\t<\/div>\n\t\t\t\t<\/div>\n\t\t\t\t<\/div>\n\t\t<div class=\"elementor-element elementor-element-a5ea5cc e-con-full e-flex e-con e-child\" data-id=\"a5ea5cc\" data-element_type=\"container\">\n\t\t\t\t<div class=\"elementor-element elementor-element-7c91acf elementor-widget elementor-widget-foxiz-list-small-1\" data-id=\"7c91acf\" data-element_type=\"widget\" data-widget_type=\"foxiz-list-small-1.default\">\n\t\t\t\t<div class=\"elementor-widget-container\">\n\t\t\t<div id=\"uid_7c91acf\" class=\"block-wrap block-small block-list block-list-small-1 bottom-border is-b-border-gray no-last-bb ecat-l-dot meta-s-default\"><div class=\"block-inner\">\t\t<div class=\"p-wrap p-small p-list-small-1\" data-pid=\"14951\">\r\n\t\t\t<div class=\"p-content\">\r\n\t\t\t<div class=\"p-categories p-top\"><a class=\"p-category category-id-1166\" href=\"https:\/\/eunewsroom.com\/de\/category\/news-de\/eu-de\/travel-de\/\" rel=\"category\">Reisen<\/a><a class=\"p-category category-id-1151\" href=\"https:\/\/eunewsroom.com\/category\/news-fr\/eu-fr\/travel-fr\/\" rel=\"category\">Voyage<\/a><\/div><h3 class=\"entry-title\">\t\t<a class=\"p-url\" href=\"https:\/\/eunewsroom.com\/de\/grenzkontrollen-in-europa-welche-folgen-das-fur-reisen-hat-reisereporter\/\" rel=\"bookmark\">Grenzkontrollen in Europa: Welche Folgen das f\u00fcr Reisen hat &#8211; Reisereporter<\/a><\/h3><p class=\"entry-summary\">Grenzkontrollen in Europa: Welche Folgen das f\u00fcr&hellip;<\/p>\r\n\t\t\t\t\t<\/div>\r\n\t\t\t\t<\/div>\r\n\t\t\t<div class=\"p-wrap p-small p-list-small-1\" data-pid=\"14806\">\r\n\t\t\t<div class=\"p-content\">\r\n\t\t\t<div class=\"p-categories p-top\"><a class=\"p-category category-id-1166\" href=\"https:\/\/eunewsroom.com\/de\/category\/news-de\/eu-de\/travel-de\/\" rel=\"category\">Reisen<\/a><a class=\"p-category category-id-1151\" href=\"https:\/\/eunewsroom.com\/category\/news-fr\/eu-fr\/travel-fr\/\" rel=\"category\">Voyage<\/a><\/div><h3 class=\"entry-title\">\t\t<a class=\"p-url\" href=\"https:\/\/eunewsroom.com\/de\/reisehighlights-fur-das-jahr-2025-die-tipps-fur-europa-merkur-de\/\" rel=\"bookmark\">Reisehighlights f\u00fcr das Jahr 2025: Die Tipps f\u00fcr Europa &#8211; Merkur.de<\/a><\/h3><p class=\"entry-summary\">Reisehighlights f\u00fcr das Jahr 2025: Die Tipps&hellip;<\/p>\r\n\t\t\t\t\t<\/div>\r\n\t\t\t\t<\/div>\r\n\t\t\t<div class=\"p-wrap p-small p-list-small-1\" data-pid=\"14580\">\r\n\t\t\t<div class=\"p-content\">\r\n\t\t\t<div class=\"p-categories p-top\"><a class=\"p-category category-id-1166\" href=\"https:\/\/eunewsroom.com\/de\/category\/news-de\/eu-de\/travel-de\/\" rel=\"category\">Reisen<\/a><a class=\"p-category category-id-1151\" href=\"https:\/\/eunewsroom.com\/category\/news-fr\/eu-fr\/travel-fr\/\" rel=\"category\">Voyage<\/a><\/div><h3 class=\"entry-title\">\t\t<a class=\"p-url\" href=\"https:\/\/eunewsroom.com\/de\/russland-ausenminister-lawrow-will-in-die-eu-reisen-droht-festnahme-msn\/\" rel=\"bookmark\">Russland: Au\u00dfenminister Lawrow will in die EU reisen \u2013 Droht Festnahme? &#8211; MSN<\/a><\/h3><p class=\"entry-summary\">Russland: Au\u00dfenminister Lawrow will in die EU&hellip;<\/p>\r\n\t\t\t\t\t<\/div>\r\n\t\t\t\t<\/div>\r\n\t<\/div><\/div>\t\t<\/div>\n\t\t\t\t<\/div>\n\t\t\t\t<\/div>\n\t\t<div class=\"elementor-element elementor-element-3a577cd e-con-full e-flex e-con e-child\" data-id=\"3a577cd\" data-element_type=\"container\">\n\t\t\t\t<div class=\"elementor-element elementor-element-ba9d802 elementor-widget elementor-widget-foxiz-list-small-1\" data-id=\"ba9d802\" data-element_type=\"widget\" data-widget_type=\"foxiz-list-small-1.default\">\n\t\t\t\t<div class=\"elementor-widget-container\">\n\t\t\t<div id=\"uid_ba9d802\" class=\"block-wrap block-small block-list block-list-small-1 bottom-border is-b-border-gray no-last-bb ecat-l-dot meta-s-default\"><div class=\"block-inner\">\t\t<div class=\"p-wrap p-small p-list-small-1\" data-pid=\"14428\">\r\n\t\t\t<div class=\"p-content\">\r\n\t\t\t<div class=\"p-categories p-top\"><a class=\"p-category category-id-1166\" href=\"https:\/\/eunewsroom.com\/de\/category\/news-de\/eu-de\/travel-de\/\" rel=\"category\">Reisen<\/a><a class=\"p-category category-id-1151\" href=\"https:\/\/eunewsroom.com\/category\/news-fr\/eu-fr\/travel-fr\/\" rel=\"category\">Voyage<\/a><\/div><h3 class=\"entry-title\">\t\t<a class=\"p-url\" href=\"https:\/\/eunewsroom.com\/de\/sprit-in-osterreich-italien-kroatien-benzinpreise-in-europa-adac\/\" rel=\"bookmark\">Sprit in \u00d6sterreich, Italien, Kroatien: Benzinpreise in Europa &#8211; ADAC<\/a><\/h3><p class=\"entry-summary\">Sprit in \u00d6sterreich, Italien, Kroatien: Benzinpreise in&hellip;<\/p>\r\n\t\t\t\t\t<\/div>\r\n\t\t\t\t<\/div>\r\n\t\t\t<div class=\"p-wrap p-small p-list-small-1\" data-pid=\"14264\">\r\n\t\t\t<div class=\"p-content\">\r\n\t\t\t<div class=\"p-categories p-top\"><a class=\"p-category category-id-1166\" href=\"https:\/\/eunewsroom.com\/de\/category\/news-de\/eu-de\/travel-de\/\" rel=\"category\">Reisen<\/a><a class=\"p-category category-id-1151\" href=\"https:\/\/eunewsroom.com\/category\/news-fr\/eu-fr\/travel-fr\/\" rel=\"category\">Voyage<\/a><\/div><h3 class=\"entry-title\">\t\t<a class=\"p-url\" href=\"https:\/\/eunewsroom.com\/de\/in-italien-denkt-man-uber-eine-europaische-metro-nach-der-standard\/\" rel=\"bookmark\">In Italien denkt man \u00fcber eine &quot;europ\u00e4ische Metro&quot; nach &#8211; DER STANDARD<\/a><\/h3><p class=\"entry-summary\">In Italien denkt man \u00fcber eine \"europ\u00e4ische&hellip;<\/p>\r\n\t\t\t\t\t<\/div>\r\n\t\t\t\t<\/div>\r\n\t\t\t<div class=\"p-wrap p-small p-list-small-1\" data-pid=\"14059\">\r\n\t\t\t<div class=\"p-content\">\r\n\t\t\t<div class=\"p-categories p-top\"><a class=\"p-category category-id-1166\" href=\"https:\/\/eunewsroom.com\/de\/category\/news-de\/eu-de\/travel-de\/\" rel=\"category\">Reisen<\/a><a class=\"p-category category-id-1151\" href=\"https:\/\/eunewsroom.com\/category\/news-fr\/eu-fr\/travel-fr\/\" rel=\"category\">Voyage<\/a><\/div><h3 class=\"entry-title\">\t\t<a class=\"p-url\" href=\"https:\/\/eunewsroom.com\/de\/kostenlos-durch-europa-reisen-35-500-junge-menschen-haben-jetzt-die-chance-dazu-chip-online-deutschland\/\" rel=\"bookmark\">Kostenlos durch Europa reisen: 35.500 junge Menschen haben jetzt die Chance dazu &#8211; CHIP Online Deutschland<\/a><\/h3><p class=\"entry-summary\">Kostenlos durch Europa reisen: 35.500 junge Menschen&hellip;<\/p>\r\n\t\t\t\t\t<\/div>\r\n\t\t\t\t<\/div>\r\n\t<\/div><\/div>\t\t<\/div>\n\t\t\t\t<\/div>\n\t\t\t\t<\/div>\n\t\t\t\t\t<\/div>\n\t\t\t\t<\/div>\n\t\t<div class=\"elementor-element elementor-element-98819cd e-flex e-con-boxed e-con e-parent\" data-id=\"98819cd\" data-element_type=\"container\" data-settings=\"{&quot;background_background&quot;:&quot;classic&quot;}\">\n\t\t\t\t\t<div class=\"e-con-inner\">\n\t\t\t\t<div class=\"elementor-element elementor-element-beefcdc elementor-widget__width-inherit elementor-widget elementor-widget-foxiz-heading\" data-id=\"beefcdc\" data-element_type=\"widget\" data-widget_type=\"foxiz-heading.default\">\n\t\t\t\t<div class=\"elementor-widget-container\">\n\t\t\t<div id=\"uid_beefcdc\" class=\"block-h heading-layout-10\"><div class=\"heading-inner\"><h3 class=\"heading-title\"><a href=\"https:\/\/eunewsroom.com\/de\/category\/news-de\/\">Nachrichten<\/a><\/h3><div class=\"heading-tagline h6\"><a class=\"heading-tagline-label\" href=\"https:\/\/eunewsroom.com\/de\/category\/news-de\/\">Alle anzeigen\n<\/a><i class=\"rbi rbi-cright heading-tagline-icon\" aria-hidden=\"true\"><\/i><\/div><\/div><\/div>\t\t<\/div>\n\t\t\t\t<\/div>\n\t\t\t\t<div class=\"elementor-element elementor-element-f3b48a3 elementor-widget-divider--view-line elementor-widget elementor-widget-divider\" data-id=\"f3b48a3\" data-element_type=\"widget\" data-widget_type=\"divider.default\">\n\t\t\t\t<div class=\"elementor-widget-container\">\n\t\t\t\t\t<div class=\"elementor-divider\">\n\t\t\t<span class=\"elementor-divider-separator\">\n\t\t\t\t\t\t<\/span>\n\t\t<\/div>\n\t\t\t\t<\/div>\n\t\t\t\t<\/div>\n\t\t\t\t\t<\/div>\n\t\t\t\t<\/div>\n\t\t<div class=\"elementor-element elementor-element-3da8775 e-flex e-con-boxed e-con e-parent\" data-id=\"3da8775\" data-element_type=\"container\">\n\t\t\t\t\t<div class=\"e-con-inner\">\n\t\t<div class=\"elementor-element elementor-element-e01bde3 e-con-full e-flex e-con e-child\" data-id=\"e01bde3\" data-element_type=\"container\">\n\t\t\t\t<div class=\"elementor-element elementor-element-39f7aaf elementor-widget elementor-widget-foxiz-list-small-1\" data-id=\"39f7aaf\" data-element_type=\"widget\" data-widget_type=\"foxiz-list-small-1.default\">\n\t\t\t\t<div class=\"elementor-widget-container\">\n\t\t\t<div id=\"uid_39f7aaf\" class=\"block-wrap block-small block-list block-list-small-1 bottom-border is-b-border-gray no-last-bb ecat-l-dot meta-s-default\"><\/div>\t\t<\/div>\n\t\t\t\t<\/div>\n\t\t\t\t<\/div>\n\t\t<div class=\"elementor-element elementor-element-39daf1a e-con-full e-flex e-con e-child\" data-id=\"39daf1a\" data-element_type=\"container\">\n\t\t\t\t<div class=\"elementor-element elementor-element-ed15602 elementor-widget elementor-widget-foxiz-list-small-1\" data-id=\"ed15602\" data-element_type=\"widget\" data-widget_type=\"foxiz-list-small-1.default\">\n\t\t\t\t<div class=\"elementor-widget-container\">\n\t\t\t<div id=\"uid_ed15602\" class=\"block-wrap block-small block-list block-list-small-1 bottom-border is-b-border-gray no-last-bb ecat-l-dot meta-s-default\"><\/div>\t\t<\/div>\n\t\t\t\t<\/div>\n\t\t\t\t<\/div>\n\t\t<div class=\"elementor-element elementor-element-4715bc3 e-con-full e-flex e-con e-child\" data-id=\"4715bc3\" data-element_type=\"container\">\n\t\t\t\t<div class=\"elementor-element elementor-element-ace296b elementor-widget elementor-widget-foxiz-list-small-1\" data-id=\"ace296b\" data-element_type=\"widget\" data-widget_type=\"foxiz-list-small-1.default\">\n\t\t\t\t<div class=\"elementor-widget-container\">\n\t\t\t<div id=\"uid_ace296b\" class=\"block-wrap block-small block-list block-list-small-1 bottom-border is-b-border-gray no-last-bb ecat-l-dot meta-s-default\"><\/div>\t\t<\/div>\n\t\t\t\t<\/div>\n\t\t\t\t<\/div>\n\t\t<div class=\"elementor-element elementor-element-a2a9d34 e-con-full e-flex e-con e-child\" data-id=\"a2a9d34\" data-element_type=\"container\">\n\t\t\t\t<div class=\"elementor-element elementor-element-178c96f elementor-widget elementor-widget-foxiz-list-small-1\" data-id=\"178c96f\" data-element_type=\"widget\" data-widget_type=\"foxiz-list-small-1.default\">\n\t\t\t\t<div class=\"elementor-widget-container\">\n\t\t\t<div id=\"uid_178c96f\" class=\"block-wrap block-small block-list block-list-small-1 bottom-border is-b-border-gray no-last-bb ecat-l-dot meta-s-default\"><\/div>\t\t<\/div>\n\t\t\t\t<\/div>\n\t\t\t\t<\/div>\n\t\t\t\t\t<\/div>\n\t\t\t\t<\/div>\n\t\t\t\t<\/div>\n\t\t","protected":false},"excerpt":{"rendered":"<p>Aktuelle Nachrichten The Future of Travel Industry in the European Union The Impact of Technology on the EU Economy Leading Sports in the European Union Trends in the EU Real Estate Market Czech Company FLOWBOX Recognized as a Sample Vendor in the Gartner\u00ae Hype Cycle\u2122 for Low-Carbon Energy Technologies, 2024 Hei\u00dfe Geschichten Technology The Impact [&hellip;]<\/p>\n","protected":false},"author":2,"featured_media":0,"parent":0,"menu_order":0,"comment_status":"closed","ping_status":"closed","template":"","meta":{"footnotes":""},"class_list":["post-10495","page","type-page","status-publish"],"_links":{"self":[{"href":"https:\/\/eunewsroom.com\/de\/wp-json\/wp\/v2\/pages\/10495","targetHints":{"allow":["GET"]}}],"collection":[{"href":"https:\/\/eunewsroom.com\/de\/wp-json\/wp\/v2\/pages"}],"about":[{"href":"https:\/\/eunewsroom.com\/de\/wp-json\/wp\/v2\/types\/page"}],"author":[{"embeddable":true,"href":"https:\/\/eunewsroom.com\/de\/wp-json\/wp\/v2\/users\/2"}],"replies":[{"embeddable":true,"href":"https:\/\/eunewsroom.com\/de\/wp-json\/wp\/v2\/comments?post=10495"}],"version-history":[{"count":23,"href":"https:\/\/eunewsroom.com\/de\/wp-json\/wp\/v2\/pages\/10495\/revisions"}],"predecessor-version":[{"id":11021,"href":"https:\/\/eunewsroom.com\/de\/wp-json\/wp\/v2\/pages\/10495\/revisions\/11021"}],"wp:attachment":[{"href":"https:\/\/eunewsroom.com\/de\/wp-json\/wp\/v2\/media?parent=10495"}],"curies":[{"name":"wp","href":"https:\/\/api.w.org\/{rel}","templated":true}]}}